{"id":2499,"date":"2017-12-30T21:03:28","date_gmt":"2017-12-30T21:03:28","guid":{"rendered":"http:\/\/biblian.is\/biblian\/amos-2-kafli\/"},"modified":"2024-03-19T16:11:01","modified_gmt":"2024-03-19T16:11:01","slug":"amos-2-kafli","status":"publish","type":"page","link":"https:\/\/biblian.is\/biblian\/amos-2-kafli\/","title":{"rendered":"Amos 2. kafli"},"content":{"rendered":"<p><span class=\"ljodatexti\"> <a name=\"1\"><span class=\"versanumer_ljod\">1<\/span><\/a>Svo segir Drottinn: <br \/>Vegna \u00feriggja, j\u00e1, vegna fj\u00f6gurra gl\u00e6pa M\u00f3abs <br \/>hverf \u00e9g ekki fr\u00e1 \u00feessu: <br \/>Af \u00fev\u00ed a\u00f0 \u00edb\u00faarnir \u00fear brenndu bein konungsins \u00ed Ed\u00f3m a\u00f0 kalki<br \/> <\/span> <span class=\"ljodatexti\"> <a name=\"2\"><span class=\"versanumer_ljod\">2<\/span><\/a>mun \u00e9g senda eld til M\u00f3abs. <br \/>Hann mun gleypa hallirnar \u00ed Ker\u00edj\u00f3t.<br \/>M\u00f3ab mun deyja \u00ed vopnagn\u00fd, <br \/>vi\u00f0 her\u00f3p og l\u00fa\u00f0urhlj\u00f3m. <br \/> <\/span> <span class=\"ljodatexti\"> <a name=\"3\"><span class=\"versanumer_ljod\">3<\/span><\/a>\u00deann sem r\u00edkir yfir M\u00f3ab mun \u00e9g uppr\u00e6ta \u00far landinu <br \/>og drepa alla h\u00f6f\u00f0ingja \u00feess \u00e1samt honum, <br \/>hefur Drottinn sagt.<br \/> <\/span> <span class=\"ljodatexti\"> <a name=\"4\"><span class=\"versanumer_ljod\">4<\/span><\/a>Svo segir Drottinn: <br \/>Vegna \u00feriggja, j\u00e1, vegna fj\u00f6gurra gl\u00e6pa J\u00fada <br \/>hverf \u00e9g ekki fr\u00e1 \u00feessu: <br \/>\u00dear sem \u00edb\u00faarnir \u00fear hafa hafna\u00f0 l\u00f6gm\u00e1li Drottins <br \/>og ekki haldi\u00f0 bo\u00f0or\u00f0 hans, <br \/>\u00fear sem falsgu\u00f0ir \u00feeirra, sem fe\u00f0ur \u00feeirra eltu, <br \/>hafa leitt \u00fe\u00e1 afvega <br \/> <\/span> <span class=\"ljodatexti\"> <a name=\"5\"><span class=\"versanumer_ljod\">5<\/span><\/a>mun \u00e9g senda eld til J\u00fada. <br \/>Hann mun gleypa hallirnar \u00ed Jer\u00fasalem.<br \/> <\/span> <span class=\"ljodatexti\"> <a name=\"6\"><span class=\"versanumer_ljod\">6<\/span><\/a>Svo segir Drottinn: <br \/>Vegna \u00feriggja, j\u00e1, vegna fj\u00f6gurra gl\u00e6pa \u00cdsraels <br \/>hverf \u00e9g ekki fr\u00e1 \u00feessu: <br \/>\u00dear sem \u00edb\u00faarnir \u00fear hafa selt saklausa menn fyrir silfur,<br \/>hinn f\u00e1t\u00e6ka fyrir eina ilsk\u00f3, <br \/> <\/span> <span class=\"ljodatexti\"> <a name=\"7\"><span class=\"versanumer_ljod\">7<\/span><\/a>af \u00fev\u00ed a\u00f0 \u00feeir tra\u00f0ka h\u00f6fu\u00f0 hins umkomulausa ni\u00f0ur \u00ed moldina<br \/>og hrekja hina varnarlausu \u00fat af veginum, <br \/>af \u00fev\u00ed a\u00f0 fa\u00f0ir og sonur ganga inn til s\u00f6mu konu <br \/>svo a\u00f0 \u00feeir vanhelga mitt heilaga nafn, <br \/> <\/span> <span class=\"ljodatexti\"> <a name=\"8\"><span class=\"versanumer_ljod\">8<\/span><\/a>af \u00fev\u00ed a\u00f0 \u00feeir teygja \u00far s\u00e9r hj\u00e1 hverju altari <br \/>\u00e1 kl\u00e6\u00f0um sem tekin hafa veri\u00f0 a\u00f0 ve\u00f0i <br \/>og drekka sektarv\u00edn <br \/>\u00ed h\u00fasi Gu\u00f0s s\u00edns. <br \/> <\/span> <span class=\"ljodatexti\"> <a name=\"9\"><span class=\"versanumer_ljod\">9<\/span><\/a>Vegna \u00feeirra tort\u00edmdi \u00e9g sj\u00e1lfur Amor\u00edtum<br \/>sem voru h\u00e1vaxnir sem sedrustr\u00e9 og sterkir sem eikur, <br \/>\u00e9g eyddi \u00e1v\u00f6xtum \u00feeirra a\u00f0 ofanver\u00f0u <br \/>og r\u00f3tum \u00feeirra a\u00f0 ne\u00f0an. <br \/> <\/span> <span class=\"ljodatexti\"> <a name=\"10\"><span class=\"versanumer_ljod\">10<\/span><\/a>\u00c9g leiddi y\u00f0ur sj\u00e1lfur fr\u00e1 Egyptalandi <br \/>og gekk me\u00f0 y\u00f0ur \u00ed ey\u00f0im\u00f6rkinni \u00ed fj\u00f6rut\u00edu \u00e1r<br \/>svo a\u00f0 \u00fe\u00e9r g\u00e6tu\u00f0 teki\u00f0 land Amor\u00edta til eignar. <br \/> <\/span> <span class=\"ljodatexti\"> <a name=\"11\"><span class=\"versanumer_ljod\">11<\/span><\/a>\u00c9g upph\u00f3f nokkra af sonum y\u00f0ar til a\u00f0 ver\u00f0a sp\u00e1menn <br \/>og \u00fdmsa af \u00e6skum\u00f6nnum y\u00f0ar til a\u00f0 ver\u00f0a nas\u00edrear.<br \/>E\u00f0a er ekki svo, \u00cdsraelsmenn? <br \/>hefur Drottinn Gu\u00f0 sagt. <br \/> <\/span> <span class=\"ljodatexti\"> <a name=\"12\"><span class=\"versanumer_ljod\">12<\/span><\/a>En \u00fe\u00e9r g\u00e1fu\u00f0 nas\u00edreunum v\u00edn a\u00f0 drekka <br \/>og s\u00f6g\u00f0u\u00f0 vi\u00f0 sp\u00e1mennina: <br \/>\u201eSp\u00e1i\u00f0 ekki.\u201c <br \/> <\/span> <span class=\"ljodatexti\"> <a name=\"13\"><span class=\"versanumer_ljod\">13<\/span><\/a>Sj\u00e1, \u00e9g vil l\u00e1ta j\u00f6r\u00f0ina undir y\u00f0ur skj\u00e1lfa <br \/>eins og hla\u00f0inn vagn skelfur undir kornb\u00f6ggum. <br \/> <\/span> <span class=\"ljodatexti\"> <a name=\"14\"><span class=\"versanumer_ljod\">14<\/span><\/a>Hlauparinn kemst ekki \u00ed skj\u00f3l, <br \/>kraftaj\u00f6tunninn f\u00e6r ekki neytt afls s\u00edns <br \/>og kappinn ekki bjarga\u00f0 l\u00edfi s\u00ednu, <br \/> <\/span> <span class=\"ljodatexti\"> <a name=\"15\"><span class=\"versanumer_ljod\">15<\/span><\/a>bogaskyttan n\u00e6r ekki f\u00f3tfestu, <br \/>f\u00e6turnir bjarga ekki hinum f\u00f3tfr\u00e1a <br \/>og riddarinn bjargar ekki l\u00edfi s\u00ednu. <br \/> <\/span> <span class=\"ljodatexti\"> <a name=\"16\"><span class=\"versanumer_ljod\">16<\/span><\/a>Jafnvel kappinn hugrakki mun \u00e1 \u00feeim degi fl\u00fdja nakinn,<br \/>hefur Drottinn sagt. <\/span> <\/p>\n","protected":false},"excerpt":{"rendered":"<p>1Svo segir Drottinn: Vegna \u00feriggja, j\u00e1, vegna fj\u00f6gurra gl\u00e6pa M\u00f3abs hverf \u00e9g ekki fr\u00e1 \u00feessu: Af \u00fev\u00ed a\u00f0 \u00edb\u00faarnir \u00fear brenndu bein konungsins \u00ed Ed\u00f3m a\u00f0 kalki 2mun \u00e9g senda eld til M\u00f3abs. Hann mun gleypa hallirnar \u00ed Ker\u00edj\u00f3t.M\u00f3ab mun deyja \u00ed vopnagn\u00fd, vi\u00f0 her\u00f3p og l\u00fa\u00f0urhlj\u00f3m. 3\u00deann sem r\u00edkir yfir M\u00f3ab mun \u00e9g uppr\u00e6ta \u00far landinu og drepa alla h\u00f6f\u00f0ingja \u00feess \u00e1samt honum, hefur Drottinn sagt. 4Svo segir Drottinn: Vegna \u00feriggja, j\u00e1, vegna fj\u00f6gurra gl\u00e6pa J\u00fada hverf \u00e9g ekki fr\u00e1 \u00feessu: \u00dear sem \u00edb\u00faarnir \u00fear hafa hafna\u00f0 l\u00f6gm\u00e1li Drottins og ekki haldi\u00f0 bo\u00f0or\u00f0 hans, \u00fear sem falsgu\u00f0ir \u00feeirra, sem <a href=\"https:\/\/biblian.is\/biblian\/amos-2-kafli\/\"> [&#8230;]<\/a><\/p>\n","protected":false},"author":1,"featured_media":0,"parent":0,"menu_order":0,"comment_status":"open","ping_status":"open","template":"bibliukaflar_NT.php","meta":{"footnotes":""},"class_list":["post-2499","page","type-page","status-publish","hentry"],"_links":{"self":[{"href":"https:\/\/biblian.is\/biblian\/wp-json\/wp\/v2\/pages\/2499","targetHints":{"allow":["GET"]}}],"collection":[{"href":"https:\/\/biblian.is\/biblian\/wp-json\/wp\/v2\/pages"}],"about":[{"href":"https:\/\/biblian.is\/biblian\/wp-json\/wp\/v2\/types\/page"}],"author":[{"embeddable":true,"href":"https:\/\/biblian.is\/biblian\/wp-json\/wp\/v2\/users\/1"}],"replies":[{"embeddable":true,"href":"https:\/\/biblian.is\/biblian\/wp-json\/wp\/v2\/comments?post=2499"}],"version-history":[{"count":0,"href":"https:\/\/biblian.is\/biblian\/wp-json\/wp\/v2\/pages\/2499\/revisions"}],"wp:attachment":[{"href":"https:\/\/biblian.is\/biblian\/wp-json\/wp\/v2\/media?parent=2499"}],"curies":[{"name":"wp","href":"https:\/\/api.w.org\/{rel}","templated":true}]}}