{"id":2479,"date":"2017-12-30T21:03:23","date_gmt":"2017-12-30T21:03:23","guid":{"rendered":"http:\/\/biblian.is\/biblian\/dan%c2%92el-12-kafli\/"},"modified":"2024-06-26T23:22:02","modified_gmt":"2024-06-26T23:22:02","slug":"daniel-12-kafli","status":"publish","type":"page","link":"https:\/\/biblian.is\/biblian\/daniel-12-kafli\/","title":{"rendered":"Dan\u00edel 12. kafli"},"content":{"rendered":"<p><span class=\"ljodatexti\"><a name=\"1\"><span class=\"versanumer_ljod\">1<\/span><\/a>M\u00edkael, lei\u00f0toginn mikli, <br \/> sem verndar syni \u00fej\u00f3\u00f0ar \u00feinnar, <br \/>mun \u00fe\u00e1 birtast. <br \/>Ver\u00f0a \u00fe\u00e1 sl\u00edkir h\u00f6rmungat\u00edmar <br \/>a\u00f0 eigi ver\u00f0ur vi\u00f0 jafna\u00f0 fr\u00e1 \u00fev\u00ed a\u00f0 \u00fej\u00f3\u00f0in var\u00f0 til. <br \/>\u00c1 \u00feeim t\u00edma mun \u00fej\u00f3\u00f0 \u00fe\u00edn bjargast, <br \/>allir \u00feeir sem skr\u00e1\u00f0ir eru \u00ed b\u00f3kinni. <br \/> <\/span> <span class=\"ljodatexti\"> <a name=\"2\"><span class=\"versanumer_ljod\">2<\/span><\/a>Margir \u00feeirra sem hv\u00edla \u00ed dufti jar\u00f0ar <br \/>munu upp vakna, <br \/>sumir til eil\u00edfs l\u00edfs, <br \/>a\u00f0rir til lasts og \u00e6varandi sm\u00e1nar. <br \/> <\/span> <span class=\"ljodatexti\"> <a name=\"3\"><span class=\"versanumer_ljod\">3<\/span><\/a>Hinir vitru munu sk\u00edna eins og bj\u00f6rt himinhvelfing <br \/>og \u00feeir sem beina m\u00f6rgum til r\u00e9ttl\u00e6tis <br \/>ver\u00f0a sem stj\u00f6rnur um aldur og \u00e6vi. <\/span> <br \/> <a name=\"4\"><span class=\"versanumer_2007\">4<\/span><\/a> En leyndu \u00feessum or\u00f0um, Dan\u00edel, og innsigla\u00f0u b\u00f3kina \u00fear til dregur a\u00f0 endalokum. Menn munu leita v\u00ed\u00f0a og skilningur \u00feeirra mun aukast.\u201c <br \/> <a name=\"5\"><span class=\"versanumer_2007\">5<\/span><\/a> \u00c9g, Dan\u00edel, leit \u00fe\u00e1 upp og s\u00e1 hvar tveir a\u00f0rir st\u00f3\u00f0u, annar m\u00edn megin flj\u00f3tsins, hinn handan \u00feess. <a name=\"6\"><span class=\"versanumer_2007\">6<\/span><\/a> Annar \u00feeirra sag\u00f0i vi\u00f0 l\u00ednkl\u00e6dda manninn sem st\u00f3\u00f0 yfir flj\u00f3tinu: \u201eHve langt mun \u00fear til \u00feessum fur\u00f0uverkum linnir?\u201c <a name=\"7\"><span class=\"versanumer_2007\">7<\/span><\/a> \u00de\u00e1 heyr\u00f0i \u00e9g a\u00f0 l\u00ednkl\u00e6ddi ma\u00f0urinn, sem st\u00f3\u00f0 yfir flj\u00f3tinu, s\u00f3r vi\u00f0 Hinn eil\u00edfa, f\u00f3rna\u00f0i h\u00e6gri og vinstri hendi til himins og sag\u00f0i: \u201eEin t\u00ed\u00f0, tv\u00e6r t\u00ed\u00f0ir og h\u00e1lf t\u00ed\u00f0; \u00feegar m\u00e1ttur hinnar heil\u00f6gu \u00fej\u00f3\u00f0ar er brotinn \u00e1 bak aftur mun allt \u00feetta ganga eftir.\u201c <br \/> <a name=\"8\"><span class=\"versanumer_2007\">8<\/span><\/a> \u00c9g hlusta\u00f0i \u00e1 en skildi ekki og spur\u00f0i: \u201eHerra minn, hverjar ver\u00f0a lyktirnar?\u201c <a name=\"9\"><span class=\"versanumer_2007\">9<\/span><\/a> Hann svara\u00f0i: \u201eFar\u00f0u, Dan\u00edel, \u00fev\u00ed a\u00f0 \u00feessi or\u00f0 eru leyndard\u00f3mur, innsiglu\u00f0 allt til endalokanna. <a name=\"10\"><span class=\"versanumer_2007\">10<\/span><\/a> Margir ver\u00f0a sk\u00edr\u00f0ir, reyndir og hreinsa\u00f0ir, illmennin munu fremja rangl\u00e6ti og enginn hinna rangl\u00e1tu mun skilja neitt; en hinir vitru munu skilja \u00fea\u00f0. <a name=\"11\"><span class=\"versanumer_2007\">11<\/span><\/a> Fr\u00e1 \u00fev\u00ed a\u00f0 daglega f\u00f3rnin ver\u00f0ur afnumin og vi\u00f0urstygg\u00f0 ey\u00f0ingarinnar upp reist munu l\u00ed\u00f0a eitt \u00fe\u00fasund tv\u00f6 hundru\u00f0 og n\u00edut\u00edu dagar. <a name=\"12\"><span class=\"versanumer_2007\">12<\/span><\/a> S\u00e6ll er s\u00e1 sem \u00feolg\u00f3\u00f0ur \u00fereyr uns eitt \u00fe\u00fasund \u00ferj\u00fa hundru\u00f0 \u00ferj\u00e1t\u00edu og fimm dagar eru li\u00f0nir. <a name=\"13\"><span class=\"versanumer_2007\">13<\/span><\/a> En gakk \u00fe\u00fa til hv\u00edldar. \u00de\u00fa munt r\u00edsa upp og taka vi\u00f0 hlut \u00fe\u00ednum vi\u00f0 endalok daganna.\u201c <\/p>\n","protected":false},"excerpt":{"rendered":"<p>1M\u00edkael, lei\u00f0toginn mikli, sem verndar syni \u00fej\u00f3\u00f0ar \u00feinnar, mun \u00fe\u00e1 birtast. Ver\u00f0a \u00fe\u00e1 sl\u00edkir h\u00f6rmungat\u00edmar a\u00f0 eigi ver\u00f0ur vi\u00f0 jafna\u00f0 fr\u00e1 \u00fev\u00ed a\u00f0 \u00fej\u00f3\u00f0in var\u00f0 til. \u00c1 \u00feeim t\u00edma mun \u00fej\u00f3\u00f0 \u00fe\u00edn bjargast, allir \u00feeir sem skr\u00e1\u00f0ir eru \u00ed b\u00f3kinni. 2Margir \u00feeirra sem hv\u00edla \u00ed dufti jar\u00f0ar munu upp vakna, sumir til eil\u00edfs l\u00edfs, a\u00f0rir til lasts og \u00e6varandi sm\u00e1nar. 3Hinir vitru munu sk\u00edna eins og bj\u00f6rt himinhvelfing og \u00feeir sem beina m\u00f6rgum til r\u00e9ttl\u00e6tis ver\u00f0a sem stj\u00f6rnur um aldur og \u00e6vi. 4 En leyndu \u00feessum or\u00f0um, Dan\u00edel, og innsigla\u00f0u b\u00f3kina \u00fear til dregur a\u00f0 endalokum. Menn munu leita v\u00ed\u00f0a <a href=\"https:\/\/biblian.is\/biblian\/daniel-12-kafli\/\"> [&#8230;]<\/a><\/p>\n","protected":false},"author":1,"featured_media":0,"parent":0,"menu_order":0,"comment_status":"open","ping_status":"open","template":"bibliukaflar_NT.php","meta":{"footnotes":""},"class_list":["post-2479","page","type-page","status-publish","hentry"],"_links":{"self":[{"href":"https:\/\/biblian.is\/biblian\/wp-json\/wp\/v2\/pages\/2479","targetHints":{"allow":["GET"]}}],"collection":[{"href":"https:\/\/biblian.is\/biblian\/wp-json\/wp\/v2\/pages"}],"about":[{"href":"https:\/\/biblian.is\/biblian\/wp-json\/wp\/v2\/types\/page"}],"author":[{"embeddable":true,"href":"https:\/\/biblian.is\/biblian\/wp-json\/wp\/v2\/users\/1"}],"replies":[{"embeddable":true,"href":"https:\/\/biblian.is\/biblian\/wp-json\/wp\/v2\/comments?post=2479"}],"version-history":[{"count":0,"href":"https:\/\/biblian.is\/biblian\/wp-json\/wp\/v2\/pages\/2479\/revisions"}],"wp:attachment":[{"href":"https:\/\/biblian.is\/biblian\/wp-json\/wp\/v2\/media?parent=2479"}],"curies":[{"name":"wp","href":"https:\/\/api.w.org\/{rel}","templated":true}]}}