{"id":2399,"date":"2017-12-30T21:03:03","date_gmt":"2017-12-30T21:03:03","guid":{"rendered":"http:\/\/biblian.is\/biblian\/jerem%c2%92a-37-kafli\/"},"modified":"2024-07-03T12:50:10","modified_gmt":"2024-07-03T12:50:10","slug":"jeremia-37-kafli","status":"publish","type":"page","link":"https:\/\/biblian.is\/biblian\/jeremia-37-kafli\/","title":{"rendered":"Jerem\u00eda 37. kafli"},"content":{"rendered":"<h3 class=\"millifyrirsogn_2007\"> Sendimenn Sedek\u00eda og Jerem\u00eda<\/h3>\n<p><a name=\"1\"><span class=\"versanumer_2007\">1<\/span><\/a> Sedek\u00eda J\u00f3s\u00edason var\u00f0 konungur eftir Konja J\u00f3jak\u00edmsson. Neb\u00fakadresar konungur \u00ed Bab\u00fdlon ger\u00f0i hann a\u00f0 konungi \u00ed J\u00fada. <a name=\"2\"><span class=\"versanumer_2007\">2<\/span><\/a> En hvorki hann sj\u00e1lfur, \u00fej\u00f3nar hans n\u00e9 landsmenn hlustu\u00f0u \u00e1 bo\u00f0skapinn sem Drottinn lag\u00f0i Jerem\u00eda \u00ed munn. <br \/> <a name=\"3\"><span class=\"versanumer_2007\">3<\/span><\/a> Eitt sinn sendi Sedek\u00eda konungur J\u00fakal Selemjason og Sefan\u00eda prest Maasejason til Jerem\u00eda sp\u00e1manns me\u00f0 \u00feessi bo\u00f0: \u201eBi\u00f0 fyrir oss til Drottins Gu\u00f0s.\u201c <br \/> <a name=\"4\"><span class=\"versanumer_2007\">4<\/span><\/a> Jerem\u00eda var frj\u00e1ls fer\u00f0a sinna me\u00f0al f\u00f3lksins \u00fear sem hann haf\u00f0i ekki enn veri\u00f0 settur \u00ed fangelsi. <a name=\"5\"><span class=\"versanumer_2007\">5<\/span><\/a> Her fara\u00f3s var \u00fe\u00e1 lag\u00f0ur af sta\u00f0 fr\u00e1 Egyptalandi og \u00feegar Kaldear, sem s\u00e1tu um Jer\u00fasalem, fr\u00e9ttu \u00fea\u00f0 h\u00f6rfu\u00f0u \u00feeir fr\u00e1 Jer\u00fasalem.<br \/> <a name=\"6\"><span class=\"versanumer_2007\">6<\/span><\/a> \u00de\u00e1 kom or\u00f0 Drottins til Jerem\u00eda sp\u00e1manns: <br \/> <a name=\"7\"><span class=\"versanumer_2007\">7<\/span><\/a> Svo segir Drottinn, Gu\u00f0 \u00cdsraels: Segi\u00f0 vi\u00f0 J\u00fadakonung sem sendi y\u00f0ur a\u00f0 leita r\u00e1\u00f0a hj\u00e1 m\u00e9r: Her fara\u00f3s, sem lag\u00f0ur er af sta\u00f0 y\u00f0ur til hj\u00e1lpar, mun sn\u00faa aftur til lands s\u00edns, Egyptalands. <a name=\"8\"><span class=\"versanumer_2007\">8<\/span><\/a> Kaldear munu koma aftur og r\u00e1\u00f0ast \u00e1 \u00feessa borg, taka hana og brenna til \u00f6sku. <a name=\"9\"><span class=\"versanumer_2007\">9<\/span><\/a> Svo segir Drottinn: Blekki\u00f0 ekki sj\u00e1lfa y\u00f0ur me\u00f0 \u00fev\u00ed a\u00f0 halda a\u00f0 Kaldear s\u00e9u \u00ed raun farnir fyrir fullt og allt \u00fev\u00ed a\u00f0 \u00feeir eru ekki farnir. <a name=\"10\"><span class=\"versanumer_2007\">10<\/span><\/a> \u00de\u00f3 a\u00f0 \u00fe\u00e9r felldu\u00f0 allan her Kaldea, sem berst gegn y\u00f0ur, \u00feannig a\u00f0 a\u00f0eins nokkrir hels\u00e6r\u00f0ir menn v\u00e6ru eftir \u00ed tj\u00f6ldum s\u00ednum mundi hver og einn \u00feeirra r\u00edsa upp \u00ed tjaldi s\u00ednu og brenna \u00feessa borg til \u00f6sku. <\/p>\n<h3 class=\"millifyrirsogn_2007\">Sp\u00e1ma\u00f0urinn \u00ed fangelsi<\/h3>\n<p><a name=\"11\"><span class=\"versanumer_2007\">11<\/span><\/a> \u00deegar her Kaldea haf\u00f0i h\u00f6rfa\u00f0 fr\u00e1 Jer\u00fasalem undan her fara\u00f3s <a name=\"12\"><span class=\"versanumer_2007\">12<\/span><\/a> \u00e6tla\u00f0i Jerem\u00eda a\u00f0 fara fr\u00e1 Jer\u00fasalem til Benjam\u00ednslands til a\u00f0 taka \u00fe\u00e1tt \u00ed a\u00f0 skipta arfi me\u00f0 \u00e6ttingjum s\u00ednum. <a name=\"13\"><span class=\"versanumer_2007\">13<\/span><\/a> \u00deegar hann kom a\u00f0 Benjam\u00ednshli\u00f0i var ma\u00f0ur a\u00f0 nafni Jer\u00eda Selemjason, Hanan\u00edasonar, yfirma\u00f0ur var\u00f0li\u00f0sins \u00fear. Hann \u00fereif \u00ed Jerem\u00eda sp\u00e1mann og sag\u00f0i: \u201e\u00de\u00fa \u00e6tlar a\u00f0 gerast li\u00f0hlaupi og fara til Kaldea.\u201c <a name=\"14\"><span class=\"versanumer_2007\">14<\/span><\/a> Jerem\u00eda svara\u00f0i: \u201e\u00dea\u00f0 er \u00f3satt. \u00c9g \u00e6tla ekki a\u00f0 gerast li\u00f0hlaupi og ganga \u00ed li\u00f0 me\u00f0 Kaldeum.\u201c En Jer\u00eda hlusta\u00f0i ekki \u00e1 hann heldur t\u00f3k hann fastan og f\u00f3r me\u00f0 hann til h\u00f6f\u00f0ingjanna. <a name=\"15\"><span class=\"versanumer_2007\">15<\/span><\/a> \u00deeir voru Jerem\u00eda rei\u00f0ir, b\u00f6r\u00f0u hann og settu \u00fev\u00ed n\u00e6st \u00ed var\u00f0hald \u00ed h\u00fasi J\u00f3natans r\u00edkisritara \u00fev\u00ed a\u00f0 \u00fea\u00f0 haf\u00f0i veri\u00f0 gert a\u00f0 fangelsi. <a name=\"16\"><span class=\"versanumer_2007\">16<\/span><\/a> \u00deannig hafna\u00f0i Jerem\u00eda \u00ed fangaklefa \u00ed hvelfingunum. \u00dear sat Jerem\u00eda lengi.<br \/> <a name=\"17\"><span class=\"versanumer_2007\">17<\/span><\/a> \u00de\u00e1 l\u00e9t Sedek\u00eda konungur s\u00e6kja hann og spur\u00f0i hann \u00e1 laun \u00ed h\u00f6ll sinni: \u201eHefur nokkurt or\u00f0 komi\u00f0 fr\u00e1 Drottni?\u201c Jerem\u00eda svara\u00f0i: \u201eJ\u00e1, \u00fe\u00fa ver\u00f0ur seldur konunginum \u00ed Bab\u00fdlon \u00ed hendur.\u201c <a name=\"18\"><span class=\"versanumer_2007\">18<\/span><\/a> \u00dev\u00ed n\u00e6st sag\u00f0i Jerem\u00eda vi\u00f0 Sedek\u00eda konung: \u201eHva\u00f0 hef \u00e9g broti\u00f0 af m\u00e9r gegn \u00fe\u00e9r, hir\u00f0m\u00f6nnum \u00fe\u00ednum og \u00feessari \u00fej\u00f3\u00f0, fyrst \u00fe\u00e9r setji\u00f0 mig \u00ed fangelsi? <a name=\"19\"><span class=\"versanumer_2007\">19<\/span><\/a> Hvar eru n\u00fa sp\u00e1menn y\u00f0ar sem bo\u00f0u\u00f0u: Konungurinn \u00ed Bab\u00fdlon mun ekki r\u00e1\u00f0ast \u00e1 y\u00f0ur og \u00feetta land? <a name=\"20\"><span class=\"versanumer_2007\">20<\/span><\/a> En hlusta\u00f0u n\u00fa og ger\u00f0u b\u00f3n m\u00edna, herra minn og konungur. L\u00e1ttu ekki flytja mig aftur \u00ed h\u00fas J\u00f3natans r\u00edkisritara \u00fev\u00ed a\u00f0 \u00fea\u00f0 yr\u00f0i minn bani.\u201c <br \/> <a name=\"21\"><span class=\"versanumer_2007\">21<\/span><\/a> Sedek\u00eda konungur skipa\u00f0i \u00fe\u00e1 svo fyrir a\u00f0 Jerem\u00eda yr\u00f0i haf\u00f0ur \u00ed haldi \u00ed forgar\u00f0i var\u00f0li\u00f0sins. Hann f\u00e9kk daglega brau\u00f0 \u00far bakarag\u00f6tunni \u00fear til ekkert brau\u00f0 var lengur til \u00ed borginni. <a name=\"22\"><span class=\"versanumer_2007\">22<\/span><\/a> Jerem\u00eda sat \u00feannig um kyrrt \u00ed haldi \u00ed forgar\u00f0i var\u00f0li\u00f0sins.<\/p>\n","protected":false},"excerpt":{"rendered":"<p>Sendimenn Sedek\u00eda og Jerem\u00eda 1 Sedek\u00eda J\u00f3s\u00edason var\u00f0 konungur eftir Konja J\u00f3jak\u00edmsson. Neb\u00fakadresar konungur \u00ed Bab\u00fdlon ger\u00f0i hann a\u00f0 konungi \u00ed J\u00fada. 2 En hvorki hann sj\u00e1lfur, \u00fej\u00f3nar hans n\u00e9 landsmenn hlustu\u00f0u \u00e1 bo\u00f0skapinn sem Drottinn lag\u00f0i Jerem\u00eda \u00ed munn. 3 Eitt sinn sendi Sedek\u00eda konungur J\u00fakal Selemjason og Sefan\u00eda prest Maasejason til Jerem\u00eda sp\u00e1manns me\u00f0 \u00feessi bo\u00f0: \u201eBi\u00f0 fyrir oss til Drottins Gu\u00f0s.\u201c 4 Jerem\u00eda var frj\u00e1ls fer\u00f0a sinna me\u00f0al f\u00f3lksins \u00fear sem hann haf\u00f0i ekki enn veri\u00f0 settur \u00ed fangelsi. 5 Her fara\u00f3s var \u00fe\u00e1 lag\u00f0ur af sta\u00f0 fr\u00e1 Egyptalandi og \u00feegar Kaldear, sem s\u00e1tu um Jer\u00fasalem, fr\u00e9ttu <a href=\"https:\/\/biblian.is\/biblian\/jeremia-37-kafli\/\"> [&#8230;]<\/a><\/p>\n","protected":false},"author":1,"featured_media":0,"parent":0,"menu_order":0,"comment_status":"open","ping_status":"open","template":"bibliukaflar_NT.php","meta":{"footnotes":""},"class_list":["post-2399","page","type-page","status-publish","hentry"],"_links":{"self":[{"href":"https:\/\/biblian.is\/biblian\/wp-json\/wp\/v2\/pages\/2399","targetHints":{"allow":["GET"]}}],"collection":[{"href":"https:\/\/biblian.is\/biblian\/wp-json\/wp\/v2\/pages"}],"about":[{"href":"https:\/\/biblian.is\/biblian\/wp-json\/wp\/v2\/types\/page"}],"author":[{"embeddable":true,"href":"https:\/\/biblian.is\/biblian\/wp-json\/wp\/v2\/users\/1"}],"replies":[{"embeddable":true,"href":"https:\/\/biblian.is\/biblian\/wp-json\/wp\/v2\/comments?post=2399"}],"version-history":[{"count":0,"href":"https:\/\/biblian.is\/biblian\/wp-json\/wp\/v2\/pages\/2399\/revisions"}],"wp:attachment":[{"href":"https:\/\/biblian.is\/biblian\/wp-json\/wp\/v2\/media?parent=2399"}],"curies":[{"name":"wp","href":"https:\/\/api.w.org\/{rel}","templated":true}]}}