{"id":2369,"date":"2017-12-30T21:02:52","date_gmt":"2017-12-30T21:02:52","guid":{"rendered":"http:\/\/biblian.is\/biblian\/jerem%c2%92a-7-kafli\/"},"modified":"2024-07-03T12:50:14","modified_gmt":"2024-07-03T12:50:14","slug":"jeremia-7-kafli","status":"publish","type":"page","link":"https:\/\/biblian.is\/biblian\/jeremia-7-kafli\/","title":{"rendered":"Jerem\u00eda 7. kafli"},"content":{"rendered":"<h2 class=\"millifyrirsogn_2007\">R\u00e6\u00f0ur fr\u00e1 t\u00edmum J\u00f3jak\u00edms <\/h2>\n<h3 class=\"millifyrirsogn_2007\">Musterisr\u00e6\u00f0an<\/h3>\n<p><a name=\"1\"><span class=\"versanumer_2007\">1<\/span><\/a> Or\u00f0i\u00f0 sem kom til Jerem\u00eda fr\u00e1 Drottni: <a name=\"2\"><span class=\"versanumer_2007\">2<\/span><\/a> Taktu \u00fe\u00e9r st\u00f6\u00f0u vi\u00f0 hli\u00f0i\u00f0 a\u00f0 h\u00fasi Drottins, flyttu \u00fear \u00feessa r\u00e6\u00f0u og seg\u00f0u: Heyri\u00f0 or\u00f0 Drottins, allir J\u00fadamenn, sem gangi\u00f0 inn um \u00feetta hli\u00f0 til a\u00f0 tilbi\u00f0ja Drottin. <a name=\"3\"><span class=\"versanumer_2007\">3<\/span><\/a> Svo segir Drottinn hersveitanna, Gu\u00f0 \u00cdsraels: B\u00e6ti\u00f0 breytni y\u00f0ar og verk, \u00fe\u00e1 mun \u00e9g b\u00faa \u00e1 me\u00f0al y\u00f0ar h\u00e9r \u00e1 \u00feessum sta\u00f0. <a name=\"4\"><span class=\"versanumer_2007\">4<\/span><\/a> Treysti\u00f0 ekki lygar\u00e6\u00f0um \u00feegar sagt er: \u201e\u00deetta er musteri Drottins, musteri Drottins, musteri Drottins.\u201c<br \/> <a name=\"5\"><span class=\"versanumer_2007\">5<\/span><\/a> Nei, ef \u00fe\u00e9r gerbreyti\u00f0 h\u00e1ttum y\u00f0ar og verkum, ef \u00fe\u00e9r s\u00fdni\u00f0 sanngirni \u00ed deilum manna \u00e1 me\u00f0al, <a name=\"6\"><span class=\"versanumer_2007\">6<\/span><\/a> k\u00fagi\u00f0 ekki a\u00f0komumenn, muna\u00f0arleysingja og ekkjur, \u00fathelli\u00f0 ekki saklausu bl\u00f3\u00f0i \u00e1 \u00feessum sta\u00f0 og elti\u00f0 ekki a\u00f0ra gu\u00f0i y\u00f0ur til tj\u00f3ns, <a name=\"7\"><span class=\"versanumer_2007\">7<\/span><\/a> \u00fe\u00e1 mun \u00e9g b\u00faa \u00e1 me\u00f0al y\u00f0ar \u00e1 \u00feessum sta\u00f0, \u00ed landinu sem \u00e9g gaf fe\u00f0rum y\u00f0ar til eignar um aldir alda.<br \/> <a name=\"8\"><span class=\"versanumer_2007\">8<\/span><\/a> En \u00fe\u00e9r treysti\u00f0 gagnslausum lygar\u00e6\u00f0um, lognum bo\u00f0skap sem er gagnslaus. <a name=\"9\"><span class=\"versanumer_2007\">9<\/span><\/a> \u00deegar \u00fe\u00e9r hafi\u00f0 stoli\u00f0, myrt, dr\u00fdgt h\u00f3r, svari\u00f0 meins\u00e6ri, f\u00f3rna\u00f0 til Baals og elt a\u00f0ra gu\u00f0i sem \u00fe\u00e9r hafi\u00f0 ekki \u00feekkt fyrr, <a name=\"10\"><span class=\"versanumer_2007\">10<\/span><\/a> geti\u00f0 \u00fe\u00e9r \u00fe\u00e1 komi\u00f0 og gengi\u00f0 fram fyrir auglit mitt \u00ed \u00feessu h\u00fasi sem kennt er vi\u00f0 nafn mitt<span class=\"nedan_mal\" title=\" Or\u00f0r\u00e9tt: sem nafn mitt hefur veri\u00f0 hr\u00f3pa\u00f0 yfir. A\u00f0 hr\u00f3pa nafn einhvers yfir einhverju, t.d. landi, var a\u00f0 l\u00fdsa yfir eignarr\u00e9tti \u00feess sem nafni\u00f0 bar.\">[<\/span> og sagt: \u201eV\u00e9r erum h\u00f3lpnir,\u201c og haldi\u00f0 s\u00ed\u00f0an \u00e1fram a\u00f0 fremja s\u00f6mu sv\u00edvir\u00f0u? <a name=\"11\"><span class=\"versanumer_2007\">11<\/span><\/a> Er \u00feetta h\u00fas, sem kennt er vi\u00f0 nafn mitt, r\u00e6ningjab\u00e6li \u00ed y\u00f0ar augum? J\u00e1, \u00e9g l\u00edt svo \u00e1, segir Drottinn. <a name=\"12\"><span class=\"versanumer_2007\">12<\/span><\/a> Fari\u00f0 til helgista\u00f0ar m\u00edns \u00ed S\u00edl\u00f3 \u00fear sem \u00e9g l\u00e9t nafn mitt b\u00faa \u00e1\u00f0ur fyrr. Vir\u00f0i\u00f0 fyrir y\u00f0ur hvernig \u00e9g hef fari\u00f0 me\u00f0 hann vegna illsku l\u00fd\u00f0s m\u00edns, \u00cdsraels. <a name=\"13\"><span class=\"versanumer_2007\">13<\/span><\/a> En \u00fe\u00e9r hafi\u00f0 n\u00fa unni\u00f0 \u00f6ll s\u00f6mu verk, segir Drottinn. \u00de\u00f3tt \u00e9g tala\u00f0i til y\u00f0ar seint og snemma hlustu\u00f0u\u00f0 \u00fe\u00e9r ekki og \u00fe\u00f3tt \u00e9g hr\u00f3pa\u00f0i til y\u00f0ar sv\u00f6ru\u00f0u\u00f0 \u00fe\u00e9r ekki. <br \/> <a name=\"14\"><span class=\"versanumer_2007\">14<\/span><\/a> \u00deess vegna \u00e6tla \u00e9g a\u00f0 fara me\u00f0 \u00feetta h\u00fas, sem kennt er vi\u00f0 nafn mitt og \u00fe\u00e9r treysti\u00f0 \u00e1, eins og \u00e9g f\u00f3r me\u00f0 S\u00edl\u00f3. \u00c9g \u00e6tla a\u00f0 fara me\u00f0 sta\u00f0inn sem \u00e9g gaf y\u00f0ur og fe\u00f0rum y\u00f0ar eins og \u00e9g f\u00f3r me\u00f0 S\u00edl\u00f3. <a name=\"15\"><span class=\"versanumer_2007\">15<\/span><\/a> \u00c9g mun reka y\u00f0ur fr\u00e1 augliti m\u00ednu eins og \u00e9g rak alla br\u00e6\u00f0ur y\u00f0ar fr\u00e1 m\u00e9r, alla ni\u00f0ja Efra\u00edms. <\/p>\n<h3 class=\"millifyrirsogn_2007\">Hj\u00e1gu\u00f0ad\u00fdrkun<\/h3>\n<p><a name=\"16\"><span class=\"versanumer_2007\">16<\/span><\/a> \u00de\u00fa skalt ekki bi\u00f0ja fyrir \u00feessari \u00fej\u00f3\u00f0 og hvorki hefja upp kveinstafi n\u00e9 gr\u00e1tbei\u00f0ni \u00feeirra vegna. \u00de\u00fa skalt ekki leggja a\u00f0 m\u00e9r \u00fev\u00ed a\u00f0 \u00e9g hlusta ekki \u00e1 \u00feig. <a name=\"17\"><span class=\"versanumer_2007\">17<\/span><\/a> S\u00e9r\u00f0u ekki hva\u00f0 \u00feeir eru a\u00f0 gera \u00ed borgunum \u00ed J\u00fada og \u00e1 g\u00f6tunum \u00ed Jer\u00fasalem? <a name=\"18\"><span class=\"versanumer_2007\">18<\/span><\/a> B\u00f6rnin t\u00edna saman eldivi\u00f0, fe\u00f0ur \u00feeirra kveikja eld og konurnar hno\u00f0a deig \u00ed f\u00f3rnark\u00f6kur handa drottningu himinsins. \u00deeir f\u00e6ra \u00f6\u00f0rum gu\u00f0um dreypif\u00f3rnir til a\u00f0 skaprauna m\u00e9r. <a name=\"19\"><span class=\"versanumer_2007\">19<\/span><\/a> En skaprauna \u00feeir m\u00e9r? segir Drottinn. <br \/>Skaprauna \u00feeir ekki \u00f6llu fremur sj\u00e1lfum s\u00e9r og ro\u00f0na af sk\u00f6mm? <a name=\"20\"><span class=\"versanumer_2007\">20<\/span><\/a> \u00dev\u00ed segir Drottinn: Rei\u00f0i minni og heift ver\u00f0ur \u00fathellt yfir \u00feennan sta\u00f0, yfir menn og skepnur, yfir tr\u00e9 merkurinnar og \u00e1vexti akursins. Rei\u00f0i m\u00edn mun brenna og ekki slokkna.<\/p>\n<h3 class=\"millifyrirsogn_2007\">\u00c1deila \u00e1 musteris\u00fej\u00f3nustuna<\/h3>\n<p><a name=\"21\"><span class=\"versanumer_2007\">21<\/span><\/a> Svo segir Drottinn hersveitanna, Gu\u00f0 \u00cdsraels: <br \/>Hla\u00f0i\u00f0 brennif\u00f3rnum y\u00f0ar ofan \u00e1 sl\u00e1turf\u00f3rnirnar og eti\u00f0 kj\u00f6ti\u00f0. <a name=\"22\"><span class=\"versanumer_2007\">22<\/span><\/a> \u00c9g tala\u00f0i hvorki vi\u00f0 forfe\u00f0ur y\u00f0ar n\u00e9 gaf \u00feeim fyrirm\u00e6li um brennif\u00f3rnir og sl\u00e1turf\u00f3rnir \u00feegar \u00e9g leiddi \u00fe\u00e1 \u00fat \u00far Egyptalandi. <a name=\"23\"><span class=\"versanumer_2007\">23<\/span><\/a> En \u00e9g gaf \u00feeim \u00feessi fyrirm\u00e6li: Hl\u00fd\u00f0i\u00f0 bo\u00f0um m\u00ednum, \u00fe\u00e1 ver\u00f0 \u00e9g Gu\u00f0 y\u00f0ar og \u00fe\u00e9r ver\u00f0i\u00f0 l\u00fd\u00f0ur minn. G\u00e6ti\u00f0 \u00feess a\u00f0 fylgja n\u00e1kv\u00e6mlega \u00feeim vegi sem \u00e9g hef bo\u00f0i\u00f0 y\u00f0ur svo a\u00f0 y\u00f0ur vegni vel. <a name=\"24\"><span class=\"versanumer_2007\">24<\/span><\/a> En \u00feeir heyr\u00f0u ekki og l\u00f6g\u00f0u ekki vi\u00f0 hlustir heldur fylgdu eigin r\u00e1\u00f0um \u00ed \u00fever\u00fa\u00f0 s\u00edns illa hjarta. \u00deeir sneru vi\u00f0 m\u00e9r baki, ekki andlitinu. <a name=\"25\"><span class=\"versanumer_2007\">25<\/span><\/a> Fr\u00e1 \u00feeim degi, \u00feegar forfe\u00f0ur y\u00f0ar f\u00f3ru \u00fat \u00far Egyptalandi og fram \u00e1 \u00feennan dag, hef \u00e9g st\u00f6\u00f0ugt, aftur og aftur, sent y\u00f0ur alla \u00fej\u00f3na m\u00edna, sp\u00e1mennina. <a name=\"26\"><span class=\"versanumer_2007\">26<\/span><\/a> En \u00feeir hlustu\u00f0u ekki og l\u00f6g\u00f0u ekki vi\u00f0 eyrun heldur ger\u00f0ust har\u00f0sv\u00edra\u00f0ir og breyttu enn verr en fe\u00f0ur \u00feeirra.<br \/> <a name=\"27\"><span class=\"versanumer_2007\">27<\/span><\/a> \u00deegar \u00fe\u00fa bo\u00f0ar \u00feeim allt \u00feetta munu \u00feeir ekki hlusta. \u00deegar \u00fe\u00fa hr\u00f3par til \u00feeirra munu \u00feeir ekki svara \u00fe\u00e9r. <a name=\"28\"><span class=\"versanumer_2007\">28<\/span><\/a> \u00de\u00fa skalt \u00fev\u00ed segja vi\u00f0 \u00fe\u00e1: \u00deetta er \u00fej\u00f3\u00f0in sem hlusta\u00f0i ekki \u00e1 r\u00f6dd Drottins, Gu\u00f0s s\u00edns, og hl\u00fdddi ekki lei\u00f0s\u00f6gn hans. Horfin er tr\u00fafestin, uppr\u00e6tt \u00far munni \u00feeirra.<\/p>\n<h3 class=\"millifyrirsogn_2007\">Vi\u00f0urstygg\u00f0 hj\u00e1gu\u00f0ad\u00fdrkunarinnar<\/h3>\n<p><a name=\"29\"><span class=\"versanumer_2007\">29<\/span><\/a> Sker\u00f0u af \u00fe\u00e9r lokkana og fleyg\u00f0u \u00feeim, syngdu harmlj\u00f3\u00f0 \u00e1 gr\u00f3\u00f0urvana h\u00e6\u00f0um, \u00fev\u00ed a\u00f0 Drottinn hefur hafna\u00f0 og \u00fatsk\u00fafa\u00f0 \u00feeirri kynsl\u00f3\u00f0 sem hann reiddist. <a name=\"30\"><span class=\"versanumer_2007\">30<\/span><\/a> J\u00fadamenn hafa gert \u00fea\u00f0 sem illt er \u00ed augum m\u00ednum, segir Drottinn. \u00deeir hafa reist vi\u00f0urstyggilegar gu\u00f0amyndir s\u00ednar \u00ed h\u00fasinu, sem kennt er vi\u00f0 nafn mitt, til \u00feess a\u00f0 saurga \u00fea\u00f0. <a name=\"31\"><span class=\"versanumer_2007\">31<\/span><\/a> \u00deeir hafa reist T\u00f3fet-f\u00f3rnarh\u00e6\u00f0ir<span class=\"nedan_mal\" title=\" T\u00f3fet var f\u00f3rnarsta\u00f0ur \u00fear sem b\u00f6rnum var f\u00f3rna\u00f0 \u00ed eldi eins og \u00ed F\u00f6nik\u00edu. \">[<\/span> \u00ed Hinnomssonardal til \u00feess a\u00f0 brenna syni s\u00edna og d\u00e6tur \u00ed eldi. \u00dea\u00f0 hef \u00e9g hvorki bo\u00f0i\u00f0 n\u00e9 heldur komi\u00f0 \u00fea\u00f0 \u00ed hug.<br \/> <a name=\"32\"><span class=\"versanumer_2007\">32<\/span><\/a> Sj\u00e1, \u00feeir dagar munu koma, segir Drottinn, a\u00f0 ekki ver\u00f0ur lengur tala\u00f0 um T\u00f3fet og Hinnomssonardal heldur um Dr\u00e1psdal. \u00de\u00e1 ver\u00f0a svo margir grafnir \u00ed T\u00f3fet a\u00f0 ekki ver\u00f0ur neitt r\u00fam eftir.<span class=\"nedan_mal\" title=\" \u00d6nnur hugsanleg \u00fe\u00fd\u00f0ing: \u00de\u00e1 ver\u00f0ur grafi\u00f0 \u00ed T\u00f3fet \u00fev\u00ed a\u00f0 ekki er r\u00fam annars sta\u00f0ar. \">[<\/span> <a name=\"33\"><span class=\"versanumer_2007\">33<\/span><\/a> L\u00edk \u00feessa f\u00f3lks ver\u00f0a \u00e6ti handa fuglum himins og d\u00fdrum merkurinnar og enginn mun f\u00e6la \u00feau burt. <a name=\"34\"><span class=\"versanumer_2007\">34<\/span><\/a> \u00c9g mun \u00feagga ni\u00f0ur fagna\u00f0ar- og gle\u00f0ihr\u00f3p, k\u00f6ll br\u00fa\u00f0guma og br\u00fa\u00f0ar \u00ed borgum \u00ed J\u00fada og \u00e1 str\u00e6tum \u00ed Jer\u00fasalem, \u00fev\u00ed a\u00f0 landi\u00f0 ver\u00f0ur lagt \u00ed ey\u00f0i.<\/p>\n","protected":false},"excerpt":{"rendered":"<p>R\u00e6\u00f0ur fr\u00e1 t\u00edmum J\u00f3jak\u00edms Musterisr\u00e6\u00f0an 1 Or\u00f0i\u00f0 sem kom til Jerem\u00eda fr\u00e1 Drottni: 2 Taktu \u00fe\u00e9r st\u00f6\u00f0u vi\u00f0 hli\u00f0i\u00f0 a\u00f0 h\u00fasi Drottins, flyttu \u00fear \u00feessa r\u00e6\u00f0u og seg\u00f0u: Heyri\u00f0 or\u00f0 Drottins, allir J\u00fadamenn, sem gangi\u00f0 inn um \u00feetta hli\u00f0 til a\u00f0 tilbi\u00f0ja Drottin. 3 Svo segir Drottinn hersveitanna, Gu\u00f0 \u00cdsraels: B\u00e6ti\u00f0 breytni y\u00f0ar og verk, \u00fe\u00e1 mun \u00e9g b\u00faa \u00e1 me\u00f0al y\u00f0ar h\u00e9r \u00e1 \u00feessum sta\u00f0. 4 Treysti\u00f0 ekki lygar\u00e6\u00f0um \u00feegar sagt er: \u201e\u00deetta er musteri Drottins, musteri Drottins, musteri Drottins.\u201c 5 Nei, ef \u00fe\u00e9r gerbreyti\u00f0 h\u00e1ttum y\u00f0ar og verkum, ef \u00fe\u00e9r s\u00fdni\u00f0 sanngirni \u00ed deilum manna \u00e1 me\u00f0al, 6 <a href=\"https:\/\/biblian.is\/biblian\/jeremia-7-kafli\/\"> [&#8230;]<\/a><\/p>\n","protected":false},"author":1,"featured_media":0,"parent":0,"menu_order":0,"comment_status":"open","ping_status":"open","template":"bibliukaflar_NT.php","meta":{"footnotes":""},"class_list":["post-2369","page","type-page","status-publish","hentry"],"_links":{"self":[{"href":"https:\/\/biblian.is\/biblian\/wp-json\/wp\/v2\/pages\/2369","targetHints":{"allow":["GET"]}}],"collection":[{"href":"https:\/\/biblian.is\/biblian\/wp-json\/wp\/v2\/pages"}],"about":[{"href":"https:\/\/biblian.is\/biblian\/wp-json\/wp\/v2\/types\/page"}],"author":[{"embeddable":true,"href":"https:\/\/biblian.is\/biblian\/wp-json\/wp\/v2\/users\/1"}],"replies":[{"embeddable":true,"href":"https:\/\/biblian.is\/biblian\/wp-json\/wp\/v2\/comments?post=2369"}],"version-history":[{"count":0,"href":"https:\/\/biblian.is\/biblian\/wp-json\/wp\/v2\/pages\/2369\/revisions"}],"wp:attachment":[{"href":"https:\/\/biblian.is\/biblian\/wp-json\/wp\/v2\/media?parent=2369"}],"curies":[{"name":"wp","href":"https:\/\/api.w.org\/{rel}","templated":true}]}}