{"id":2363,"date":"2017-12-30T21:02:52","date_gmt":"2017-12-30T21:02:52","guid":{"rendered":"http:\/\/biblian.is\/biblian\/jerem%c2%92a-1-kafli\/"},"modified":"2024-07-03T12:50:04","modified_gmt":"2024-07-03T12:50:04","slug":"jeremia-1-kafli","status":"publish","type":"page","link":"https:\/\/biblian.is\/biblian\/jeremia-1-kafli\/","title":{"rendered":"Jerem\u00eda 1. kafli"},"content":{"rendered":"<p><a name=\"1\"><span class=\"versanumer_2007\">1<\/span><\/a> R\u00e6\u00f0ur Jerem\u00eda Hilk\u00edasonar sem var einn af prestunum \u00ed Anat\u00f3t \u00ed Benjam\u00ednslandi. <a name=\"2\"><span class=\"versanumer_2007\">2<\/span><\/a> Or\u00f0 Drottins kom til hans \u00e1 d\u00f6gum J\u00f3s\u00eda Am\u00f3nssonar J\u00fadakonungs, \u00e1 \u00ferett\u00e1nda stj\u00f3rnar\u00e1ri hans. <a name=\"3\"><span class=\"versanumer_2007\">3<\/span><\/a> Or\u00f0 Drottins kom einnig til hans \u00e1 d\u00f6gum J\u00f3jak\u00edms J\u00f3s\u00edasonar, konungs \u00ed J\u00fada, allt til loka ellefta stj\u00f3rnar\u00e1rs Sedek\u00eda J\u00fadakonungs \u00feegar \u00edb\u00faar Jer\u00fasalem voru herleiddir \u00ed fimmta m\u00e1nu\u00f0inum.<\/p>\n<h3 class=\"millifyrirsogn_2007\">K\u00f6llun Jerem\u00eda<\/h3>\n<p><a name=\"4\"><span class=\"versanumer_2007\">4<\/span><\/a> Or\u00f0 Drottins kom til m\u00edn:<br \/> <span class=\"ljodatexti\"> <a name=\"5\"><span class=\"versanumer_ljod\">5<\/span><\/a>\u00c1\u00f0ur en \u00e9g m\u00f3ta\u00f0i \u00feig \u00ed m\u00f3\u00f0url\u00edfi valdi \u00e9g \u00feig. <br \/>\u00c1\u00f0ur en \u00fe\u00fa f\u00e6ddist helga\u00f0i \u00e9g \u00feig <br \/>og \u00e1kva\u00f0 a\u00f0 \u00fe\u00fa yr\u00f0ir sp\u00e1ma\u00f0ur fyrir \u00fej\u00f3\u00f0irnar. <br \/> <\/span> <span class=\"ljodatexti\"> <a name=\"6\"><span class=\"versanumer_ljod\">6<\/span><\/a>\u00c9g svara\u00f0i: \u201eDrottinn minn og Gu\u00f0. <br \/>\u00c9g er ekki f\u00e6r um a\u00f0 tala \u00fev\u00ed a\u00f0 \u00e9g er enn svo ungur.\u201c<br \/> <\/span> <span class=\"ljodatexti\"> <a name=\"7\"><span class=\"versanumer_ljod\">7<\/span><\/a>\u00de\u00e1 sag\u00f0i Drottinn vi\u00f0 mig:<br \/>\u201eSeg\u00f0u ekki: \u00c9g er enn svo ungur. <br \/>\u00de\u00fa skalt fara hvert sem \u00e9g sendi \u00feig <br \/>og bo\u00f0a hva\u00f0 eina sem \u00e9g fel \u00fe\u00e9r.<br \/> <\/span> <span class=\"ljodatexti\"> <a name=\"8\"><span class=\"versanumer_ljod\">8<\/span><\/a>\u00de\u00fa skalt ekki \u00f3ttast \u00fe\u00e1<br \/>\u00fev\u00ed a\u00f0 \u00e9g er me\u00f0 \u00fe\u00e9r til a\u00f0 bjarga \u00fe\u00e9r,\u201c<br \/>segir Drottinn.<br \/> <\/span> <a name=\"9\"><span class=\"versanumer_2007\">9<\/span><\/a> S\u00ed\u00f0an r\u00e9tti Drottinn \u00fat h\u00f6nd s\u00edna, snerti munn minn og sag\u00f0i vi\u00f0 mig:<br \/><span class=\"ljodatexti\"> \u201eH\u00e9r me\u00f0 legg \u00e9g or\u00f0 m\u00edn \u00fe\u00e9r \u00ed munn. <br \/> <\/span> <span class=\"ljodatexti\"> <a name=\"10\"><span class=\"versanumer_ljod\">10<\/span><\/a>\u00c9g veiti \u00fe\u00e9r vald <br \/>yfir \u00fej\u00f3\u00f0um og r\u00edkjum <br \/>til a\u00f0 uppr\u00e6ta og r\u00edfa ni\u00f0ur, til a\u00f0 ey\u00f0a og umturna, <br \/>til a\u00f0 byggja upp og gr\u00f3\u00f0ursetja.\u201c<br \/> <\/span><\/p>\n<h3 class=\"millifyrirsogn_2007\">Fyrri s\u00fdn: m\u00f6ndluvi\u00f0argrein<\/h3>\n<p><span class=\"ljodatexti\"> <a name=\"11\"><span class=\"versanumer_ljod\">11<\/span><\/a>Or\u00f0 Drottins kom til m\u00edn: <br \/>\u201eHva\u00f0 s\u00e9r\u00f0u, Jerem\u00eda?\u201c<br \/>\u00c9g svara\u00f0i: \u201e\u00c9g s\u00e9 m\u00f6ndluvi\u00f0argrein.\u201c<br \/> <\/span> <span class=\"ljodatexti\"> <a name=\"12\"><span class=\"versanumer_ljod\">12<\/span><\/a>\u00de\u00e1 sag\u00f0i Drottinn vi\u00f0 mig: <br \/>\u201e\u00de\u00fa hefur s\u00e9\u00f0 r\u00e9tt \u00fev\u00ed a\u00f0 \u00e9g vaki yfir \u00fev\u00ed a\u00f0 or\u00f0i m\u00ednu ver\u00f0i framfylgt.\u201c <span class=\"nedan_mal\" title=\" Merking \u00feessa samtals felst \u00ed or\u00f0aleik. Hlj\u00f3mur or\u00f0sins sem \u00fe\u00fdtt er me\u00f0 \u201em\u00f6ndluvi\u00f0ur\u201c l\u00edkist hlj\u00f3mi sagnarinnar sem merkir \u201ea\u00f0 vaka\u201c.\">[<\/span>                                                                                                                                                                                                                                                                                                                                                                                                                                                                                                                     <\/p>\n<h3 class=\"millifyrirsogn_2007\">S\u00ed\u00f0ari s\u00fdn: rj\u00fakandi pottur<\/h3>\n<p><span class=\"ljodatexti\"> <a name=\"13\"><span class=\"versanumer_ljod\">13<\/span><\/a>Or\u00f0 Drottins kom til m\u00edn \u00f6\u00f0ru sinni:<br \/>\u201eHva\u00f0 s\u00e9r\u00f0u?\u201c<br \/>\u00c9g svara\u00f0i: <br \/>\u201e\u00c9g s\u00e9 rj\u00fakandi pott sem hallast \u00far nor\u00f0ri.\u201c<br \/> <\/span> <span class=\"ljodatexti\"> <a name=\"14\"><span class=\"versanumer_ljod\">14<\/span><\/a>\u00de\u00e1 sag\u00f0i Drottinn vi\u00f0 mig: <br \/>\u00dar nor\u00f0ri ver\u00f0ur b\u00f6li hellt yfir alla \u00edb\u00faa landsins. <br \/> <\/span> <span class=\"ljodatexti\"> <a name=\"15\"><span class=\"versanumer_ljod\">15<\/span><\/a>\u00dev\u00ed sj\u00e1: <br \/>\u00c9g kalla \u00e1 \u00f6ll konungsr\u00edkin fyrir nor\u00f0an, <br \/>segir Drottinn. <br \/>\u00deau koma og reisa hvert sitt h\u00e1s\u00e6ti <br \/>utan vi\u00f0 borgarhli\u00f0 Jer\u00fasalem, <br \/>gegnt borgarm\u00farum hennar allt umhverfis, <br \/>og \u00f3gna \u00f6llum borgum \u00ed J\u00fada. <br \/> <\/span> <span class=\"ljodatexti\"> <a name=\"16\"><span class=\"versanumer_ljod\">16<\/span><\/a>\u00de\u00e1 mun \u00e9g kve\u00f0a upp d\u00f3m yfir \u00feeim<br \/>vegna allrar illsku \u00feeirra <br \/>\u00feegar \u00feeir yfirg\u00e1fu mig <br \/>og f\u00e6r\u00f0u \u00f6\u00f0rum gu\u00f0um brennif\u00f3rnir <br \/>og tilb\u00e1\u00f0u verk eigin handa.<br \/> <\/span><\/p>\n<h3 class=\"millifyrirsogn_2007\">Hlutverk sp\u00e1mannsins<\/h3>\n<p><span class=\"ljodatexti\"> <a name=\"17\"><span class=\"versanumer_ljod\">17<\/span><\/a>En sj\u00e1lfur skalt \u00fe\u00fa gyr\u00f0a lendar \u00fe\u00ednar,<br \/>ganga fram og bo\u00f0a \u00feeim allt sem \u00e9g b\u00fd\u00f0 \u00fe\u00e9r. <br \/>L\u00e1ttu ekki hugfallast frammi fyrir \u00feeim, <br \/>ella svipti \u00e9g \u00feig hugrekki fyrir augum \u00feeirra. <br \/> <\/span> <span class=\"ljodatexti\"> <a name=\"18\"><span class=\"versanumer_ljod\">18<\/span><\/a>\u00cd dag geri \u00e9g \u00feig a\u00f0 v\u00edggirtri borg, <br \/>a\u00f0 j\u00e1rns\u00falu, a\u00f0 virkisvegg \u00far eir <br \/>gegn konungunum \u00ed J\u00fada <br \/>og h\u00f6f\u00f0ingjum \u00fear, <br \/>gegn prestunum \u00ed J\u00fada og st\u00f3rb\u00e6ndunum. <br \/> <\/span> <span class=\"ljodatexti\"> <a name=\"19\"><span class=\"versanumer_ljod\">19<\/span><\/a>\u00deeir munu r\u00e1\u00f0ast gegn \u00fe\u00e9r <br \/>en ekki sigra \u00feig <br \/>\u00fev\u00ed a\u00f0 \u00e9g er me\u00f0 \u00fe\u00e9r til a\u00f0 bjarga \u00fe\u00e9r, segir Drottinn. <\/span> <\/p>\n","protected":false},"excerpt":{"rendered":"<p>1 R\u00e6\u00f0ur Jerem\u00eda Hilk\u00edasonar sem var einn af prestunum \u00ed Anat\u00f3t \u00ed Benjam\u00ednslandi. 2 Or\u00f0 Drottins kom til hans \u00e1 d\u00f6gum J\u00f3s\u00eda Am\u00f3nssonar J\u00fadakonungs, \u00e1 \u00ferett\u00e1nda stj\u00f3rnar\u00e1ri hans. 3 Or\u00f0 Drottins kom einnig til hans \u00e1 d\u00f6gum J\u00f3jak\u00edms J\u00f3s\u00edasonar, konungs \u00ed J\u00fada, allt til loka ellefta stj\u00f3rnar\u00e1rs Sedek\u00eda J\u00fadakonungs \u00feegar \u00edb\u00faar Jer\u00fasalem voru herleiddir \u00ed fimmta m\u00e1nu\u00f0inum. K\u00f6llun Jerem\u00eda 4 Or\u00f0 Drottins kom til m\u00edn: 5\u00c1\u00f0ur en \u00e9g m\u00f3ta\u00f0i \u00feig \u00ed m\u00f3\u00f0url\u00edfi valdi \u00e9g \u00feig. \u00c1\u00f0ur en \u00fe\u00fa f\u00e6ddist helga\u00f0i \u00e9g \u00feig og \u00e1kva\u00f0 a\u00f0 \u00fe\u00fa yr\u00f0ir sp\u00e1ma\u00f0ur fyrir \u00fej\u00f3\u00f0irnar. 6\u00c9g svara\u00f0i: \u201eDrottinn minn og Gu\u00f0. \u00c9g er ekki f\u00e6r <a href=\"https:\/\/biblian.is\/biblian\/jeremia-1-kafli\/\"> [&#8230;]<\/a><\/p>\n","protected":false},"author":1,"featured_media":0,"parent":0,"menu_order":0,"comment_status":"open","ping_status":"open","template":"bibliukaflar_NT.php","meta":{"footnotes":""},"class_list":["post-2363","page","type-page","status-publish","hentry"],"_links":{"self":[{"href":"https:\/\/biblian.is\/biblian\/wp-json\/wp\/v2\/pages\/2363","targetHints":{"allow":["GET"]}}],"collection":[{"href":"https:\/\/biblian.is\/biblian\/wp-json\/wp\/v2\/pages"}],"about":[{"href":"https:\/\/biblian.is\/biblian\/wp-json\/wp\/v2\/types\/page"}],"author":[{"embeddable":true,"href":"https:\/\/biblian.is\/biblian\/wp-json\/wp\/v2\/users\/1"}],"replies":[{"embeddable":true,"href":"https:\/\/biblian.is\/biblian\/wp-json\/wp\/v2\/comments?post=2363"}],"version-history":[{"count":0,"href":"https:\/\/biblian.is\/biblian\/wp-json\/wp\/v2\/pages\/2363\/revisions"}],"wp:attachment":[{"href":"https:\/\/biblian.is\/biblian\/wp-json\/wp\/v2\/media?parent=2363"}],"curies":[{"name":"wp","href":"https:\/\/api.w.org\/{rel}","templated":true}]}}