{"id":2343,"date":"2017-12-30T21:02:47","date_gmt":"2017-12-30T21:02:47","guid":{"rendered":"http:\/\/biblian.is\/biblian\/jesaja-47-kafli\/"},"modified":"2024-05-06T22:28:31","modified_gmt":"2024-05-06T22:28:31","slug":"jesaja-47-kafli","status":"publish","type":"page","link":"https:\/\/biblian.is\/biblian\/jesaja-47-kafli\/","title":{"rendered":"Jesaja 47. kafli"},"content":{"rendered":"<h3 class=\"millifyrirsogn_2007\"> Sp\u00e1\u00f0 falli Bab\u00fdlonar<\/h3>\n<p><span class=\"ljodatexti\"> <a name=\"1\"><span class=\"versanumer_ljod\">1<\/span><\/a>St\u00edg ni\u00f0ur og sestu \u00ed dufti\u00f0,<br \/>m\u00e6rin Babeld\u00f3ttir.<br \/>Sestu \u00e1 j\u00f6r\u00f0ina, ekki \u00ed h\u00e1s\u00e6ti,<br \/>Kaldead\u00f3ttir,<br \/>\u00fev\u00ed a\u00f0 \u00fe\u00fa ert ekki lengur talin vi\u00f0kv\u00e6m og dekru\u00f0.<br \/> <\/span> <span class=\"ljodatexti\"> <a name=\"2\"><span class=\"versanumer_ljod\">2<\/span><\/a>Taktu kv\u00f6rn og mala\u00f0u mj\u00f6l,<br \/>fjarl\u00e6g\u00f0u sl\u00e6\u00f0una,<br \/>lyftu kl\u00e6\u00f0isfaldinum, bera\u00f0u f\u00f3tleggina,<br \/>va\u00f0 yfir flj\u00f3tin.<br \/> <\/span> <span class=\"ljodatexti\"> <a name=\"3\"><span class=\"versanumer_ljod\">3<\/span><\/a>Blyg\u00f0un \u00fe\u00edn ver\u00f0ur beru\u00f0<br \/>og sv\u00edvir\u00f0a \u00fe\u00edn s\u00fdnileg,<br \/>\u00e9g hefni m\u00edn og \u00feyrmi engum.<br \/> <\/span> <span class=\"ljodatexti\"> <a name=\"4\"><span class=\"versanumer_ljod\">4<\/span><\/a>Lausnari vor ber nafni\u00f0 Drottinn allsherjar, <br \/>Hinn heilagi \u00cdsraels.<br \/> <\/span> <span class=\"ljodatexti\"> <a name=\"5\"><span class=\"versanumer_ljod\">5<\/span><\/a>Sestu hlj\u00f3\u00f0 og far\u00f0u inn \u00ed myrkri\u00f0,<br \/>Kaldead\u00f3ttir,<br \/>\u00fev\u00ed a\u00f0 \u00fe\u00fa ver\u00f0ur ekki framar k\u00f6llu\u00f0<br \/>drottning konungsr\u00edkja.<br \/> <\/span> <span class=\"ljodatexti\"> <a name=\"6\"><span class=\"versanumer_ljod\">6<\/span><\/a>\u00c9g reiddist \u00fej\u00f3\u00f0 minni,<br \/>vanhelga\u00f0i erf\u00f0aland mitt,<br \/>\u00e9g f\u00e9kk hana \u00fe\u00e9r \u00ed hendur.<br \/>En \u00fe\u00fa s\u00fdndir henni enga miskunn,<br \/>\u00fejaka\u00f0ir aldra\u00f0a me\u00f0 \u00feungu oki \u00fe\u00ednu.<br \/> <\/span> <span class=\"ljodatexti\"> <a name=\"7\"><span class=\"versanumer_ljod\">7<\/span><\/a>\u00de\u00fa sag\u00f0ir: \u201e\u00c9g ver\u00f0 \u00e1vallt,<br \/>um aldur og \u00e6vi, drottning.\u201c<br \/>En \u00fe\u00fa \u00edhuga\u00f0ir \u00feetta aldrei,<br \/>hugsa\u00f0ir aldrei um endalokin.<br \/> <\/span> <span class=\"ljodatexti\"> <a name=\"8\"><span class=\"versanumer_ljod\">8<\/span><\/a>En hlusta n\u00fa, s\u00e6ll\u00edfa kona,<br \/>sem situr \u00e1hyggjulaus \u00ed h\u00e1s\u00e6ti<br \/>og hugsar me\u00f0 sj\u00e1lfri \u00fe\u00e9r:<br \/>\u201e\u00c9g og engin \u00f6nnur.<br \/>\u00c9g mun aldrei sitja \u00ed ekkjud\u00f3mi,<br \/>aldrei reyna hva\u00f0 barnleysi er.\u201c<br \/> <\/span> <span class=\"ljodatexti\"> <a name=\"9\"><span class=\"versanumer_ljod\">9<\/span><\/a>En hvort tveggja mun yfir \u00feig koma,<br \/>\u00f3v\u00e6nt, \u00e1 einum og sama degi.<br \/>\u00de\u00fa ver\u00f0ur b\u00e6\u00f0i barnlaus og ekkja,<br \/>\u00fea\u00f0 mun henda \u00feig \u00ed fullum m\u00e6li,<br \/>\u00fer\u00e1tt fyrir margv\u00edslega galdra \u00fe\u00edna<br \/>og m\u00e1tt s\u00e6ringa \u00feinna.<br \/> <\/span> <span class=\"ljodatexti\"> <a name=\"10\"><span class=\"versanumer_ljod\">10<\/span><\/a>\u00de\u00fa treystir kunn\u00e1ttu \u00feinni,<br \/>sag\u00f0ir: \u201eEnginn s\u00e9r til m\u00edn.\u201c<br \/>Kunn\u00e1tta \u00fe\u00edn og \u00feekking leiddi \u00feig afvega<br \/>svo a\u00f0 \u00fe\u00fa sag\u00f0ir me\u00f0 sj\u00e1lfri \u00fe\u00e9r:<br \/>\u201e\u00c9g og engin \u00f6nnur.\u201c<br \/> <\/span> <span class=\"ljodatexti\"> <a name=\"11\"><span class=\"versanumer_ljod\">11<\/span><\/a>En yfir \u00feig mun koma \u00f3g\u00e6fa,<br \/>\u00fe\u00e1 kanntu engan varnargaldur,<br \/>tort\u00edming dynur yfir \u00feig,<br \/>\u00fe\u00e1 getur \u00fe\u00fa ekki varna\u00f0 henni me\u00f0 yfirb\u00f3t,<br \/>ey\u00f0ing, sem \u00fe\u00fa s\u00e9r\u00f0 ekki fyrir,<br \/>kemur \u00f3v\u00e6nt yfir \u00feig.<br \/> <\/span> <span class=\"ljodatexti\"> <a name=\"12\"><span class=\"versanumer_ljod\">12<\/span><\/a>Gakktu \u00fe\u00e1 fram me\u00f0 s\u00e6ringar \u00fe\u00ednar<br \/>og alla \u00fe\u00edna galdra<br \/>sem \u00fe\u00fa hefur stunda\u00f0 fr\u00e1 \u00e6sku.<br \/>Ef til vill getur \u00fe\u00fa bjarga\u00f0 \u00fe\u00e9r,<br \/>ef til vill vaki\u00f0 skelfingu.<br \/> <\/span> <span class=\"ljodatexti\"> <a name=\"13\"><span class=\"versanumer_ljod\">13<\/span><\/a>\u00de\u00fa \u00fereyttist \u00e1 fj\u00f6lm\u00f6rgum r\u00e1\u00f0gj\u00f6fum,<br \/>\u00feeir gangi n\u00fa fram.<br \/>N\u00fa skulu stj\u00f6rnuspekingar koma til li\u00f0s,<br \/>\u00feeir sem stara \u00e1 stj\u00f6rnurnar<br \/>og bo\u00f0a \u00fe\u00e9r vi\u00f0 n\u00fdtt tungl<br \/>hva\u00f0 yfir \u00feig muni koma.<br \/> <\/span> <span class=\"ljodatexti\"> <a name=\"14\"><span class=\"versanumer_ljod\">14<\/span><\/a>En \u00feeir eru sem h\u00e1lmstr\u00e1<br \/>sem eldur brennir upp<br \/>og f\u00e1 ekki bjarga\u00f0 sj\u00e1lfum s\u00e9r \u00far eldhafinu<br \/>sem hvorki er gl\u00f3\u00f0 a\u00f0 orna s\u00e9r vi\u00f0<br \/>n\u00e9 eldur a\u00f0 sitja vi\u00f0.<br \/> <\/span> <span class=\"ljodatexti\"> <a name=\"15\"><span class=\"versanumer_ljod\">15<\/span><\/a>\u00deannig reynast galdramenn \u00fe\u00ednir \u00fe\u00e9r,<br \/>sem \u00fe\u00fa hefur erfi\u00f0a\u00f0 me\u00f0 fr\u00e1 \u00e6sku\u00e1rum,<br \/>\u00feeir villast hver \u00ed s\u00edna \u00e1ttina<br \/>og enginn ver\u00f0ur \u00fe\u00e9r til hj\u00e1lpar. <\/span> <\/p>\n","protected":false},"excerpt":{"rendered":"<p>Sp\u00e1\u00f0 falli Bab\u00fdlonar 1St\u00edg ni\u00f0ur og sestu \u00ed dufti\u00f0,m\u00e6rin Babeld\u00f3ttir.Sestu \u00e1 j\u00f6r\u00f0ina, ekki \u00ed h\u00e1s\u00e6ti,Kaldead\u00f3ttir,\u00fev\u00ed a\u00f0 \u00fe\u00fa ert ekki lengur talin vi\u00f0kv\u00e6m og dekru\u00f0. 2Taktu kv\u00f6rn og mala\u00f0u mj\u00f6l,fjarl\u00e6g\u00f0u sl\u00e6\u00f0una,lyftu kl\u00e6\u00f0isfaldinum, bera\u00f0u f\u00f3tleggina,va\u00f0 yfir flj\u00f3tin. 3Blyg\u00f0un \u00fe\u00edn ver\u00f0ur beru\u00f0og sv\u00edvir\u00f0a \u00fe\u00edn s\u00fdnileg,\u00e9g hefni m\u00edn og \u00feyrmi engum. 4Lausnari vor ber nafni\u00f0 Drottinn allsherjar, Hinn heilagi \u00cdsraels. 5Sestu hlj\u00f3\u00f0 og far\u00f0u inn \u00ed myrkri\u00f0,Kaldead\u00f3ttir,\u00fev\u00ed a\u00f0 \u00fe\u00fa ver\u00f0ur ekki framar k\u00f6llu\u00f0drottning konungsr\u00edkja. 6\u00c9g reiddist \u00fej\u00f3\u00f0 minni,vanhelga\u00f0i erf\u00f0aland mitt,\u00e9g f\u00e9kk hana \u00fe\u00e9r \u00ed hendur.En \u00fe\u00fa s\u00fdndir henni enga miskunn,\u00fejaka\u00f0ir aldra\u00f0a me\u00f0 \u00feungu oki \u00fe\u00ednu. 7\u00de\u00fa sag\u00f0ir: \u201e\u00c9g ver\u00f0 \u00e1vallt,um aldur og \u00e6vi, drottning.\u201cEn <a href=\"https:\/\/biblian.is\/biblian\/jesaja-47-kafli\/\"> [&#8230;]<\/a><\/p>\n","protected":false},"author":1,"featured_media":0,"parent":0,"menu_order":0,"comment_status":"open","ping_status":"open","template":"bibliukaflar_NT.php","meta":{"footnotes":""},"class_list":["post-2343","page","type-page","status-publish","hentry"],"_links":{"self":[{"href":"https:\/\/biblian.is\/biblian\/wp-json\/wp\/v2\/pages\/2343","targetHints":{"allow":["GET"]}}],"collection":[{"href":"https:\/\/biblian.is\/biblian\/wp-json\/wp\/v2\/pages"}],"about":[{"href":"https:\/\/biblian.is\/biblian\/wp-json\/wp\/v2\/types\/page"}],"author":[{"embeddable":true,"href":"https:\/\/biblian.is\/biblian\/wp-json\/wp\/v2\/users\/1"}],"replies":[{"embeddable":true,"href":"https:\/\/biblian.is\/biblian\/wp-json\/wp\/v2\/comments?post=2343"}],"version-history":[{"count":0,"href":"https:\/\/biblian.is\/biblian\/wp-json\/wp\/v2\/pages\/2343\/revisions"}],"wp:attachment":[{"href":"https:\/\/biblian.is\/biblian\/wp-json\/wp\/v2\/media?parent=2343"}],"curies":[{"name":"wp","href":"https:\/\/api.w.org\/{rel}","templated":true}]}}