{"id":2319,"date":"2017-12-30T21:02:42","date_gmt":"2017-12-30T21:02:42","guid":{"rendered":"http:\/\/biblian.is\/biblian\/jesaja-23-kafli\/"},"modified":"2024-05-06T22:28:26","modified_gmt":"2024-05-06T22:28:26","slug":"jesaja-23-kafli","status":"publish","type":"page","link":"https:\/\/biblian.is\/biblian\/jesaja-23-kafli\/","title":{"rendered":"Jesaja 23. kafli"},"content":{"rendered":"<h3 class=\"millifyrirsogn_2007\"> Gegn T\u00fdrus og S\u00eddon<\/h3>\n<p><a name=\"1\"><span class=\"versanumer_2007\">1<\/span><\/a> Bo\u00f0skapur um T\u00fdrus:<br \/> <span class=\"ljodatexti\"> Kveini\u00f0, Tarsisskip,<br \/>h\u00f6fn y\u00f0ar er ey\u00f0il\u00f6g\u00f0.<br \/>Vi\u00f0 heimkomu fr\u00e1 landi Kitta <br \/>barst \u00feeim fregnin.<br \/> <\/span> <span class=\"ljodatexti\"> <a name=\"2\"><span class=\"versanumer_ljod\">2<\/span><\/a>Veri\u00f0 hlj\u00f3\u00f0ir, <span class=\"nedan_mal\" title=\" Annar lesh\u00e1ttur: Kveini\u00f0.\">[<\/span> strandb\u00faar,<br \/>kaupmenn fr\u00e1 S\u00eddon<br \/>sem hafi\u00f0 umbo\u00f0smenn \u00ed f\u00f6rum <br \/> <\/span> <span class=\"ljodatexti\"> <a name=\"3\"><span class=\"versanumer_ljod\">3<\/span><\/a>v\u00ed\u00f0a um h\u00f6f.<br \/>Korni\u00f0 sem s\u00e1\u00f0 var vi\u00f0 S\u00edkor,<br \/>uppskeran vi\u00f0 N\u00edl,<br \/>gaf \u00feeim ar\u00f0 af verslun vi\u00f0 margar \u00fej\u00f3\u00f0ir.<br \/> <\/span> <span class=\"ljodatexti\"> <a name=\"4\"><span class=\"versanumer_ljod\">4<\/span><\/a>Fyrirver\u00f0 \u00feig, S\u00eddon, virki\u00f0 vi\u00f0 hafi\u00f0 sem segir:<br \/>\u201e\u00c9g t\u00f3k ekki j\u00f3\u00f0s\u00f3tt og \u00e9g f\u00e6ddi ekki,<br \/>\u00e9g f\u00f3stra\u00f0i ekki unga drengi<br \/>og \u00f3l ekki upp meyjar.\u201c<br \/> <\/span> <span class=\"ljodatexti\"> <a name=\"5\"><span class=\"versanumer_ljod\">5<\/span><\/a>\u00deegar fregnin barst til Egypta<br \/>og \u00feeir fr\u00e9ttu um T\u00fdrus <br \/>t\u00f3ku \u00feeir a\u00f0 skj\u00e1lfa.<br \/> <\/span> <span class=\"ljodatexti\"> <a name=\"6\"><span class=\"versanumer_ljod\">6<\/span><\/a>Fari\u00f0 yfir til Tarsis, <br \/>gr\u00e1ti\u00f0, \u00fe\u00e9r sem \u00e1 str\u00f6ndinni b\u00fai\u00f0.<br \/> <\/span> <span class=\"ljodatexti\"> <a name=\"7\"><span class=\"versanumer_ljod\">7<\/span><\/a>Er \u00feetta gle\u00f0iborgin mikla<br \/>sem stofnu\u00f0 var \u00ed fyrndinni?<br \/>\u00cdb\u00faar hennar f\u00f3ru<br \/>til a\u00f0 setjast a\u00f0 \u00ed fjarl\u00e6gum l\u00f6ndum.<br \/> <\/span> <span class=\"ljodatexti\"> <a name=\"8\"><span class=\"versanumer_ljod\">8<\/span><\/a>Hver hefur b\u00fai\u00f0 T\u00fdrus sl\u00edk \u00f6rl\u00f6g,<br \/>henni sem veitti k\u00f3r\u00f3nur,<br \/>\u00fear sem kaupmenn voru h\u00f6f\u00f0ingjar<br \/>og s\u00f6lumenn hennar me\u00f0al tignarmanna \u00e1 j\u00f6r\u00f0u?<br \/> <\/span> <span class=\"ljodatexti\"> <a name=\"9\"><span class=\"versanumer_ljod\">9<\/span><\/a>Drottinn allsherjar \u00e1kva\u00f0 \u00feetta<br \/>til a\u00f0 vanvir\u00f0a allan upphafinn gl\u00e6sileika<br \/>og l\u00e6gja tignarmenn \u00e1 j\u00f6r\u00f0inni.<br \/> <\/span> <span class=\"ljodatexti\"> <a name=\"10\"><span class=\"versanumer_ljod\">10<\/span><\/a>R\u00e6kta\u00f0u land \u00feitt, d\u00f3ttirin Tarsis,<br \/>\u00fev\u00ed a\u00f0 enginn sm\u00ed\u00f0ar lengur skip. <span class=\"nedan_mal\" title=\" Annar lesh\u00e1ttur: engin h\u00f6fn er lengur til.\">[<\/span> <br \/> <\/span> <span class=\"ljodatexti\"> <a name=\"11\"><span class=\"versanumer_ljod\">11<\/span><\/a>Drottinn r\u00e9tti h\u00f6nd s\u00edna \u00fat yfir hafi\u00f0,<br \/>l\u00e9t konungsr\u00edki ri\u00f0a<br \/>og bau\u00f0 a\u00f0 virki Kanverja skyldu brotin.<br \/> <\/span> <span class=\"ljodatexti\"> <a name=\"12\"><span class=\"versanumer_ljod\">12<\/span><\/a>Hann sag\u00f0i: \u201e\u00de\u00fa k\u00e6tist ekki framar,<br \/>\u00fe\u00fa sv\u00edvirta m\u00e6r, d\u00f3ttirin S\u00edon.<br \/>Af sta\u00f0. Far\u00f0u yfir til Kitta<br \/>en \u00fear b\u00ed\u00f0a \u00fe\u00edn engin gri\u00f0.\u201c<br \/> <\/span> <span class=\"ljodatexti\"> <a name=\"13\"><span class=\"versanumer_ljod\">13<\/span><\/a>L\u00edti\u00f0 \u00e1 land Kaldea. <br \/>\u00deeir eru \u00fej\u00f3\u00f0 sem ekki er lengur til. <br \/>Ass\u00far \u00e1kva\u00f0 a\u00f0 setja hana \u00e1 skip.<br \/>Hann reisti ums\u00e1tursturna,<br \/>reif ni\u00f0ur hallir \u00feeirra,<br \/>lag\u00f0i landi\u00f0 \u00ed r\u00fast.<br \/> <\/span> <span class=\"ljodatexti\"> <a name=\"14\"><span class=\"versanumer_ljod\">14<\/span><\/a>Kveini\u00f0, Tarsisskip,<br \/>\u00fev\u00ed a\u00f0 h\u00f6fn y\u00f0ar var l\u00f6g\u00f0 \u00ed ey\u00f0i.<br \/> <\/span> <a name=\"15\"><span class=\"versanumer_2007\">15<\/span><\/a> \u00c1 \u00feeim degi mun T\u00fdrus gleymast \u00ed sj\u00f6t\u00edu \u00e1r, \u00e6vi\u00e1r konungs. A\u00f0 sj\u00f6t\u00edu \u00e1rum li\u00f0num fer fyrir T\u00fdrus eins og sagt er \u00ed kv\u00e6\u00f0inu um sk\u00e6kjuna:<br \/> <span class=\"ljodatexti\"> <a name=\"16\"><span class=\"versanumer_ljod\">16<\/span><\/a>Gr\u00edptu g\u00edgjuna,<br \/>gakktu um \u00ed borginni,<br \/>\u00fe\u00fa gleymda sk\u00e6kja.<br \/>Leiktu fagurlega,<br \/>syngdu lengi<br \/>svo a\u00f0 \u00fe\u00edn ver\u00f0i minnst. <\/span> <br \/> <a name=\"17\"><span class=\"versanumer_2007\">17<\/span><\/a> A\u00f0 \u00feeim sj\u00f6t\u00edu \u00e1rum li\u00f0num mun Drottinn hafa afskipti af T\u00fdrus. H\u00fan mun a\u00f0 n\u00fdju afla s\u00e9r sk\u00e6kjulauna og h\u00f3rast me\u00f0 \u00f6llum konungsr\u00edkjum veraldar \u00e1 yfirbor\u00f0i jar\u00f0ar. <a name=\"18\"><span class=\"versanumer_2007\">18<\/span><\/a> En tekjur hennar og sk\u00e6kjulaun ver\u00f0a helgu\u00f0 Drottni. \u00deau ver\u00f0a hvorki geymd n\u00e9 \u00feeim safna\u00f0 \u00ed sj\u00f3\u00f0 heldur ver\u00f0a tekjur hennar fengnar \u00feeim sem b\u00faa frammi fyrir Drottni svo a\u00f0 \u00feeir geti eti\u00f0 sig sadda og kl\u00e6\u00f0st veglega. <\/p>\n","protected":false},"excerpt":{"rendered":"<p>Gegn T\u00fdrus og S\u00eddon 1 Bo\u00f0skapur um T\u00fdrus: Kveini\u00f0, Tarsisskip,h\u00f6fn y\u00f0ar er ey\u00f0il\u00f6g\u00f0.Vi\u00f0 heimkomu fr\u00e1 landi Kitta barst \u00feeim fregnin. 2Veri\u00f0 hlj\u00f3\u00f0ir, [ strandb\u00faar,kaupmenn fr\u00e1 S\u00eddonsem hafi\u00f0 umbo\u00f0smenn \u00ed f\u00f6rum 3v\u00ed\u00f0a um h\u00f6f.Korni\u00f0 sem s\u00e1\u00f0 var vi\u00f0 S\u00edkor,uppskeran vi\u00f0 N\u00edl,gaf \u00feeim ar\u00f0 af verslun vi\u00f0 margar \u00fej\u00f3\u00f0ir. 4Fyrirver\u00f0 \u00feig, S\u00eddon, virki\u00f0 vi\u00f0 hafi\u00f0 sem segir:\u201e\u00c9g t\u00f3k ekki j\u00f3\u00f0s\u00f3tt og \u00e9g f\u00e6ddi ekki,\u00e9g f\u00f3stra\u00f0i ekki unga drengiog \u00f3l ekki upp meyjar.\u201c 5\u00deegar fregnin barst til Egyptaog \u00feeir fr\u00e9ttu um T\u00fdrus t\u00f3ku \u00feeir a\u00f0 skj\u00e1lfa. 6Fari\u00f0 yfir til Tarsis, gr\u00e1ti\u00f0, \u00fe\u00e9r sem \u00e1 str\u00f6ndinni b\u00fai\u00f0. 7Er \u00feetta gle\u00f0iborgin miklasem stofnu\u00f0 var \u00ed <a href=\"https:\/\/biblian.is\/biblian\/jesaja-23-kafli\/\"> [&#8230;]<\/a><\/p>\n","protected":false},"author":1,"featured_media":0,"parent":0,"menu_order":0,"comment_status":"open","ping_status":"open","template":"bibliukaflar_NT.php","meta":{"footnotes":""},"class_list":["post-2319","page","type-page","status-publish","hentry"],"_links":{"self":[{"href":"https:\/\/biblian.is\/biblian\/wp-json\/wp\/v2\/pages\/2319","targetHints":{"allow":["GET"]}}],"collection":[{"href":"https:\/\/biblian.is\/biblian\/wp-json\/wp\/v2\/pages"}],"about":[{"href":"https:\/\/biblian.is\/biblian\/wp-json\/wp\/v2\/types\/page"}],"author":[{"embeddable":true,"href":"https:\/\/biblian.is\/biblian\/wp-json\/wp\/v2\/users\/1"}],"replies":[{"embeddable":true,"href":"https:\/\/biblian.is\/biblian\/wp-json\/wp\/v2\/comments?post=2319"}],"version-history":[{"count":0,"href":"https:\/\/biblian.is\/biblian\/wp-json\/wp\/v2\/pages\/2319\/revisions"}],"wp:attachment":[{"href":"https:\/\/biblian.is\/biblian\/wp-json\/wp\/v2\/media?parent=2319"}],"curies":[{"name":"wp","href":"https:\/\/api.w.org\/{rel}","templated":true}]}}