{"id":2279,"date":"2017-12-30T21:02:32","date_gmt":"2017-12-30T21:02:32","guid":{"rendered":"http:\/\/biblian.is\/biblian\/pr%c2%8edikarinn-3-kafli\/"},"modified":"2024-06-26T23:19:10","modified_gmt":"2024-06-26T23:19:10","slug":"predikarinn-3-kafli","status":"publish","type":"page","link":"https:\/\/biblian.is\/biblian\/predikarinn-3-kafli\/","title":{"rendered":"Pr\u00e9dikarinn 3. kafli"},"content":{"rendered":"<h3 class=\"millifyrirsogn_2007\"> \u00d6llu er afm\u00f6rku\u00f0 stund<\/h3>\n<p><span class=\"ljodatexti\"> <a name=\"1\"><span class=\"versanumer_ljod\">1<\/span><\/a>\u00d6llu er afm\u00f6rku\u00f0 stund <\/span> <span class=\"ljodatexti\"> og s\u00e9rhver hlutur undir himninum hefur sinn t\u00edma.<br \/> <\/span> <span class=\"ljodatexti\"> <a name=\"2\"><span class=\"versanumer_ljod\">2<\/span><\/a>A\u00f0 f\u00e6\u00f0ast hefur sinn t\u00edma og a\u00f0 deyja hefur sinn t\u00edma,<br \/>a\u00f0 gr\u00f3\u00f0ursetja hefur sinn t\u00edma og a\u00f0 r\u00edfa upp hi\u00f0 gr\u00f3\u00f0ursetta hefur sinn t\u00edma,<br \/> <\/span> <span class=\"ljodatexti\"> <a name=\"3\"><span class=\"versanumer_ljod\">3<\/span><\/a>a\u00f0 dey\u00f0a hefur sinn t\u00edma og a\u00f0 l\u00e6kna hefur sinn t\u00edma,<br \/>a\u00f0 r\u00edfa ni\u00f0ur hefur sinn t\u00edma og a\u00f0 byggja upp hefur sinn t\u00edma,<br \/> <\/span> <span class=\"ljodatexti\"> <a name=\"4\"><span class=\"versanumer_ljod\">4<\/span><\/a>a\u00f0 gr\u00e1ta hefur sinn t\u00edma og a\u00f0 hl\u00e6ja hefur sinn t\u00edma,<br \/>a\u00f0 harma hefur sinn t\u00edma og a\u00f0 dansa hefur sinn t\u00edma,<br \/> <\/span> <span class=\"ljodatexti\"> <a name=\"5\"><span class=\"versanumer_ljod\">5<\/span><\/a>a\u00f0 kasta steinum hefur sinn t\u00edma og a\u00f0 t\u00edna saman steina hefur sinn t\u00edma,<br \/>a\u00f0 fa\u00f0mast hefur sinn t\u00edma og a\u00f0 halda s\u00e9r fr\u00e1 fa\u00f0ml\u00f6gum hefur sinn t\u00edma,<br \/> <\/span> <span class=\"ljodatexti\"> <a name=\"6\"><span class=\"versanumer_ljod\">6<\/span><\/a>a\u00f0 leita hefur sinn t\u00edma og a\u00f0 t\u00fdna hefur sinn t\u00edma,<br \/>a\u00f0 geyma hefur sinn t\u00edma og a\u00f0 fleygja hefur sinn t\u00edma,<br \/> <\/span> <span class=\"ljodatexti\"> <a name=\"7\"><span class=\"versanumer_ljod\">7<\/span><\/a>a\u00f0 r\u00edfa sundur hefur sinn t\u00edma og a\u00f0 sauma saman hefur sinn t\u00edma,<br \/>a\u00f0 \u00feegja hefur sinn t\u00edma og a\u00f0 tala hefur sinn t\u00edma,<br \/> <\/span> <span class=\"ljodatexti\"> <a name=\"8\"><span class=\"versanumer_ljod\">8<\/span><\/a>a\u00f0 elska hefur sinn t\u00edma og a\u00f0 hata hefur sinn t\u00edma,<br \/>str\u00ed\u00f0 hefur sinn t\u00edma og fri\u00f0ur hefur sinn t\u00edma.<br \/> <\/span> <span class=\"ljodatexti\"> <a name=\"9\"><span class=\"versanumer_ljod\">9<\/span><\/a>Hva\u00f0a gagn hefur verkama\u00f0urinn af \u00f6llu striti s\u00ednu? <\/span> <br \/> <a name=\"10\"><span class=\"versanumer_2007\">10<\/span><\/a> \u00c9g virti fyrir m\u00e9r \u00fe\u00e1 \u00feraut sem Gu\u00f0 hefur fengi\u00f0 m\u00f6nnunum a\u00f0 \u00fereyta sig \u00e1. <a name=\"11\"><span class=\"versanumer_2007\">11<\/span><\/a> Allt hefur hann gert hagfellt \u00e1 s\u00ednum t\u00edma, jafnvel eil\u00edf\u00f0ina hefur hann lagt \u00ed brj\u00f3st \u00feeirra en ma\u00f0urinn f\u00e6r ekki skili\u00f0 a\u00f0 fullu \u00fea\u00f0 verk sem Gu\u00f0 vinnur. <a name=\"12\"><span class=\"versanumer_2007\">12<\/span><\/a> \u00c9g s\u00e1 a\u00f0 ekkert hugnast \u00feeim betur en a\u00f0 vera gla\u00f0ir og nj\u00f3ta l\u00edfsins me\u00f0an \u00fea\u00f0 endist. <a name=\"13\"><span class=\"versanumer_2007\">13<\/span><\/a> En a\u00f0 matast, drekka og gle\u00f0jast af \u00f6llu erfi\u00f0i s\u00ednu, einnig \u00fea\u00f0 er Gu\u00f0s gj\u00f6f.<br \/> <a name=\"14\"><span class=\"versanumer_2007\">14<\/span><\/a> \u00c9g komst a\u00f0 raun um a\u00f0 allt sem Gu\u00f0 gerir stendur a\u00f0 eil\u00edfu, vi\u00f0 \u00fea\u00f0 er engu a\u00f0 b\u00e6ta og af \u00fev\u00ed ver\u00f0ur ekkert teki\u00f0. Gu\u00f0 hefur haga\u00f0 \u00fev\u00ed svo til \u00feess a\u00f0 menn virtu hann. <a name=\"15\"><span class=\"versanumer_2007\">15<\/span><\/a> \u00dea\u00f0 sem er, var fyrir l\u00f6ngu, og \u00fea\u00f0 sem ver\u00f0ur, hefur veri\u00f0 fyrir l\u00f6ngu og Gu\u00f0 leitar aftur hins li\u00f0na.<\/p>\n<h3 class=\"millifyrirsogn_2007\">Vegur allrar veraldar<\/h3>\n<p><a name=\"16\"><span class=\"versanumer_2007\">16<\/span><\/a> Enn s\u00e1 \u00e9g undir s\u00f3linni: \u00dear sem r\u00e9tturinn \u00e1tti a\u00f0 vera, \u00fear var rangl\u00e6ti og \u00fear sem r\u00e9ttl\u00e6ti\u00f0 \u00e1tti a\u00f0 vera, \u00fear var r\u00e9ttleysi. <a name=\"17\"><span class=\"versanumer_2007\">17<\/span><\/a> \u00c9g sag\u00f0i vi\u00f0 sj\u00e1lfan mig: Hinn r\u00e1\u00f0vanda og hinn \u00f3gu\u00f0lega mun Gu\u00f0 d\u00e6ma \u00fev\u00ed a\u00f0 hann hefur afmarka\u00f0 t\u00edma \u00f6llum hlutum og \u00f6llum verkum. <a name=\"18\"><span class=\"versanumer_2007\">18<\/span><\/a> \u00c9g sag\u00f0i vi\u00f0 sj\u00e1lfan mig: \u00deetta er gert mannanna vegna til \u00feess a\u00f0 Gu\u00f0 geti reynt \u00fe\u00e1 og \u00feeir sj\u00e1i a\u00f0 \u00feeir eru sj\u00e1lfir ekki anna\u00f0 en skepnur. <a name=\"19\"><span class=\"versanumer_2007\">19<\/span><\/a> \u00dev\u00ed a\u00f0 \u00f6rl\u00f6g manns og \u00f6rl\u00f6g skepnu eru hin s\u00f6mu: Eins og skepnan deyr, svo deyr og ma\u00f0urinn og allt hefur sama andann og yfirbur\u00f0i hefur ma\u00f0urinn enga fram yfir skepnuna \u00fev\u00ed a\u00f0 allt er h\u00e9g\u00f3mi. <a name=\"20\"><span class=\"versanumer_2007\">20<\/span><\/a> Allt fer s\u00f6mu lei\u00f0ina: Allt er af moldu komi\u00f0 og allt hverfur aftur til moldar. <a name=\"21\"><span class=\"versanumer_2007\">21<\/span><\/a> Hver veit hvort andi mannanna fer upp \u00e1 vi\u00f0 e\u00f0a andi skepnunnar ni\u00f0ur \u00e1 vi\u00f0 til jar\u00f0ar? <a name=\"22\"><span class=\"versanumer_2007\">22<\/span><\/a> \u00deannig s\u00e1 \u00e9g a\u00f0 ekkert er betra en a\u00f0 ma\u00f0urinn gle\u00f0ji sig vi\u00f0 verk s\u00edn \u00fev\u00ed a\u00f0 \u00fea\u00f0 er hlutskipti hans. Hver kemur honum svo langt a\u00f0 hann sj\u00e1i \u00fea\u00f0 sem ver\u00f0ur eftir hans dag?<\/p>\n","protected":false},"excerpt":{"rendered":"<p>\u00d6llu er afm\u00f6rku\u00f0 stund 1\u00d6llu er afm\u00f6rku\u00f0 stund og s\u00e9rhver hlutur undir himninum hefur sinn t\u00edma. 2A\u00f0 f\u00e6\u00f0ast hefur sinn t\u00edma og a\u00f0 deyja hefur sinn t\u00edma,a\u00f0 gr\u00f3\u00f0ursetja hefur sinn t\u00edma og a\u00f0 r\u00edfa upp hi\u00f0 gr\u00f3\u00f0ursetta hefur sinn t\u00edma, 3a\u00f0 dey\u00f0a hefur sinn t\u00edma og a\u00f0 l\u00e6kna hefur sinn t\u00edma,a\u00f0 r\u00edfa ni\u00f0ur hefur sinn t\u00edma og a\u00f0 byggja upp hefur sinn t\u00edma, 4a\u00f0 gr\u00e1ta hefur sinn t\u00edma og a\u00f0 hl\u00e6ja hefur sinn t\u00edma,a\u00f0 harma hefur sinn t\u00edma og a\u00f0 dansa hefur sinn t\u00edma, 5a\u00f0 kasta steinum hefur sinn t\u00edma og a\u00f0 t\u00edna saman steina hefur sinn t\u00edma,a\u00f0 fa\u00f0mast hefur <a href=\"https:\/\/biblian.is\/biblian\/predikarinn-3-kafli\/\"> [&#8230;]<\/a><\/p>\n","protected":false},"author":1,"featured_media":0,"parent":0,"menu_order":0,"comment_status":"open","ping_status":"open","template":"bibliukaflar_NT.php","meta":{"footnotes":""},"class_list":["post-2279","page","type-page","status-publish","hentry"],"_links":{"self":[{"href":"https:\/\/biblian.is\/biblian\/wp-json\/wp\/v2\/pages\/2279","targetHints":{"allow":["GET"]}}],"collection":[{"href":"https:\/\/biblian.is\/biblian\/wp-json\/wp\/v2\/pages"}],"about":[{"href":"https:\/\/biblian.is\/biblian\/wp-json\/wp\/v2\/types\/page"}],"author":[{"embeddable":true,"href":"https:\/\/biblian.is\/biblian\/wp-json\/wp\/v2\/users\/1"}],"replies":[{"embeddable":true,"href":"https:\/\/biblian.is\/biblian\/wp-json\/wp\/v2\/comments?post=2279"}],"version-history":[{"count":0,"href":"https:\/\/biblian.is\/biblian\/wp-json\/wp\/v2\/pages\/2279\/revisions"}],"wp:attachment":[{"href":"https:\/\/biblian.is\/biblian\/wp-json\/wp\/v2\/media?parent=2279"}],"curies":[{"name":"wp","href":"https:\/\/api.w.org\/{rel}","templated":true}]}}