{"id":2220,"date":"2017-12-30T21:02:16","date_gmt":"2017-12-30T21:02:16","guid":{"rendered":"http:\/\/biblian.is\/biblian\/s%c2%87lmarnir-125-kafli\/"},"modified":"2020-05-30T18:12:26","modified_gmt":"2020-05-30T18:12:26","slug":"salmarnir-125-kafli","status":"publish","type":"page","link":"https:\/\/biblian.is\/biblian\/salmarnir-125-kafli\/","title":{"rendered":"S\u00e1lmarnir 125. kafli"},"content":{"rendered":"<p><a name=\"1\"><span class=\"versanumer_2007\">1<\/span><\/a> Helgig\u00f6ngulj\u00f3\u00f0. <br \/> <span class=\"ljodatexti\"> \u00deeir sem treysta Drottni eru sem S\u00edonarfjall,<br \/>\u00fea\u00f0 bifast eigi, stendur a\u00f0 eil\u00edfu.<br \/> <\/span> <span class=\"ljodatexti\"> <a name=\"2\"><span class=\"versanumer_ljod\">2<\/span><\/a>Eins og fj\u00f6llin umlykja Jer\u00fasalem<br \/>umlykur Drottinn l\u00fd\u00f0 sinn <br \/>h\u00e9\u00f0an \u00ed fr\u00e1 og a\u00f0 eil\u00edfu.<br \/> <\/span> <span class=\"ljodatexti\"> <a name=\"3\"><span class=\"versanumer_ljod\">3<\/span><\/a>\u00dev\u00ed a\u00f0 veldissproti hins rangl\u00e1ta<br \/>mun eigi hv\u00edla \u00e1 landi r\u00e9ttl\u00e1tra<br \/>til \u00feess a\u00f0 hinir r\u00e9ttl\u00e1tu<br \/>seilist ekki me\u00f0 h\u00f6ndum s\u00ednum eftir rangl\u00e6ti.<br \/> <\/span> <span class=\"ljodatexti\"> <a name=\"4\"><span class=\"versanumer_ljod\">4<\/span><\/a>Drottinn, vertu g\u00f3\u00f0um g\u00f3\u00f0ur<br \/>og \u00feeim sem hjartahreinir eru.<br \/> <\/span> <span class=\"ljodatexti\"> <a name=\"5\"><span class=\"versanumer_ljod\">5<\/span><\/a>En \u00fe\u00e1 sem lenda \u00e1 refilstigum<br \/>mun Drottinn nema brott me\u00f0 illgj\u00f6r\u00f0am\u00f6nnum.<br \/>Fri\u00f0ur s\u00e9 yfir \u00cdsrael. <\/span> <\/p>\n","protected":false},"excerpt":{"rendered":"<p>1 Helgig\u00f6ngulj\u00f3\u00f0. \u00deeir sem treysta Drottni eru sem S\u00edonarfjall,\u00fea\u00f0 bifast eigi, stendur a\u00f0 eil\u00edfu. 2Eins og fj\u00f6llin umlykja Jer\u00fasalemumlykur Drottinn l\u00fd\u00f0 sinn h\u00e9\u00f0an \u00ed fr\u00e1 og a\u00f0 eil\u00edfu. 3\u00dev\u00ed a\u00f0 veldissproti hins rangl\u00e1tamun eigi hv\u00edla \u00e1 landi r\u00e9ttl\u00e1tratil \u00feess a\u00f0 hinir r\u00e9ttl\u00e1tuseilist ekki me\u00f0 h\u00f6ndum s\u00ednum eftir rangl\u00e6ti. 4Drottinn, vertu g\u00f3\u00f0um g\u00f3\u00f0urog \u00feeim sem hjartahreinir eru. 5En \u00fe\u00e1 sem lenda \u00e1 refilstigummun Drottinn nema brott me\u00f0 illgj\u00f6r\u00f0am\u00f6nnum.Fri\u00f0ur s\u00e9 yfir \u00cdsrael.<\/p>\n","protected":false},"author":1,"featured_media":0,"parent":0,"menu_order":0,"comment_status":"open","ping_status":"open","template":"bibliukaflar_salmarnir.php","meta":{"footnotes":""},"class_list":["post-2220","page","type-page","status-publish","hentry"],"_links":{"self":[{"href":"https:\/\/biblian.is\/biblian\/wp-json\/wp\/v2\/pages\/2220","targetHints":{"allow":["GET"]}}],"collection":[{"href":"https:\/\/biblian.is\/biblian\/wp-json\/wp\/v2\/pages"}],"about":[{"href":"https:\/\/biblian.is\/biblian\/wp-json\/wp\/v2\/types\/page"}],"author":[{"embeddable":true,"href":"https:\/\/biblian.is\/biblian\/wp-json\/wp\/v2\/users\/1"}],"replies":[{"embeddable":true,"href":"https:\/\/biblian.is\/biblian\/wp-json\/wp\/v2\/comments?post=2220"}],"version-history":[{"count":0,"href":"https:\/\/biblian.is\/biblian\/wp-json\/wp\/v2\/pages\/2220\/revisions"}],"wp:attachment":[{"href":"https:\/\/biblian.is\/biblian\/wp-json\/wp\/v2\/media?parent=2220"}],"curies":[{"name":"wp","href":"https:\/\/api.w.org\/{rel}","templated":true}]}}