{"id":2158,"date":"2017-12-30T21:02:00","date_gmt":"2017-12-30T21:02:00","guid":{"rendered":"http:\/\/biblian.is\/biblian\/s%c2%87lmarnir-63-kafli\/"},"modified":"2020-05-30T18:12:44","modified_gmt":"2020-05-30T18:12:44","slug":"salmarnir-63-kafli","status":"publish","type":"page","link":"https:\/\/biblian.is\/biblian\/salmarnir-63-kafli\/","title":{"rendered":"S\u00e1lmarnir 63. kafli"},"content":{"rendered":"<p><a name=\"1\"><span class=\"versanumer_2007\">1<\/span><\/a> S\u00e1lmur eftir Dav\u00ed\u00f0 \u00fe\u00e1 er hann var \u00ed J\u00fadaey\u00f0im\u00f6rk. <br \/> <span class=\"ljodatexti\"> <a name=\"2\"><span class=\"versanumer_ljod\">2<\/span><\/a>Drottinn, \u00fe\u00fa ert minn Gu\u00f0, \u00fe\u00edn leita \u00e9g.<br \/>S\u00e1l m\u00edna \u00feyrstir eftir \u00fe\u00e9r, hold mitt \u00fer\u00e1ir \u00feig, <br \/>\u00ed vatnslausu landi, skr\u00e6lnu\u00f0u af \u00feurrki. <br \/> <\/span> <span class=\"ljodatexti\"> <a name=\"3\"><span class=\"versanumer_ljod\">3<\/span><\/a>\u00deannig hef \u00e9g litast um eftir \u00fe\u00e9r \u00ed helgid\u00f3minum<br \/>til a\u00f0 sj\u00e1 m\u00e1tt \u00feinn og d\u00fdr\u00f0.<br \/> <\/span> <span class=\"ljodatexti\"> <a name=\"4\"><span class=\"versanumer_ljod\">4<\/span><\/a>Miskunn \u00fe\u00edn er m\u00e6tari en l\u00edfi\u00f0.<br \/>Varir m\u00ednar skulu vegsama \u00feig.<br \/> <\/span> <span class=\"ljodatexti\"> <a name=\"5\"><span class=\"versanumer_ljod\">5<\/span><\/a>\u00deannig mun \u00e9g lofa \u00feig \u00e1 me\u00f0an \u00e9g lifi,<br \/>hefja upp hendurnar \u00ed \u00fe\u00ednu nafni. <br \/> <\/span> <span class=\"ljodatexti\"> <a name=\"6\"><span class=\"versanumer_ljod\">6<\/span><\/a>\u00c9g mettast eins og af feitmeti <br \/>og me\u00f0 fagnandi v\u00f6rum lofar \u00feig munnur minn<br \/> <\/span> <span class=\"ljodatexti\"> <a name=\"7\"><span class=\"versanumer_ljod\">7<\/span><\/a>\u00fe\u00e1 er \u00e9g minnist \u00fe\u00edn \u00ed hv\u00edlu minni, <br \/>hugsa um \u00feig \u00e1 n\u00e6turv\u00f6kunum. <br \/> <\/span> <span class=\"ljodatexti\"> <a name=\"8\"><span class=\"versanumer_ljod\">8<\/span><\/a>\u00dev\u00ed a\u00f0 \u00fe\u00fa komst m\u00e9r til hj\u00e1lpar, <br \/>\u00ed skugga v\u00e6ngja \u00feinna fagna \u00e9g. <br \/> <\/span> <span class=\"ljodatexti\"> <a name=\"9\"><span class=\"versanumer_ljod\">9<\/span><\/a>S\u00e1l m\u00edn heldur s\u00e9r fast vi\u00f0 \u00feig, <br \/>h\u00e6gri h\u00f6nd \u00fe\u00edn sty\u00f0ur mig.<br \/> <\/span> <span class=\"ljodatexti\"> <a name=\"10\"><span class=\"versanumer_ljod\">10<\/span><\/a>\u00deeir sem s\u00e6kjast eftir l\u00edfi m\u00ednu<br \/>munu sj\u00e1lfir hverfa \u00ed dj\u00fap jar\u00f0ar.<br \/> <\/span> <span class=\"ljodatexti\"> <a name=\"11\"><span class=\"versanumer_ljod\">11<\/span><\/a>\u00deeir munu ver\u00f0a ofurseldir sver\u00f0seggjum,<br \/>ver\u00f0a sjak\u00f6lum a\u00f0 br\u00e1\u00f0.<br \/> <\/span> <span class=\"ljodatexti\"> <a name=\"12\"><span class=\"versanumer_ljod\">12<\/span><\/a>En konungurinn mun gle\u00f0jast yfir Gu\u00f0i, <br \/>hver, sem sver vi\u00f0 hann, skal fagna <br \/>af \u00fev\u00ed a\u00f0 munni lygaranna ver\u00f0ur loka\u00f0. <\/span> <\/p>\n","protected":false},"excerpt":{"rendered":"<p>1 S\u00e1lmur eftir Dav\u00ed\u00f0 \u00fe\u00e1 er hann var \u00ed J\u00fadaey\u00f0im\u00f6rk. 2Drottinn, \u00fe\u00fa ert minn Gu\u00f0, \u00fe\u00edn leita \u00e9g.S\u00e1l m\u00edna \u00feyrstir eftir \u00fe\u00e9r, hold mitt \u00fer\u00e1ir \u00feig, \u00ed vatnslausu landi, skr\u00e6lnu\u00f0u af \u00feurrki. 3\u00deannig hef \u00e9g litast um eftir \u00fe\u00e9r \u00ed helgid\u00f3minumtil a\u00f0 sj\u00e1 m\u00e1tt \u00feinn og d\u00fdr\u00f0. 4Miskunn \u00fe\u00edn er m\u00e6tari en l\u00edfi\u00f0.Varir m\u00ednar skulu vegsama \u00feig. 5\u00deannig mun \u00e9g lofa \u00feig \u00e1 me\u00f0an \u00e9g lifi,hefja upp hendurnar \u00ed \u00fe\u00ednu nafni. 6\u00c9g mettast eins og af feitmeti og me\u00f0 fagnandi v\u00f6rum lofar \u00feig munnur minn 7\u00fe\u00e1 er \u00e9g minnist \u00fe\u00edn \u00ed hv\u00edlu minni, hugsa um \u00feig \u00e1 n\u00e6turv\u00f6kunum. 8\u00dev\u00ed a\u00f0 <a href=\"https:\/\/biblian.is\/biblian\/salmarnir-63-kafli\/\"> [&#8230;]<\/a><\/p>\n","protected":false},"author":1,"featured_media":0,"parent":0,"menu_order":0,"comment_status":"open","ping_status":"open","template":"bibliukaflar_salmarnir.php","meta":{"footnotes":""},"class_list":["post-2158","page","type-page","status-publish","hentry"],"_links":{"self":[{"href":"https:\/\/biblian.is\/biblian\/wp-json\/wp\/v2\/pages\/2158","targetHints":{"allow":["GET"]}}],"collection":[{"href":"https:\/\/biblian.is\/biblian\/wp-json\/wp\/v2\/pages"}],"about":[{"href":"https:\/\/biblian.is\/biblian\/wp-json\/wp\/v2\/types\/page"}],"author":[{"embeddable":true,"href":"https:\/\/biblian.is\/biblian\/wp-json\/wp\/v2\/users\/1"}],"replies":[{"embeddable":true,"href":"https:\/\/biblian.is\/biblian\/wp-json\/wp\/v2\/comments?post=2158"}],"version-history":[{"count":0,"href":"https:\/\/biblian.is\/biblian\/wp-json\/wp\/v2\/pages\/2158\/revisions"}],"wp:attachment":[{"href":"https:\/\/biblian.is\/biblian\/wp-json\/wp\/v2\/media?parent=2158"}],"curies":[{"name":"wp","href":"https:\/\/api.w.org\/{rel}","templated":true}]}}