{"id":2096,"date":"2017-12-30T21:01:40","date_gmt":"2017-12-30T21:01:40","guid":{"rendered":"http:\/\/biblian.is\/biblian\/s%c2%87lmarnir-1-kafli\/"},"modified":"2022-12-27T01:22:05","modified_gmt":"2022-12-27T01:22:05","slug":"salmarnir-1-kafli","status":"publish","type":"page","link":"https:\/\/biblian.is\/biblian\/salmarnir-1-kafli\/","title":{"rendered":"S\u00e1lmarnir 1. kafli"},"content":{"rendered":"<h2 class=\"millifyrirsogn_2007\">Fyrsta b\u00f3k<\/h2>\n<p><span class=\"ljodatexti\"> <a name=\"1\"><\/a><span class=\"versanumer_ljod\">1<\/span>S\u00e6ll er s\u00e1 sem eigi fer a\u00f0 r\u00e1\u00f0um \u00f3gu\u00f0legra,<br \/>\n<\/span> <span class=\"ljodatexti\"> eigi gengur g\u00f6tur syndara<br \/>\nog eigi situr me\u00f0al h\u00e1\u00f0gjarnra<br \/>\n<\/span> <span class=\"ljodatexti\"> <a name=\"2\"><\/a><span class=\"versanumer_ljod\">2<\/span>heldur hefur yndi af lei\u00f0s\u00f6gn Drottins<br \/>\nog huglei\u00f0ir l\u00f6gm\u00e1l hans dag og n\u00f3tt.<br \/>\n<\/span> <span class=\"ljodatexti\"> <a name=\"3\"><\/a><span class=\"versanumer_ljod\">3<\/span>Hann er sem tr\u00e9 gr\u00f3\u00f0ursett hj\u00e1 lindum,<br \/>\n\u00fea\u00f0 ber \u00e1v\u00f6xt sinn \u00e1 r\u00e9ttum t\u00edma<br \/>\nog bl\u00f6\u00f0 \u00feess visna ekki.<br \/>\nAllt, sem hann gerir, l\u00e1nast honum.<br \/>\n<\/span> <span class=\"ljodatexti\"> <a name=\"4\"><\/a><span class=\"versanumer_ljod\">4<\/span>\u00d3gu\u00f0legum farnast \u00e1 annan veg,<br \/>\n\u00feeir hrekjast sem hismi \u00ed stormi.<br \/>\n<\/span> <span class=\"ljodatexti\"> <a name=\"5\"><\/a><span class=\"versanumer_ljod\">5<\/span>\u00dev\u00ed hvorki standast \u00f3gu\u00f0legir fyrir d\u00f3mi<br \/>\nn\u00e9 syndarar \u00ed s\u00f6fnu\u00f0i r\u00e9ttl\u00e1tra.<br \/>\n<\/span> <span class=\"ljodatexti\"> <a name=\"6\"><\/a><span class=\"versanumer_ljod\">6<\/span>Drottinn vakir yfir vegi r\u00e9ttl\u00e1tra<br \/>\nen vegur \u00f3gu\u00f0legra endar \u00ed vegleysu. <\/span><\/p>\n","protected":false},"excerpt":{"rendered":"<p>Fyrsta b\u00f3k 1S\u00e6ll er s\u00e1 sem eigi fer a\u00f0 r\u00e1\u00f0um \u00f3gu\u00f0legra, eigi gengur g\u00f6tur syndara og eigi situr me\u00f0al h\u00e1\u00f0gjarnra 2heldur hefur yndi af lei\u00f0s\u00f6gn Drottins og huglei\u00f0ir l\u00f6gm\u00e1l hans dag og n\u00f3tt. 3Hann er sem tr\u00e9 gr\u00f3\u00f0ursett hj\u00e1 lindum, \u00fea\u00f0 ber \u00e1v\u00f6xt sinn \u00e1 r\u00e9ttum t\u00edma og bl\u00f6\u00f0 \u00feess visna ekki. Allt, sem hann gerir, l\u00e1nast honum. 4\u00d3gu\u00f0legum farnast \u00e1 annan veg, \u00feeir hrekjast sem hismi \u00ed stormi. 5\u00dev\u00ed hvorki standast \u00f3gu\u00f0legir fyrir d\u00f3mi n\u00e9 syndarar \u00ed s\u00f6fnu\u00f0i r\u00e9ttl\u00e1tra. 6Drottinn vakir yfir vegi r\u00e9ttl\u00e1tra en vegur \u00f3gu\u00f0legra endar \u00ed vegleysu.<\/p>\n","protected":false},"author":1,"featured_media":0,"parent":0,"menu_order":0,"comment_status":"closed","ping_status":"closed","template":"bibliukaflar_salmarnir.php","meta":{"footnotes":""},"class_list":["post-2096","page","type-page","status-publish","hentry"],"_links":{"self":[{"href":"https:\/\/biblian.is\/biblian\/wp-json\/wp\/v2\/pages\/2096","targetHints":{"allow":["GET"]}}],"collection":[{"href":"https:\/\/biblian.is\/biblian\/wp-json\/wp\/v2\/pages"}],"about":[{"href":"https:\/\/biblian.is\/biblian\/wp-json\/wp\/v2\/types\/page"}],"author":[{"embeddable":true,"href":"https:\/\/biblian.is\/biblian\/wp-json\/wp\/v2\/users\/1"}],"replies":[{"embeddable":true,"href":"https:\/\/biblian.is\/biblian\/wp-json\/wp\/v2\/comments?post=2096"}],"version-history":[{"count":0,"href":"https:\/\/biblian.is\/biblian\/wp-json\/wp\/v2\/pages\/2096\/revisions"}],"wp:attachment":[{"href":"https:\/\/biblian.is\/biblian\/wp-json\/wp\/v2\/media?parent=2096"}],"curies":[{"name":"wp","href":"https:\/\/api.w.org\/{rel}","templated":true}]}}