{"id":2012,"date":"2017-12-30T21:01:20","date_gmt":"2017-12-30T21:01:20","guid":{"rendered":"http:\/\/biblian.is\/biblian\/s%c2%92_ari-kron%c2%92kub%c2%97k-28-kafli\/"},"modified":"2024-06-26T23:21:15","modified_gmt":"2024-06-26T23:21:15","slug":"sidari-kronikubok-28-kafli","status":"publish","type":"page","link":"https:\/\/biblian.is\/biblian\/sidari-kronikubok-28-kafli\/","title":{"rendered":"S\u00ed\u00f0ari kron\u00edkub\u00f3k 28. kafli"},"content":{"rendered":"<h3 class=\"millifyrirsogn_2007\"> Akas konungur \u00ed J\u00fada<\/h3>\n<p><a name=\"1\"><span class=\"versanumer_2007\">1<\/span><\/a> Akas var tuttugu \u00e1ra \u00feegar hann var\u00f0 konungur og hann r\u00edkti sext\u00e1n \u00e1r \u00ed Jer\u00fasalem. Hann ger\u00f0i ekki \u00fea\u00f0 sem r\u00e9tt var \u00ed augum Drottins eins og Dav\u00ed\u00f0, forfa\u00f0ir hans, haf\u00f0i gert. <a name=\"2\"><span class=\"versanumer_2007\">2<\/span><\/a> Hann breytti eins og konungar \u00cdsraels og l\u00e9t jafnvel gera steyptar myndir af Ba\u00f6lunum. <a name=\"3\"><span class=\"versanumer_2007\">3<\/span><\/a> \u00dea\u00f0 var hann sem f\u00e6r\u00f0i brennif\u00f3rnir \u00ed Hinnomssonardal og l\u00e9t syni s\u00edna ganga gegnum eld a\u00f0 vi\u00f0urstyggilegum h\u00e6tti \u00feeirra \u00fej\u00f3\u00f0a sem Drottinn haf\u00f0i hraki\u00f0 \u00ed burtu undan \u00cdsraelsm\u00f6nnum. <a name=\"4\"><span class=\"versanumer_2007\">4<\/span><\/a> Hann f\u00e6r\u00f0i sl\u00e1turf\u00f3rnir og reykelsisf\u00f3rnir \u00e1 f\u00f3rnarh\u00e6\u00f0um og \u00e1 h\u00f3lum og undir hverju gr\u00e6nu tr\u00e9.<\/p>\n<h3 class=\"millifyrirsogn_2007\">Str\u00ed\u00f0 J\u00fada vi\u00f0 Aram og \u00cdsrael<\/h3>\n<p><a name=\"5\"><span class=\"versanumer_2007\">5<\/span><\/a> Drottinn, Gu\u00f0 hans, seldi hann \u00fev\u00ed \u00ed hendur konungi Aramea. \u00deeir unnu sigur \u00e1 honum og t\u00f3ku fj\u00f6lmarga menn hans til fanga og fluttu \u00fe\u00e1 til Damaskus.<br \/>Drottinn seldi hann einnig \u00ed hendur \u00cdsraelskonungi og hann gersigra\u00f0i \u00fe\u00e1. <a name=\"6\"><span class=\"versanumer_2007\">6<\/span><\/a> Peka Remaljason felldi hundra\u00f0 og tuttugu \u00fe\u00fasund menn \u00e1 einum degi \u00ed J\u00fada. \u00dea\u00f0 voru allt hraustir menn en \u00feetta var\u00f0 vegna \u00feess a\u00f0 \u00feeir h\u00f6f\u00f0u yfirgefi\u00f0 Drottin, Gu\u00f0 fe\u00f0ra sinna. <a name=\"7\"><span class=\"versanumer_2007\">7<\/span><\/a> S\u00edkr\u00ed, hetja fr\u00e1 Efra\u00edm, drap Maaseja, son konungs, hir\u00f0stj\u00f3rann Asr\u00edkam og Elkana sem n\u00e6stur gekk konungi. <a name=\"8\"><span class=\"versanumer_2007\">8<\/span><\/a> \u00cdsraelsmenn fluttu \u00ed \u00fatleg\u00f0 tv\u00f6 hundru\u00f0 \u00fe\u00fasund \u00e6ttmenni s\u00edn, konur, syni og d\u00e6tur. \u00deeir t\u00f3ku einnig miki\u00f0 herfang af \u00feeim og fluttu \u00fea\u00f0 til Samar\u00edu.<\/p>\n<h3 class=\"millifyrirsogn_2007\">Sp\u00e1d\u00f3mur \u00d3de\u00f0s<\/h3>\n<p><a name=\"9\"><span class=\"versanumer_2007\">9<\/span><\/a> \u00dear bj\u00f3 sp\u00e1ma\u00f0ur Drottins a\u00f0 nafni \u00d3de\u00f0. Hann gekk \u00e1 m\u00f3ti hernum, sem var a\u00f0 koma heim til Samar\u00edu, og sag\u00f0i: \u201eDrottinn, Gu\u00f0 fe\u00f0ra ykkar, reiddist J\u00fada. \u00deess vegna hefur hann selt \u00fe\u00e1 ykkur \u00ed hendur. En \u00fei\u00f0 hafi\u00f0 fellt \u00fe\u00e1 af \u00feeirri heift sem hr\u00f3par til himins. <a name=\"10\"><span class=\"versanumer_2007\">10<\/span><\/a> N\u00fa \u00e6tli\u00f0 \u00fei\u00f0 a\u00f0 k\u00faga J\u00fadamenn og \u00edb\u00faa Jer\u00fasalem me\u00f0 \u00fev\u00ed a\u00f0 gera \u00fe\u00e1 a\u00f0 \u00fer\u00e6lum ykkar og amb\u00e1ttum. En eru\u00f0 \u00fei\u00f0 sj\u00e1lfir ekki or\u00f0nir sekir gagnvart Drottni, Gu\u00f0i ykkar? <a name=\"11\"><span class=\"versanumer_2007\">11<\/span><\/a> Hlusti\u00f0 n\u00fa \u00e1 mig. Sendi\u00f0 aftur fangana sem \u00fei\u00f0 hafi\u00f0 teki\u00f0 af \u00e6ttbr\u00e6\u00f0rum ykkar \u00fev\u00ed a\u00f0 annars vofir brennandi rei\u00f0i Drottins yfir ykkur.\u201c<br \/> <a name=\"12\"><span class=\"versanumer_2007\">12<\/span><\/a> \u00dev\u00ed n\u00e6st gengu nokkrir af lei\u00f0togum Efra\u00edm\u00edta \u00e1 m\u00f3ti \u00feeim sem voru a\u00f0 koma heim \u00far herf\u00f6rinni. \u00dea\u00f0 voru Asarja J\u00f3hanansson, Berek\u00eda Mesillem\u00f3tsson, Hisk\u00eda Sall\u00famsson og Amasa Hadla\u00edson. <a name=\"13\"><span class=\"versanumer_2007\">13<\/span><\/a> \u00deeir \u00e1v\u00f6rpu\u00f0u \u00fe\u00e1 og s\u00f6g\u00f0u: \u201eKomi\u00f0 ekki hinga\u00f0 me\u00f0 fangana. Me\u00f0 \u00fev\u00ed munu\u00f0 \u00fei\u00f0 auka vi\u00f0 sekt okkar og synd gegn Drottni en sekt okkar er \u00feegar mikil og heiftarrei\u00f0i gegn \u00cdsrael.\u201c<br \/> <a name=\"14\"><span class=\"versanumer_2007\">14<\/span><\/a> \u00de\u00e1 skildu str\u00ed\u00f0smennirnir fangana og herfangi\u00f0 eftir frammi fyrir lei\u00f0togunum og \u00f6llum s\u00f6fnu\u00f0inum. <a name=\"15\"><span class=\"versanumer_2007\">15<\/span><\/a> S\u00ed\u00f0an gengu \u00feeir menn fram sem h\u00f6f\u00f0u veri\u00f0 valdir til \u00feess me\u00f0 nafnakalli og t\u00f3ku fangana a\u00f0 s\u00e9r. \u00deeir kl\u00e6ddu \u00fe\u00e1 sem voru naktir, g\u00e1fu \u00feeim kl\u00e6\u00f0i og sk\u00f3 af herfanginu, g\u00e1fu \u00feeim a\u00f0 eta og drekka og smur\u00f0u \u00fe\u00e1 smyrslum. \u00dev\u00ed n\u00e6st fluttu \u00feeir alla, sem ekki g\u00e1tu gengi\u00f0, \u00e1 \u00f6snum til Jer\u00edk\u00f3, p\u00e1lmaborgarinnar, til \u00e6ttbr\u00e6\u00f0ra \u00feeirra og sneru s\u00ed\u00f0an aftur heim til Samar\u00edu.<\/p>\n<h3 class=\"millifyrirsogn_2007\">Akas og Ass\u00fdr\u00edumenn<\/h3>\n<p><a name=\"16\"><span class=\"versanumer_2007\">16<\/span><\/a> Um \u00feessar mundir sendi Akas konungur menn til konungs Ass\u00fdr\u00edu og ba\u00f0 um hj\u00e1lp <a name=\"17\"><span class=\"versanumer_2007\">17<\/span><\/a> af \u00fev\u00ed a\u00f0 Ed\u00f3m\u00edtar h\u00f6f\u00f0u einnig komi\u00f0 og sigra\u00f0 J\u00fadamenn og teki\u00f0 fanga. <a name=\"18\"><span class=\"versanumer_2007\">18<\/span><\/a> Filistear h\u00f6f\u00f0u \u00e1 sama t\u00edma r\u00e1\u00f0ist \u00e1 borgirnar \u00e1 l\u00e1glendinu og \u00ed \u00feeim hluta Negeb sem heyrir J\u00fada til. \u00deeir h\u00f6f\u00f0u teki\u00f0 Bet Semes, Ajalon, Geder\u00f3t og S\u00f3k\u00f3 \u00e1samt \u00feorpunum umhverfis, Timna \u00e1samt \u00feorpunum umhverfis og Gims\u00f3 \u00e1samt \u00feorpunum umhverfis, og sest a\u00f0 \u00ed \u00feessum borgum. <a name=\"19\"><span class=\"versanumer_2007\">19<\/span><\/a> \u00deetta var\u00f0 af \u00fev\u00ed a\u00f0 Drottinn au\u00f0m\u00fdkti J\u00fadamenn vegna Akasar \u00cdsraelskonungs. Hann haf\u00f0i frami\u00f0 \u00f3h\u00e6fu \u00ed J\u00fada og veri\u00f0 Drottni \u00f3tr\u00far. <a name=\"20\"><span class=\"versanumer_2007\">20<\/span><\/a> En T\u00edglat P\u00edleser, konungur Ass\u00fdr\u00edu, h\u00e9lt gegn honum og \u00ferengdi a\u00f0 honum \u00ed sta\u00f0 \u00feess a\u00f0 veita honum li\u00f0. <a name=\"21\"><span class=\"versanumer_2007\">21<\/span><\/a> \u00de\u00f3 a\u00f0 Akas hef\u00f0i r\u00e6nt h\u00fas Drottins, konungsh\u00f6llina og h\u00f6f\u00f0ingjana og afhent konungi Ass\u00fdr\u00edu r\u00e1nsfenginn, f\u00e9kk hann enga hj\u00e1lp fr\u00e1 honum.<br \/> <a name=\"22\"><span class=\"versanumer_2007\">22<\/span><\/a> Akas sveik Drottin eins og \u00e1\u00f0ur, jafnvel \u00feegar a\u00f0 honum svarf. \u00deannig var Akas konungur. <a name=\"23\"><span class=\"versanumer_2007\">23<\/span><\/a> Hann f\u00e6r\u00f0i gu\u00f0unum \u00ed Damaskus, sem h\u00f6f\u00f0u sigra\u00f0 hann, sl\u00e1turf\u00f3rnir og sag\u00f0i: \u201eGu\u00f0ir Arameakonunga hafa hj\u00e1lpa\u00f0 \u00feeim. N\u00fa \u00e6tla \u00e9g a\u00f0 f\u00e6ra \u00feeim sl\u00e1turf\u00f3rnir, \u00fe\u00e1 munu \u00feeir einnig hj\u00e1lpa m\u00e9r.\u201c En \u00feeir ur\u00f0u honum a\u00f0eins til falls og \u00f6llum \u00cdsrael.<br \/> <a name=\"24\"><span class=\"versanumer_2007\">24<\/span><\/a> Akas l\u00e9t safna saman \u00f6llum \u00e1h\u00f6ldum h\u00fass Gu\u00f0s. \u00dev\u00ed n\u00e6st l\u00e9t hann brj\u00f3ta \u00feau, loka hli\u00f0um h\u00fass Drottins og gera \u00f6lturu handa s\u00e9r vi\u00f0 hvert horn \u00ed Jer\u00fasalem. <a name=\"25\"><span class=\"versanumer_2007\">25<\/span><\/a> Hann l\u00e9t gera f\u00f3rnarh\u00e6\u00f0ir \u00ed s\u00e9rhverri borg \u00ed J\u00fada til a\u00f0 f\u00e6ra framandi gu\u00f0um f\u00f3rnir. \u00deannig vakti hann rei\u00f0i Drottins, Gu\u00f0s fe\u00f0ra sinna.<\/p>\n<h3 class=\"millifyrirsogn_2007\">Akas deyr<\/h3>\n<p><a name=\"26\"><span class=\"versanumer_2007\">26<\/span><\/a> Saga hans, fr\u00e1 upphafi til enda, og fr\u00e1sagnir af \u00f6\u00f0rum verkum hans, er skr\u00e1\u00f0 \u00ed b\u00f3k konunga J\u00fada og \u00cdsraels. <a name=\"27\"><span class=\"versanumer_2007\">27<\/span><\/a> Akas var lag\u00f0ur til hv\u00edldar hj\u00e1 fe\u00f0rum s\u00ednum og grafinn \u00ed Jer\u00fasalem en \u00fe\u00f3 ekki \u00ed gr\u00f6fum \u00cdsraelskonunga. Hisk\u00eda, sonur hans, var\u00f0 konungur eftir hann.<\/p>\n","protected":false},"excerpt":{"rendered":"<p>Akas konungur \u00ed J\u00fada 1 Akas var tuttugu \u00e1ra \u00feegar hann var\u00f0 konungur og hann r\u00edkti sext\u00e1n \u00e1r \u00ed Jer\u00fasalem. Hann ger\u00f0i ekki \u00fea\u00f0 sem r\u00e9tt var \u00ed augum Drottins eins og Dav\u00ed\u00f0, forfa\u00f0ir hans, haf\u00f0i gert. 2 Hann breytti eins og konungar \u00cdsraels og l\u00e9t jafnvel gera steyptar myndir af Ba\u00f6lunum. 3 \u00dea\u00f0 var hann sem f\u00e6r\u00f0i brennif\u00f3rnir \u00ed Hinnomssonardal og l\u00e9t syni s\u00edna ganga gegnum eld a\u00f0 vi\u00f0urstyggilegum h\u00e6tti \u00feeirra \u00fej\u00f3\u00f0a sem Drottinn haf\u00f0i hraki\u00f0 \u00ed burtu undan \u00cdsraelsm\u00f6nnum. 4 Hann f\u00e6r\u00f0i sl\u00e1turf\u00f3rnir og reykelsisf\u00f3rnir \u00e1 f\u00f3rnarh\u00e6\u00f0um og \u00e1 h\u00f3lum og undir hverju gr\u00e6nu tr\u00e9. Str\u00ed\u00f0 J\u00fada vi\u00f0 <a href=\"https:\/\/biblian.is\/biblian\/sidari-kronikubok-28-kafli\/\"> [&#8230;]<\/a><\/p>\n","protected":false},"author":1,"featured_media":0,"parent":0,"menu_order":0,"comment_status":"open","ping_status":"open","template":"bibliukaflar_NT.php","meta":{"footnotes":""},"class_list":["post-2012","page","type-page","status-publish","hentry"],"_links":{"self":[{"href":"https:\/\/biblian.is\/biblian\/wp-json\/wp\/v2\/pages\/2012","targetHints":{"allow":["GET"]}}],"collection":[{"href":"https:\/\/biblian.is\/biblian\/wp-json\/wp\/v2\/pages"}],"about":[{"href":"https:\/\/biblian.is\/biblian\/wp-json\/wp\/v2\/types\/page"}],"author":[{"embeddable":true,"href":"https:\/\/biblian.is\/biblian\/wp-json\/wp\/v2\/users\/1"}],"replies":[{"embeddable":true,"href":"https:\/\/biblian.is\/biblian\/wp-json\/wp\/v2\/comments?post=2012"}],"version-history":[{"count":0,"href":"https:\/\/biblian.is\/biblian\/wp-json\/wp\/v2\/pages\/2012\/revisions"}],"wp:attachment":[{"href":"https:\/\/biblian.is\/biblian\/wp-json\/wp\/v2\/media?parent=2012"}],"curies":[{"name":"wp","href":"https:\/\/api.w.org\/{rel}","templated":true}]}}