{"id":1982,"date":"2017-12-30T21:01:15","date_gmt":"2017-12-30T21:01:15","guid":{"rendered":"http:\/\/biblian.is\/biblian\/fyrri-kron%c2%92kub%c2%97k-27-kafli\/"},"modified":"2024-06-26T23:20:39","modified_gmt":"2024-06-26T23:20:39","slug":"fyrri-kronikubok-27-kafli","status":"publish","type":"page","link":"https:\/\/biblian.is\/biblian\/fyrri-kronikubok-27-kafli\/","title":{"rendered":"Fyrri kron\u00edkub\u00f3k 27. kafli"},"content":{"rendered":"<h3 class=\"millifyrirsogn_2007\"> Herforingjar Dav\u00ed\u00f0s<\/h3>\n<p><a name=\"1\"><span class=\"versanumer_2007\">1<\/span><\/a> \u00deetta er skr\u00e1 yfir fj\u00f6lda \u00feeirra \u00cdsraelsmanna, \u00e6ttarh\u00f6f\u00f0ingja, foringja \u00fe\u00fasund og hundra\u00f0 manna herflokka og alla \u00fe\u00e1 emb\u00e6ttismenn sem \u00fej\u00f3nu\u00f0u konunginum \u00ed \u00f6llu sem snerti flokkana. \u00deeir komu og f\u00f3ru m\u00e1nu\u00f0 eftir m\u00e1nu\u00f0, alla m\u00e1nu\u00f0i \u00e1rsins. \u00cd hverjum flokki voru 24.000 menn.<br \/> <a name=\"2\"><span class=\"versanumer_2007\">2<\/span><\/a> Jas\u00f3beam Sabd\u00edelsson var fyrir fyrsta flokknum \u00ed fyrsta m\u00e1nu\u00f0inum. \u00cd flokki hans voru 24.000 menn. <a name=\"3\"><span class=\"versanumer_2007\">3<\/span><\/a> Hann var einn af ni\u00f0jum Peresar og yfirma\u00f0ur allra foringja hersins \u00ed fyrsta m\u00e1nu\u00f0inum.<br \/> <a name=\"4\"><span class=\"versanumer_2007\">4<\/span><\/a> D\u00f3da\u00ed, af \u00e6tt Ah\u00f3h\u00ed, var fyrir flokknum \u00ed \u00f6\u00f0rum m\u00e1nu\u00f0i. Mikl\u00f3t var honum n\u00e6stur en \u00ed flokki hans voru 24.000 menn.<br \/> <a name=\"5\"><span class=\"versanumer_2007\">5<\/span><\/a> Benaja, sonur J\u00f3jada \u00e6\u00f0sta prests, var \u00feri\u00f0ji hersh\u00f6f\u00f0inginn \u00ed \u00feri\u00f0ja m\u00e1nu\u00f0inum. \u00cd flokki hans voru 24.000 menn. <a name=\"6\"><span class=\"versanumer_2007\">6<\/span><\/a> Benaja \u00feessi var hetja, einn hinna 30, og foringi hinna 30 og flokks s\u00edns. Sonur hans var Amm\u00edsabad.<br \/> <a name=\"7\"><span class=\"versanumer_2007\">7<\/span><\/a> Asael, br\u00f3\u00f0ir J\u00f3abs, var fj\u00f3r\u00f0i hersh\u00f6f\u00f0inginn \u00ed fj\u00f3r\u00f0a m\u00e1nu\u00f0inum og \u00e1 eftir honum Sebadja, sonur hans. \u00cd flokki hans voru 24.000 menn.<br \/> <a name=\"8\"><span class=\"versanumer_2007\">8<\/span><\/a> Samh\u00fat li\u00f0sforingi, afkomandi Seraks, var s\u00e1 fimmti \u00ed fimmta m\u00e1nu\u00f0inum. \u00cd flokki hans voru 24.000 menn.<br \/> <a name=\"9\"><span class=\"versanumer_2007\">9<\/span><\/a> \u00cdra \u00cdkkesson fr\u00e1 Tek\u00f3a var s\u00e1 sj\u00f6tti \u00ed sj\u00f6tta m\u00e1nu\u00f0inum. \u00cd flokki hans voru 24.000 menn.<br \/> <a name=\"10\"><span class=\"versanumer_2007\">10<\/span><\/a> Heles fr\u00e1 Pelet, afkomandi Efra\u00edms, var s\u00e1 sj\u00f6undi \u00ed sj\u00f6unda m\u00e1nu\u00f0inum. \u00cd flokki hans voru 24.000 menn.<br \/> <a name=\"11\"><span class=\"versanumer_2007\">11<\/span><\/a> Sibbeka\u00ed fr\u00e1 H\u00fasa, afkomandi Seraks, var s\u00e1 \u00e1ttundi \u00ed \u00e1ttunda m\u00e1nu\u00f0inum. \u00cd flokki hans voru 24.000 menn.<br \/> <a name=\"12\"><span class=\"versanumer_2007\">12<\/span><\/a> Ab\u00edeser fr\u00e1 Anat\u00f3t, afkomandi Benjam\u00edns, var s\u00e1 n\u00edundi \u00ed n\u00edunda m\u00e1nu\u00f0inum. \u00cd flokki hans voru 24.000 menn.<br \/> <a name=\"13\"><span class=\"versanumer_2007\">13<\/span><\/a> Mahara\u00ed fr\u00e1 Net\u00f3fa, afkomandi Seraks, var s\u00e1 t\u00edundi \u00ed t\u00edunda m\u00e1nu\u00f0inum. \u00cd flokki hans voru 24.000 menn.<br \/> <a name=\"14\"><span class=\"versanumer_2007\">14<\/span><\/a> Benaja fr\u00e1 P\u00edraton, afkomandi Efra\u00edms, var s\u00e1 ellefti \u00ed ellefta m\u00e1nu\u00f0inum. \u00cd flokki hans voru 24.000 menn.<br \/> <a name=\"15\"><span class=\"versanumer_2007\">15<\/span><\/a> Helda\u00ed fr\u00e1 Net\u00f3fa, afkomandi Otn\u00edels, var s\u00e1 t\u00f3lfti \u00ed t\u00f3lfta m\u00e1nu\u00f0inum. \u00cd flokki hans voru 24.000 menn.<\/p>\n<h3 class=\"millifyrirsogn_2007\">H\u00f6f\u00f0ingjar \u00e6ttb\u00e1lkanna<\/h3>\n<p><a name=\"16\"><span class=\"versanumer_2007\">16<\/span><\/a> H\u00f6f\u00f0ingjar \u00e6ttb\u00e1lka \u00cdsraels:<br \/>El\u00edeser S\u00edkr\u00edson var h\u00f6f\u00f0ingi yfir ni\u00f0jum R\u00fabens, Sefatja Maakason var yfir ni\u00f0jum S\u00edmeons, <a name=\"17\"><span class=\"versanumer_2007\">17<\/span><\/a> Hasabja Kem\u00faelsson var yfir Lev\u00ed og Sad\u00f3k var yfir Aron. <a name=\"18\"><span class=\"versanumer_2007\">18<\/span><\/a> El\u00edh\u00fa, einn af br\u00e6\u00f0rum Dav\u00ed\u00f0s, var yfir J\u00fada, Omr\u00ed M\u00edkaelsson var yfir \u00cdssakar, <a name=\"19\"><span class=\"versanumer_2007\">19<\/span><\/a> Jismaja \u00d3bad\u00edason var yfir Seb\u00falon, Jer\u00edm\u00f3t Asr\u00edelsson var yfir Naftal\u00ed, <a name=\"20\"><span class=\"versanumer_2007\">20<\/span><\/a> H\u00f3sea Asasjason var yfir Efra\u00edm, J\u00f3el Pedajason var yfir \u00f6\u00f0rum helmingi \u00e6ttb\u00e1lks Manasse <a name=\"21\"><span class=\"versanumer_2007\">21<\/span><\/a> en Jidd\u00f3 Sakar\u00edason var yfir hinum helmingi \u00e6ttb\u00e1lks Manasse \u00ed G\u00edlea\u00f0 og <a name=\"22\"><span class=\"versanumer_2007\">22<\/span><\/a> Asarel Jer\u00f3hamsson yfir Dan.<br \/>\u00deetta voru h\u00f6f\u00f0ingjar \u00e6ttb\u00e1lka \u00cdsraels. <br \/> <a name=\"23\"><span class=\"versanumer_2007\">23<\/span><\/a> Dav\u00ed\u00f0 haf\u00f0i ekki l\u00e1ti\u00f0 skr\u00e1 fj\u00f6lda \u00feeirra sem voru tv\u00edtugir og yngri \u00fev\u00ed a\u00f0 Drottinn haf\u00f0i heiti\u00f0 \u00fev\u00ed a\u00f0 gera \u00cdsrael jafnfj\u00f6lmennan og stj\u00f6rnur himins. <a name=\"24\"><span class=\"versanumer_2007\">24<\/span><\/a> J\u00f3ab Ser\u00fajuson haf\u00f0i byrja\u00f0 talninguna en ekki loki\u00f0 henni \u00fev\u00ed a\u00f0 refsid\u00f3mur haf\u00f0i komi\u00f0 yfir \u00cdsrael vegna hennar. \u00deess vegna var endanleg tala ekki skr\u00e1\u00f0 \u00ed ann\u00e1la Dav\u00ed\u00f0s konungs.<\/p>\n<h3 class=\"millifyrirsogn_2007\">Umsj\u00f3narmenn eigna konungs<\/h3>\n<p><a name=\"25\"><span class=\"versanumer_2007\">25<\/span><\/a> Asmavett Ad\u00edelsson var settur yfir birg\u00f0ageymslur konungs og J\u00f3natan \u00dass\u00edason yfir birg\u00f0ageymslurnar \u00fati \u00e1 landsbygg\u00f0inni, \u00ed borgum, \u00feorpum og virkjum. <a name=\"26\"><span class=\"versanumer_2007\">26<\/span><\/a> Esr\u00ed Kel\u00fabsson var settur yfir verkamennina sem unnu \u00e1 \u00f6krunum. <a name=\"27\"><span class=\"versanumer_2007\">27<\/span><\/a> S\u00edme\u00ed fr\u00e1 Rama var settur yfir v\u00edngar\u00f0ana og Sabd\u00ed fr\u00e1 Sefan yfir v\u00ednbirg\u00f0irnar \u00ed v\u00edng\u00f6r\u00f0unum. <a name=\"28\"><span class=\"versanumer_2007\">28<\/span><\/a> Baal Hanan fr\u00e1 Geder var settur yfir ol\u00eduvi\u00f0arlundi og m\u00f3rberjaf\u00edkjutr\u00e9 \u00e1 Sefelasv\u00e6\u00f0inu. J\u00f3as var settur yfir ol\u00edubirg\u00f0irnar. <a name=\"29\"><span class=\"versanumer_2007\">29<\/span><\/a> S\u00edtra\u00ed fr\u00e1 Saron haf\u00f0i umsj\u00f3n me\u00f0 nautgripum sem gengu \u00ed haga \u00e1 Saronssl\u00e9ttunni og Safat Adla\u00edson me\u00f0 nautgripum \u00ed d\u00f6lunum. <a name=\"30\"><span class=\"versanumer_2007\">30<\/span><\/a> \u00d3b\u00edl, afkomandi \u00cdsmaels, haf\u00f0i umsj\u00f3n me\u00f0 \u00falf\u00f6ldum og Jehdeja fr\u00e1 Meron\u00f3t me\u00f0 \u00f6snunum. <a name=\"31\"><span class=\"versanumer_2007\">31<\/span><\/a> Jas\u00eds, afkomandi Hagar, haf\u00f0i umsj\u00f3n me\u00f0 sau\u00f0f\u00e9 og geitum.<br \/>Allir \u00feessir menn voru umsj\u00f3narmenn me\u00f0 eignum Dav\u00ed\u00f0s konungs.<\/p>\n<h3 class=\"millifyrirsogn_2007\">N\u00e1nustu samstarfsmenn Dav\u00ed\u00f0s<\/h3>\n<p><a name=\"32\"><span class=\"versanumer_2007\">32<\/span><\/a> J\u00f3natan, f\u00f6\u00f0urbr\u00f3\u00f0ir Dav\u00ed\u00f0s, var r\u00e1\u00f0gjafi hans. Hann var skynsamur ma\u00f0ur og l\u00e6r\u00f0ur. Jeh\u00edel Hakm\u00f3n\u00edson var me\u00f0 sonum konungs. <a name=\"33\"><span class=\"versanumer_2007\">33<\/span><\/a> Ak\u00edt\u00f3fel var r\u00e1\u00f0gjafi konungs og H\u00fasa\u00ed Ark\u00edti var vinur konungs. <a name=\"34\"><span class=\"versanumer_2007\">34<\/span><\/a> J\u00f3jada Benajason t\u00f3k vi\u00f0 af Ak\u00edt\u00f3fel. Abjatar var prestur og J\u00f3ab hersh\u00f6f\u00f0ingi.<\/p>\n","protected":false},"excerpt":{"rendered":"<p>Herforingjar Dav\u00ed\u00f0s 1 \u00deetta er skr\u00e1 yfir fj\u00f6lda \u00feeirra \u00cdsraelsmanna, \u00e6ttarh\u00f6f\u00f0ingja, foringja \u00fe\u00fasund og hundra\u00f0 manna herflokka og alla \u00fe\u00e1 emb\u00e6ttismenn sem \u00fej\u00f3nu\u00f0u konunginum \u00ed \u00f6llu sem snerti flokkana. \u00deeir komu og f\u00f3ru m\u00e1nu\u00f0 eftir m\u00e1nu\u00f0, alla m\u00e1nu\u00f0i \u00e1rsins. \u00cd hverjum flokki voru 24.000 menn. 2 Jas\u00f3beam Sabd\u00edelsson var fyrir fyrsta flokknum \u00ed fyrsta m\u00e1nu\u00f0inum. \u00cd flokki hans voru 24.000 menn. 3 Hann var einn af ni\u00f0jum Peresar og yfirma\u00f0ur allra foringja hersins \u00ed fyrsta m\u00e1nu\u00f0inum. 4 D\u00f3da\u00ed, af \u00e6tt Ah\u00f3h\u00ed, var fyrir flokknum \u00ed \u00f6\u00f0rum m\u00e1nu\u00f0i. Mikl\u00f3t var honum n\u00e6stur en \u00ed flokki hans voru 24.000 menn. 5 Benaja, <a href=\"https:\/\/biblian.is\/biblian\/fyrri-kronikubok-27-kafli\/\"> [&#8230;]<\/a><\/p>\n","protected":false},"author":1,"featured_media":0,"parent":0,"menu_order":0,"comment_status":"open","ping_status":"open","template":"bibliukaflar_NT.php","meta":{"footnotes":""},"class_list":["post-1982","page","type-page","status-publish","hentry"],"_links":{"self":[{"href":"https:\/\/biblian.is\/biblian\/wp-json\/wp\/v2\/pages\/1982","targetHints":{"allow":["GET"]}}],"collection":[{"href":"https:\/\/biblian.is\/biblian\/wp-json\/wp\/v2\/pages"}],"about":[{"href":"https:\/\/biblian.is\/biblian\/wp-json\/wp\/v2\/types\/page"}],"author":[{"embeddable":true,"href":"https:\/\/biblian.is\/biblian\/wp-json\/wp\/v2\/users\/1"}],"replies":[{"embeddable":true,"href":"https:\/\/biblian.is\/biblian\/wp-json\/wp\/v2\/comments?post=1982"}],"version-history":[{"count":0,"href":"https:\/\/biblian.is\/biblian\/wp-json\/wp\/v2\/pages\/1982\/revisions"}],"wp:attachment":[{"href":"https:\/\/biblian.is\/biblian\/wp-json\/wp\/v2\/media?parent=1982"}],"curies":[{"name":"wp","href":"https:\/\/api.w.org\/{rel}","templated":true}]}}