{"id":1965,"date":"2017-12-30T21:01:10","date_gmt":"2017-12-30T21:01:10","guid":{"rendered":"http:\/\/biblian.is\/biblian\/fyrri-kron%c2%92kub%c2%97k-10-kafli\/"},"modified":"2024-06-26T23:20:35","modified_gmt":"2024-06-26T23:20:35","slug":"fyrri-kronikubok-10-kafli","status":"publish","type":"page","link":"https:\/\/biblian.is\/biblian\/fyrri-kronikubok-10-kafli\/","title":{"rendered":"Fyrri kron\u00edkub\u00f3k 10. kafli"},"content":{"rendered":"<h2 class=\"millifyrirsogn_2007\">Saga Dav\u00ed\u00f0s konungs <\/h2>\n<h3 class=\"millifyrirsogn_2007\">Fall S\u00e1ls<\/h3>\n<p><a name=\"1\"><span class=\"versanumer_2007\">1<\/span><\/a> Filistear r\u00e9\u00f0ust \u00e1 \u00cdsrael og fl\u00fd\u00f0u \u00cdsraelsmenn undan \u00feeim en margir l\u00e1gu fallnir \u00e1 Gilb\u00f3afjalli. <a name=\"2\"><span class=\"versanumer_2007\">2<\/span><\/a> Filistear \u00ferengdu mj\u00f6g a\u00f0 S\u00e1l og sonum hans og felldu J\u00f3natan, Ab\u00ednadab og Malk\u00eds\u00faa, syni hans. <a name=\"3\"><span class=\"versanumer_2007\">3<\/span><\/a> Var n\u00fa ger\u00f0 h\u00f6r\u00f0 atlaga a\u00f0 S\u00e1l. Nokkrar bogaskyttur h\u00f6f\u00f0u komi\u00f0 auga \u00e1 hann, h\u00e6ft hann og var hann miki\u00f0 s\u00e6r\u00f0ur.<br \/> <a name=\"4\"><span class=\"versanumer_2007\">4<\/span><\/a> \u00de\u00e1 sag\u00f0i S\u00e1l vi\u00f0 skjaldsvein sinn: \u201eDrag\u00f0u sver\u00f0 \u00feitt \u00far sl\u00ed\u00f0rum og rektu mig \u00ed gegn. Annars koma \u00feeir \u00f3umskornu, reka mig \u00ed gegn og fara h\u00e1\u00f0ulega me\u00f0 mig.\u201c En skjaldsveinninn vildi ekki gera \u00feetta \u00fev\u00ed a\u00f0 hann var mj\u00f6g hr\u00e6ddur. \u00de\u00e1 t\u00f3k S\u00e1l sj\u00e1lfur sver\u00f0 sitt og l\u00e9t fallast \u00e1 \u00fea\u00f0. <a name=\"5\"><span class=\"versanumer_2007\">5<\/span><\/a> \u00deegar skjaldsveinninn s\u00e1 a\u00f0 S\u00e1l var l\u00e1tinn l\u00e9t hann sig einnig falla \u00e1 sver\u00f0 sitt og d\u00f3 me\u00f0 S\u00e1l. <a name=\"6\"><span class=\"versanumer_2007\">6<\/span><\/a> \u00deannig l\u00e9t S\u00e1l l\u00edfi\u00f0 og synir hans \u00fer\u00edr og \u00f6ll fj\u00f6lskylda hans \u00ed einu.<br \/> <a name=\"7\"><span class=\"versanumer_2007\">7<\/span><\/a> \u00deegar \u00cdsraelsmennirnir, sem bjuggu handan vi\u00f0 sl\u00e9ttuna og austan vi\u00f0 J\u00f3rdan, ger\u00f0u s\u00e9r grein fyrir a\u00f0 \u00cdsraelsmenn voru fl\u00fanir og S\u00e1l og synir hans fallnir yfirg\u00e1fu \u00feeir borgir s\u00ednar og fl\u00fd\u00f0u. S\u00ed\u00f0an komu Filistear og settust a\u00f0 \u00ed \u00feeim. <a name=\"8\"><span class=\"versanumer_2007\">8<\/span><\/a> Daginn eftir, \u00feegar Filistear komu til a\u00f0 r\u00e6na valinn, fundu \u00feeir S\u00e1l og syni hans \u00ferj\u00e1 \u00e1 Gilb\u00f3afjalli. <a name=\"9\"><span class=\"versanumer_2007\">9<\/span><\/a> \u00deeir hjuggu af honum h\u00f6fu\u00f0i\u00f0 og r\u00e6ndu vopnum hans. S\u00ed\u00f0an sendu \u00feeir bo\u00f0bera um land Filistea til a\u00f0 flytja skur\u00f0go\u00f0um s\u00ednum og f\u00f3lkinu fregnir af sigrinum. <a name=\"10\"><span class=\"versanumer_2007\">10<\/span><\/a> Vopnum S\u00e1ls komu \u00feeir fyrir \u00ed h\u00fasi gu\u00f0a sinna en hausk\u00fapu hans festu \u00feeir upp \u00ed h\u00fasi Dag\u00f3ns.<br \/> <a name=\"11\"><span class=\"versanumer_2007\">11<\/span><\/a> \u00deegar \u00edb\u00faarnir \u00ed Jabes \u00ed G\u00edlea\u00f0 fr\u00e9ttu hvernig Filistearnir h\u00f6f\u00f0u fari\u00f0 me\u00f0 S\u00e1l <a name=\"12\"><span class=\"versanumer_2007\">12<\/span><\/a> h\u00e9ldu allir vopnf\u00e6rir menn af sta\u00f0, s\u00f3ttu l\u00edk S\u00e1ls og sona hans og fluttu \u00feau til Jabes. \u00dev\u00ed n\u00e6st gr\u00f3fu \u00feeir bein \u00feeirra undir eikinni \u00ed Jabes og f\u00f6stu\u00f0u \u00ed sj\u00f6 daga. <a name=\"13\"><span class=\"versanumer_2007\">13<\/span><\/a> S\u00e1l l\u00e9t l\u00edfi\u00f0 vegna svika sinna vi\u00f0 Drottin og vegna \u00feess a\u00f0 hann haf\u00f0i ekki hl\u00fdtt fyrirm\u00e6lum Drottins. Hann haf\u00f0i jafnvel leita\u00f0 \u00farskur\u00f0ar hj\u00e1 framli\u00f0num <a name=\"14\"><span class=\"versanumer_2007\">14<\/span><\/a> \u00ed sta\u00f0 \u00feess a\u00f0 leita \u00farskur\u00f0ar Drottins. Drottinn l\u00e9t hann \u00fev\u00ed deyja og afhenti Dav\u00ed\u00f0 \u00cdsa\u00edsyni konungd\u00e6mi\u00f0.<\/p>\n","protected":false},"excerpt":{"rendered":"<p>Saga Dav\u00ed\u00f0s konungs Fall S\u00e1ls 1 Filistear r\u00e9\u00f0ust \u00e1 \u00cdsrael og fl\u00fd\u00f0u \u00cdsraelsmenn undan \u00feeim en margir l\u00e1gu fallnir \u00e1 Gilb\u00f3afjalli. 2 Filistear \u00ferengdu mj\u00f6g a\u00f0 S\u00e1l og sonum hans og felldu J\u00f3natan, Ab\u00ednadab og Malk\u00eds\u00faa, syni hans. 3 Var n\u00fa ger\u00f0 h\u00f6r\u00f0 atlaga a\u00f0 S\u00e1l. Nokkrar bogaskyttur h\u00f6f\u00f0u komi\u00f0 auga \u00e1 hann, h\u00e6ft hann og var hann miki\u00f0 s\u00e6r\u00f0ur. 4 \u00de\u00e1 sag\u00f0i S\u00e1l vi\u00f0 skjaldsvein sinn: \u201eDrag\u00f0u sver\u00f0 \u00feitt \u00far sl\u00ed\u00f0rum og rektu mig \u00ed gegn. Annars koma \u00feeir \u00f3umskornu, reka mig \u00ed gegn og fara h\u00e1\u00f0ulega me\u00f0 mig.\u201c En skjaldsveinninn vildi ekki gera \u00feetta \u00fev\u00ed a\u00f0 hann var <a href=\"https:\/\/biblian.is\/biblian\/fyrri-kronikubok-10-kafli\/\"> [&#8230;]<\/a><\/p>\n","protected":false},"author":1,"featured_media":0,"parent":0,"menu_order":0,"comment_status":"open","ping_status":"open","template":"bibliukaflar_NT.php","meta":{"footnotes":""},"class_list":["post-1965","page","type-page","status-publish","hentry"],"_links":{"self":[{"href":"https:\/\/biblian.is\/biblian\/wp-json\/wp\/v2\/pages\/1965","targetHints":{"allow":["GET"]}}],"collection":[{"href":"https:\/\/biblian.is\/biblian\/wp-json\/wp\/v2\/pages"}],"about":[{"href":"https:\/\/biblian.is\/biblian\/wp-json\/wp\/v2\/types\/page"}],"author":[{"embeddable":true,"href":"https:\/\/biblian.is\/biblian\/wp-json\/wp\/v2\/users\/1"}],"replies":[{"embeddable":true,"href":"https:\/\/biblian.is\/biblian\/wp-json\/wp\/v2\/comments?post=1965"}],"version-history":[{"count":0,"href":"https:\/\/biblian.is\/biblian\/wp-json\/wp\/v2\/pages\/1965\/revisions"}],"wp:attachment":[{"href":"https:\/\/biblian.is\/biblian\/wp-json\/wp\/v2\/media?parent=1965"}],"curies":[{"name":"wp","href":"https:\/\/api.w.org\/{rel}","templated":true}]}}