{"id":1955,"date":"2017-12-30T21:01:05","date_gmt":"2017-12-30T21:01:05","guid":{"rendered":"http:\/\/biblian.is\/biblian\/s%c2%92_ari-konungab%c2%97k-25-kafli\/"},"modified":"2024-02-06T18:26:25","modified_gmt":"2024-02-06T18:26:25","slug":"sidari-konungabok-25-kafli","status":"publish","type":"page","link":"https:\/\/biblian.is\/biblian\/sidari-konungabok-25-kafli\/","title":{"rendered":"S\u00ed\u00f0ari konungab\u00f3k 25. kafli"},"content":{"rendered":"<h3 class=\"millifyrirsogn_2007\"> Fall Jer\u00fasalem<\/h3>\n<p>Sedek\u00eda ger\u00f0i uppreisn gegn Bab\u00fdlon\u00edukonungi.<span class=\"nedan_mal\" title=\"\u00deessi setning er h\u00f6f\u00f0 me\u00f0 1Kon 24.20 \u00ed m\u00f6rgum eldri \u00fe\u00fd\u00f0ingum.\">[<\/span><br \/> <a name=\"1\"><span class=\"versanumer_2007\">1<\/span><\/a> \u00c1 n\u00edunda stj\u00f3rnar\u00e1ri Sedek\u00eda bar svo vi\u00f0 \u00e1 t\u00edunda degi t\u00edunda m\u00e1na\u00f0ar a\u00f0 Neb\u00fakadnesar Bab\u00fdlon\u00edukonungur kom til Jer\u00fasalem me\u00f0 allan her sinn og settist um hana. \u00deeir reistu \u00e1r\u00e1sarvirki umhverfis <a name=\"2\"><span class=\"versanumer_2007\">2<\/span><\/a> og var borgin umsetin til ellefta stj\u00f3rnar\u00e1rs Sedek\u00eda. <a name=\"3\"><span class=\"versanumer_2007\">3<\/span><\/a> \u00c1 n\u00edunda degi \u00ed fj\u00f3r\u00f0a m\u00e1nu\u00f0inum, \u00feegar hungursney\u00f0in var or\u00f0in mikil \u00ed borginni og enga f\u00e6\u00f0u a\u00f0 hafa handa \u00edb\u00faunum, <a name=\"4\"><span class=\"versanumer_2007\">4<\/span><\/a> var borgarm\u00farinn rofinn. Um n\u00f3ttina fl\u00fd\u00f0u allir vopnf\u00e6rir menn gegnum hli\u00f0i\u00f0 milli m\u00faranna tveggja gegnt gar\u00f0i konungs. T\u00f3kst \u00feeim og konungi a\u00f0 fl\u00fdja, \u00fe\u00f3 a\u00f0 Kaldear umkringdu borgina, og h\u00e9ldu \u00ed \u00e1tt til Arabasl\u00e9ttunnar. <a name=\"5\"><span class=\"versanumer_2007\">5<\/span><\/a> En hermenn Kaldea veittu konungi eftirf\u00f6r og n\u00e1\u00f0u honum \u00e1 Jer\u00edk\u00f3sl\u00e9ttunni. \u00de\u00e1 haf\u00f0i allur her hans yfirgefi\u00f0 hann og tv\u00edstrast.<br \/> <a name=\"6\"><span class=\"versanumer_2007\">6<\/span><\/a> \u00deeir t\u00f3ku konunginn og f\u00f3ru me\u00f0 hann til Bab\u00fdlon\u00edukonungs \u00ed Ribla sem kva\u00f0 upp d\u00f3m yfir honum. <a name=\"7\"><span class=\"versanumer_2007\">7<\/span><\/a> Hann l\u00e9t h\u00e1lsh\u00f6ggva syni Sedek\u00eda fyrir augum hans og s\u00ed\u00f0an stinga \u00far honum augun, setja hann \u00ed hlekki og flytja til Bab\u00fdlon\u00edu.<\/p>\n<h3 class=\"millifyrirsogn_2007\">Musteri\u00f0 lagt \u00ed ey\u00f0i<\/h3>\n<p><a name=\"8\"><span class=\"versanumer_2007\">8<\/span><\/a> \u00c1 sj\u00f6unda degi fimmta m\u00e1na\u00f0ar, \u00e1 n\u00edtj\u00e1nda stj\u00f3rnar\u00e1ri Neb\u00fakadnesars Bab\u00fdlon\u00edukonungs, kom Neb\u00fasaradan, foringi l\u00edfvar\u00f0arins og hir\u00f0ma\u00f0ur konungs, til Jer\u00fasalem. <a name=\"9\"><span class=\"versanumer_2007\">9<\/span><\/a> Hann lag\u00f0i eld a\u00f0 musteri Drottins, h\u00fasi konungs og \u00f6llum \u00f6\u00f0rum h\u00fasum \u00ed Jer\u00fasalem. Hann brenndi \u00f6ll vegleg h\u00fas. <a name=\"10\"><span class=\"versanumer_2007\">10<\/span><\/a> Hermenn Kaldea, sem foringi l\u00edfvar\u00f0arins stj\u00f3rna\u00f0i, rifu ni\u00f0ur m\u00farana umhverfis Jer\u00fasalem. <a name=\"11\"><span class=\"versanumer_2007\">11<\/span><\/a> Neb\u00fasaradan, foringi l\u00edfvar\u00f0arins, flutti \u00fe\u00e1 sem eftir voru \u00ed borginni til Bab\u00fdlon\u00edu, sem og li\u00f0hlaupana sem gengi\u00f0 h\u00f6f\u00f0u Bab\u00fdlon\u00edukonungi \u00e1 h\u00f6nd og \u00fe\u00e1 sem eftir voru af handverksm\u00f6nnunum. <a name=\"12\"><span class=\"versanumer_2007\">12<\/span><\/a> Foringi l\u00edfvar\u00f0arins skildi a\u00f0eins eftir \u00fe\u00e1 f\u00e1t\u00e6kustu til a\u00f0 erja v\u00edngar\u00f0a og akra.<br \/> <a name=\"13\"><span class=\"versanumer_2007\">13<\/span><\/a> Eirs\u00falurnar \u00ed musteri Drottins, vagngrindurnar og eirhafi\u00f0 \u00ed musteri Drottins brutu Kaldear \u00ed sundur og fluttu eirinn til Bab\u00fdlonar. <a name=\"14\"><span class=\"versanumer_2007\">14<\/span><\/a> \u00deeir t\u00f3ku me\u00f0 s\u00e9r kerin, sk\u00f3flurnar, skarb\u00edtana, sk\u00e1larnar og \u00f6ll eir\u00e1h\u00f6ldin sem notu\u00f0 voru vi\u00f0 gu\u00f0s\u00fej\u00f3nustuna. <a name=\"15\"><span class=\"versanumer_2007\">15<\/span><\/a> Foringi l\u00edfvar\u00f0arins t\u00f3k einnig eldp\u00f6nnurnar og sk\u00e1larnar sem voru \u00far gulli og silfri. <a name=\"16\"><span class=\"versanumer_2007\">16<\/span><\/a> B\u00e1\u00f0ar s\u00falurnar, hafi\u00f0 og vagngrindurnar, sem Sal\u00f3mon haf\u00f0i l\u00e1ti\u00f0 gera fyrir musteri Drottins, var allt gert \u00far svo miklum eir a\u00f0 \u00fea\u00f0 var\u00f0 ekki vegi\u00f0. <a name=\"17\"><span class=\"versanumer_2007\">17<\/span><\/a> \u00d6nnur s\u00falan var \u00e1tj\u00e1n \u00e1lnir \u00e1 h\u00e6\u00f0 og s\u00faluh\u00f6fu\u00f0i\u00f0 \u00far eir. \u00dea\u00f0 var \u00ferj\u00e1r \u00e1lnir \u00e1 h\u00e6\u00f0 og var net me\u00f0 granateplum umhverfis s\u00faluh\u00f6fu\u00f0i\u00f0. Allt \u00feetta var \u00far eir. Hin s\u00falan var eins og \u00e1 henni var einnig net.<\/p>\n<h3 class=\"millifyrirsogn_2007\">J\u00fadamenn herleiddir til Bab\u00fdlonar<\/h3>\n<p><a name=\"18\"><span class=\"versanumer_2007\">18<\/span><\/a> Foringi l\u00edfvar\u00f0arins t\u00f3k einnig Seraja yfirprest til fanga, Sefanja prest, sem n\u00e6stur honum gekk, og hli\u00f0ver\u00f0ina \u00ferj\u00e1. <a name=\"19\"><span class=\"versanumer_2007\">19<\/span><\/a> \u00dar borginni t\u00f3k hann hir\u00f0mann \u00feann sem haf\u00f0i eftirlit me\u00f0 herm\u00f6nnunum, fimm af n\u00e1nustu \u00fej\u00f3num konungs, sem enn voru \u00ed borginni, ritara hersh\u00f6f\u00f0ingjans, sem anna\u00f0ist herkva\u00f0ningu, og sext\u00edu al\u00fe\u00fd\u00f0umenn sem enn voru \u00ed borginni. <a name=\"20\"><span class=\"versanumer_2007\">20<\/span><\/a> Neb\u00fasaradan l\u00edfvar\u00f0arforingi t\u00f3k \u00fe\u00e1 h\u00f6ndum og f\u00f3r me\u00f0 \u00fe\u00e1 til Bab\u00fdlon\u00edukonungs \u00ed Ribla. <a name=\"21\"><span class=\"versanumer_2007\">21<\/span><\/a> Konungur l\u00e9t h\u00f6ggva \u00fe\u00e1 til bana \u00ed Ribla \u00ed Hamath\u00e9ra\u00f0i. \u00deannig voru \u00edb\u00faar J\u00fada fluttir \u00ed \u00fatleg\u00f0 \u00far landi s\u00ednu.<\/p>\n<h3 class=\"millifyrirsogn_2007\">Gedal\u00eda landstj\u00f3ri \u00ed J\u00fada<\/h3>\n<p><a name=\"22\"><span class=\"versanumer_2007\">22<\/span><\/a> Neb\u00fakadnesar Bab\u00fdlon\u00edukonungur setti Gedal\u00eda, son Ah\u00edkams Safanssonar, yfir \u00fea\u00f0 f\u00f3lk sem eftir var \u00ed J\u00fada og Neb\u00fakadnesar haf\u00f0i skili\u00f0 eftir. <a name=\"23\"><span class=\"versanumer_2007\">23<\/span><\/a> \u00deegar allir li\u00f0sforingjarnir og menn \u00feeirra fr\u00e9ttu a\u00f0 Bab\u00fdlon\u00edukonungur hef\u00f0i skipa\u00f0 Gedal\u00eda landstj\u00f3ra komu \u00feeir til hans \u00ed Mispa. \u00dea\u00f0 voru \u00feeir \u00cdsmael Netanjason, J\u00f3hanan Kareason, Seraja Tanh\u00fametsson fr\u00e1 Net\u00f3fa og Jaasanja fr\u00e1 Maaka og menn \u00feeirra. <a name=\"24\"><span class=\"versanumer_2007\">24<\/span><\/a> Gedal\u00eda vann \u00feeim og m\u00f6nnum \u00feeirra ei\u00f0 og sag\u00f0i vi\u00f0 \u00fe\u00e1: \u201e\u00d3ttist ekki emb\u00e6ttismenn Kaldea. B\u00fai\u00f0 \u00e1fram \u00ed landinu og gangi\u00f0 Bab\u00fdlon\u00edukonungi \u00e1 h\u00f6nd. \u00de\u00e1 mun ykkur vegna vel.\u201c<br \/> <a name=\"25\"><span class=\"versanumer_2007\">25<\/span><\/a> \u00cd sj\u00f6unda m\u00e1nu\u00f0inum bar svo til a\u00f0 \u00cdsmael Netanjason, El\u00edsamasonar, sem var af konungs\u00e6ttinni, kom vi\u00f0 t\u00edunda mann og hj\u00f3 Gedalja til bana og \u00fe\u00e1 J\u00fadamenn og Kaldea sem voru hj\u00e1 honum \u00ed Mispa. <a name=\"26\"><span class=\"versanumer_2007\">26<\/span><\/a> \u00de\u00e1 t\u00f3k allt f\u00f3lki\u00f0 sig upp, ungir sem gamlir, \u00e1samt herforingjunum og h\u00e9lt til Egyptalands af \u00f3tta vi\u00f0 Kaldea.<\/p>\n<h3 class=\"millifyrirsogn_2007\">J\u00f3jak\u00edn n\u00e1\u00f0a\u00f0ur<\/h3>\n<p><a name=\"27\"><span class=\"versanumer_2007\">27<\/span><\/a> \u00c1 \u00fer\u00edtugasta og sj\u00f6unda \u00fatleg\u00f0ar\u00e1ri J\u00f3jak\u00edns J\u00fadakonungs, \u00e1 tuttugasta og sj\u00f6unda degi \u00ed t\u00f3lfta m\u00e1nu\u00f0i, \u00e1ri\u00f0 sem Ev\u00edl Merodak var\u00f0 konungur \u00ed Bab\u00fdlon, n\u00e1\u00f0a\u00f0i hann J\u00f3jak\u00edn J\u00fadakonung og sleppti honum \u00far fangelsinu. <a name=\"28\"><span class=\"versanumer_2007\">28<\/span><\/a> Hann s\u00fdndi honum velvild og v\u00edsa\u00f0i honum til s\u00e6tis ofar hinum konungunum sem voru hj\u00e1 honum \u00ed Bab\u00fdlon. <a name=\"29\"><span class=\"versanumer_2007\">29<\/span><\/a> J\u00f3jak\u00edn \u00feurfti ekki a\u00f0 bera fangab\u00faning framar og \u00fea\u00f0 sem hann \u00e1tti \u00f3lifa\u00f0 sat hann til bor\u00f0s me\u00f0 konungi. <a name=\"30\"><span class=\"versanumer_2007\">30<\/span><\/a> Me\u00f0an hann lif\u00f0i veitti konungur J\u00f3jak\u00edn reglulega \u00fea\u00f0 sem hann \u00feurfti s\u00e9r til daglegs vi\u00f0urv\u00e6ris.<\/p>\n","protected":false},"excerpt":{"rendered":"<p>Fall Jer\u00fasalem Sedek\u00eda ger\u00f0i uppreisn gegn Bab\u00fdlon\u00edukonungi.[ 1 \u00c1 n\u00edunda stj\u00f3rnar\u00e1ri Sedek\u00eda bar svo vi\u00f0 \u00e1 t\u00edunda degi t\u00edunda m\u00e1na\u00f0ar a\u00f0 Neb\u00fakadnesar Bab\u00fdlon\u00edukonungur kom til Jer\u00fasalem me\u00f0 allan her sinn og settist um hana. \u00deeir reistu \u00e1r\u00e1sarvirki umhverfis 2 og var borgin umsetin til ellefta stj\u00f3rnar\u00e1rs Sedek\u00eda. 3 \u00c1 n\u00edunda degi \u00ed fj\u00f3r\u00f0a m\u00e1nu\u00f0inum, \u00feegar hungursney\u00f0in var or\u00f0in mikil \u00ed borginni og enga f\u00e6\u00f0u a\u00f0 hafa handa \u00edb\u00faunum, 4 var borgarm\u00farinn rofinn. Um n\u00f3ttina fl\u00fd\u00f0u allir vopnf\u00e6rir menn gegnum hli\u00f0i\u00f0 milli m\u00faranna tveggja gegnt gar\u00f0i konungs. T\u00f3kst \u00feeim og konungi a\u00f0 fl\u00fdja, \u00fe\u00f3 a\u00f0 Kaldear umkringdu borgina, og h\u00e9ldu \u00ed <a href=\"https:\/\/biblian.is\/biblian\/sidari-konungabok-25-kafli\/\"> [&#8230;]<\/a><\/p>\n","protected":false},"author":1,"featured_media":0,"parent":0,"menu_order":0,"comment_status":"open","ping_status":"open","template":"bibliukaflar_NT.php","meta":{"footnotes":""},"class_list":["post-1955","page","type-page","status-publish","hentry"],"_links":{"self":[{"href":"https:\/\/biblian.is\/biblian\/wp-json\/wp\/v2\/pages\/1955","targetHints":{"allow":["GET"]}}],"collection":[{"href":"https:\/\/biblian.is\/biblian\/wp-json\/wp\/v2\/pages"}],"about":[{"href":"https:\/\/biblian.is\/biblian\/wp-json\/wp\/v2\/types\/page"}],"author":[{"embeddable":true,"href":"https:\/\/biblian.is\/biblian\/wp-json\/wp\/v2\/users\/1"}],"replies":[{"embeddable":true,"href":"https:\/\/biblian.is\/biblian\/wp-json\/wp\/v2\/comments?post=1955"}],"version-history":[{"count":0,"href":"https:\/\/biblian.is\/biblian\/wp-json\/wp\/v2\/pages\/1955\/revisions"}],"wp:attachment":[{"href":"https:\/\/biblian.is\/biblian\/wp-json\/wp\/v2\/media?parent=1955"}],"curies":[{"name":"wp","href":"https:\/\/api.w.org\/{rel}","templated":true}]}}