{"id":1935,"date":"2017-12-30T21:01:00","date_gmt":"2017-12-30T21:01:00","guid":{"rendered":"http:\/\/biblian.is\/biblian\/s%c2%92_ari-konungab%c2%97k-5-kafli\/"},"modified":"2024-02-06T18:26:26","modified_gmt":"2024-02-06T18:26:26","slug":"sidari-konungabok-5-kafli","status":"publish","type":"page","link":"https:\/\/biblian.is\/biblian\/sidari-konungabok-5-kafli\/","title":{"rendered":"S\u00ed\u00f0ari konungab\u00f3k 5. kafli"},"content":{"rendered":"<h3 class=\"millifyrirsogn_2007\"> El\u00edsa og Naaman<\/h3>\n<p><a name=\"1\"><span class=\"versanumer_2007\">1<\/span><\/a> Naaman, hersh\u00f6f\u00f0ingi konungsins \u00ed Aram, var \u00ed miklum metum hj\u00e1 h\u00fasb\u00f3nda s\u00ednum og \u00ed h\u00e1vegum haf\u00f0ur \u00fev\u00ed a\u00f0 Drottinn haf\u00f0i veitt Aram sigur undir stj\u00f3rn hans. \u00deessi ma\u00f0ur var mikil hetja en or\u00f0inn holdsveikur.<br \/> <a name=\"2\"><span class=\"versanumer_2007\">2<\/span><\/a> Einu sinni, \u00feegar Aramear h\u00f6f\u00f0u fari\u00f0 \u00ed r\u00e1nsfer\u00f0, h\u00f6f\u00f0u \u00feeir numi\u00f0 litla st\u00falku \u00e1 brott \u00far \u00cdsraelslandi. H\u00fan var\u00f0 \u00fej\u00f3nustust\u00falka hj\u00e1 konu Naamans. <a name=\"3\"><span class=\"versanumer_2007\">3<\/span><\/a> H\u00fan sag\u00f0i n\u00fa vi\u00f0 h\u00fasm\u00f3\u00f0ur s\u00edna: \u201e\u00dea\u00f0 vildi \u00e9g a\u00f0 h\u00fasb\u00f3ndi minn v\u00e6ri kominn til sp\u00e1mannsins \u00ed Samar\u00edu. Hann mundi l\u00e6kna hann af holdsveikinni.\u201c <a name=\"4\"><span class=\"versanumer_2007\">4<\/span><\/a> Naaman f\u00f3r \u00fe\u00e1 til h\u00fasb\u00f3nda s\u00edns, sk\u00fdr\u00f0i honum fr\u00e1 \u00feessu og sag\u00f0i: \u201eSt\u00falkan fr\u00e1 \u00cdsraelslandi sag\u00f0i sitt af hverju.\u201c <a name=\"5\"><span class=\"versanumer_2007\">5<\/span><\/a> Aramskonungur sag\u00f0i: \u201eFar\u00f0u \u00feanga\u00f0. \u00c9g skal senda br\u00e9f til \u00cdsraelskonungs.\u201c Naaman lag\u00f0i af sta\u00f0 og t\u00f3k me\u00f0 s\u00e9r t\u00edu talentur silfurs, sex \u00fe\u00fasund gullpeninga og t\u00edu vi\u00f0hafnarkl\u00e6\u00f0na\u00f0i. <a name=\"6\"><span class=\"versanumer_2007\">6<\/span><\/a> Hann f\u00e6r\u00f0i \u00cdsraelskonungi br\u00e9fi\u00f0 en \u00fear st\u00f3\u00f0: \u201e\u00deegar \u00feetta br\u00e9f berst \u00fe\u00e9r skaltu vita a\u00f0 \u00e9g hef sent Naaman, \u00fej\u00f3n minn, til \u00fe\u00edn svo a\u00f0 \u00fe\u00fa l\u00e6knir hann af holdsveiki.\u201c<br \/> <a name=\"7\"><span class=\"versanumer_2007\">7<\/span><\/a> \u00deegar \u00cdsraelskonungur haf\u00f0i lesi\u00f0 br\u00e9fi\u00f0 reif hann kl\u00e6\u00f0i s\u00edn og sag\u00f0i: \u201eEr \u00e9g \u00fe\u00e1 Gu\u00f0 sem hefur m\u00e1tt til a\u00f0 dey\u00f0a og l\u00edfga fyrst \u00feessi ma\u00f0ur sendir m\u00e9r bo\u00f0 um a\u00f0 l\u00e6kna mann af holdsveiki? Ef \u00fei\u00f0 hugsi\u00f0 ykkur um hlj\u00f3ti\u00f0 \u00fei\u00f0 a\u00f0 skilja a\u00f0 hann \u00e6tlar a\u00f0 stofna til illdeilna vi\u00f0 mig.\u201c<br \/> <a name=\"8\"><span class=\"versanumer_2007\">8<\/span><\/a> \u00deegar gu\u00f0sma\u00f0urinn El\u00edsa fr\u00e9tti a\u00f0 \u00cdsraelskonungur hef\u00f0i rifi\u00f0 kl\u00e6\u00f0i s\u00edn sendi hann \u00feessi bo\u00f0 til konungsins: \u201eHvers vegna hefur \u00fe\u00fa rifi\u00f0 kl\u00e6\u00f0i \u00fe\u00edn? L\u00e1ttu Naaman koma til m\u00edn og hann mun komast a\u00f0 raun um a\u00f0 til er sp\u00e1ma\u00f0ur \u00ed \u00cdsrael.\u201c <a name=\"9\"><span class=\"versanumer_2007\">9<\/span><\/a> \u00de\u00e1 kom Naaman me\u00f0 hesta s\u00edna og vagn og nam sta\u00f0ar vi\u00f0 dyrnar \u00e1 h\u00fasi El\u00edsa. <a name=\"10\"><span class=\"versanumer_2007\">10<\/span><\/a> El\u00edsa l\u00e9t bo\u00f0bera segja honum: \u201eFar\u00f0u og ba\u00f0a\u00f0u \u00feig sj\u00f6 sinnum \u00ed J\u00f3rdan. \u00de\u00e1 ver\u00f0ur \u00fe\u00fa hreinn og h\u00fa\u00f0 \u00fe\u00edn heilbrig\u00f0.\u201c <a name=\"11\"><span class=\"versanumer_2007\">11<\/span><\/a> \u00deessu reiddist Naaman og f\u00f3r lei\u00f0ar sinnar. S\u00ed\u00f0an sag\u00f0i hann: \u201e\u00c9g h\u00e9lt a\u00f0 hann k\u00e6mi sj\u00e1lfur \u00fat, n\u00e6mi sta\u00f0ar og \u00e1kalla\u00f0i nafn Drottins, Gu\u00f0s s\u00edns, hreyf\u00f0i h\u00f6ndina yfir kaunin og l\u00e6kna\u00f0i mig \u00feannig af holdsveikinni. <a name=\"12\"><span class=\"versanumer_2007\">12<\/span><\/a> Eru Abana og Parpar, flj\u00f3tin vi\u00f0 Damaskus, ekki betri en allt vatn \u00ed \u00cdsrael? Get \u00e9g ekki ba\u00f0a\u00f0 mig \u00ed \u00feeim og or\u00f0i\u00f0 hreinn?\u201c S\u00ed\u00f0an sneri hann s\u00e9r vi\u00f0 og gekk burt rei\u00f0ur.<br \/> <a name=\"13\"><span class=\"versanumer_2007\">13<\/span><\/a> En \u00fej\u00f3nar hans komu til hans og s\u00f6g\u00f0u vi\u00f0 hann: \u201eEf sp\u00e1ma\u00f0urinn hef\u00f0i fali\u00f0 \u00fe\u00e9r erfitt verk hef\u00f0ir \u00fe\u00fa \u00fe\u00e1 ekki unni\u00f0 \u00fea\u00f0? Hv\u00ed \u00fe\u00e1 ekki \u00fea\u00f0 litla sem hann sag\u00f0i: Lauga\u00f0u \u00feig og \u00fe\u00fa ver\u00f0ur hreinn?\u201c<br \/> <a name=\"14\"><span class=\"versanumer_2007\">14<\/span><\/a> Naaman f\u00f3r \u00fe\u00e1 ni\u00f0ur eftir og d\u00fdf\u00f0i s\u00e9r sj\u00f6 sinnum \u00ed flj\u00f3ti\u00f0 J\u00f3rdan samkv\u00e6mt fyrirm\u00e6lum gu\u00f0smannsins. H\u00fa\u00f0 hans var\u00f0 \u00fe\u00e1 heilbrig\u00f0 eins og h\u00fa\u00f0 sm\u00e1barns og hann var\u00f0 hreinn. <a name=\"15\"><span class=\"versanumer_2007\">15<\/span><\/a> Hann sneri n\u00fa aftur til gu\u00f0smannsins \u00e1samt \u00f6llu fylgdarli\u00f0i s\u00ednu, gekk fyrir hann og sag\u00f0i: \u201eN\u00fa veit \u00e9g a\u00f0 hvergi \u00e1 j\u00f6r\u00f0inni er til Gu\u00f0 nema \u00ed \u00cdsrael. \u00deigg n\u00fa gj\u00f6f af \u00fej\u00f3ni \u00fe\u00ednum.\u201c <a name=\"16\"><span class=\"versanumer_2007\">16<\/span><\/a> En hann svara\u00f0i: \u201eSvo sannarlega sem Drottinn, s\u00e1 er \u00e9g \u00fej\u00f3na, lifir mun \u00e9g ekki taka vi\u00f0 neinu.\u201c \u00de\u00f3 a\u00f0 Naaman leg\u00f0i a\u00f0 honum f\u00e6r\u00f0ist hann undan.<br \/> <a name=\"17\"><span class=\"versanumer_2007\">17<\/span><\/a> En Naaman sag\u00f0i: \u201eEf \u00fe\u00fa vilt \u00fea\u00f0 alls ekki, \u00fe\u00e1 l\u00e1ttu f\u00e1 m\u00e9r, \u00fej\u00f3ni \u00fe\u00ednum, mold \u00e1 tvo m\u00falasna \u00fev\u00ed a\u00f0 h\u00e9r eftir mun \u00e9g, \u00fej\u00f3nn \u00feinn, ekki f\u00e6ra brennif\u00f3rnir n\u00e9 sl\u00e1turf\u00f3rnir til annarra gu\u00f0a en Drottins. <a name=\"18\"><span class=\"versanumer_2007\">18<\/span><\/a> En \u00feetta eitt ver\u00f0ur Drottinn a\u00f0 fyrirgefa \u00fej\u00f3ni \u00fe\u00ednum: \u00deegar herra minn gengur \u00ed h\u00fas Rimmons<span class=\"nedan_mal\" title=\" Rimmon var semit\u00edskur storm- og ve\u00f0urgu\u00f0, n\u00e1skyldur Hadad, sbr. Sak 12.11.\">[<\/span> til \u00feess a\u00f0 bi\u00f0jast \u00fear fyrir og hann sty\u00f0ur sig vi\u00f0 handlegg minn, \u00fe\u00e1 ver\u00f0 \u00e9g a\u00f0 kasta m\u00e9r ni\u00f0ur \u00ed h\u00fasi Rimmons um lei\u00f0 og hann kastar s\u00e9r ni\u00f0ur \u00ed h\u00fasi Rimmons. Megi Drottinn fyrirgefa \u00fej\u00f3ni \u00fe\u00ednum \u00feetta.\u201c <a name=\"19\"><span class=\"versanumer_2007\">19<\/span><\/a> El\u00edsa sag\u00f0i vi\u00f0 hann: \u201eFar\u00f0u \u00ed fri\u00f0i.\u201c<br \/>\u00deegar Naaman haf\u00f0i fari\u00f0 nokkurn sp\u00f6l <a name=\"20\"><span class=\"versanumer_2007\">20<\/span><\/a> hugsa\u00f0i Gehas\u00ed, \u00fej\u00f3nn gu\u00f0smannsins El\u00edsa, me\u00f0 s\u00e9r: \u201eH\u00fasb\u00f3ndi minn hefur l\u00e1ti\u00f0 \u00feennan arame\u00edska mann, Naaman, sleppa fullvel me\u00f0 \u00fev\u00ed a\u00f0 \u00feiggja ekki \u00fea\u00f0 sem hann kom me\u00f0. Svo sannarlega sem Drottinn lifir skal \u00e9g hlaupa \u00e1 eftir honum og f\u00e1 eitthva\u00f0 hj\u00e1 honum.\u201c <a name=\"21\"><span class=\"versanumer_2007\">21<\/span><\/a> Gehas\u00ed fl\u00fdtti s\u00e9r n\u00fa \u00e1 eftir Naaman. \u00deegar Naaman s\u00e1 mann koma hlaupandi \u00e1 eftir s\u00e9r halla\u00f0i hann s\u00e9r \u00fat \u00far vagninum a\u00f0 honum og spur\u00f0i: \u201eEr nokku\u00f0 a\u00f0?\u201c <a name=\"22\"><span class=\"versanumer_2007\">22<\/span><\/a> \u201eNei,\u201c svara\u00f0i hann. \u201eH\u00fasb\u00f3ndi minn sendi mig me\u00f0 \u00feessi skilabo\u00f0: R\u00e9tt \u00ed \u00feessu komu til m\u00edn tveir ungir menn, l\u00e6risveinar sp\u00e1manna fr\u00e1 Efra\u00edmsfj\u00f6llum. Gef\u00f0u \u00feeim n\u00fa eina talentu silfurs og tvo h\u00e1t\u00ed\u00f0arkl\u00e6\u00f0na\u00f0i.\u201c <a name=\"23\"><span class=\"versanumer_2007\">23<\/span><\/a> Naaman svara\u00f0i: \u201eGer\u00f0u m\u00e9r \u00feann grei\u00f0a a\u00f0 taka tv\u00e6r.\u201c Hann lag\u00f0i mj\u00f6g a\u00f0 honum, setti tv\u00e6r talentur silfurs \u00ed tvo poka og tvo h\u00e1t\u00ed\u00f0arkl\u00e6\u00f0na\u00f0i. Hann f\u00e9kk \u00feetta tveimur \u00fej\u00f3num s\u00ednum og \u00feeir b\u00e1ru \u00fea\u00f0 \u00e1 undan honum. <a name=\"24\"><span class=\"versanumer_2007\">24<\/span><\/a> \u00deegar Gehas\u00ed var kominn a\u00f0 h\u00e6\u00f0inni t\u00f3k hann gjafirnar af \u00fej\u00f3nunum og faldi \u00fe\u00e6r \u00ed h\u00fasinu. S\u00ed\u00f0an sendi hann mennina burt og \u00feeir f\u00f3ru lei\u00f0ar sinnar.<br \/> <a name=\"25\"><span class=\"versanumer_2007\">25<\/span><\/a> Sj\u00e1lfur gekk hann fyrir El\u00edsa, h\u00fasb\u00f3nda sinn, sem spur\u00f0i: \u201eHvert f\u00f3rst \u00fe\u00fa, Gehas\u00ed?\u201c Hann svara\u00f0i: \u201e\u00dej\u00f3nn \u00feinn hefur hvergi fari\u00f0.\u201c <a name=\"26\"><span class=\"versanumer_2007\">26<\/span><\/a> \u00de\u00e1 sag\u00f0i El\u00edsa vi\u00f0 hann: \u201e\u00c9g fylgdist me\u00f0 \u00ed huganum \u00feegar ma\u00f0ur nokkur sneri s\u00e9r a\u00f0 \u00fe\u00e9r \u00far vagni s\u00ednum. Er kominn t\u00edmi til a\u00f0 afla fj\u00e1r, eignast kl\u00e6\u00f0i, ol\u00eduvi\u00f0arlundi, v\u00edngar\u00f0a, sau\u00f0f\u00e9 og nautgripi, \u00fer\u00e6la og amb\u00e1ttir? <a name=\"27\"><span class=\"versanumer_2007\">27<\/span><\/a> Holdsveiki Naamans skal lo\u00f0a vi\u00f0 \u00feig og ni\u00f0ja \u00fe\u00edna, \u00e6vinlega.\u201c Gehas\u00ed gekk \u00fe\u00e1 \u00fat fr\u00e1 honum hv\u00edtur sem snj\u00f3r af holdsveiki.<\/p>\n","protected":false},"excerpt":{"rendered":"<p>El\u00edsa og Naaman 1 Naaman, hersh\u00f6f\u00f0ingi konungsins \u00ed Aram, var \u00ed miklum metum hj\u00e1 h\u00fasb\u00f3nda s\u00ednum og \u00ed h\u00e1vegum haf\u00f0ur \u00fev\u00ed a\u00f0 Drottinn haf\u00f0i veitt Aram sigur undir stj\u00f3rn hans. \u00deessi ma\u00f0ur var mikil hetja en or\u00f0inn holdsveikur. 2 Einu sinni, \u00feegar Aramear h\u00f6f\u00f0u fari\u00f0 \u00ed r\u00e1nsfer\u00f0, h\u00f6f\u00f0u \u00feeir numi\u00f0 litla st\u00falku \u00e1 brott \u00far \u00cdsraelslandi. H\u00fan var\u00f0 \u00fej\u00f3nustust\u00falka hj\u00e1 konu Naamans. 3 H\u00fan sag\u00f0i n\u00fa vi\u00f0 h\u00fasm\u00f3\u00f0ur s\u00edna: \u201e\u00dea\u00f0 vildi \u00e9g a\u00f0 h\u00fasb\u00f3ndi minn v\u00e6ri kominn til sp\u00e1mannsins \u00ed Samar\u00edu. Hann mundi l\u00e6kna hann af holdsveikinni.\u201c 4 Naaman f\u00f3r \u00fe\u00e1 til h\u00fasb\u00f3nda s\u00edns, sk\u00fdr\u00f0i honum fr\u00e1 \u00feessu og sag\u00f0i: <a href=\"https:\/\/biblian.is\/biblian\/sidari-konungabok-5-kafli\/\"> [&#8230;]<\/a><\/p>\n","protected":false},"author":1,"featured_media":0,"parent":0,"menu_order":0,"comment_status":"open","ping_status":"open","template":"bibliukaflar_NT.php","meta":{"footnotes":""},"class_list":["post-1935","page","type-page","status-publish","hentry"],"_links":{"self":[{"href":"https:\/\/biblian.is\/biblian\/wp-json\/wp\/v2\/pages\/1935","targetHints":{"allow":["GET"]}}],"collection":[{"href":"https:\/\/biblian.is\/biblian\/wp-json\/wp\/v2\/pages"}],"about":[{"href":"https:\/\/biblian.is\/biblian\/wp-json\/wp\/v2\/types\/page"}],"author":[{"embeddable":true,"href":"https:\/\/biblian.is\/biblian\/wp-json\/wp\/v2\/users\/1"}],"replies":[{"embeddable":true,"href":"https:\/\/biblian.is\/biblian\/wp-json\/wp\/v2\/comments?post=1935"}],"version-history":[{"count":0,"href":"https:\/\/biblian.is\/biblian\/wp-json\/wp\/v2\/pages\/1935\/revisions"}],"wp:attachment":[{"href":"https:\/\/biblian.is\/biblian\/wp-json\/wp\/v2\/media?parent=1935"}],"curies":[{"name":"wp","href":"https:\/\/api.w.org\/{rel}","templated":true}]}}