{"id":1922,"date":"2017-12-30T21:01:00","date_gmt":"2017-12-30T21:01:00","guid":{"rendered":"http:\/\/biblian.is\/biblian\/fyrri-konungab%c2%97k-14-kafli\/"},"modified":"2024-02-06T18:26:03","modified_gmt":"2024-02-06T18:26:03","slug":"fyrri-konungabok-14-kafli","status":"publish","type":"page","link":"https:\/\/biblian.is\/biblian\/fyrri-konungabok-14-kafli\/","title":{"rendered":"Fyrri konungab\u00f3k 14. kafli"},"content":{"rendered":"<h3 class=\"millifyrirsogn_2007\"> Ah\u00eda sp\u00e1ma\u00f0ur ford\u00e6mir Jer\u00f3b\u00f3am<\/h3>\n<p><a name=\"1\"><span class=\"versanumer_2007\">1<\/span><\/a> Um \u00feessar mundir veiktist Ab\u00eda, sonur Jer\u00f3b\u00f3ams. <a name=\"2\"><span class=\"versanumer_2007\">2<\/span><\/a> Jer\u00f3b\u00f3am skipa\u00f0i \u00fev\u00ed konu sinni: \u201eTaktu \u00feig upp, dulb\u00fa\u00f0u \u00feig, svo a\u00f0 enginn komist a\u00f0 \u00fev\u00ed a\u00f0 \u00fe\u00fa s\u00e9rt kona Jer\u00f3b\u00f3ams, og far\u00f0u s\u00ed\u00f0an til S\u00edl\u00f3. \u00dear b\u00fdr sp\u00e1ma\u00f0urinn Ah\u00eda sem sag\u00f0i a\u00f0 \u00e9g yr\u00f0i konungur yfir \u00feessari \u00fej\u00f3\u00f0. <a name=\"3\"><span class=\"versanumer_2007\">3<\/span><\/a> Taktu me\u00f0 \u00fe\u00e9r t\u00edu brau\u00f0, k\u00f6kur og hunangskrukku og far\u00f0u til hans. Hann getur sagt \u00fe\u00e9r hvernig drengnum rei\u00f0ir af.\u201c <a name=\"4\"><span class=\"versanumer_2007\">4<\/span><\/a> Kona Jer\u00f3b\u00f3ams ger\u00f0i \u00feetta. H\u00fan lag\u00f0i af sta\u00f0 til S\u00edl\u00f3 og kom \u00ed h\u00fas Ah\u00eda. En Ah\u00eda var blindur \u00fev\u00ed a\u00f0 augu hans voru stir\u00f0nu\u00f0 af elli. <a name=\"5\"><span class=\"versanumer_2007\">5<\/span><\/a> Drottinn haf\u00f0i sagt vi\u00f0 Ah\u00eda: \u201eKona Jer\u00f3b\u00f3ams mun koma til a\u00f0 leita svara hj\u00e1 \u00fe\u00e9r um son sinn sem er veikur. \u00de\u00e1 skalt \u00fe\u00fa svara henni einhverju. En h\u00fan mun l\u00e1tast vera \u00f6nnur en h\u00fan er \u00feegar h\u00fan kemur.\u201c<br \/> <a name=\"6\"><span class=\"versanumer_2007\">6<\/span><\/a> \u00deegar Ah\u00eda heyr\u00f0i f\u00f3tatak hennar n\u00e1lgast dyrnar sag\u00f0i hann: \u201eKomdu inn, kona Jer\u00f3b\u00f3ams. Hvers vegna l\u00e6st \u00fe\u00fa vera \u00f6nnur en \u00fe\u00fa ert? \u00c9g er \u00fe\u00f3 sendur til \u00fe\u00edn me\u00f0 sl\u00e6mar fregnir. <a name=\"7\"><span class=\"versanumer_2007\">7<\/span><\/a> Far\u00f0u og seg\u00f0u vi\u00f0 Jer\u00f3b\u00f3am: Svo segir Drottinn, Gu\u00f0 \u00cdsraels: \u00c9g h\u00f3f \u00feig upp af al\u00fe\u00fd\u00f0u manna og ger\u00f0i \u00feig a\u00f0 h\u00f6f\u00f0ingja yfir \u00fej\u00f3\u00f0 minni, \u00cdsrael. <a name=\"8\"><span class=\"versanumer_2007\">8<\/span><\/a> \u00c9g hrifsa\u00f0i konungd\u00e6mi\u00f0 af \u00e6tt Dav\u00ed\u00f0s og f\u00e9kk \u00fe\u00e9r \u00fea\u00f0. En \u00fe\u00fa hefur ekki veri\u00f0 eins og \u00fej\u00f3nn minn, Dav\u00ed\u00f0, sem h\u00e9lt bo\u00f0 m\u00edn og fylgdi m\u00e9r af heilum hug og ger\u00f0i \u00fea\u00f0 eitt sem r\u00e9tt er \u00ed m\u00ednum augum. <a name=\"9\"><span class=\"versanumer_2007\">9<\/span><\/a> \u00de\u00fa hefur unni\u00f0 verri verk en allir sem \u00e1 undan \u00fe\u00e9r voru, ger\u00f0ir \u00fe\u00e9r a\u00f0ra gu\u00f0i, steyptir l\u00edkneski og vaktir me\u00f0 \u00fev\u00ed rei\u00f0i m\u00edna. \u00de\u00fa hefur sn\u00fai\u00f0 baki vi\u00f0 m\u00e9r. <a name=\"10\"><span class=\"versanumer_2007\">10<\/span><\/a> \u00deess vegna sendi \u00e9g b\u00f6l yfir \u00e6tt Jer\u00f3b\u00f3ams. \u00c9g mun tort\u00edma \u00f6llum karlm\u00f6nnum af \u00e6tt Jer\u00f3b\u00f3ams, til s\u00ed\u00f0asta manns \u00ed \u00cdsrael. \u00c9g mun moka \u00e6tt Jer\u00f3b\u00f3ams \u00fat, eins og fl\u00f3rinn er moka\u00f0ur, \u00fear til ekkert er eftir. <a name=\"11\"><span class=\"versanumer_2007\">11<\/span><\/a> Hundar munu \u00e9ta \u00feann af \u00e6tt Jer\u00f3b\u00f3ams sem deyr \u00ed borginni og fuglar munu sl\u00edta \u00feann sem deyr \u00fati \u00e1 v\u00ed\u00f0avangi, segir Drottinn. <a name=\"12\"><span class=\"versanumer_2007\">12<\/span><\/a> En sj\u00e1lf skalt \u00fe\u00fa b\u00faast til fer\u00f0ar og halda heim til \u00fe\u00edn. \u00deegar \u00fe\u00fa st\u00edgur f\u00e6ti \u00fe\u00ednum inn \u00ed borgina mun drengurinn deyja. <a name=\"13\"><span class=\"versanumer_2007\">13<\/span><\/a> Allur \u00cdsrael mun gr\u00e1ta hann og greftra. Af \u00e6tt Jer\u00f3b\u00f3ams mun hann einn lag\u00f0ur \u00ed gr\u00f6f \u00fev\u00ed a\u00f0 hann er s\u00e1 eini af h\u00fasi Jer\u00f3b\u00f3ams sem Drottinn, Gu\u00f0 \u00cdsraels, hefur fundi\u00f0 nokku\u00f0 gott \u00ed. <a name=\"14\"><span class=\"versanumer_2007\">14<\/span><\/a> Drottinn mun hefja \u00feann til konungs fyrir sig yfir \u00cdsrael sem mun ey\u00f0a \u00e6tt Jer\u00f3b\u00f3ams. <a name=\"15\"><span class=\"versanumer_2007\">15<\/span><\/a> Drottinn mun lj\u00f3sta \u00cdsrael svo a\u00f0 hann mun titra eins og sef \u00ed vatni og hann mun uppr\u00e6ta \u00cdsraelsmenn \u00far \u00feeim g\u00f3\u00f0a jar\u00f0vegi sem hann gaf fe\u00f0rum \u00feeirra og dreifa \u00feeim handan vi\u00f0 Efrat af \u00fev\u00ed a\u00f0 \u00feeir v\u00f6ktu rei\u00f0i Drottins er \u00feeir ger\u00f0u st\u00f3lpa handa As\u00e9ru. <a name=\"16\"><span class=\"versanumer_2007\">16<\/span><\/a> Hann mun framselja \u00cdsrael vegna \u00feeirra synda Jer\u00f3b\u00f3ams sem hann dr\u00fdg\u00f0i sj\u00e1lfur og hinna sem hann kom \u00cdsrael til a\u00f0 dr\u00fdgja.\u201c <a name=\"17\"><span class=\"versanumer_2007\">17<\/span><\/a> Kona Jer\u00f3b\u00f3ams st\u00f3\u00f0 upp og h\u00e9lt af sta\u00f0. \u00deegar h\u00fan kom til Tirsa, og steig yfir \u00fer\u00f6skuld h\u00fassins, d\u00f3 drengurinn. <a name=\"18\"><span class=\"versanumer_2007\">18<\/span><\/a> Allur \u00cdsrael t\u00f3k \u00fe\u00e1tt \u00ed greftrun hans og gr\u00e9t hann eins og Drottinn haf\u00f0i bo\u00f0a\u00f0 fyrir munn Ah\u00eda sp\u00e1manns, \u00fej\u00f3ns s\u00edns.<\/p>\n<h3 class=\"millifyrirsogn_2007\">Dau\u00f0i Jer\u00f3b\u00f3ams<\/h3>\n<p><a name=\"19\"><span class=\"versanumer_2007\">19<\/span><\/a> \u00dea\u00f0 sem \u00f3sagt er af s\u00f6gu Jer\u00f3b\u00f3ams, herna\u00f0i hans og r\u00edkisstj\u00f3rn er skr\u00e1\u00f0 \u00ed ann\u00e1la \u00cdsraelskonunga. <a name=\"20\"><span class=\"versanumer_2007\">20<\/span><\/a> Jer\u00f3b\u00f3am r\u00edkti tuttugu og tv\u00f6 \u00e1r og var s\u00ed\u00f0an lag\u00f0ur til hv\u00edldar hj\u00e1 fe\u00f0rum s\u00ednum. Nadab, sonur hans, var\u00f0 konungur eftir hann.<\/p>\n<h3 class=\"millifyrirsogn_2007\">Rehabeam konungur \u00ed J\u00fada<\/h3>\n<p><a name=\"21\"><span class=\"versanumer_2007\">21<\/span><\/a> Rehabeam, sonur Sal\u00f3mons, var\u00f0 konungur \u00ed J\u00fada \u00feegar hann var fj\u00f6rut\u00edu og eins \u00e1rs a\u00f0 aldri. Hann r\u00edkti sautj\u00e1n \u00e1r \u00ed Jer\u00fasalem, borginni sem Drottinn haf\u00f0i vali\u00f0 \u00far \u00f6llum \u00e6ttb\u00e1lkum \u00cdsraels til \u00feess a\u00f0 l\u00e1ta nafn sitt b\u00faa \u00fear. M\u00f3\u00f0ir hans h\u00e9t Naama og var fr\u00e1 Amm\u00f3n.<br \/> <a name=\"22\"><span class=\"versanumer_2007\">22<\/span><\/a> J\u00fadamenn ger\u00f0u \u00fea\u00f0 sem illt var \u00ed augum Drottins. \u00deeir v\u00f6ktu rei\u00f0i hans enn frekar en fe\u00f0ur \u00feeirra me\u00f0 \u00feeim syndum sem \u00feeir dr\u00fdg\u00f0u. <a name=\"23\"><span class=\"versanumer_2007\">23<\/span><\/a> \u00deeir ger\u00f0u s\u00e9r einnig f\u00f3rnarh\u00e6\u00f0ir og reistu steina og st\u00f3lpa handa As\u00e9ru \u00e1 \u00f6llum h\u00e1um h\u00e6\u00f0um og undir hverju gr\u00e6nu tr\u00e9. <a name=\"24\"><span class=\"versanumer_2007\">24<\/span><\/a> Jafnvel hofsk\u00e6kjur voru \u00ed landinu. J\u00fadamenn t\u00f3ku upp alla vi\u00f0urstyggilega si\u00f0i \u00fej\u00f3\u00f0anna sem Drottinn haf\u00f0i r\u00fdmt \u00far landinu fyrir \u00cdsraelsm\u00f6nnum.<br \/> <a name=\"25\"><span class=\"versanumer_2007\">25<\/span><\/a> \u00c1 fimmta stj\u00f3rnar\u00e1ri Rehabeams konungs h\u00e9lt S\u00edsak, konungur Egypta, \u00ed herf\u00f6r gegn Jer\u00fasalem. <a name=\"26\"><span class=\"versanumer_2007\">26<\/span><\/a> Hann r\u00e6ndi fj\u00e1rsj\u00f3\u00f0um \u00far h\u00fasi Drottins og h\u00f6ll konungs. Hann l\u00e9t greipar s\u00f3pa og r\u00e6ndi einnig \u00f6llum gullskj\u00f6ldunum sem Sal\u00f3mon haf\u00f0i l\u00e1ti\u00f0 gera. <a name=\"27\"><span class=\"versanumer_2007\">27<\/span><\/a> Rehabeam konungur l\u00e9t gera skildi \u00far eir \u00ed \u00feeirra sta\u00f0 og f\u00f3l \u00fe\u00e1 foringjum l\u00edfvar\u00f0arins til var\u00f0veislu en \u00feeir g\u00e6ttu dyranna \u00ed h\u00fasi konungsins. <a name=\"28\"><span class=\"versanumer_2007\">28<\/span><\/a> \u00cd hvert sinn sem konungur gekk \u00ed musteri Drottins b\u00e1ru ver\u00f0irnir skildina en s\u00ed\u00f0an komu \u00feeir \u00feeim aftur fyrir \u00ed herbergi l\u00edfvar\u00f0arins.<br \/> <a name=\"29\"><span class=\"versanumer_2007\">29<\/span><\/a> \u00dea\u00f0 sem \u00f3sagt er af s\u00f6gu Rehabeams og verkum hans er skr\u00e1\u00f0 \u00ed ann\u00e1la J\u00fadakonunga. <a name=\"30\"><span class=\"versanumer_2007\">30<\/span><\/a> Rehabeam og Jer\u00f3b\u00f3am \u00e1ttu s\u00edfellt \u00ed \u00f3fri\u00f0i. <a name=\"31\"><span class=\"versanumer_2007\">31<\/span><\/a> Rehabeam var lag\u00f0ur til hv\u00edldar hj\u00e1 fe\u00f0rum s\u00ednum og grafinn hj\u00e1 \u00feeim \u00ed borg Dav\u00ed\u00f0s. M\u00f3\u00f0ir hans h\u00e9t Naama og var fr\u00e1 Amm\u00f3n. Ab\u00eda, sonur hans, var\u00f0 konungur eftir hann.<\/p>\n","protected":false},"excerpt":{"rendered":"<p>Ah\u00eda sp\u00e1ma\u00f0ur ford\u00e6mir Jer\u00f3b\u00f3am 1 Um \u00feessar mundir veiktist Ab\u00eda, sonur Jer\u00f3b\u00f3ams. 2 Jer\u00f3b\u00f3am skipa\u00f0i \u00fev\u00ed konu sinni: \u201eTaktu \u00feig upp, dulb\u00fa\u00f0u \u00feig, svo a\u00f0 enginn komist a\u00f0 \u00fev\u00ed a\u00f0 \u00fe\u00fa s\u00e9rt kona Jer\u00f3b\u00f3ams, og far\u00f0u s\u00ed\u00f0an til S\u00edl\u00f3. \u00dear b\u00fdr sp\u00e1ma\u00f0urinn Ah\u00eda sem sag\u00f0i a\u00f0 \u00e9g yr\u00f0i konungur yfir \u00feessari \u00fej\u00f3\u00f0. 3 Taktu me\u00f0 \u00fe\u00e9r t\u00edu brau\u00f0, k\u00f6kur og hunangskrukku og far\u00f0u til hans. Hann getur sagt \u00fe\u00e9r hvernig drengnum rei\u00f0ir af.\u201c 4 Kona Jer\u00f3b\u00f3ams ger\u00f0i \u00feetta. H\u00fan lag\u00f0i af sta\u00f0 til S\u00edl\u00f3 og kom \u00ed h\u00fas Ah\u00eda. En Ah\u00eda var blindur \u00fev\u00ed a\u00f0 augu hans voru stir\u00f0nu\u00f0 af <a href=\"https:\/\/biblian.is\/biblian\/fyrri-konungabok-14-kafli\/\"> [&#8230;]<\/a><\/p>\n","protected":false},"author":1,"featured_media":0,"parent":0,"menu_order":0,"comment_status":"open","ping_status":"open","template":"bibliukaflar_NT.php","meta":{"footnotes":""},"class_list":["post-1922","page","type-page","status-publish","hentry"],"_links":{"self":[{"href":"https:\/\/biblian.is\/biblian\/wp-json\/wp\/v2\/pages\/1922","targetHints":{"allow":["GET"]}}],"collection":[{"href":"https:\/\/biblian.is\/biblian\/wp-json\/wp\/v2\/pages"}],"about":[{"href":"https:\/\/biblian.is\/biblian\/wp-json\/wp\/v2\/types\/page"}],"author":[{"embeddable":true,"href":"https:\/\/biblian.is\/biblian\/wp-json\/wp\/v2\/users\/1"}],"replies":[{"embeddable":true,"href":"https:\/\/biblian.is\/biblian\/wp-json\/wp\/v2\/comments?post=1922"}],"version-history":[{"count":0,"href":"https:\/\/biblian.is\/biblian\/wp-json\/wp\/v2\/pages\/1922\/revisions"}],"wp:attachment":[{"href":"https:\/\/biblian.is\/biblian\/wp-json\/wp\/v2\/media?parent=1922"}],"curies":[{"name":"wp","href":"https:\/\/api.w.org\/{rel}","templated":true}]}}