{"id":1899,"date":"2017-12-30T21:00:55","date_gmt":"2017-12-30T21:00:55","guid":{"rendered":"http:\/\/biblian.is\/biblian\/s%c2%92_ari-sam%c2%9celsb%c2%97k-15-kafli\/"},"modified":"2024-02-06T18:29:19","modified_gmt":"2024-02-06T18:29:19","slug":"sidari-samuelsbok-15-kafli","status":"publish","type":"page","link":"https:\/\/biblian.is\/biblian\/sidari-samuelsbok-15-kafli\/","title":{"rendered":"S\u00ed\u00f0ari Sam\u00faelsb\u00f3k 15. kafli"},"content":{"rendered":"<h3 class=\"millifyrirsogn_2007\"> Uppreisn Absalons<\/h3>\n<p><a name=\"1\"><span class=\"versanumer_2007\">1<\/span><\/a> Nokkru s\u00ed\u00f0ar f\u00e9kk Absalon s\u00e9r vagn og hesta og fimmt\u00edu menn sem jafnan hlupu \u00e1 undan honum. <a name=\"2\"><span class=\"versanumer_2007\">2<\/span><\/a> Snemma morguns var hann vanur a\u00f0 standa vi\u00f0 veginn a\u00f0 borgarhli\u00f0inu. Hvert sinn sem einhver f\u00f3r \u00fear um til a\u00f0 leggja m\u00e1l \u00ed d\u00f3m konungs kalla\u00f0i Absalon til hans: \u201eFr\u00e1 hva\u00f0a borg ert \u00fe\u00fa?\u201c \u00deegar hann svara\u00f0i: \u201e\u00dej\u00f3nn \u00feinn er af einum \u00e6ttb\u00e1lki \u00cdsraels,\u201c <a name=\"3\"><span class=\"versanumer_2007\">3<\/span><\/a> sag\u00f0i Absalon vi\u00f0 hann: \u201e\u00de\u00fa hefur g\u00f3\u00f0an og r\u00e9ttan m\u00e1lsta\u00f0 en enginn fulltr\u00fai konungs mun hlusta \u00e1 \u00feig.\u201c <a name=\"4\"><span class=\"versanumer_2007\">4<\/span><\/a> S\u00ed\u00f0an b\u00e6tti Absalon vi\u00f0: \u201eV\u00e6ri \u00e9g skipa\u00f0ur d\u00f3mari \u00ed \u00feessu landi k\u00e6mu allir til m\u00edn sem \u00e6ttu \u00ed deilum e\u00f0a m\u00e1laferlum. \u00c9g s\u00e6i til \u00feess a\u00f0 \u00feeir n\u00e6\u00f0u r\u00e9tti s\u00ednum.\u201c <a name=\"5\"><span class=\"versanumer_2007\">5<\/span><\/a> Hverju sinni, sem einhver kom til hans og \u00e6tla\u00f0i a\u00f0 l\u00fata honum, r\u00e9tti hann \u00fat h\u00f6ndina til a\u00f0 koma \u00ed veg fyrir \u00fea\u00f0 og kyssti hann s\u00ed\u00f0an. <a name=\"6\"><span class=\"versanumer_2007\">6<\/span><\/a> \u00c1 \u00feennan h\u00e1tt kom Absalon fram vi\u00f0 alla \u00fe\u00e1 \u00cdsraelsmenn sem komu til a\u00f0 leggja m\u00e1l fyrir konung og \u00feannig sl\u00e6v\u00f0i hann d\u00f3mgreind \u00cdsraelsmanna.<span class=\"nedan_mal\" title=\" Or\u00f0r\u00e9tt: \u00feannig stal hann hj\u00f6rtum \u00cdsraelsmanna.\">[<\/span> <br \/> <a name=\"7\"><span class=\"versanumer_2007\">7<\/span><\/a> Fj\u00f3rum \u00e1rum s\u00ed\u00f0ar<span class=\"nedan_mal\" title=\" \u00d6nnur hugsanleg \u00fe\u00fd\u00f0ing: fj\u00f6rut\u00edu \u00e1rum.\">[<\/span> sag\u00f0i Absalon einhverju sinni vi\u00f0 konung: \u201eLeyf m\u00e9r a\u00f0 fara til Hebron og standa vi\u00f0 heit sem \u00e9g vann Drottni. <a name=\"8\"><span class=\"versanumer_2007\">8<\/span><\/a> \u00deegar \u00e9g, \u00fej\u00f3nn \u00feinn, bj\u00f3 \u00ed Ges\u00far \u00ed Aram vann \u00e9g svohlj\u00f3\u00f0andi heit: Ef Drottinn flytur mig aftur til Jer\u00fasalem skal \u00e9g halda honum f\u00f3rnarveislu.\u201c <a name=\"9\"><span class=\"versanumer_2007\">9<\/span><\/a> Konungur svara\u00f0i honum: \u201eFar \u00fe\u00fa \u00ed fri\u00f0i.\u201c Hann lag\u00f0i \u00fe\u00e1 af sta\u00f0 og f\u00f3r til Hebron.<br \/> <a name=\"10\"><span class=\"versanumer_2007\">10<\/span><\/a> S\u00ed\u00f0an sendi Absalon menn til allra \u00e6ttb\u00e1lka \u00cdsraels me\u00f0 \u00feessi bo\u00f0: \u201e\u00deegar \u00fei\u00f0 heyri\u00f0 hafurshorni\u00f0 gjalla skulu\u00f0 \u00fei\u00f0 hr\u00f3pa: Absalon er konungur \u00ed Hebron.\u201c<br \/> <a name=\"11\"><span class=\"versanumer_2007\">11<\/span><\/a> Tv\u00f6 hundru\u00f0 manns h\u00f6f\u00f0u fylgt Absalon fr\u00e1 Jer\u00fasalem. \u00deeim var bo\u00f0i\u00f0 \u00ed veisluna og \u00feeir fylgdu honum \u00ed grandaleysi. <a name=\"12\"><span class=\"versanumer_2007\">12<\/span><\/a> \u00cd tilefni af f\u00f3rnarveislunni l\u00e9t Absalon s\u00e6kja Ak\u00edt\u00f3fel fr\u00e1 G\u00edl\u00f3, r\u00e1\u00f0gjafa Dav\u00ed\u00f0s, til G\u00edl\u00f3, heimaborgar hans. \u00deannig magna\u00f0ist sams\u00e6ri\u00f0 og \u00e6 fleiri gengu \u00ed li\u00f0 me\u00f0 Absalon.<\/p>\n<h3 class=\"millifyrirsogn_2007\">Fl\u00f3tti Dav\u00ed\u00f0s<\/h3>\n<p><a name=\"13\"><span class=\"versanumer_2007\">13<\/span><\/a> N\u00fa kom sendibo\u00f0i til Dav\u00ed\u00f0s: \u201e\u00cdsraelsmenn eru or\u00f0nir hli\u00f0hollir Absalon.\u201c <a name=\"14\"><span class=\"versanumer_2007\">14<\/span><\/a> Dav\u00ed\u00f0 sag\u00f0i \u00fe\u00e1 vi\u00f0 alla \u00fej\u00f3na s\u00edna \u00ed Jer\u00fasalem: \u201eKomi\u00f0, vi\u00f0 ver\u00f0um a\u00f0 fl\u00fdja, annars komumst vi\u00f0 ekki undan Absalon. Fl\u00fdti\u00f0 ykkur af sta\u00f0, annars n\u00e6r hann okkur flj\u00f3tt, steypir okkur \u00ed \u00f3g\u00e6fu og brytjar ni\u00f0ur borgarb\u00faa.\u201c <a name=\"15\"><span class=\"versanumer_2007\">15<\/span><\/a> \u00dej\u00f3nar konungs sv\u00f6ru\u00f0u: \u201eVi\u00f0 gerum allt sem herra okkar og konungur \u00e1kve\u00f0ur. Vi\u00f0 erum \u00fej\u00f3nar \u00fe\u00ednir.\u201c<br \/> <a name=\"16\"><span class=\"versanumer_2007\">16<\/span><\/a> Konungur h\u00e9lt \u00fe\u00e1 burt \u00far borginni og \u00f6ll fj\u00f6lskylda hans fylgdi honum. Samt skildi hann t\u00edu hj\u00e1konur eftir til a\u00f0 g\u00e6ta h\u00fassins.<br \/> <a name=\"17\"><span class=\"versanumer_2007\">17<\/span><\/a> Konungur f\u00f3r \u00fat \u00far borginni \u00e1samt \u00f6llum hernum. \u00deeir n\u00e1mu sta\u00f0ar vi\u00f0 ysta h\u00fasi\u00f0 <a name=\"18\"><span class=\"versanumer_2007\">18<\/span><\/a> en allir \u00fej\u00f3nar hans gengu fram hj\u00e1 honum, allir Kretarnir og Pletarnir. Gat\u00edtarnir sex hundru\u00f0, sem h\u00f6f\u00f0u fylgt honum fr\u00e1 Gat, gengu einnig fram hj\u00e1 konunginum. <a name=\"19\"><span class=\"versanumer_2007\">19<\/span><\/a> \u00de\u00e1 sag\u00f0i konungurinn vi\u00f0 Itta\u00ed fr\u00e1 Gat: \u201eHvers vegna \u00e6tlar \u00fe\u00fa einnig a\u00f0 koma me\u00f0 okkur? Sn\u00fa\u00f0u vi\u00f0 og vertu me\u00f0 n\u00fdja konunginum \u00fev\u00ed a\u00f0 \u00fe\u00fa ert \u00fatlendingur og \u00fatl\u00e6gur \u00far heimabygg\u00f0. <a name=\"20\"><span class=\"versanumer_2007\">20<\/span><\/a> \u00de\u00fa komst \u00ed g\u00e6r, \u00e6tti \u00e9g \u00fe\u00e1 \u00ed dag a\u00f0 taka \u00feig me\u00f0 okkur \u00fat \u00ed \u00f3vissuna? \u00c9g ver\u00f0 a\u00f0 fara eitthva\u00f0 en veit ekki hvert. Sn\u00fa\u00f0u vi\u00f0 og taktu landa \u00fe\u00edna me\u00f0 \u00fe\u00e9r og megi Drottinn s\u00fdna \u00fe\u00e9r n\u00e1\u00f0 og tr\u00fafesti.\u201c <a name=\"21\"><span class=\"versanumer_2007\">21<\/span><\/a> Itta\u00ed svara\u00f0i konungi og sag\u00f0i: \u201eSvo sannarlega sem Drottinn lifir og svo sannarlega sem herra minn, konungurinn, lifir, \u00fe\u00e1 mun \u00fej\u00f3nn \u00feinn einnig ver\u00f0a \u00fear sem herra minn, konungurinn, ver\u00f0ur, hvort sem \u00fea\u00f0 ver\u00f0ur til dau\u00f0a e\u00f0a l\u00edfs.\u201c <a name=\"22\"><span class=\"versanumer_2007\">22<\/span><\/a> \u00de\u00e1 sag\u00f0i Dav\u00ed\u00f0 vi\u00f0 Itta\u00ed: \u201eHaltu \u00fe\u00e1 \u00e1fram og gakktu fram hj\u00e1.\u201c<br \/>Itta\u00ed fr\u00e1 Gat gekk \u00fe\u00e1 fram hj\u00e1 \u00e1samt \u00f6llum m\u00f6nnum s\u00ednum sem h\u00f6f\u00f0u farangur sinn me\u00f0 s\u00e9r.<span class=\"nedan_mal\" title=\" \u00d6nnur hugsanleg \u00fe\u00fd\u00f0ing: og fj\u00f6lskyldum \u00feeirra.\">[<\/span> <a name=\"23\"><span class=\"versanumer_2007\">23<\/span><\/a> Allir h\u00e1gr\u00e9tu, \u00feegar herinn gekk fram hj\u00e1 konunginum. S\u00ed\u00f0an f\u00f3r konungur yfir Kedrondal og allur herinn h\u00e9lt veginn \u00fat \u00ed ey\u00f0im\u00f6rkina.<br \/> <a name=\"24\"><span class=\"versanumer_2007\">24<\/span><\/a> Sad\u00f3k var \u00fearna einnig \u00e1samt Lev\u00edtunum sem b\u00e1ru \u00f6rk s\u00e1ttm\u00e1la Gu\u00f0s. \u00deegar \u00feeir h\u00f6f\u00f0u komi\u00f0 \u00f6rk Gu\u00f0s fyrir f\u00e6r\u00f0i Abjatar brennif\u00f3rnir \u00fear til allt f\u00f3lki\u00f0 var fari\u00f0 \u00far borginni.<br \/> <a name=\"25\"><span class=\"versanumer_2007\">25<\/span><\/a> Konungur sag\u00f0i vi\u00f0 Sad\u00f3k: \u201eFar\u00f0u aftur me\u00f0 \u00f6rk Gu\u00f0s til borgarinnar. Ef Drottinn telur mig ver\u00f0an velvildar sinnar flytur hann mig \u00feanga\u00f0 aftur og leyfir m\u00e9r \u00e1 n\u00fd a\u00f0 sj\u00e1 \u00f6rk Gu\u00f0s og b\u00fasta\u00f0 hennar. <a name=\"26\"><span class=\"versanumer_2007\">26<\/span><\/a> En segi hann: \u00de\u00fa ert m\u00e9r ekki lengur k\u00e6r, \u00fe\u00e1 mun hann fara me\u00f0 mig eins og hann vill.\u201c <a name=\"27\"><span class=\"versanumer_2007\">27<\/span><\/a> Enn fremur sag\u00f0i konungur vi\u00f0 Sad\u00f3k prest: \u201eSkilur\u00f0u hvernig \u00feessu er h\u00e1tta\u00f0? Far\u00f0u \u00ed fri\u00f0i aftur til borgarinnar. Ak\u00edmaas, sonur \u00feinn, og J\u00f3natan, sonur Abjatars, eiga b\u00e1\u00f0ir a\u00f0 fara me\u00f0 ykkur. <a name=\"28\"><span class=\"versanumer_2007\">28<\/span><\/a> Taki\u00f0 eftir \u00feessu: \u00c9g mun b\u00ed\u00f0a vi\u00f0 v\u00f6\u00f0in yfir til ey\u00f0imerkurinnar \u00fear til fr\u00e9ttir koma fr\u00e1 ykkur.\u201c<br \/> <a name=\"29\"><span class=\"versanumer_2007\">29<\/span><\/a> Sad\u00f3k og Abjatar fluttu \u00fe\u00e1 \u00f6rk Gu\u00f0s aftur til Jer\u00fasalem og voru \u00fear um kyrrt.<br \/> <a name=\"30\"><span class=\"versanumer_2007\">30<\/span><\/a> N\u00fa gekk Dav\u00ed\u00f0 gr\u00e1tandi og me\u00f0 huldu h\u00f6f\u00f0i upp \u00e1 Ol\u00edufjalli\u00f0. Hann var berf\u00e6ttur og allt f\u00f3lki\u00f0, sem fylgdi honum, huldi h\u00f6fu\u00f0 sitt og gekk gr\u00e1tandi upp eftir. <a name=\"31\"><span class=\"versanumer_2007\">31<\/span><\/a> Dav\u00ed\u00f0 var n\u00fa tilkynnt: \u201eAk\u00edt\u00f3fel er me\u00f0al \u00feeirra sem hafa gert sams\u00e6ri me\u00f0 Absalon.\u201c \u00de\u00e1 sag\u00f0i hann: \u201eDrottinn, sn\u00fa\u00f0u r\u00e1\u00f0i Ak\u00edt\u00f3fels \u00ed \u00f3r\u00e1\u00f0.\u201c<br \/> <a name=\"32\"><span class=\"versanumer_2007\">32<\/span><\/a> \u00deegar Dav\u00ed\u00f0 var kominn upp \u00e1 fjallstindinn, \u00fear sem si\u00f0ur er a\u00f0 menn falli fram fyrir Gu\u00f0i, kom Ark\u00edtinn H\u00fasa\u00ed \u00f3v\u00e6nt \u00e1 m\u00f3ti honum \u00ed rifnum kl\u00e6\u00f0um og haf\u00f0i ausi\u00f0 mold \u00e1 h\u00f6fu\u00f0 s\u00e9r. <a name=\"33\"><span class=\"versanumer_2007\">33<\/span><\/a> Dav\u00ed\u00f0 sag\u00f0i vi\u00f0 hann: \u201eEf \u00fe\u00fa kemur me\u00f0 m\u00e9r ver\u00f0ur \u00fe\u00fa a\u00f0eins til trafala. <a name=\"34\"><span class=\"versanumer_2007\">34<\/span><\/a> En \u00fe\u00fa getur kollvarpa\u00f0 r\u00e1\u00f0abruggi Ak\u00edt\u00f3fels ef \u00fe\u00fa fer\u00f0 inn \u00ed borgina og segir vi\u00f0 Absalon: \u201eKonungur, \u00e9g vil gerast \u00fej\u00f3nn \u00feinn. \u00c1\u00f0ur var \u00e9g \u00fej\u00f3nn f\u00f6\u00f0ur \u00fe\u00edns en n\u00fa vil \u00e9g gerast \u00fej\u00f3nn \u00feinn.\u201c <a name=\"35\"><span class=\"versanumer_2007\">35<\/span><\/a> Prestarnir Sad\u00f3k og Abjatar ver\u00f0a \u00fearna hj\u00e1 \u00fe\u00e9r. Allt, sem \u00fe\u00fa fr\u00e9ttir vi\u00f0 hir\u00f0 konungsins, skaltu segja prestunum Sad\u00f3k og Abjatar. <a name=\"36\"><span class=\"versanumer_2007\">36<\/span><\/a> \u00deeir hafa syni s\u00edna \u00fearna hj\u00e1 s\u00e9r, Ak\u00edmaas Sad\u00f3ksson og J\u00f3natan Abjatarsson. Allt, sem \u00fei\u00f0 heyri\u00f0 fr\u00e9ttn\u00e6mt, skulu\u00f0 \u00fei\u00f0 l\u00e1ta mig vita me\u00f0 \u00feeim.\u201c <a name=\"37\"><span class=\"versanumer_2007\">37<\/span><\/a> H\u00fasa\u00ed, vinur Dav\u00ed\u00f0s, kom til borgarinnar \u00ed sama mund og Absalon h\u00e9lt inn \u00ed Jer\u00fasalem.<\/p>\n","protected":false},"excerpt":{"rendered":"<p>Uppreisn Absalons 1 Nokkru s\u00ed\u00f0ar f\u00e9kk Absalon s\u00e9r vagn og hesta og fimmt\u00edu menn sem jafnan hlupu \u00e1 undan honum. 2 Snemma morguns var hann vanur a\u00f0 standa vi\u00f0 veginn a\u00f0 borgarhli\u00f0inu. Hvert sinn sem einhver f\u00f3r \u00fear um til a\u00f0 leggja m\u00e1l \u00ed d\u00f3m konungs kalla\u00f0i Absalon til hans: \u201eFr\u00e1 hva\u00f0a borg ert \u00fe\u00fa?\u201c \u00deegar hann svara\u00f0i: \u201e\u00dej\u00f3nn \u00feinn er af einum \u00e6ttb\u00e1lki \u00cdsraels,\u201c 3 sag\u00f0i Absalon vi\u00f0 hann: \u201e\u00de\u00fa hefur g\u00f3\u00f0an og r\u00e9ttan m\u00e1lsta\u00f0 en enginn fulltr\u00fai konungs mun hlusta \u00e1 \u00feig.\u201c 4 S\u00ed\u00f0an b\u00e6tti Absalon vi\u00f0: \u201eV\u00e6ri \u00e9g skipa\u00f0ur d\u00f3mari \u00ed \u00feessu landi k\u00e6mu allir til m\u00edn <a href=\"https:\/\/biblian.is\/biblian\/sidari-samuelsbok-15-kafli\/\"> [&#8230;]<\/a><\/p>\n","protected":false},"author":1,"featured_media":0,"parent":0,"menu_order":0,"comment_status":"open","ping_status":"open","template":"bibliukaflar_NT.php","meta":{"footnotes":""},"class_list":["post-1899","page","type-page","status-publish","hentry"],"_links":{"self":[{"href":"https:\/\/biblian.is\/biblian\/wp-json\/wp\/v2\/pages\/1899","targetHints":{"allow":["GET"]}}],"collection":[{"href":"https:\/\/biblian.is\/biblian\/wp-json\/wp\/v2\/pages"}],"about":[{"href":"https:\/\/biblian.is\/biblian\/wp-json\/wp\/v2\/types\/page"}],"author":[{"embeddable":true,"href":"https:\/\/biblian.is\/biblian\/wp-json\/wp\/v2\/users\/1"}],"replies":[{"embeddable":true,"href":"https:\/\/biblian.is\/biblian\/wp-json\/wp\/v2\/comments?post=1899"}],"version-history":[{"count":0,"href":"https:\/\/biblian.is\/biblian\/wp-json\/wp\/v2\/pages\/1899\/revisions"}],"wp:attachment":[{"href":"https:\/\/biblian.is\/biblian\/wp-json\/wp\/v2\/media?parent=1899"}],"curies":[{"name":"wp","href":"https:\/\/api.w.org\/{rel}","templated":true}]}}