{"id":1895,"date":"2017-12-30T21:00:50","date_gmt":"2017-12-30T21:00:50","guid":{"rendered":"http:\/\/biblian.is\/biblian\/s%c2%92_ari-sam%c2%9celsb%c2%97k-11-kafli\/"},"modified":"2024-02-06T18:29:16","modified_gmt":"2024-02-06T18:29:16","slug":"sidari-samuelsbok-11-kafli","status":"publish","type":"page","link":"https:\/\/biblian.is\/biblian\/sidari-samuelsbok-11-kafli\/","title":{"rendered":"S\u00ed\u00f0ari Sam\u00faelsb\u00f3k 11. kafli"},"content":{"rendered":"<h3 class=\"millifyrirsogn_2007\"> Dav\u00ed\u00f0 og Batseba<\/h3>\n<p><a name=\"1\"><span class=\"versanumer_2007\">1<\/span><\/a> Um \u00e1ram\u00f3t, \u00feegar konunga er si\u00f0ur a\u00f0 fara \u00ed herna\u00f0, sendi Dav\u00ed\u00f0 menn s\u00edna og allan \u00cdsrael \u00ed lei\u00f0angur undir stj\u00f3rn J\u00f3abs. \u00deeir eyddu land Amm\u00f3n\u00edta og settust um Rabba en Dav\u00ed\u00f0 h\u00e9lt kyrru fyrir \u00ed Jer\u00fasalem.<br \/> <a name=\"2\"><span class=\"versanumer_2007\">2<\/span><\/a> Kv\u00f6ld eitt reis Dav\u00ed\u00f0 \u00far rekkju sinni og f\u00f3r a\u00f0 ganga um \u00e1 \u00feaki konungshallarinnar. \u00deegar honum var\u00f0 liti\u00f0 ofan af \u00feakinu s\u00e1 hann konu vera a\u00f0 ba\u00f0a sig. Konan var forkunnarf\u00f6gur. <a name=\"3\"><span class=\"versanumer_2007\">3<\/span><\/a> Dav\u00ed\u00f0 sendi n\u00fa mann og l\u00e9t hann spyrjast fyrir um konuna. Sendima\u00f0urinn tilkynnti: \u201e\u00deetta er Batseba El\u00edamsd\u00f3ttir, eiginkona Het\u00edtans \u00dar\u00eda.\u201c <a name=\"4\"><span class=\"versanumer_2007\">4<\/span><\/a> Dav\u00ed\u00f0 sendi n\u00fa menn til a\u00f0 s\u00e6kja hana. H\u00fan kom til hans og hann lag\u00f0ist me\u00f0 henni en h\u00fan haf\u00f0i einmitt veri\u00f0 a\u00f0 hreinsa sig af \u00f3hreinleika s\u00ednum. S\u00ed\u00f0an f\u00f3r h\u00fan aftur heim. <a name=\"5\"><span class=\"versanumer_2007\">5<\/span><\/a> Konan var\u00f0 \u00feungu\u00f0 og sendi \u00fev\u00ed mann til Dav\u00ed\u00f0s me\u00f0 \u00feessi skilabo\u00f0: \u201e\u00c9g er me\u00f0 barni.\u201c<br \/> <a name=\"6\"><span class=\"versanumer_2007\">6<\/span><\/a> Dav\u00ed\u00f0 sendi \u00fe\u00e1 J\u00f3ab \u00feessi bo\u00f0: \u201eL\u00e1ttu Het\u00edtann \u00dar\u00eda koma til m\u00edn,\u201c og J\u00f3ab sendi \u00dar\u00eda til Dav\u00ed\u00f0s. <a name=\"7\"><span class=\"versanumer_2007\">7<\/span><\/a> \u00deegar \u00dar\u00eda kom til hans spur\u00f0i Dav\u00ed\u00f0 um l\u00ed\u00f0an J\u00f3abs og hersins og um gang str\u00ed\u00f0sins. <a name=\"8\"><span class=\"versanumer_2007\">8<\/span><\/a> S\u00ed\u00f0an sag\u00f0i Dav\u00ed\u00f0 vi\u00f0 \u00dar\u00eda: \u201eFar\u00f0u n\u00fa heim til \u00fe\u00edn og \u00fevo\u00f0u ryki\u00f0 af f\u00f3tum \u00fe\u00ednum.\u201c \u00dar\u00eda hvarf \u00fe\u00e1 brott \u00far h\u00f6llinni og var gj\u00f6f fr\u00e1 konungi send \u00e1 eftir honum.<br \/> <a name=\"9\"><span class=\"versanumer_2007\">9<\/span><\/a> En \u00dar\u00eda lag\u00f0ist vi\u00f0 hallardyrnar \u00e1 me\u00f0al annarra \u00fej\u00f3na herra s\u00edns og f\u00f3r ekki heim til s\u00edn. <a name=\"10\"><span class=\"versanumer_2007\">10<\/span><\/a> Dav\u00ed\u00f0 var tilkynnt \u00feetta me\u00f0 \u00feessum or\u00f0um: \u201e\u00dar\u00eda er ekki farinn heim til s\u00edn.\u201c \u00de\u00e1 spur\u00f0i Dav\u00ed\u00f0 \u00dar\u00eda: \u201eErtu ekki n\u00fdkominn \u00far fer\u00f0alagi? Hvers vegna fer\u00f0u ekki heim til \u00fe\u00edn?\u201c <a name=\"11\"><span class=\"versanumer_2007\">11<\/span><\/a> \u00dar\u00eda svara\u00f0i Dav\u00ed\u00f0: \u201e\u00d6rkin, \u00cdsrael og J\u00fada b\u00faa n\u00fa \u00ed hreysum og yfirma\u00f0ur minn, J\u00f3ab, og menn herra m\u00edns hafa tjalda\u00f0 \u00fati \u00e1 v\u00ed\u00f0avangi. \u00c1 \u00e9g \u00fe\u00e1 a\u00f0 fara heim til m\u00edn til \u00feess a\u00f0 matast og drekka og liggja me\u00f0 konu minni? Svo sannarlega sem \u00fe\u00fa lifir og l\u00edf er \u00ed \u00e6\u00f0um \u00fe\u00ednum geri \u00e9g \u00feetta ekki.\u201c<br \/> <a name=\"12\"><span class=\"versanumer_2007\">12<\/span><\/a> \u00de\u00e1 svara\u00f0i Dav\u00ed\u00f0 \u00dar\u00eda: \u201eVertu \u00fe\u00e1 h\u00e9r \u00ed dag en \u00e1 morgun sendi \u00e9g \u00feig fr\u00e1 m\u00e9r.\u201c \u00dar\u00eda var \u00fev\u00ed um kyrrt \u00ed Jer\u00fasalem \u00feennan dag. Daginn eftir <a name=\"13\"><span class=\"versanumer_2007\">13<\/span><\/a> bau\u00f0 Dav\u00ed\u00f0 honum til s\u00edn og mata\u00f0ist me\u00f0 honum. Hann h\u00e9lt a\u00f0 honum drykk svo a\u00f0 \u00dar\u00eda var\u00f0 drukkinn. Um kv\u00f6ldi\u00f0 f\u00f3r hann samt til \u00fej\u00f3na herra s\u00edns og lag\u00f0ist til svefns \u00e1 s\u00ednum sta\u00f0 me\u00f0al \u00fej\u00f3na herra s\u00edns \u00ed sta\u00f0 \u00feess a\u00f0 fara heim til s\u00edn.<\/p>\n<h3 class=\"millifyrirsogn_2007\">Launr\u00e1\u00f0 gegn \u00dar\u00eda<\/h3>\n<p><a name=\"14\"><span class=\"versanumer_2007\">14<\/span><\/a> Morguninn eftir skrifa\u00f0i Dav\u00ed\u00f0 J\u00f3ab br\u00e9f og sendi \u00fea\u00f0 me\u00f0 \u00dar\u00eda. <a name=\"15\"><span class=\"versanumer_2007\">15<\/span><\/a> \u00cd br\u00e9finu st\u00f3\u00f0: \u201eSettu \u00dar\u00eda \u00ed fremstu v\u00edgl\u00ednu \u00fear sem bardaginn er har\u00f0astur. H\u00f6rfi\u00f0 s\u00ed\u00f0an fr\u00e1 honum svo a\u00f0 hann falli og t\u00fdni l\u00edfi.\u201c<br \/> <a name=\"16\"><span class=\"versanumer_2007\">16<\/span><\/a> J\u00f3ab fylgdist me\u00f0 \u00fev\u00ed sem ger\u00f0ist \u00ed borginni og sendi \u00dar\u00eda \u00feanga\u00f0 sem hann vissi a\u00f0 s\u00e9rlega sterkir hermenn voru fyrir. <a name=\"17\"><span class=\"versanumer_2007\">17<\/span><\/a> \u00deegar mennirnir r\u00e9\u00f0ust \u00fat \u00far borginni og r\u00e9\u00f0ust \u00e1 J\u00f3ab f\u00e9llu nokkrir af herm\u00f6nnum Dav\u00ed\u00f0s. Me\u00f0al \u00feeirra sem l\u00e9tu l\u00edfi\u00f0 var Het\u00edtinn \u00dar\u00eda.<br \/> <a name=\"18\"><span class=\"versanumer_2007\">18<\/span><\/a> J\u00f3ab sendi n\u00fa sendibo\u00f0a til Dav\u00ed\u00f0s til a\u00f0 sk\u00fdra honum fr\u00e1 gangi bardagans <a name=\"19\"><span class=\"versanumer_2007\">19<\/span><\/a> og lag\u00f0i \u00e1herslu \u00e1 \u00feetta: \u201e\u00deegar \u00fe\u00fa hefur sagt konungi fr\u00e1 sem greinilegast <a name=\"20\"><span class=\"versanumer_2007\">20<\/span><\/a> m\u00e1 vera a\u00f0 hann rei\u00f0ist og segi: Hvers vegna \u00feurftu\u00f0 \u00fei\u00f0 a\u00f0 berjast svona n\u00e6rri borginni? G\u00e1tu\u00f0 \u00fei\u00f0 ekki b\u00faist vi\u00f0 skotum ofan af m\u00farnum? <a name=\"21\"><span class=\"versanumer_2007\">21<\/span><\/a> Hver drap Ab\u00edmelek Jer\u00fabbesetsson? Var \u00fea\u00f0 ekki kona sem henti kvarnarsteini \u00e1 hann ofan af borgarm\u00farnum \u00ed Tebes svo a\u00f0 hann d\u00f3? Hv\u00ed f\u00f3ru\u00f0 \u00fei\u00f0 svo n\u00e6rri borgarm\u00farnum? \u00de\u00e1 skaltu svara: \u00dej\u00f3nn \u00feinn, Het\u00edtinn \u00dar\u00eda, var me\u00f0al \u00feeirra sem f\u00e9llu.\u201c<br \/> <a name=\"22\"><span class=\"versanumer_2007\">22<\/span><\/a> Sendibo\u00f0inn f\u00f3r og tilkynnti Dav\u00ed\u00f0 allt sem J\u00f3ab haf\u00f0i fyrir hann lagt og <a name=\"23\"><span class=\"versanumer_2007\">23<\/span><\/a> sag\u00f0i vi\u00f0 Dav\u00ed\u00f0: \u201eAf \u00fev\u00ed a\u00f0 andst\u00e6\u00f0ingarnir voru \u00f6flugri en vi\u00f0 r\u00e9\u00f0ust \u00feeir \u00e1 okkur \u00fati \u00e1 vellinum en okkur t\u00f3kst a\u00f0 hrekja \u00fe\u00e1 aftur a\u00f0 borgarhli\u00f0inu. <a name=\"24\"><span class=\"versanumer_2007\">24<\/span><\/a> \u00de\u00e1 t\u00f3ku skytturnar a\u00f0 skj\u00f3ta \u00e1 menn \u00fe\u00edna ofan af borgarm\u00farnum og felldu \u00fe\u00e6r nokkra af m\u00f6nnum konungs. \u00dej\u00f3nn \u00feinn, Het\u00edtinn \u00dar\u00eda, var \u00e1 me\u00f0al \u00feeirra sem f\u00e9llu.\u201c<br \/> <a name=\"25\"><span class=\"versanumer_2007\">25<\/span><\/a> \u00de\u00e1 sag\u00f0i Dav\u00ed\u00f0 vi\u00f0 sendibo\u00f0ann: \u201eBer\u00f0u J\u00f3ab eftirfarandi skilabo\u00f0: L\u00e1ttu \u00feetta ekki \u00e1 \u00feig f\u00e1 \u00fev\u00ed a\u00f0 sver\u00f0i\u00f0 b\u00edtur til bana hvern sem vera skal. En hertu \u00e1r\u00e1sina \u00e1 borgina, legg\u00f0u hana \u00ed r\u00fast, og teldu \u00feannig kjark \u00ed hann.\u201c<br \/> <a name=\"26\"><span class=\"versanumer_2007\">26<\/span><\/a> \u00deegar eiginkona \u00dar\u00eda fr\u00e9tti a\u00f0 \u00dar\u00eda, ma\u00f0ur hennar, v\u00e6ri fallinn syrg\u00f0i h\u00fan hann. <a name=\"27\"><span class=\"versanumer_2007\">27<\/span><\/a> \u00deegar sorgart\u00edminn var li\u00f0inn l\u00e9t Dav\u00ed\u00f0 s\u00e6kja hana og flytja \u00ed h\u00fas sitt. H\u00fan var\u00f0 eiginkona hans og f\u00e6ddi honum son.<br \/>En \u00fea\u00f0 sem Dav\u00ed\u00f0 haf\u00f0i gert var illt \u00ed augum Drottins.<\/p>\n","protected":false},"excerpt":{"rendered":"<p>Dav\u00ed\u00f0 og Batseba 1 Um \u00e1ram\u00f3t, \u00feegar konunga er si\u00f0ur a\u00f0 fara \u00ed herna\u00f0, sendi Dav\u00ed\u00f0 menn s\u00edna og allan \u00cdsrael \u00ed lei\u00f0angur undir stj\u00f3rn J\u00f3abs. \u00deeir eyddu land Amm\u00f3n\u00edta og settust um Rabba en Dav\u00ed\u00f0 h\u00e9lt kyrru fyrir \u00ed Jer\u00fasalem. 2 Kv\u00f6ld eitt reis Dav\u00ed\u00f0 \u00far rekkju sinni og f\u00f3r a\u00f0 ganga um \u00e1 \u00feaki konungshallarinnar. \u00deegar honum var\u00f0 liti\u00f0 ofan af \u00feakinu s\u00e1 hann konu vera a\u00f0 ba\u00f0a sig. Konan var forkunnarf\u00f6gur. 3 Dav\u00ed\u00f0 sendi n\u00fa mann og l\u00e9t hann spyrjast fyrir um konuna. Sendima\u00f0urinn tilkynnti: \u201e\u00deetta er Batseba El\u00edamsd\u00f3ttir, eiginkona Het\u00edtans \u00dar\u00eda.\u201c 4 Dav\u00ed\u00f0 sendi n\u00fa menn <a href=\"https:\/\/biblian.is\/biblian\/sidari-samuelsbok-11-kafli\/\"> [&#8230;]<\/a><\/p>\n","protected":false},"author":1,"featured_media":0,"parent":0,"menu_order":0,"comment_status":"open","ping_status":"open","template":"bibliukaflar_NT.php","meta":{"footnotes":""},"class_list":["post-1895","page","type-page","status-publish","hentry"],"_links":{"self":[{"href":"https:\/\/biblian.is\/biblian\/wp-json\/wp\/v2\/pages\/1895","targetHints":{"allow":["GET"]}}],"collection":[{"href":"https:\/\/biblian.is\/biblian\/wp-json\/wp\/v2\/pages"}],"about":[{"href":"https:\/\/biblian.is\/biblian\/wp-json\/wp\/v2\/types\/page"}],"author":[{"embeddable":true,"href":"https:\/\/biblian.is\/biblian\/wp-json\/wp\/v2\/users\/1"}],"replies":[{"embeddable":true,"href":"https:\/\/biblian.is\/biblian\/wp-json\/wp\/v2\/comments?post=1895"}],"version-history":[{"count":0,"href":"https:\/\/biblian.is\/biblian\/wp-json\/wp\/v2\/pages\/1895\/revisions"}],"wp:attachment":[{"href":"https:\/\/biblian.is\/biblian\/wp-json\/wp\/v2\/media?parent=1895"}],"curies":[{"name":"wp","href":"https:\/\/api.w.org\/{rel}","templated":true}]}}