{"id":1891,"date":"2017-12-30T21:00:50","date_gmt":"2017-12-30T21:00:50","guid":{"rendered":"http:\/\/biblian.is\/biblian\/s%c2%92_ari-sam%c2%9celsb%c2%97k-7-kafli\/"},"modified":"2024-02-06T18:29:28","modified_gmt":"2024-02-06T18:29:28","slug":"sidari-samuelsbok-7-kafli","status":"publish","type":"page","link":"https:\/\/biblian.is\/biblian\/sidari-samuelsbok-7-kafli\/","title":{"rendered":"S\u00ed\u00f0ari Sam\u00faelsb\u00f3k 7. kafli"},"content":{"rendered":"<h3 class=\"millifyrirsogn_2007\"> Fyrirheit um \u00e6varandi konungd\u00f3m<\/h3>\n<p><a name=\"1\"><span class=\"versanumer_2007\">1<\/span><\/a> \u00deegar konungur var sestur a\u00f0 \u00ed h\u00fasi s\u00ednu og Drottinn haf\u00f0i veitt honum fri\u00f0 vi\u00f0 alla \u00f3vini umhverfis <a name=\"2\"><span class=\"versanumer_2007\">2<\/span><\/a> sag\u00f0i hann vi\u00f0 Natan sp\u00e1mann: \u201e\u00de\u00fa s\u00e9r\u00f0 a\u00f0 \u00e9g b\u00fd \u00ed h\u00fasi \u00far sedrusvi\u00f0i en \u00f6rk Gu\u00f0s b\u00fdr \u00ed tjaldi.\u201c <a name=\"3\"><span class=\"versanumer_2007\">3<\/span><\/a> Natan svara\u00f0i konungi: \u201eGer\u00f0u \u00fea\u00f0 sem \u00fe\u00fa hefur \u00ed huga \u00e1n \u00feess a\u00f0 hika \u00fev\u00ed a\u00f0 Drottinn er me\u00f0 \u00fe\u00e9r.\u201c<br \/> <a name=\"4\"><span class=\"versanumer_2007\">4<\/span><\/a> \u00de\u00e1 um n\u00f3ttina kom or\u00f0 Drottins til Natans:<br \/> <a name=\"5\"><span class=\"versanumer_2007\">5<\/span><\/a> \u201eFar\u00f0u og seg\u00f0u vi\u00f0 \u00fej\u00f3n minn, Dav\u00ed\u00f0: Svo segir Drottinn: \u00c6tlar \u00fe\u00fa a\u00f0 reisa m\u00e9r h\u00fas a\u00f0 b\u00faa \u00ed? <a name=\"6\"><span class=\"versanumer_2007\">6<\/span><\/a> Fr\u00e1 \u00feeim degi er \u00e9g leiddi \u00cdsraelsmenn \u00fat \u00far Egyptalandi og til \u00feessa dags hef \u00e9g ekki b\u00fai\u00f0 \u00ed h\u00fasi heldur fer\u00f0ast um og b\u00fai\u00f0 \u00ed tjaldi. <a name=\"7\"><span class=\"versanumer_2007\">7<\/span><\/a> Hef \u00e9g nokkurn t\u00edma spurt einhvern af lei\u00f0togum \u00cdsraels sem \u00e9g setti sem hir\u00f0a \u00fej\u00f3\u00f0ar minnar \u00feann t\u00edma sem \u00e9g hef veri\u00f0 \u00e1 fer\u00f0 me\u00f0 \u00cdsraelsm\u00f6nnum: Hvers vegna hafi\u00f0 \u00fei\u00f0 ekki byggt m\u00e9r h\u00fas \u00far sedrusvi\u00f0i? <a name=\"8\"><span class=\"versanumer_2007\">8<\/span><\/a> \u00deess vegna skaltu n\u00fa segja vi\u00f0 \u00fej\u00f3n minn, Dav\u00ed\u00f0: Svo segir Drottinn allsherjar: \u00c9g s\u00f3tti \u00feig \u00ed haglendi\u00f0 \u00fear sem \u00fe\u00fa g\u00e6ttir fj\u00e1r og ger\u00f0i \u00feig a\u00f0 h\u00f6f\u00f0ingja yfir \u00fej\u00f3\u00f0 minni, \u00cdsrael. <a name=\"9\"><span class=\"versanumer_2007\">9<\/span><\/a> \u00c9g hef veri\u00f0 me\u00f0 \u00fe\u00e9r \u00e1 \u00f6llum fer\u00f0um \u00fe\u00ednum og tort\u00edmt \u00f6llum \u00f3vinum \u00fe\u00ednum. \u00c9g mun gera nafn \u00feitt jafnfr\u00e6gt n\u00f6fnum fr\u00e6gustu manna \u00e1 j\u00f6r\u00f0inni. <a name=\"10\"><span class=\"versanumer_2007\">10<\/span><\/a> \u00c9g mun f\u00e1 \u00fej\u00f3\u00f0 minni, \u00cdsrael, samasta\u00f0 og \u00e9g mun gr\u00f3\u00f0ursetja hana svo a\u00f0 h\u00fan geti b\u00fai\u00f0 \u00fear \u00f6rugg og \u00f3ttalaus um alla framt\u00ed\u00f0. Ofbeldismenn skulu ekki k\u00faga hana framar eins og fyrrum, <a name=\"11\"><span class=\"versanumer_2007\">11<\/span><\/a> jafnvel eftir a\u00f0 \u00e9g setti d\u00f3mara yfir \u00fej\u00f3\u00f0 m\u00edna, \u00cdsrael. \u00c9g veiti \u00fe\u00e9r fri\u00f0 fyrir \u00f6llum \u00f3vinum \u00fe\u00ednum. H\u00e9r me\u00f0 kunngj\u00f6rir Drottinn \u00fe\u00e9r a\u00f0 hann muni reisa \u00fe\u00e9r h\u00fas. <a name=\"12\"><span class=\"versanumer_2007\">12<\/span><\/a> \u00deegar dagar \u00fe\u00ednir eru allir og \u00fe\u00fa hefur veri\u00f0 lag\u00f0ur til hv\u00edldar hj\u00e1 forfe\u00f0rum \u00fe\u00ednum mun \u00e9g gera son \u00feinn, sem er getinn af \u00fe\u00e9r, a\u00f0 eftirmanni \u00fe\u00ednum og \u00e9g mun sty\u00f0ja konungd\u00f3m hans. <a name=\"13\"><span class=\"versanumer_2007\">13<\/span><\/a> Hann \u00e1 a\u00f0 byggja nafni m\u00ednu h\u00fas og \u00e9g mun \u00e6vinlega sty\u00f0ja konunglegt h\u00e1s\u00e6ti hans. <a name=\"14\"><span class=\"versanumer_2007\">14<\/span><\/a> \u00c9g ver\u00f0 honum fa\u00f0ir og hann ver\u00f0ur m\u00e9r sonur. \u00deegar hann br\u00fdtur af s\u00e9r mun \u00e9g hirta hann me\u00f0 h\u00f6ggum og sl\u00f6gum eins og t\u00ed\u00f0kast me\u00f0al manna. <a name=\"15\"><span class=\"versanumer_2007\">15<\/span><\/a> Tr\u00fafesti m\u00edna skal \u00e9g ekki fr\u00e1 honum taka eins og fr\u00e1 S\u00e1l sem \u00e9g fjarl\u00e6g\u00f0i fr\u00e1 augliti m\u00ednu. <a name=\"16\"><span class=\"versanumer_2007\">16<\/span><\/a> \u00c6tt \u00fe\u00edn og konungd\u00e6mi skulu \u00e6vinlega standa fyrir augliti m\u00ednu. H\u00e1s\u00e6ti \u00feitt skal a\u00f0 eil\u00edfu st\u00f6\u00f0ugt standa.\u201c<br \/> <a name=\"17\"><span class=\"versanumer_2007\">17<\/span><\/a> Natan flutti Dav\u00ed\u00f0 \u00f6ll \u00feessi or\u00f0 og alla \u00feessa opinberun.<\/p>\n<h3 class=\"millifyrirsogn_2007\">B\u00e6n Dav\u00ed\u00f0s<\/h3>\n<p><a name=\"18\"><span class=\"versanumer_2007\">18<\/span><\/a> \u00de\u00e1 gekk Dav\u00ed\u00f0 konungur inn, settist frammi fyrir augliti Drottins og sag\u00f0i: \u201eHver er \u00e9g, Drottinn Gu\u00f0, og hva\u00f0 er \u00e6tt m\u00edn \u00far \u00fev\u00ed a\u00f0 \u00fe\u00fa hefur l\u00e1ti\u00f0 mig n\u00e1 svona langt? <a name=\"19\"><span class=\"versanumer_2007\">19<\/span><\/a> Og samt n\u00e6g\u00f0i \u00fea\u00f0 \u00fe\u00e9r ekki, Drottinn Gu\u00f0, \u00fev\u00ed a\u00f0 \u00fe\u00fa hefur a\u00f0 auki gefi\u00f0 \u00e6tt minni, sem er \u00fej\u00f3nn \u00feinn, fyrirheit um fjarl\u00e6ga framt\u00ed\u00f0. \u00dea\u00f0 er m\u00f6nnum til lei\u00f0sagnar, Drottinn Gu\u00f0. <a name=\"20\"><span class=\"versanumer_2007\">20<\/span><\/a> Hva\u00f0 getur Dav\u00ed\u00f0 sagt vi\u00f0 \u00feig umfram \u00feetta? \u00de\u00fa \u00feekkir \u00fej\u00f3n \u00feinn, Drottinn Gu\u00f0. <a name=\"21\"><span class=\"versanumer_2007\">21<\/span><\/a> \u00de\u00fa hefur unni\u00f0 \u00feetta st\u00f3rvirki vegna lofor\u00f0s \u00fe\u00edns og samkv\u00e6mt vilja \u00fe\u00ednum og sk\u00fdrt m\u00e9r, \u00fej\u00f3ni \u00fe\u00ednum, fr\u00e1 \u00fev\u00ed. <a name=\"22\"><span class=\"versanumer_2007\">22<\/span><\/a> \u00deess vegna ert \u00fe\u00fa mikill, Drottinn Gu\u00f0. Enginn jafnast \u00e1 vi\u00f0 \u00feig og enginn er Gu\u00f0 nema \u00fe\u00fa eins og vi\u00f0 h\u00f6fum heyrt me\u00f0 okkar eigin eyrum. <a name=\"23\"><span class=\"versanumer_2007\">23<\/span><\/a> Er nokkur \u00fej\u00f3\u00f0 \u00e1 \u00feessari j\u00f6r\u00f0 sem jafnast \u00e1 vi\u00f0 \u00fej\u00f3\u00f0 \u00fe\u00edna, \u00cdsrael? Hven\u00e6r hefur Gu\u00f0 fari\u00f0 og leyst nokkra \u00fej\u00f3\u00f0 \u00far \u00e1nau\u00f0, gert hana a\u00f0 s\u00ednum eignarl\u00fd\u00f0, v\u00ed\u00f0fr\u00e6gt nafn hennar og unni\u00f0 fyrir hana mikil og \u00f3gnvekjandi verk? \u00deetta ger\u00f0ir\u00f0u \u00feegar \u00fe\u00fa hraktir \u00e1 braut a\u00f0rar \u00fej\u00f3\u00f0ir og gu\u00f0i \u00feeirra undan \u00fej\u00f3\u00f0 \u00feinni sem \u00fe\u00fa haf\u00f0ir leyst \u00far \u00e1nau\u00f0 \u00ed Egyptalandi. <a name=\"24\"><span class=\"versanumer_2007\">24<\/span><\/a> \u00de\u00fa hefur gert \u00cdsrael a\u00f0 l\u00fd\u00f0 \u00fe\u00ednum um aldur og \u00e6vi og \u00fe\u00fa, Drottinn, hefur gerst Gu\u00f0 hans. <a name=\"25\"><span class=\"versanumer_2007\">25<\/span><\/a> Drottinn Gu\u00f0, haltu \u00e6vinlega \u00fea\u00f0 fyrirheit sem \u00fe\u00fa gafst \u00fej\u00f3ni \u00fe\u00ednum og \u00e6tt hans. Ger\u00f0u \u00fea\u00f0 sem \u00fe\u00fa hefur lofa\u00f0. <a name=\"26\"><span class=\"versanumer_2007\">26<\/span><\/a> \u00de\u00e1 ver\u00f0ur nafn \u00feitt \u00e6vinlega miki\u00f0 og menn munu segja: Drottinn hersveitanna er Gu\u00f0 \u00cdsraels. \u00c6tt Dav\u00ed\u00f0s, \u00fej\u00f3ns \u00fe\u00edns, mun \u00fe\u00e1 jafnan standa fyrir augliti \u00fe\u00ednu. <a name=\"27\"><span class=\"versanumer_2007\">27<\/span><\/a> \u00de\u00fa, Drottinn herskaranna, Gu\u00f0 \u00cdsraels, hefur opinbera\u00f0 \u00fej\u00f3ni \u00fe\u00ednum \u00feetta og sagt: \u00c9g mun reisa \u00fe\u00e9r h\u00fas. \u00deess vegna hef \u00e9g, \u00fej\u00f3nn \u00feinn, voga\u00f0 m\u00e9r a\u00f0 bi\u00f0ja \u00feig \u00feessarar b\u00f3nar. <a name=\"28\"><span class=\"versanumer_2007\">28<\/span><\/a> Drottinn Gu\u00f0, \u00fe\u00fa einn ert Gu\u00f0. Or\u00f0 \u00fe\u00edn munu r\u00e6tast. \u00de\u00fa hefur heiti\u00f0 m\u00e9r, \u00fej\u00f3ni \u00fe\u00ednum, \u00feessari fars\u00e6ld. <a name=\"29\"><span class=\"versanumer_2007\">29<\/span><\/a> Blessa \u00fe\u00fa n\u00fa \u00e6tt \u00fej\u00f3ns \u00fe\u00edns svo a\u00f0 h\u00fan s\u00e9 \u00e6vinlega fyrir augliti \u00fe\u00ednu. \u00dev\u00ed a\u00f0 \u00fe\u00fa sj\u00e1lfur, Drottinn Gu\u00f0, hefur lofa\u00f0 \u00feessu. Fyrir blessun \u00fe\u00edna ver\u00f0ur \u00e6tt m\u00edn, sem er \u00fej\u00f3nn \u00feinn, blessu\u00f0 um aldur og \u00e6vi.\u201c<\/p>\n","protected":false},"excerpt":{"rendered":"<p>Fyrirheit um \u00e6varandi konungd\u00f3m 1 \u00deegar konungur var sestur a\u00f0 \u00ed h\u00fasi s\u00ednu og Drottinn haf\u00f0i veitt honum fri\u00f0 vi\u00f0 alla \u00f3vini umhverfis 2 sag\u00f0i hann vi\u00f0 Natan sp\u00e1mann: \u201e\u00de\u00fa s\u00e9r\u00f0 a\u00f0 \u00e9g b\u00fd \u00ed h\u00fasi \u00far sedrusvi\u00f0i en \u00f6rk Gu\u00f0s b\u00fdr \u00ed tjaldi.\u201c 3 Natan svara\u00f0i konungi: \u201eGer\u00f0u \u00fea\u00f0 sem \u00fe\u00fa hefur \u00ed huga \u00e1n \u00feess a\u00f0 hika \u00fev\u00ed a\u00f0 Drottinn er me\u00f0 \u00fe\u00e9r.\u201c 4 \u00de\u00e1 um n\u00f3ttina kom or\u00f0 Drottins til Natans: 5 \u201eFar\u00f0u og seg\u00f0u vi\u00f0 \u00fej\u00f3n minn, Dav\u00ed\u00f0: Svo segir Drottinn: \u00c6tlar \u00fe\u00fa a\u00f0 reisa m\u00e9r h\u00fas a\u00f0 b\u00faa \u00ed? 6 Fr\u00e1 \u00feeim degi er \u00e9g <a href=\"https:\/\/biblian.is\/biblian\/sidari-samuelsbok-7-kafli\/\"> [&#8230;]<\/a><\/p>\n","protected":false},"author":1,"featured_media":0,"parent":0,"menu_order":0,"comment_status":"open","ping_status":"open","template":"bibliukaflar_NT.php","meta":{"footnotes":""},"class_list":["post-1891","page","type-page","status-publish","hentry"],"_links":{"self":[{"href":"https:\/\/biblian.is\/biblian\/wp-json\/wp\/v2\/pages\/1891","targetHints":{"allow":["GET"]}}],"collection":[{"href":"https:\/\/biblian.is\/biblian\/wp-json\/wp\/v2\/pages"}],"about":[{"href":"https:\/\/biblian.is\/biblian\/wp-json\/wp\/v2\/types\/page"}],"author":[{"embeddable":true,"href":"https:\/\/biblian.is\/biblian\/wp-json\/wp\/v2\/users\/1"}],"replies":[{"embeddable":true,"href":"https:\/\/biblian.is\/biblian\/wp-json\/wp\/v2\/comments?post=1891"}],"version-history":[{"count":0,"href":"https:\/\/biblian.is\/biblian\/wp-json\/wp\/v2\/pages\/1891\/revisions"}],"wp:attachment":[{"href":"https:\/\/biblian.is\/biblian\/wp-json\/wp\/v2\/media?parent=1891"}],"curies":[{"name":"wp","href":"https:\/\/api.w.org\/{rel}","templated":true}]}}