{"id":1886,"date":"2017-12-30T21:00:50","date_gmt":"2017-12-30T21:00:50","guid":{"rendered":"http:\/\/biblian.is\/biblian\/s%c2%92_ari-sam%c2%9celsb%c2%97k-2-kafli\/"},"modified":"2024-02-06T18:29:22","modified_gmt":"2024-02-06T18:29:22","slug":"sidari-samuelsbok-2-kafli","status":"publish","type":"page","link":"https:\/\/biblian.is\/biblian\/sidari-samuelsbok-2-kafli\/","title":{"rendered":"S\u00ed\u00f0ari Sam\u00faelsb\u00f3k 2. kafli"},"content":{"rendered":"<h2 class=\"millifyrirsogn_2007\">Dav\u00ed\u00f0 konungur <\/h2>\n<h3 class=\"millifyrirsogn_2007\">Dav\u00ed\u00f0 konungur \u00ed J\u00fada<\/h3>\n<p><a name=\"1\"><span class=\"versanumer_2007\">1<\/span><\/a> Nokkru s\u00ed\u00f0ar leita\u00f0i Dav\u00ed\u00f0 svara hj\u00e1 Drottni og spur\u00f0i: \u201e\u00c1 \u00e9g a\u00f0 fara til einhverrar borgar \u00ed J\u00fada?\u201c Drottinn svara\u00f0i: \u201eJ\u00e1, far \u00fe\u00fa.\u201c \u00de\u00e1 spur\u00f0i Dav\u00ed\u00f0: \u201eHvert \u00e1 \u00e9g a\u00f0 fara?\u201c \u201eTil Hebron,\u201c svara\u00f0i hann.<br \/> <a name=\"2\"><span class=\"versanumer_2007\">2<\/span><\/a> Dav\u00ed\u00f0 f\u00f3r \u00fe\u00e1 \u00feanga\u00f0 \u00e1samt b\u00e1\u00f0um konum s\u00ednum, Ak\u00edn\u00f3am fr\u00e1 Jesreel og Ab\u00edgail sem \u00e1\u00f0ur haf\u00f0i veri\u00f0 eiginkona Nabals fr\u00e1 Karmel. <a name=\"3\"><span class=\"versanumer_2007\">3<\/span><\/a> Dav\u00ed\u00f0 t\u00f3k einnig me\u00f0 s\u00e9r mennina, sem h\u00f6f\u00f0u fylgt honum, og fj\u00f6lskyldur \u00feeirra og \u00feeir settust a\u00f0 \u00ed borgunum umhverfis Hebron. <a name=\"4\"><span class=\"versanumer_2007\">4<\/span><\/a> S\u00ed\u00f0an komu J\u00fadamenn og smur\u00f0u Dav\u00ed\u00f0 til konungs yfir \u00e6ttkv\u00edsl J\u00fada.<br \/>\u00deegar Dav\u00ed\u00f0 var sagt fr\u00e1 \u00fev\u00ed a\u00f0 \u00edb\u00faar Jabes \u00ed G\u00edlea\u00f0 hef\u00f0u grafi\u00f0 S\u00e1l <a name=\"5\"><span class=\"versanumer_2007\">5<\/span><\/a> sendi hann bo\u00f0bera til Jabes \u00ed G\u00edlea\u00f0 og l\u00e9t skila til \u00edb\u00faanna: \u201eDrottinn blessi ykkur fyrir a\u00f0 s\u00fdna S\u00e1l, herra ykkar, \u00fe\u00e1 trygg\u00f0 a\u00f0 grafa hann. <a name=\"6\"><span class=\"versanumer_2007\">6<\/span><\/a> Megi Drottinn n\u00fa au\u00f0s\u00fdna ykkur n\u00e1\u00f0 og tr\u00fafesti. \u00c9g mun einnig launa ykkur fyrir a\u00f0 gera \u00feetta. <a name=\"7\"><span class=\"versanumer_2007\">7<\/span><\/a> Veri\u00f0 n\u00fa djarfir og hraustir. S\u00e1l, herra ykkar, er a\u00f0 v\u00edsu d\u00e1inn en J\u00fada\u00e6ttkv\u00edsl hefur smurt mig til konungs.\u201c<\/p>\n<h3 class=\"millifyrirsogn_2007\">\u00cdsb\u00f3set konungur \u00ed Nor\u00f0urr\u00edkinu (\u00cdsrael)<\/h3>\n<p><a name=\"8\"><span class=\"versanumer_2007\">8<\/span><\/a> Abner Nersson, sem fyrrum var hersh\u00f6f\u00f0ingi S\u00e1ls, haf\u00f0i s\u00f3tt \u00cdsb\u00f3set, son S\u00e1ls, og fari\u00f0 me\u00f0 hann til Mahana\u00edm <a name=\"9\"><span class=\"versanumer_2007\">9<\/span><\/a> og gert hann a\u00f0 konungi yfir G\u00edlea\u00f0, Aser, Jesreel, Efra\u00edm, Benjam\u00edn og \u00f6llum \u00cdsrael. <a name=\"10\"><span class=\"versanumer_2007\">10<\/span><\/a> \u00cdsb\u00f3set, sonur S\u00e1ls, var fertugur \u00feegar hann var\u00f0 konungur yfir \u00cdsrael og r\u00edkti tv\u00f6 \u00e1r. A\u00f0eins J\u00fada\u00e6ttkv\u00edsl studdi Dav\u00ed\u00f0. <a name=\"11\"><span class=\"versanumer_2007\">11<\/span><\/a> Dav\u00ed\u00f0 var konungur \u00ed Hebron sj\u00f6 \u00e1r og sex m\u00e1nu\u00f0i.<\/p>\n<h3 class=\"millifyrirsogn_2007\">\u00d3fri\u00f0ur milli \u00cdsraels og J\u00fada<\/h3>\n<p><a name=\"12\"><span class=\"versanumer_2007\">12<\/span><\/a> Abner Nersson h\u00e9lt fr\u00e1 Mahana\u00edm til G\u00edbeon \u00e1samt m\u00f6nnum \u00cdsb\u00f3sets, sonar S\u00e1ls. <a name=\"13\"><span class=\"versanumer_2007\">13<\/span><\/a> En J\u00f3ab Ser\u00fajuson og menn Dav\u00ed\u00f0s h\u00f6f\u00f0u einnig haldi\u00f0 af sta\u00f0 og m\u00e6ttu \u00feeir \u00feeim vi\u00f0 tj\u00f6rnina \u00ed G\u00edbeon. Flokkarnir komu s\u00e9r fyrir beggja vegna tjarnarinnar.<br \/> <a name=\"14\"><span class=\"versanumer_2007\">14<\/span><\/a> \u00de\u00e1 sag\u00f0i Abner vi\u00f0 J\u00f3ab: \u201eVi\u00f0 skulum l\u00e1ta n\u00fdli\u00f0ana ganga fram fyrir okkur og reyna me\u00f0 s\u00e9r,\u201c og samsinnti J\u00f3ab \u00fev\u00ed. <a name=\"15\"><span class=\"versanumer_2007\">15<\/span><\/a> \u00de\u00e1 risu \u00e1 f\u00e6tur og gengu fram r\u00e9tt taldir t\u00f3lf menn fyrir Benjam\u00edn og \u00cdsb\u00f3set, son S\u00e1ls, og t\u00f3lf af m\u00f6nnum Dav\u00ed\u00f0s. <a name=\"16\"><span class=\"versanumer_2007\">16<\/span><\/a> S\u00ed\u00f0an \u00fereif hver \u00feeirra \u00ed h\u00f6fu\u00f0 andst\u00e6\u00f0ings s\u00edns og rak sver\u00f0 sitt \u00ed s\u00ed\u00f0u hans svo a\u00f0 b\u00e1\u00f0ir f\u00e9llu. \u00deess vegna var \u00feessi sta\u00f0ur, sem er vi\u00f0 G\u00edbeon, nefndur Brandaakur. <a name=\"17\"><span class=\"versanumer_2007\">17<\/span><\/a> Dag \u00feennan b\u00f6r\u00f0ust li\u00f0in af h\u00f6rku og f\u00f3ru Abner og hermenn \u00cdsraels halloka fyrir m\u00f6nnum Dav\u00ed\u00f0s.<br \/> <a name=\"18\"><span class=\"versanumer_2007\">18<\/span><\/a> \u00dear voru \u00fer\u00edr synir Ser\u00faju, J\u00f3ab, Ab\u00edsa\u00ed og Asael. Asael var f\u00f3tfr\u00e1r eins og gasella \u00e1 v\u00ed\u00f0avangi. <a name=\"19\"><span class=\"versanumer_2007\">19<\/span><\/a> Hann hlj\u00f3p n\u00fa \u00e1 eftir Abner og v\u00e9k hvorki til h\u00e6gri n\u00e9 vinstri heldur elti Abner einan. <a name=\"20\"><span class=\"versanumer_2007\">20<\/span><\/a> Abner sneri s\u00e9r \u00fe\u00e1 vi\u00f0 og spur\u00f0i: \u201eErt \u00feetta \u00fe\u00fa, Asael?\u201c Hann j\u00e1tti \u00fev\u00ed. <a name=\"21\"><span class=\"versanumer_2007\">21<\/span><\/a> \u00de\u00e1 sag\u00f0i Abner: \u201eSn\u00fa\u00f0u \u00fe\u00e9r heldur anna\u00f0hvort til h\u00e6gri e\u00f0a vinstri, gr\u00edptu einhvern af ungu herm\u00f6nnunum og taktu af honum brynjuna.\u201c En Asael vildi ekki h\u00e6tta eftirf\u00f6rinni. <a name=\"22\"><span class=\"versanumer_2007\">22<\/span><\/a> \u00de\u00e1 sag\u00f0i Abner aftur vi\u00f0 Asael: \u201eH\u00e6ttu a\u00f0 elta mig. Hvers vegna \u00e6tti \u00e9g a\u00f0 h\u00f6ggva \u00feig? Hvernig \u00e6tti \u00e9g \u00fe\u00e1 a\u00f0 geta liti\u00f0 framan \u00ed J\u00f3ab, br\u00f3\u00f0ur \u00feinn?\u201c <a name=\"23\"><span class=\"versanumer_2007\">23<\/span><\/a> En \u00feegar hann vildi ekki h\u00e6tta rak Abner spj\u00f3tskaft sitt \u00ed kvi\u00f0 hans svo a\u00f0 \u00fea\u00f0 gekk \u00fat um baki\u00f0. Hann f\u00e9ll \u00feegar dau\u00f0ur ni\u00f0ur. Allir, sem komu \u00feanga\u00f0 sem Asael haf\u00f0i falli\u00f0, n\u00e1mu sta\u00f0ar <a name=\"24\"><span class=\"versanumer_2007\">24<\/span><\/a> en J\u00f3ab og Ab\u00edsa\u00ed t\u00f3ku n\u00fa a\u00f0 elta Abner. \u00deegar s\u00f3lin var gengin til vi\u00f0ar voru \u00feeir komnir a\u00f0 Ammah\u00e6\u00f0 gegnt G\u00edak, vi\u00f0 veginn \u00fat \u00ed ey\u00f0im\u00f6rkina vi\u00f0 G\u00edbeon. <a name=\"25\"><span class=\"versanumer_2007\">25<\/span><\/a> \u00de\u00e1 s\u00f6fnu\u00f0ust Benjam\u00edn\u00edtar a\u00f0 baki Abners, myndu\u00f0u \u00fe\u00e9tta fylkingu og t\u00f3ku s\u00e9r st\u00f6\u00f0u efst \u00e1 h\u00e6\u00f0 einni.<br \/> <a name=\"26\"><span class=\"versanumer_2007\">26<\/span><\/a> S\u00ed\u00f0an hr\u00f3pa\u00f0i Abner til J\u00f3abs og sag\u00f0i: \u201e\u00c1 endalaust a\u00f0 f\u00f3\u00f0ra sver\u00f0i\u00f0? Skilur\u00f0u ekki a\u00f0 endalokin ver\u00f0a bitur? Hversu lengi \u00e6tlar \u00fe\u00fa a\u00f0 l\u00e1ta dragast a\u00f0 skipa m\u00f6nnum \u00fe\u00ednum a\u00f0 h\u00e6tta a\u00f0 elta br\u00e6\u00f0ur s\u00edna?\u201c <a name=\"27\"><span class=\"versanumer_2007\">27<\/span><\/a> J\u00f3ab svara\u00f0i: \u201eSvo sannarlega sem Gu\u00f0 lifir hef\u00f0i herinn ekki h\u00e6tt a\u00f0 elta br\u00e6\u00f0ur s\u00edna fyrr en \u00e1 morgun ef \u00fe\u00fa hef\u00f0ir ekki sagt \u00feetta.\u201c <a name=\"28\"><span class=\"versanumer_2007\">28<\/span><\/a> \u00dev\u00ed n\u00e6st \u00feeytti J\u00f3ab hafurshorni\u00f0, herinn nam sta\u00f0ar, h\u00e6tti a\u00f0 elta \u00cdsrael og lag\u00f0i ni\u00f0ur vopnin. <a name=\"29\"><span class=\"versanumer_2007\">29<\/span><\/a> Abner og menn hans gengu alla n\u00f3ttina eftir J\u00f3rdanardalnum, f\u00f3ru yfir J\u00f3rdan, gengu um B\u00edtr\u00f3n og komu loks heim til Mahana\u00edm.<br \/> <a name=\"30\"><span class=\"versanumer_2007\">30<\/span><\/a> \u00deegar J\u00f3ab h\u00e6tti a\u00f0 elta Abner safna\u00f0i hann hernum saman. \u00de\u00e1 vanta\u00f0i n\u00edtj\u00e1n af m\u00f6nnum Dav\u00ed\u00f0s fyrir utan Asael <a name=\"31\"><span class=\"versanumer_2007\">31<\/span><\/a> en menn Dav\u00ed\u00f0s h\u00f6f\u00f0u fellt \u00ferj\u00fa hundru\u00f0 og sext\u00edu af Benjam\u00edn\u00edtum, af m\u00f6nnum Abners. <a name=\"32\"><span class=\"versanumer_2007\">32<\/span><\/a> \u00deeir t\u00f3ku Asael me\u00f0 s\u00e9r og l\u00f6g\u00f0u hann \u00ed gr\u00f6f f\u00f6\u00f0ur s\u00edns \u00ed Betlehem. S\u00ed\u00f0an gengu J\u00f3ab og menn hans alla n\u00f3ttina og komu til Hebron \u00ed birtingu.<\/p>\n","protected":false},"excerpt":{"rendered":"<p>Dav\u00ed\u00f0 konungur Dav\u00ed\u00f0 konungur \u00ed J\u00fada 1 Nokkru s\u00ed\u00f0ar leita\u00f0i Dav\u00ed\u00f0 svara hj\u00e1 Drottni og spur\u00f0i: \u201e\u00c1 \u00e9g a\u00f0 fara til einhverrar borgar \u00ed J\u00fada?\u201c Drottinn svara\u00f0i: \u201eJ\u00e1, far \u00fe\u00fa.\u201c \u00de\u00e1 spur\u00f0i Dav\u00ed\u00f0: \u201eHvert \u00e1 \u00e9g a\u00f0 fara?\u201c \u201eTil Hebron,\u201c svara\u00f0i hann. 2 Dav\u00ed\u00f0 f\u00f3r \u00fe\u00e1 \u00feanga\u00f0 \u00e1samt b\u00e1\u00f0um konum s\u00ednum, Ak\u00edn\u00f3am fr\u00e1 Jesreel og Ab\u00edgail sem \u00e1\u00f0ur haf\u00f0i veri\u00f0 eiginkona Nabals fr\u00e1 Karmel. 3 Dav\u00ed\u00f0 t\u00f3k einnig me\u00f0 s\u00e9r mennina, sem h\u00f6f\u00f0u fylgt honum, og fj\u00f6lskyldur \u00feeirra og \u00feeir settust a\u00f0 \u00ed borgunum umhverfis Hebron. 4 S\u00ed\u00f0an komu J\u00fadamenn og smur\u00f0u Dav\u00ed\u00f0 til konungs yfir \u00e6ttkv\u00edsl J\u00fada.\u00deegar Dav\u00ed\u00f0 var <a href=\"https:\/\/biblian.is\/biblian\/sidari-samuelsbok-2-kafli\/\"> [&#8230;]<\/a><\/p>\n","protected":false},"author":1,"featured_media":0,"parent":0,"menu_order":0,"comment_status":"open","ping_status":"open","template":"bibliukaflar_NT.php","meta":{"footnotes":""},"class_list":["post-1886","page","type-page","status-publish","hentry"],"_links":{"self":[{"href":"https:\/\/biblian.is\/biblian\/wp-json\/wp\/v2\/pages\/1886","targetHints":{"allow":["GET"]}}],"collection":[{"href":"https:\/\/biblian.is\/biblian\/wp-json\/wp\/v2\/pages"}],"about":[{"href":"https:\/\/biblian.is\/biblian\/wp-json\/wp\/v2\/types\/page"}],"author":[{"embeddable":true,"href":"https:\/\/biblian.is\/biblian\/wp-json\/wp\/v2\/users\/1"}],"replies":[{"embeddable":true,"href":"https:\/\/biblian.is\/biblian\/wp-json\/wp\/v2\/comments?post=1886"}],"version-history":[{"count":0,"href":"https:\/\/biblian.is\/biblian\/wp-json\/wp\/v2\/pages\/1886\/revisions"}],"wp:attachment":[{"href":"https:\/\/biblian.is\/biblian\/wp-json\/wp\/v2\/media?parent=1886"}],"curies":[{"name":"wp","href":"https:\/\/api.w.org\/{rel}","templated":true}]}}