{"id":1861,"date":"2017-12-30T21:00:45","date_gmt":"2017-12-30T21:00:45","guid":{"rendered":"http:\/\/biblian.is\/biblian\/fyrri-sam%c2%9celsb%c2%97k-8-kafli\/"},"modified":"2024-02-06T18:29:14","modified_gmt":"2024-02-06T18:29:14","slug":"fyrri-samuelsbok-8-kafli","status":"publish","type":"page","link":"https:\/\/biblian.is\/biblian\/fyrri-samuelsbok-8-kafli\/","title":{"rendered":"Fyrri Sam\u00faelsb\u00f3k 8. kafli"},"content":{"rendered":"<h2 class=\"millifyrirsogn_2007\">Sam\u00fael og S\u00e1l <\/h2>\n<h3 class=\"millifyrirsogn_2007\">Krafa um konung<\/h3>\n<p><a name=\"1\"><span class=\"versanumer_2007\">1<\/span><\/a> \u00deegar Sam\u00fael var or\u00f0inn gamall ger\u00f0i hann syni s\u00edna a\u00f0 d\u00f3murum \u00ed \u00cdsrael. <a name=\"2\"><span class=\"versanumer_2007\">2<\/span><\/a> Frumgetinn sonur hans h\u00e9t J\u00f3el en s\u00e1 n\u00e6sti Ab\u00eda. \u00deeir voru d\u00f3marar \u00ed Beerseba. <a name=\"3\"><span class=\"versanumer_2007\">3<\/span><\/a> En synir hans fetu\u00f0u ekki \u00ed f\u00f3tspor hans. \u00deeir voru \u00e1gjarnir, \u00fe\u00e1gu m\u00fatur og h\u00f6llu\u00f0u \u00fear me\u00f0 r\u00e9ttinum.<br \/> <a name=\"4\"><span class=\"versanumer_2007\">4<\/span><\/a> \u00de\u00e1 s\u00f6fnu\u00f0ust allir \u00f6ldungar \u00cdsraels saman, komu til Sam\u00faels \u00ed Rama <a name=\"5\"><span class=\"versanumer_2007\">5<\/span><\/a> og s\u00f6g\u00f0u vi\u00f0 hann: \u201e\u00de\u00fa ert or\u00f0inn gamall og synir \u00fe\u00ednir feta ekki \u00ed f\u00f3tspor \u00fe\u00edn. \u00de\u00fa skalt \u00fev\u00ed setja okkur konung eins og allar a\u00f0rar \u00fej\u00f3\u00f0ir hafa.\u201c<br \/> <a name=\"6\"><span class=\"versanumer_2007\">6<\/span><\/a> En Sam\u00fael misl\u00edka\u00f0i a\u00f0 \u00feeir s\u00f6g\u00f0u: \u201eF\u00e1\u00f0u okkur konung sem r\u00edki yfir okkur.\u201c Sam\u00fael ba\u00f0 \u00fev\u00ed til Drottins <a name=\"7\"><span class=\"versanumer_2007\">7<\/span><\/a> og Drottinn svara\u00f0i honum: \u201eHl\u00fdddu kr\u00f6fu f\u00f3lksins og ger\u00f0u allt sem \u00fea\u00f0 bi\u00f0ur um. \u00dej\u00f3\u00f0in hefur ekki hafna\u00f0 \u00fe\u00e9r heldur hefur h\u00fan hafna\u00f0 m\u00e9r sem konungi s\u00ednum. <a name=\"8\"><span class=\"versanumer_2007\">8<\/span><\/a> H\u00fan er s\u00f6m vi\u00f0 sig. Allt fr\u00e1 \u00feeim degi er \u00e9g leiddi \u00fej\u00f3\u00f0ina fr\u00e1 Egyptalandi og til \u00feessa dags hefur h\u00fan s\u00edfellt sn\u00fai\u00f0 vi\u00f0 m\u00e9r baki og \u00fej\u00f3na\u00f0 \u00f6\u00f0rum gu\u00f0um. Eins ferst henni n\u00fa vi\u00f0 \u00feig. <a name=\"9\"><span class=\"versanumer_2007\">9<\/span><\/a> En \u00fe\u00fa skalt ver\u00f0a vi\u00f0 kr\u00f6fu hennar. Fyrst skaltu vara hana alvarlega vi\u00f0 og kynna henni r\u00e9ttindi konungsins sem skal r\u00edkja yfir henni.\u201c<br \/> <a name=\"10\"><span class=\"versanumer_2007\">10<\/span><\/a> \u00dev\u00ed n\u00e6st greindi Sam\u00fael f\u00f3lkinu, sem haf\u00f0i krafist konungs af honum, fr\u00e1 \u00f6llum or\u00f0um Drottins <a name=\"11\"><span class=\"versanumer_2007\">11<\/span><\/a> og b\u00e6tti vi\u00f0: \u201eKonungurinn, sem \u00e1 a\u00f0 r\u00edkja yfir ykkur, hefur \u00feennan r\u00e9tt: Hann s\u00e6kir syni ykkar, setur \u00fe\u00e1 \u00e1 str\u00ed\u00f0svagna s\u00edna og hesta og \u00feeir hlaupa \u00e1 undan vagni hans. <a name=\"12\"><span class=\"versanumer_2007\">12<\/span><\/a> Hann gerir syni ykkar a\u00f0 li\u00f0sforingjum yfir \u00fe\u00fasund m\u00f6nnum e\u00f0a flokksforingjum yfir fimmt\u00edu. Hann l\u00e6tur \u00fe\u00e1 pl\u00e6gja akra s\u00edna, vinna vi\u00f0 uppskeruna, sm\u00ed\u00f0a vopn s\u00edn og b\u00fana\u00f0 str\u00ed\u00f0svagna sinna. <a name=\"13\"><span class=\"versanumer_2007\">13<\/span><\/a> Hann s\u00e6kir d\u00e6tur ykkar til a\u00f0 b\u00faa til smyrsl, elda og baka. <a name=\"14\"><span class=\"versanumer_2007\">14<\/span><\/a> Hann tekur af ykkur bestu landspildurnar, v\u00edngar\u00f0ana og ol\u00edulundina og f\u00e6r hir\u00f0m\u00f6nnum s\u00ednum. <a name=\"15\"><span class=\"versanumer_2007\">15<\/span><\/a> Hann tekur t\u00edund af afrakstri kornakra ykkar og v\u00edngar\u00f0a og f\u00e6r hir\u00f0m\u00f6nnum s\u00ednum og h\u00f6f\u00f0ingjum. <a name=\"16\"><span class=\"versanumer_2007\">16<\/span><\/a> Hann s\u00e6kir \u00fer\u00e6la ykkar og amb\u00e1ttir, bestu uxa ykkar<span class=\"nedan_mal\" title=\" H\u00e9r er fylgt gr\u00edsku sj\u00f6t\u00edumanna\u00fe\u00fd\u00f0ingunni en hebreski textinn hefur \u201eefnilegustu unglinga ykkar\u201c.\">[<\/span> og asna og tekur til sinna nota. <a name=\"17\"><span class=\"versanumer_2007\">17<\/span><\/a> Hann tekur t\u00edund af f\u00e9na\u00f0i ykkar og \u00fei\u00f0 ver\u00f0i\u00f0 \u00fer\u00e6lar hans. <a name=\"18\"><span class=\"versanumer_2007\">18<\/span><\/a> \u00de\u00e1 munu\u00f0 \u00fei\u00f0 kveina undan \u00feeim konungi sem \u00fei\u00f0 hafi\u00f0 kosi\u00f0 en Drottinn mun ekki b\u00e6nheyra ykkur.\u201c <br \/> <a name=\"19\"><span class=\"versanumer_2007\">19<\/span><\/a> F\u00f3lki\u00f0 vildi ekki hlusta \u00e1 \u00fea\u00f0 sem Sam\u00fael sag\u00f0i. \u00devert \u00e1 m\u00f3ti sag\u00f0i \u00fea\u00f0: \u201eNei, vi\u00f0 viljum hafa konung yfir okkur. <a name=\"20\"><span class=\"versanumer_2007\">20<\/span><\/a> Vi\u00f0 viljum vera eins og allar a\u00f0rar \u00fej\u00f3\u00f0ir. Konungurinn skal r\u00edkja yfir okkur og hann skal fara fyrir okkur og heyja str\u00ed\u00f0 okkar.\u201c<br \/> <a name=\"21\"><span class=\"versanumer_2007\">21<\/span><\/a> Sam\u00fael hlusta\u00f0i \u00e1 allt sem f\u00f3lki\u00f0 sag\u00f0i og sk\u00fdr\u00f0i Drottni fr\u00e1 \u00fev\u00ed. <a name=\"22\"><span class=\"versanumer_2007\">22<\/span><\/a> Drottinn svara\u00f0i Sam\u00fael: \u201eHl\u00fdddu kr\u00f6fu f\u00f3lksins og f\u00e1\u00f0u \u00fev\u00ed konung.\u201c \u00de\u00e1 sag\u00f0i Sam\u00fael vi\u00f0 \u00cdsraelsmenn: \u201eFari\u00f0 heim, hver til sinnar borgar.\u201c <\/p>\n","protected":false},"excerpt":{"rendered":"<p>Sam\u00fael og S\u00e1l Krafa um konung 1 \u00deegar Sam\u00fael var or\u00f0inn gamall ger\u00f0i hann syni s\u00edna a\u00f0 d\u00f3murum \u00ed \u00cdsrael. 2 Frumgetinn sonur hans h\u00e9t J\u00f3el en s\u00e1 n\u00e6sti Ab\u00eda. \u00deeir voru d\u00f3marar \u00ed Beerseba. 3 En synir hans fetu\u00f0u ekki \u00ed f\u00f3tspor hans. \u00deeir voru \u00e1gjarnir, \u00fe\u00e1gu m\u00fatur og h\u00f6llu\u00f0u \u00fear me\u00f0 r\u00e9ttinum. 4 \u00de\u00e1 s\u00f6fnu\u00f0ust allir \u00f6ldungar \u00cdsraels saman, komu til Sam\u00faels \u00ed Rama 5 og s\u00f6g\u00f0u vi\u00f0 hann: \u201e\u00de\u00fa ert or\u00f0inn gamall og synir \u00fe\u00ednir feta ekki \u00ed f\u00f3tspor \u00fe\u00edn. \u00de\u00fa skalt \u00fev\u00ed setja okkur konung eins og allar a\u00f0rar \u00fej\u00f3\u00f0ir hafa.\u201c 6 En Sam\u00fael misl\u00edka\u00f0i a\u00f0 <a href=\"https:\/\/biblian.is\/biblian\/fyrri-samuelsbok-8-kafli\/\"> [&#8230;]<\/a><\/p>\n","protected":false},"author":1,"featured_media":0,"parent":0,"menu_order":0,"comment_status":"open","ping_status":"open","template":"bibliukaflar_NT.php","meta":{"footnotes":""},"class_list":["post-1861","page","type-page","status-publish","hentry"],"_links":{"self":[{"href":"https:\/\/biblian.is\/biblian\/wp-json\/wp\/v2\/pages\/1861","targetHints":{"allow":["GET"]}}],"collection":[{"href":"https:\/\/biblian.is\/biblian\/wp-json\/wp\/v2\/pages"}],"about":[{"href":"https:\/\/biblian.is\/biblian\/wp-json\/wp\/v2\/types\/page"}],"author":[{"embeddable":true,"href":"https:\/\/biblian.is\/biblian\/wp-json\/wp\/v2\/users\/1"}],"replies":[{"embeddable":true,"href":"https:\/\/biblian.is\/biblian\/wp-json\/wp\/v2\/comments?post=1861"}],"version-history":[{"count":0,"href":"https:\/\/biblian.is\/biblian\/wp-json\/wp\/v2\/pages\/1861\/revisions"}],"wp:attachment":[{"href":"https:\/\/biblian.is\/biblian\/wp-json\/wp\/v2\/media?parent=1861"}],"curies":[{"name":"wp","href":"https:\/\/api.w.org\/{rel}","templated":true}]}}