{"id":1856,"date":"2017-12-30T21:00:40","date_gmt":"2017-12-30T21:00:40","guid":{"rendered":"http:\/\/biblian.is\/biblian\/fyrri-sam%c2%9celsb%c2%97k-3-kafli\/"},"modified":"2024-02-06T18:29:10","modified_gmt":"2024-02-06T18:29:10","slug":"fyrri-samuelsbok-3-kafli","status":"publish","type":"page","link":"https:\/\/biblian.is\/biblian\/fyrri-samuelsbok-3-kafli\/","title":{"rendered":"Fyrri Sam\u00faelsb\u00f3k 3. kafli"},"content":{"rendered":"<h3 class=\"millifyrirsogn_2007\"> Gu\u00f0 kallar \u00e1 Sam\u00fael<\/h3>\n<p><a name=\"1\"><span class=\"versanumer_2007\">1<\/span><\/a> Sveinninn Sam\u00fael gegndi n\u00fa \u00fej\u00f3nustu vi\u00f0 Drottin undir handlei\u00f0slu El\u00ed. \u00c1 \u00feessum t\u00edma var or\u00f0 Drottins sjaldg\u00e6ft og s\u00fdnir f\u00e1t\u00ed\u00f0ar.<br \/> <a name=\"2\"><span class=\"versanumer_2007\">2<\/span><\/a> Einhverju sinni bar svo vi\u00f0 a\u00f0 El\u00ed l\u00e1 og svaf \u00fear sem hann var vanur. Hann var h\u00e6ttur a\u00f0 sj\u00e1 \u00fev\u00ed a\u00f0 augu hans h\u00f6f\u00f0u daprast. <a name=\"3\"><span class=\"versanumer_2007\">3<\/span><\/a> Lampi Gu\u00f0s haf\u00f0i enn ekki slokkna\u00f0 og Sam\u00fael svaf \u00ed musteri Drottins \u00fear sem \u00f6rk Gu\u00f0s st\u00f3\u00f0. <br \/> <a name=\"4\"><span class=\"versanumer_2007\">4<\/span><\/a> \u00de\u00e1 kalla\u00f0i Drottinn til Sam\u00faels og hann svara\u00f0i: \u201eJ\u00e1, h\u00e9r er \u00e9g.\u201c <a name=\"5\"><span class=\"versanumer_2007\">5<\/span><\/a> Hann hlj\u00f3p s\u00ed\u00f0an til El\u00ed og sag\u00f0i: \u201eH\u00e9r er \u00e9g, \u00fe\u00fa kalla\u00f0ir \u00e1 mig.\u201c En hann svara\u00f0i: \u201e\u00c9g kalla\u00f0i ekki, far\u00f0u aftur a\u00f0 sofa,\u201c og Sam\u00fael f\u00f3r a\u00f0 sofa. <a name=\"6\"><span class=\"versanumer_2007\">6<\/span><\/a> Drottinn kalla\u00f0i \u00fe\u00e1 aftur: \u201eSam\u00fael!\u201c og Sam\u00fael reis upp, gekk til El\u00ed og sag\u00f0i: \u201eH\u00e9r er \u00e9g, \u00fe\u00fa kalla\u00f0ir \u00e1 mig.\u201c En hann svara\u00f0i: \u201e\u00c9g kalla\u00f0i ekki, sonur minn, far\u00f0u aftur a\u00f0 sofa.\u201c<br \/> <a name=\"7\"><span class=\"versanumer_2007\">7<\/span><\/a> En Sam\u00fael \u00feekkti Drottin ekki enn \u00fe\u00e1 og or\u00f0 Drottins haf\u00f0i ekki enn opinberast honum. <a name=\"8\"><span class=\"versanumer_2007\">8<\/span><\/a> \u00de\u00e1 kalla\u00f0i Drottinn til Sam\u00faels \u00ed \u00feri\u00f0ja sinn og hann reis upp, gekk til El\u00ed og sag\u00f0i: \u201eH\u00e9r er \u00e9g, \u00fe\u00fa kalla\u00f0ir \u00e1 mig.\u201c N\u00fa skildi El\u00ed a\u00f0 \u00fea\u00f0 var Drottinn sem var a\u00f0 kalla til drengsins. <a name=\"9\"><span class=\"versanumer_2007\">9<\/span><\/a> El\u00ed sag\u00f0i \u00fev\u00ed vi\u00f0 Sam\u00fael: \u201eFar\u00f0u a\u00f0 sofa. En kalli hann aftur til \u00fe\u00edn skaltu svara: Tala \u00fe\u00fa, Drottinn, \u00fev\u00ed a\u00f0 \u00fej\u00f3nn \u00feinn heyrir.\u201c Sam\u00fael f\u00f3r og lag\u00f0ist fyrir \u00e1 s\u00ednum sta\u00f0.<br \/> <a name=\"10\"><span class=\"versanumer_2007\">10<\/span><\/a> \u00de\u00e1 kom Drottinn, nam sta\u00f0ar andsp\u00e6nis honum og hr\u00f3pa\u00f0i eins og \u00ed fyrri skiptin: \u201eSam\u00fael, Sam\u00fael!\u201c Sam\u00fael svara\u00f0i: \u201eTala \u00fe\u00fa, Drottinn, \u00fev\u00ed a\u00f0 \u00fej\u00f3nn \u00feinn heyrir.\u201c <br \/> <a name=\"11\"><span class=\"versanumer_2007\">11<\/span><\/a> \u00de\u00e1 sag\u00f0i Drottinn vi\u00f0 Sam\u00fael: \u201eN\u00fa \u00e6tla \u00e9g a\u00f0 vinna verk \u00ed \u00cdsrael sem mun \u00f3ma fyrir eyrum allra \u00feeirra sem um \u00fea\u00f0 heyra. <a name=\"12\"><span class=\"versanumer_2007\">12<\/span><\/a> \u00c1 \u00feeim degi mun \u00e9g l\u00e1ta r\u00e6tast \u00e1 El\u00ed allt sem \u00e9g hef \u00f3gna\u00f0 \u00e6tt hans me\u00f0 fr\u00e1 upphafi til enda. <a name=\"13\"><span class=\"versanumer_2007\">13<\/span><\/a> \u00c9g hef bo\u00f0a\u00f0 honum a\u00f0 d\u00f3mur minn yfir \u00e6tt hans muni \u00e6vinlega standa vegna \u00feess a\u00f0 hann vissi a\u00f0 synir hans lastm\u00e6ltu Gu\u00f0i og hann kom ekki \u00ed veg fyrir \u00fea\u00f0. <a name=\"14\"><span class=\"versanumer_2007\">14<\/span><\/a> \u00deess vegna hef \u00e9g svari\u00f0 \u00e6tt El\u00ed a\u00f0 aldrei ver\u00f0i b\u00e6tt fyrir synd hennar, hvorki me\u00f0 sl\u00e1turf\u00f3rn n\u00e9 kornf\u00f3rn.\u201c<br \/> <a name=\"15\"><span class=\"versanumer_2007\">15<\/span><\/a> Sam\u00fael l\u00e1 n\u00fa kyrr til morguns. \u00de\u00e1 opna\u00f0i hann dyrnar \u00e1 h\u00fasi Drottins en \u00feor\u00f0i ekki a\u00f0 segja El\u00ed fr\u00e1 s\u00fdninni. <a name=\"16\"><span class=\"versanumer_2007\">16<\/span><\/a> \u00de\u00e1 kalla\u00f0i El\u00ed \u00e1 Sam\u00fael og sag\u00f0i: \u201eSam\u00fael, sonur minn.\u201c Hann svara\u00f0i: \u201eJ\u00e1, h\u00e9r er \u00e9g.\u201c <a name=\"17\"><span class=\"versanumer_2007\">17<\/span><\/a> En El\u00ed spur\u00f0i: \u201eHva\u00f0 var \u00fea\u00f0 sem hann sag\u00f0i vi\u00f0 \u00feig? Leyndu mig \u00fev\u00ed ekki. Drottinn l\u00e1ti \u00feig gjalda \u00feess ef \u00fe\u00fa leynir mig nokkru af \u00fev\u00ed sem hann sag\u00f0i vi\u00f0 \u00feig.\u201c <a name=\"18\"><span class=\"versanumer_2007\">18<\/span><\/a> Sam\u00fael sag\u00f0i honum \u00fe\u00e1 allt \u00e1n \u00feess a\u00f0 draga nokku\u00f0 undan. En El\u00ed sag\u00f0i: \u201eHann er Drottinn. Hann gerir \u00fea\u00f0 sem honum \u00fe\u00f3knast.\u201c<br \/> <a name=\"19\"><span class=\"versanumer_2007\">19<\/span><\/a> Sam\u00fael \u00f3x og Drottinn var me\u00f0 honum og l\u00e9t ekkert af \u00fev\u00ed sem hann haf\u00f0i bo\u00f0a\u00f0 falla til jar\u00f0ar. <a name=\"20\"><span class=\"versanumer_2007\">20<\/span><\/a> Allur \u00cdsrael, fr\u00e1 Dan til Beerseba, vi\u00f0urkenndi a\u00f0 Sam\u00fael v\u00e6ri tr\u00faa\u00f0 fyrir \u00fev\u00ed a\u00f0 vera sp\u00e1ma\u00f0ur Drottins. <a name=\"21\"><span class=\"versanumer_2007\">21<\/span><\/a> Drottinn h\u00e9lt \u00e1fram a\u00f0 birtast \u00ed S\u00edl\u00f3 og hann opinbera\u00f0ist Sam\u00fael \u00ed S\u00edl\u00f3 me\u00f0 or\u00f0i s\u00ednu.<\/p>\n","protected":false},"excerpt":{"rendered":"<p>Gu\u00f0 kallar \u00e1 Sam\u00fael 1 Sveinninn Sam\u00fael gegndi n\u00fa \u00fej\u00f3nustu vi\u00f0 Drottin undir handlei\u00f0slu El\u00ed. \u00c1 \u00feessum t\u00edma var or\u00f0 Drottins sjaldg\u00e6ft og s\u00fdnir f\u00e1t\u00ed\u00f0ar. 2 Einhverju sinni bar svo vi\u00f0 a\u00f0 El\u00ed l\u00e1 og svaf \u00fear sem hann var vanur. Hann var h\u00e6ttur a\u00f0 sj\u00e1 \u00fev\u00ed a\u00f0 augu hans h\u00f6f\u00f0u daprast. 3 Lampi Gu\u00f0s haf\u00f0i enn ekki slokkna\u00f0 og Sam\u00fael svaf \u00ed musteri Drottins \u00fear sem \u00f6rk Gu\u00f0s st\u00f3\u00f0. 4 \u00de\u00e1 kalla\u00f0i Drottinn til Sam\u00faels og hann svara\u00f0i: \u201eJ\u00e1, h\u00e9r er \u00e9g.\u201c 5 Hann hlj\u00f3p s\u00ed\u00f0an til El\u00ed og sag\u00f0i: \u201eH\u00e9r er \u00e9g, \u00fe\u00fa kalla\u00f0ir \u00e1 mig.\u201c En hann <a href=\"https:\/\/biblian.is\/biblian\/fyrri-samuelsbok-3-kafli\/\"> [&#8230;]<\/a><\/p>\n","protected":false},"author":1,"featured_media":0,"parent":0,"menu_order":0,"comment_status":"open","ping_status":"open","template":"bibliukaflar_NT.php","meta":{"footnotes":""},"class_list":["post-1856","page","type-page","status-publish","hentry"],"_links":{"self":[{"href":"https:\/\/biblian.is\/biblian\/wp-json\/wp\/v2\/pages\/1856","targetHints":{"allow":["GET"]}}],"collection":[{"href":"https:\/\/biblian.is\/biblian\/wp-json\/wp\/v2\/pages"}],"about":[{"href":"https:\/\/biblian.is\/biblian\/wp-json\/wp\/v2\/types\/page"}],"author":[{"embeddable":true,"href":"https:\/\/biblian.is\/biblian\/wp-json\/wp\/v2\/users\/1"}],"replies":[{"embeddable":true,"href":"https:\/\/biblian.is\/biblian\/wp-json\/wp\/v2\/comments?post=1856"}],"version-history":[{"count":0,"href":"https:\/\/biblian.is\/biblian\/wp-json\/wp\/v2\/pages\/1856\/revisions"}],"wp:attachment":[{"href":"https:\/\/biblian.is\/biblian\/wp-json\/wp\/v2\/media?parent=1856"}],"curies":[{"name":"wp","href":"https:\/\/api.w.org\/{rel}","templated":true}]}}