{"id":1840,"date":"2017-12-30T21:00:40","date_gmt":"2017-12-30T21:00:40","guid":{"rendered":"http:\/\/biblian.is\/biblian\/d%c2%97marab%c2%97kin-12-kafli\/"},"modified":"2024-07-03T13:13:06","modified_gmt":"2024-07-03T13:13:06","slug":"domarabokin-12-kafli","status":"publish","type":"page","link":"https:\/\/biblian.is\/biblian\/domarabokin-12-kafli\/","title":{"rendered":"D\u00f3marab\u00f3kin 12. kafli"},"content":{"rendered":"<h3 class=\"millifyrirsogn_2007\"> Jefta berst vi\u00f0 Efra\u00edm\u00edta<\/h3>\n<p><a name=\"1\"><span class=\"versanumer_2007\">1<\/span><\/a> Efra\u00edm\u00edtum var stefnt saman. \u00deeir h\u00e9ldu \u00ed nor\u00f0ur og s\u00f6g\u00f0u vi\u00f0 Jefta: \u201eHv\u00ed f\u00f3rst \u00fe\u00fa a\u00f0 berjast vi\u00f0 Amm\u00f3n\u00edta og kalla\u00f0ir okkur ekki til li\u00f0s vi\u00f0 \u00feig? N\u00fa munum vi\u00f0 leggja eld \u00ed h\u00fas \u00feitt.\u201c <a name=\"2\"><span class=\"versanumer_2007\">2<\/span><\/a> \u00de\u00e1 sag\u00f0i Jefta vi\u00f0 \u00fe\u00e1: \u201e\u00c9g og \u00fej\u00f3\u00f0 m\u00edn \u00e1ttum \u00ed miklum deilum vi\u00f0 Amm\u00f3n\u00edta. Beiddist \u00e9g \u00fe\u00e1 li\u00f0s af ykkur en \u00fei\u00f0 hj\u00e1lpu\u00f0u\u00f0 m\u00e9r ekki \u00far h\u00f6ndum \u00feeirra. <a name=\"3\"><span class=\"versanumer_2007\">3<\/span><\/a> \u00deegar \u00e9g s\u00e1 a\u00f0 \u00fei\u00f0 \u00e6tlu\u00f0u\u00f0 ekki a\u00f0 hj\u00e1lpa m\u00e9r \u00fe\u00e1 h\u00e6tti \u00e9g l\u00edfi m\u00ednu og h\u00e9lt gegn Amm\u00f3n\u00edtum og Drottinn gaf \u00fe\u00e1 m\u00e9r \u00ed hendur. Hvers vegna komi\u00f0 \u00fei\u00f0 \u00fe\u00e1 til m\u00edn \u00ed dag til \u00feess a\u00f0 berjast vi\u00f0 mig?\u201c <a name=\"4\"><span class=\"versanumer_2007\">4<\/span><\/a> Jefta safna\u00f0i saman \u00f6llum m\u00f6nnum \u00ed G\u00edlea\u00f0 og bar\u00f0ist vi\u00f0 Efra\u00edm\u00edta og unnu \u00edb\u00faar G\u00edlea\u00f0s sigur \u00e1 Efra\u00edm\u00edtum. Efra\u00edm\u00edtar h\u00f6f\u00f0u sagt: \u201e\u00dei\u00f0 eru\u00f0 fl\u00f3ttamenn fr\u00e1 Efra\u00edm. G\u00edlea\u00f0 er mitt \u00ed Efra\u00edm, mitt \u00ed Manasse.\u201c <a name=\"5\"><span class=\"versanumer_2007\">5<\/span><\/a> \u00cdb\u00faar G\u00edlea\u00f0s settust um J\u00f3rdanarv\u00f6\u00f0in yfir til Efra\u00edms. Og \u00feegar fl\u00f3ttama\u00f0ur \u00far Efra\u00edm sag\u00f0i: \u201eLeyfi\u00f0 m\u00e9r a\u00f0 fara yfir,\u201c \u00fe\u00e1 s\u00f6g\u00f0u \u00edb\u00faarnir \u00ed G\u00edlea\u00f0 vi\u00f0 hann: \u201eErt \u00fe\u00fa Efra\u00edm\u00edti?\u201c Ef hann svara\u00f0i: \u201eNei,\u201c <a name=\"6\"><span class=\"versanumer_2007\">6<\/span><\/a> s\u00f6g\u00f0u \u00feeir vi\u00f0 hann: \u201eSeg\u00f0u Sjibb\u00f3let.\u201c Ef hann sag\u00f0i: \u201eSibb\u00f3let,\u201c og g\u00e6tti \u00feess ekki a\u00f0 bera \u00fea\u00f0 r\u00e9tt fram gripu \u00feeir hann og dr\u00e1pu hann vi\u00f0 J\u00f3rdanarv\u00f6\u00f0in. F\u00e9llu \u00fe\u00e1 fj\u00f6rut\u00edu og tv\u00f6 \u00fe\u00fasund af ni\u00f0jum Efra\u00edms.<br \/> <a name=\"7\"><span class=\"versanumer_2007\">7<\/span><\/a> Jefta var d\u00f3mari \u00ed \u00cdsrael \u00ed sex \u00e1r. S\u00ed\u00f0an anda\u00f0ist Jefta fr\u00e1 G\u00edlea\u00f0 og var grafinn \u00ed einni af borgunum \u00ed G\u00edlea\u00f0.<\/p>\n<h3 class=\"millifyrirsogn_2007\">\u00der\u00edr d\u00f3marar<\/h3>\n<p><a name=\"8\"><span class=\"versanumer_2007\">8<\/span><\/a> Eftir Jefta var\u00f0 \u00cdbsan fr\u00e1 Betlehem d\u00f3mari \u00ed \u00cdsrael. <a name=\"9\"><span class=\"versanumer_2007\">9<\/span><\/a> Hann \u00e1tti \u00ferj\u00e1t\u00edu syni og \u00ferj\u00e1t\u00edu d\u00e6tur gifti hann burt fr\u00e1 s\u00e9r og \u00ferj\u00e1t\u00edu konur f\u00e9kk hann sonum s\u00ednum annars sta\u00f0ar a\u00f0. Hann var d\u00f3mari \u00ed \u00cdsrael sj\u00f6 \u00e1r. <a name=\"10\"><span class=\"versanumer_2007\">10<\/span><\/a> S\u00ed\u00f0an anda\u00f0ist \u00cdbsan og var grafinn \u00ed Betlehem.<br \/> <a name=\"11\"><span class=\"versanumer_2007\">11<\/span><\/a> Eftir hann var\u00f0 El\u00f3n, ni\u00f0ji Seb\u00falons, d\u00f3mari \u00ed \u00cdsrael. Hann var d\u00f3mari \u00ed \u00cdsrael t\u00edu \u00e1r. <a name=\"12\"><span class=\"versanumer_2007\">12<\/span><\/a> S\u00ed\u00f0an anda\u00f0ist El\u00f3n, ni\u00f0ji Seb\u00falons, og var grafinn \u00ed Ajalon \u00ed Seb\u00falonslandi.<br \/> <a name=\"13\"><span class=\"versanumer_2007\">13<\/span><\/a> Eftir hann var Abd\u00f3n H\u00edllelsson fr\u00e1 P\u00edrat\u00f3n d\u00f3mari \u00ed \u00cdsrael. <a name=\"14\"><span class=\"versanumer_2007\">14<\/span><\/a> Hann \u00e1tti fj\u00f6rut\u00edu syni og \u00ferj\u00e1t\u00edu sonasyni sem ri\u00f0u sj\u00f6t\u00edu \u00f6snufolum. Hann var d\u00f3mari \u00ed \u00cdsrael \u00e1tta \u00e1r. <a name=\"15\"><span class=\"versanumer_2007\">15<\/span><\/a> S\u00ed\u00f0an anda\u00f0ist Abd\u00f3n H\u00edllelsson fr\u00e1 P\u00edrat\u00f3n og var grafinn \u00ed P\u00edrat\u00f3n \u00ed Efra\u00edmslandi \u00e1 fj\u00f6llum Amalek\u00edta.<\/p>\n","protected":false},"excerpt":{"rendered":"<p>Jefta berst vi\u00f0 Efra\u00edm\u00edta 1 Efra\u00edm\u00edtum var stefnt saman. \u00deeir h\u00e9ldu \u00ed nor\u00f0ur og s\u00f6g\u00f0u vi\u00f0 Jefta: \u201eHv\u00ed f\u00f3rst \u00fe\u00fa a\u00f0 berjast vi\u00f0 Amm\u00f3n\u00edta og kalla\u00f0ir okkur ekki til li\u00f0s vi\u00f0 \u00feig? N\u00fa munum vi\u00f0 leggja eld \u00ed h\u00fas \u00feitt.\u201c 2 \u00de\u00e1 sag\u00f0i Jefta vi\u00f0 \u00fe\u00e1: \u201e\u00c9g og \u00fej\u00f3\u00f0 m\u00edn \u00e1ttum \u00ed miklum deilum vi\u00f0 Amm\u00f3n\u00edta. Beiddist \u00e9g \u00fe\u00e1 li\u00f0s af ykkur en \u00fei\u00f0 hj\u00e1lpu\u00f0u\u00f0 m\u00e9r ekki \u00far h\u00f6ndum \u00feeirra. 3 \u00deegar \u00e9g s\u00e1 a\u00f0 \u00fei\u00f0 \u00e6tlu\u00f0u\u00f0 ekki a\u00f0 hj\u00e1lpa m\u00e9r \u00fe\u00e1 h\u00e6tti \u00e9g l\u00edfi m\u00ednu og h\u00e9lt gegn Amm\u00f3n\u00edtum og Drottinn gaf \u00fe\u00e1 m\u00e9r \u00ed hendur. Hvers vegna komi\u00f0 <a href=\"https:\/\/biblian.is\/biblian\/domarabokin-12-kafli\/\"> [&#8230;]<\/a><\/p>\n","protected":false},"author":1,"featured_media":0,"parent":0,"menu_order":0,"comment_status":"open","ping_status":"open","template":"bibliukaflar_NT.php","meta":{"footnotes":""},"class_list":["post-1840","page","type-page","status-publish","hentry"],"_links":{"self":[{"href":"https:\/\/biblian.is\/biblian\/wp-json\/wp\/v2\/pages\/1840","targetHints":{"allow":["GET"]}}],"collection":[{"href":"https:\/\/biblian.is\/biblian\/wp-json\/wp\/v2\/pages"}],"about":[{"href":"https:\/\/biblian.is\/biblian\/wp-json\/wp\/v2\/types\/page"}],"author":[{"embeddable":true,"href":"https:\/\/biblian.is\/biblian\/wp-json\/wp\/v2\/users\/1"}],"replies":[{"embeddable":true,"href":"https:\/\/biblian.is\/biblian\/wp-json\/wp\/v2\/comments?post=1840"}],"version-history":[{"count":0,"href":"https:\/\/biblian.is\/biblian\/wp-json\/wp\/v2\/pages\/1840\/revisions"}],"wp:attachment":[{"href":"https:\/\/biblian.is\/biblian\/wp-json\/wp\/v2\/media?parent=1840"}],"curies":[{"name":"wp","href":"https:\/\/api.w.org\/{rel}","templated":true}]}}