{"id":1827,"date":"2017-12-30T21:00:35","date_gmt":"2017-12-30T21:00:35","guid":{"rendered":"http:\/\/biblian.is\/biblian\/j%c2%97s%c2%9cab%c2%97k-23-kafli\/"},"modified":"2024-06-27T02:39:13","modified_gmt":"2024-06-27T02:39:13","slug":"josuabok-23-kafli","status":"publish","type":"page","link":"https:\/\/biblian.is\/biblian\/josuabok-23-kafli\/","title":{"rendered":"J\u00f3s\u00faab\u00f3k 23. kafli"},"content":{"rendered":"<h3 class=\"millifyrirsogn_2007\"> Kve\u00f0jur\u00e6\u00f0a J\u00f3s\u00faa<\/h3>\n<p><a name=\"1\"><span class=\"versanumer_2007\">1<\/span><\/a> L\u00f6ngu s\u00ed\u00f0ar, \u00feegar Drottinn haf\u00f0i veitt \u00cdsrael fri\u00f0 fyrir fjandm\u00f6nnum allt umhverfis og J\u00f3s\u00faa var or\u00f0inn gamall og hniginn a\u00f0 aldri, <a name=\"2\"><span class=\"versanumer_2007\">2<\/span><\/a> kvaddi hann allan \u00cdsrael saman, \u00f6ldunga hans, h\u00f6f\u00f0ingja, d\u00f3mara og emb\u00e6ttismenn og sag\u00f0i vi\u00f0 \u00fe\u00e1: \u201e\u00c9g er n\u00fa or\u00f0inn gamall og aldurhniginn. <a name=\"3\"><span class=\"versanumer_2007\">3<\/span><\/a> \u00dei\u00f0 hafi\u00f0 sj\u00e1lfir s\u00e9\u00f0 allt, sem Drottinn, Gu\u00f0 ykkar, ger\u00f0i vi\u00f0 allar \u00feessar \u00fej\u00f3\u00f0ir frammi fyrir ykkur \u00fev\u00ed a\u00f0 Drottinn, Gu\u00f0 ykkar, bar\u00f0ist fyrir ykkur. <a name=\"4\"><span class=\"versanumer_2007\">4<\/span><\/a> \u00c9g hef me\u00f0 hlutkesti \u00fathluta\u00f0 \u00e6ttb\u00e1lkum ykkar, hverri \u00e6tt fyrir sig, a\u00f0 erf\u00f0ahlut \u00f6llu landi \u00feeirra \u00fej\u00f3\u00f0a sem \u00e9g tort\u00edmdi og einnig \u00feeirra sem enn eru eftir fr\u00e1 J\u00f3rdan a\u00f0 hafinu mikla \u00ed vestri. <a name=\"5\"><span class=\"versanumer_2007\">5<\/span><\/a> Drottinn, Gu\u00f0 ykkar, mun sj\u00e1lfur hrekja \u00feessar \u00fej\u00f3\u00f0ir \u00far vegi ykkar, hann mun reka \u00fe\u00e6r burt fr\u00e1 ykkur og \u00fei\u00f0 munu\u00f0 taka land \u00feeirra til eignar, eins og Drottinn, Gu\u00f0 ykkar, h\u00e9t ykkur. <a name=\"6\"><span class=\"versanumer_2007\">6<\/span><\/a> Veri\u00f0 n\u00fa einbeittir og haldi\u00f0 allt sem skr\u00e1\u00f0 er \u00ed l\u00f6gb\u00f3k M\u00f3se og framfylgi\u00f0 \u00fev\u00ed. V\u00edki\u00f0 hvorki til h\u00e6gri n\u00e9 vinstri fr\u00e1 \u00fev\u00ed. <a name=\"7\"><span class=\"versanumer_2007\">7<\/span><\/a> Eigi\u00f0 ekki n\u00e1i\u00f0 samneyti vi\u00f0 \u00feessar \u00fej\u00f3\u00f0ir sem enn eru eftir \u00e1 me\u00f0al ykkar. \u00c1kalli\u00f0 ekki gu\u00f0i \u00feeirra, sverji\u00f0 ekki vi\u00f0 \u00fe\u00e1, \u00fej\u00f3ni\u00f0 \u00feeim ekki og falli\u00f0 ekki fram fyrir \u00feeim. <a name=\"8\"><span class=\"versanumer_2007\">8<\/span><\/a> Haldi\u00f0 ykkur hins vegar fast vi\u00f0 Drottin, Gu\u00f0 ykkar, eins og \u00fei\u00f0 hafi\u00f0 gert allt til \u00feessa dags.<br \/> <a name=\"9\"><span class=\"versanumer_2007\">9<\/span><\/a> Drottinn hefur hraki\u00f0 \u00far vegi ykkar miklar og voldugar \u00fej\u00f3\u00f0ir og allt til \u00feessa dags hefur enginn geta\u00f0 veitt ykkur vi\u00f0n\u00e1m. <a name=\"10\"><span class=\"versanumer_2007\">10<\/span><\/a> Einn ykkar getur st\u00f6kkt \u00fe\u00fasund \u00e1 fl\u00f3tta \u00fev\u00ed a\u00f0 Drottinn, Gu\u00f0 ykkar, berst sj\u00e1lfur fyrir ykkur eins og hann hefur heiti\u00f0 ykkur.<br \/> <a name=\"11\"><span class=\"versanumer_2007\">11<\/span><\/a> G\u00e6ti\u00f0 \u00feess af fremsta megni, l\u00edf ykkar liggur vi\u00f0, a\u00f0 elska Drottin, Gu\u00f0 ykkar. <a name=\"12\"><span class=\"versanumer_2007\">12<\/span><\/a> En ef \u00fei\u00f0 gerist honum fr\u00e1hverfir og tengist \u00feeim sem enn eru eftir af \u00fej\u00f3\u00f0unum sem enn eru eftir me\u00f0al ykkar, m\u00e6gist \u00feeim e\u00f0a eigi\u00f0 n\u00e1in samskipti vi\u00f0 \u00fe\u00e6r og \u00fe\u00e6r vi\u00f0 ykkur, <a name=\"13\"><span class=\"versanumer_2007\">13<\/span><\/a> \u00fe\u00e1 skulu\u00f0 \u00fei\u00f0 vita me\u00f0 vissu a\u00f0 Drottinn, Gu\u00f0 ykkar, mun ekki framar hrekja \u00feessar \u00fej\u00f3\u00f0ir \u00far vegi ykkar. \u00de\u00e6r ver\u00f0a ykkur snara og gildra, baki ykkar svipa og \u00feyrnir \u00ed augum ykkar \u00fear til ykkur hefur veri\u00f0 eytt \u00far \u00feessu g\u00f3\u00f0a landi sem Drottinn, Gu\u00f0 ykkar, gaf ykkur.<br \/> <a name=\"14\"><span class=\"versanumer_2007\">14<\/span><\/a> Sj\u00e1lfur geng \u00e9g n\u00fa \u00ed dag veg allrar veraldar. En \u00fei\u00f0 skulu\u00f0 j\u00e1ta af \u00f6llu hjarta og allri s\u00e1lu a\u00f0 ekkert fyrirheitanna sem voru ykkur \u00ed hag og Drottinn, Gu\u00f0 ykkar, gaf ykkur er \u00f3efnt, \u00f6ll hafa \u00feau r\u00e6st, ekkert \u00feeirra hefur brug\u00f0ist.<br \/> <a name=\"15\"><span class=\"versanumer_2007\">15<\/span><\/a> En eins og hvert gott fyrirheit sem Drottinn, Gu\u00f0 ykkar, gaf ykkur hefur veri\u00f0 efnt mun Drottinn standa vi\u00f0 hverja h\u00f3tun uns hann hefur gereytt ykkur \u00far \u00feessu g\u00f3\u00f0a landi sem Drottinn, Gu\u00f0 ykkar, gaf ykkur. <a name=\"16\"><span class=\"versanumer_2007\">16<\/span><\/a> Ef \u00fei\u00f0 rj\u00fafi\u00f0 s\u00e1ttm\u00e1la Drottins, Gu\u00f0s ykkar, sem hann setti ykkur, fari\u00f0 og \u00fej\u00f3ni\u00f0 \u00f6\u00f0rum gu\u00f0um og falli\u00f0 fram fyrir \u00feeim, mun rei\u00f0i Drottins blossa upp gegn ykkur og \u00fei\u00f0 munu\u00f0 skj\u00f3tlega hverfa \u00far \u00feessu g\u00f3\u00f0a landi sem hann gaf ykkur.\u201c<\/p>\n","protected":false},"excerpt":{"rendered":"<p>Kve\u00f0jur\u00e6\u00f0a J\u00f3s\u00faa 1 L\u00f6ngu s\u00ed\u00f0ar, \u00feegar Drottinn haf\u00f0i veitt \u00cdsrael fri\u00f0 fyrir fjandm\u00f6nnum allt umhverfis og J\u00f3s\u00faa var or\u00f0inn gamall og hniginn a\u00f0 aldri, 2 kvaddi hann allan \u00cdsrael saman, \u00f6ldunga hans, h\u00f6f\u00f0ingja, d\u00f3mara og emb\u00e6ttismenn og sag\u00f0i vi\u00f0 \u00fe\u00e1: \u201e\u00c9g er n\u00fa or\u00f0inn gamall og aldurhniginn. 3 \u00dei\u00f0 hafi\u00f0 sj\u00e1lfir s\u00e9\u00f0 allt, sem Drottinn, Gu\u00f0 ykkar, ger\u00f0i vi\u00f0 allar \u00feessar \u00fej\u00f3\u00f0ir frammi fyrir ykkur \u00fev\u00ed a\u00f0 Drottinn, Gu\u00f0 ykkar, bar\u00f0ist fyrir ykkur. 4 \u00c9g hef me\u00f0 hlutkesti \u00fathluta\u00f0 \u00e6ttb\u00e1lkum ykkar, hverri \u00e6tt fyrir sig, a\u00f0 erf\u00f0ahlut \u00f6llu landi \u00feeirra \u00fej\u00f3\u00f0a sem \u00e9g tort\u00edmdi og einnig \u00feeirra sem enn eru <a href=\"https:\/\/biblian.is\/biblian\/josuabok-23-kafli\/\"> [&#8230;]<\/a><\/p>\n","protected":false},"author":1,"featured_media":0,"parent":0,"menu_order":0,"comment_status":"open","ping_status":"open","template":"bibliukaflar_NT.php","meta":{"footnotes":""},"class_list":["post-1827","page","type-page","status-publish","hentry"],"_links":{"self":[{"href":"https:\/\/biblian.is\/biblian\/wp-json\/wp\/v2\/pages\/1827","targetHints":{"allow":["GET"]}}],"collection":[{"href":"https:\/\/biblian.is\/biblian\/wp-json\/wp\/v2\/pages"}],"about":[{"href":"https:\/\/biblian.is\/biblian\/wp-json\/wp\/v2\/types\/page"}],"author":[{"embeddable":true,"href":"https:\/\/biblian.is\/biblian\/wp-json\/wp\/v2\/users\/1"}],"replies":[{"embeddable":true,"href":"https:\/\/biblian.is\/biblian\/wp-json\/wp\/v2\/comments?post=1827"}],"version-history":[{"count":0,"href":"https:\/\/biblian.is\/biblian\/wp-json\/wp\/v2\/pages\/1827\/revisions"}],"wp:attachment":[{"href":"https:\/\/biblian.is\/biblian\/wp-json\/wp\/v2\/media?parent=1827"}],"curies":[{"name":"wp","href":"https:\/\/api.w.org\/{rel}","templated":true}]}}