{"id":1761,"date":"2017-12-30T21:00:21","date_gmt":"2017-12-30T21:00:21","guid":{"rendered":"http:\/\/biblian.is\/biblian\/fj%c2%97r_a-m%c2%97seb%c2%97k-27-kafli\/"},"modified":"2024-05-06T22:31:20","modified_gmt":"2024-05-06T22:31:20","slug":"fjorda-mosebok-27-kafli","status":"publish","type":"page","link":"https:\/\/biblian.is\/biblian\/fjorda-mosebok-27-kafli\/","title":{"rendered":"Fj\u00f3r\u00f0a M\u00f3seb\u00f3k 27. kafli"},"content":{"rendered":"<h3 class=\"millifyrirsogn_2007\"> Erf\u00f0ar\u00e9ttur d\u00e6tra<\/h3>\n<p><a name=\"1\"><span class=\"versanumer_2007\">1<\/span><\/a> D\u00e6tur Selofha\u00f0s gengu n\u00fa fram. Selofha\u00f0 var sonur Hefers G\u00edlea\u00f0ssonar, Mak\u00edrssonar, Manassesonar, af \u00e6ttum Manasse, sonar J\u00f3sefs. D\u00e6tur hans h\u00e9tu Mahla, N\u00f3a, Hogla, Milka og Tirsa. <a name=\"2\"><span class=\"versanumer_2007\">2<\/span><\/a> \u00de\u00e6r gengu fram fyrir M\u00f3se og Eleasar prest, h\u00f6f\u00f0ingjana og allan s\u00f6fnu\u00f0inn vi\u00f0 dyr samfundatjaldsins og s\u00f6g\u00f0u: <a name=\"3\"><span class=\"versanumer_2007\">3<\/span><\/a> \u201eFa\u00f0ir okkar d\u00f3 \u00ed ey\u00f0im\u00f6rkinni. Samt var hann ekki \u00ed s\u00f6fnu\u00f0inum sem ger\u00f0i sambl\u00e1stur gegn Drottni, \u00ed s\u00f6fnu\u00f0i K\u00f3ra, heldur d\u00f3 hann vegna eigin syndar \u00e1n \u00feess a\u00f0 hafa eignast syni. <a name=\"4\"><span class=\"versanumer_2007\">4<\/span><\/a> Hvers vegna ver\u00f0ur nafn f\u00f6\u00f0ur okkar n\u00fa afm\u00e1\u00f0 \u00far \u00e6tt hans af \u00fev\u00ed a\u00f0 hann eigna\u00f0ist engan son? F\u00e1\u00f0u okkur \u00fev\u00ed landareign me\u00f0al f\u00f6\u00f0urbr\u00e6\u00f0ra okkar.\u201c<br \/> <a name=\"5\"><span class=\"versanumer_2007\">5<\/span><\/a> M\u00f3se lag\u00f0i m\u00e1l \u00feeirra fyrir Drottin <a name=\"6\"><span class=\"versanumer_2007\">6<\/span><\/a> og Drottinn svara\u00f0i M\u00f3se og sag\u00f0i: <a name=\"7\"><span class=\"versanumer_2007\">7<\/span><\/a> \u201eD\u00e6tur Selofha\u00f0s hafa \u00e1 r\u00e9ttu a\u00f0 standa. F\u00e1\u00f0u \u00feeim landareign, erf\u00f0aland, me\u00f0al f\u00f6\u00f0urbr\u00e6\u00f0ra sinna og l\u00e1ttu \u00f3\u00f0al f\u00f6\u00f0ur \u00feeirra ganga til \u00feeirra. <a name=\"8\"><span class=\"versanumer_2007\">8<\/span><\/a> \u00de\u00fa skalt \u00e1varpa \u00cdsraelsmenn og segja: \u00deegar ma\u00f0ur deyr \u00e1n \u00feess a\u00f0 eiga son skal \u00f3\u00f0al hans ganga til d\u00f3ttur hans. <a name=\"9\"><span class=\"versanumer_2007\">9<\/span><\/a> Eigi hann enga d\u00f3ttur skulu\u00f0 \u00fei\u00f0 f\u00e1 br\u00e6\u00f0rum hans erf\u00f0aland hans. <a name=\"10\"><span class=\"versanumer_2007\">10<\/span><\/a> En eigi hann enga br\u00e6\u00f0ur skulu\u00f0 \u00fei\u00f0 f\u00e1 f\u00f6\u00f0urbr\u00e6\u00f0rum hans erf\u00f0aland hans. <a name=\"11\"><span class=\"versanumer_2007\">11<\/span><\/a> Eigi hann enga f\u00f6\u00f0urbr\u00e6\u00f0ur skulu\u00f0 \u00fei\u00f0 f\u00e1 erf\u00f0aland hans n\u00e1nasta skyldmenni hans \u00ed \u00e6tt hans og skal \u00e6ttinginn taka landi\u00f0 til eignar.<br \/>\u00deetta skal ver\u00f0a laga\u00e1kv\u00e6\u00f0i \u00ed \u00cdsrael eins og Drottinn hefur bo\u00f0i\u00f0 M\u00f3se.\u201c<\/p>\n<h3 class=\"millifyrirsogn_2007\">J\u00f3s\u00faa, eftirma\u00f0ur M\u00f3se<\/h3>\n<p><a name=\"12\"><span class=\"versanumer_2007\">12<\/span><\/a> Drottinn sag\u00f0i vi\u00f0 M\u00f3se:<br \/>\u201eFar\u00f0u h\u00e9r upp \u00e1 Abar\u00edmfjall og horf\u00f0u yfir landi\u00f0 sem \u00e9g hef gefi\u00f0 \u00cdsraelsm\u00f6nnum. <a name=\"13\"><span class=\"versanumer_2007\">13<\/span><\/a> \u00deegar \u00fe\u00fa hefur horft yfir \u00fea\u00f0 muntu safnast til fe\u00f0ra \u00feinna eins og Aron, br\u00f3\u00f0ir \u00feinn, <a name=\"14\"><span class=\"versanumer_2007\">14<\/span><\/a> \u00fev\u00ed a\u00f0 \u00fei\u00f0 risu\u00f0 gegn bo\u00f0i m\u00ednu \u00ed S\u00edney\u00f0im\u00f6rk \u00feegar s\u00f6fnu\u00f0urinn ger\u00f0i uppreisn og \u00fei\u00f0 \u00e1ttu\u00f0 a\u00f0 birta heilagleika minn me\u00f0 vatninu fyrir augum \u00feeirra.\u201c \u00dea\u00f0 var Mer\u00edbavatn vi\u00f0 Kades \u00ed S\u00edney\u00f0im\u00f6rk.<br \/> <a name=\"15\"><span class=\"versanumer_2007\">15<\/span><\/a> En M\u00f3se \u00e1varpa\u00f0i Drottin og sag\u00f0i:<br \/> <a name=\"16\"><span class=\"versanumer_2007\">16<\/span><\/a> \u201eDrottinn Gu\u00f0, sem g\u00e6\u00f0ir allt hold l\u00edfi, \u00e6tti a\u00f0 skipa mann yfir s\u00f6fnu\u00f0inn, <a name=\"17\"><span class=\"versanumer_2007\">17<\/span><\/a> mann sem fer fyrir \u00feeim \u00fat og inn aftur, lei\u00f0ir \u00fe\u00e1 heiman og heim svo a\u00f0 s\u00f6fnu\u00f0ur Drottins ver\u00f0i ekki eins og hj\u00f6r\u00f0 \u00e1n hir\u00f0is.\u201c<br \/> <a name=\"18\"><span class=\"versanumer_2007\">18<\/span><\/a> Drottinn sag\u00f0i vi\u00f0 M\u00f3se:<br \/>\u201eS\u00e6ktu J\u00f3s\u00faa N\u00fansson, mann sem andi er \u00ed, og legg\u00f0u h\u00f6nd \u00fe\u00edna yfir hann. <a name=\"19\"><span class=\"versanumer_2007\">19<\/span><\/a> Leiddu hann s\u00ed\u00f0an fram fyrir Eleasar prest og allan s\u00f6fnu\u00f0inn og gef\u00f0u honum fyrirm\u00e6li. <a name=\"20\"><span class=\"versanumer_2007\">20<\/span><\/a> Veittu honum nokku\u00f0 af valdi \u00fe\u00ednu svo a\u00f0 allur s\u00f6fnu\u00f0ur \u00cdsraels hl\u00fd\u00f0i honum. <a name=\"21\"><span class=\"versanumer_2007\">21<\/span><\/a> Hann skal ganga fyrir Eleasar prest og bi\u00f0ja hann um \u00farskur\u00f0i me\u00f0 \u00far\u00edm fyrir augliti Drottins.\u201c<br \/> <a name=\"22\"><span class=\"versanumer_2007\">22<\/span><\/a> M\u00f3se ger\u00f0i \u00fea\u00f0 sem Drottinn haf\u00f0i bo\u00f0i\u00f0 honum. Hann s\u00f3tti J\u00f3s\u00faa og leiddi hann fram fyrir Eleasar prest og allan s\u00f6fnu\u00f0inn, <a name=\"23\"><span class=\"versanumer_2007\">23<\/span><\/a> lag\u00f0i h\u00f6nd s\u00edna yfir hann og gaf honum fyrirm\u00e6li eins og Drottinn haf\u00f0i bo\u00f0i\u00f0 fyrir munn M\u00f3se.<\/p>\n","protected":false},"excerpt":{"rendered":"<p>Erf\u00f0ar\u00e9ttur d\u00e6tra 1 D\u00e6tur Selofha\u00f0s gengu n\u00fa fram. Selofha\u00f0 var sonur Hefers G\u00edlea\u00f0ssonar, Mak\u00edrssonar, Manassesonar, af \u00e6ttum Manasse, sonar J\u00f3sefs. D\u00e6tur hans h\u00e9tu Mahla, N\u00f3a, Hogla, Milka og Tirsa. 2 \u00de\u00e6r gengu fram fyrir M\u00f3se og Eleasar prest, h\u00f6f\u00f0ingjana og allan s\u00f6fnu\u00f0inn vi\u00f0 dyr samfundatjaldsins og s\u00f6g\u00f0u: 3 \u201eFa\u00f0ir okkar d\u00f3 \u00ed ey\u00f0im\u00f6rkinni. Samt var hann ekki \u00ed s\u00f6fnu\u00f0inum sem ger\u00f0i sambl\u00e1stur gegn Drottni, \u00ed s\u00f6fnu\u00f0i K\u00f3ra, heldur d\u00f3 hann vegna eigin syndar \u00e1n \u00feess a\u00f0 hafa eignast syni. 4 Hvers vegna ver\u00f0ur nafn f\u00f6\u00f0ur okkar n\u00fa afm\u00e1\u00f0 \u00far \u00e6tt hans af \u00fev\u00ed a\u00f0 hann eigna\u00f0ist engan son? F\u00e1\u00f0u okkur <a href=\"https:\/\/biblian.is\/biblian\/fjorda-mosebok-27-kafli\/\"> [&#8230;]<\/a><\/p>\n","protected":false},"author":1,"featured_media":0,"parent":0,"menu_order":0,"comment_status":"open","ping_status":"open","template":"bibliukaflar_NT.php","meta":{"footnotes":""},"class_list":["post-1761","page","type-page","status-publish","hentry"],"_links":{"self":[{"href":"https:\/\/biblian.is\/biblian\/wp-json\/wp\/v2\/pages\/1761","targetHints":{"allow":["GET"]}}],"collection":[{"href":"https:\/\/biblian.is\/biblian\/wp-json\/wp\/v2\/pages"}],"about":[{"href":"https:\/\/biblian.is\/biblian\/wp-json\/wp\/v2\/types\/page"}],"author":[{"embeddable":true,"href":"https:\/\/biblian.is\/biblian\/wp-json\/wp\/v2\/users\/1"}],"replies":[{"embeddable":true,"href":"https:\/\/biblian.is\/biblian\/wp-json\/wp\/v2\/comments?post=1761"}],"version-history":[{"count":0,"href":"https:\/\/biblian.is\/biblian\/wp-json\/wp\/v2\/pages\/1761\/revisions"}],"wp:attachment":[{"href":"https:\/\/biblian.is\/biblian\/wp-json\/wp\/v2\/media?parent=1761"}],"curies":[{"name":"wp","href":"https:\/\/api.w.org\/{rel}","templated":true}]}}