{"id":1757,"date":"2017-12-30T21:00:16","date_gmt":"2017-12-30T21:00:16","guid":{"rendered":"http:\/\/biblian.is\/biblian\/fj%c2%97r_a-m%c2%97seb%c2%97k-23-kafli\/"},"modified":"2024-05-06T22:31:19","modified_gmt":"2024-05-06T22:31:19","slug":"fjorda-mosebok-23-kafli","status":"publish","type":"page","link":"https:\/\/biblian.is\/biblian\/fjorda-mosebok-23-kafli\/","title":{"rendered":"Fj\u00f3r\u00f0a M\u00f3seb\u00f3k 23. kafli"},"content":{"rendered":"<h3 class=\"millifyrirsogn_2007\"> Sp\u00e1d\u00f3msor\u00f0 B\u00edleams<\/h3>\n<p><a name=\"1\"><span class=\"versanumer_2007\">1<\/span><\/a> \u00de\u00e1 sag\u00f0i B\u00edleam vi\u00f0 Balak: \u201eReistu m\u00e9r h\u00e9r sj\u00f6 \u00f6lturu og b\u00fa\u00f0u sj\u00f6 naut og sj\u00f6 hr\u00fata til f\u00f3rnar.\u201c <a name=\"2\"><span class=\"versanumer_2007\">2<\/span><\/a> Balak ger\u00f0i \u00fea\u00f0 sem B\u00edleam bau\u00f0 og Balak og B\u00edleam f\u00e6r\u00f0u naut og hr\u00fat \u00ed brennif\u00f3rn \u00e1 hverju altari. <a name=\"3\"><span class=\"versanumer_2007\">3<\/span><\/a> \u00de\u00e1 sag\u00f0i B\u00edleam vi\u00f0 Balak: \u201eStattu kyrr vi\u00f0 brennif\u00f3rn \u00fe\u00edna. \u00c9g \u00e6tla a\u00f0 v\u00edkja m\u00e9r fr\u00e1. Vera m\u00e1 a\u00f0 Drottinn m\u00e6ti m\u00e9r. <span class=\"nedan_mal\" title=\" \u00d6nnur hugsanleg \u00fe\u00fd\u00f0ing: Leyfi m\u00e9r a\u00f0 m\u00e6ta s\u00e9r.\">[<\/span> \u00c9g mun segja \u00fe\u00e9r hva\u00f0 \u00e9g f\u00e6 a\u00f0 sj\u00e1.\u201c S\u00ed\u00f0an gekk hann burt og upp \u00e1 h\u00e6\u00f0. <a name=\"4\"><span class=\"versanumer_2007\">4<\/span><\/a> \u00de\u00e1 m\u00e6tti Gu\u00f0 honum. B\u00edleam sag\u00f0i vi\u00f0 hann: \u201eN\u00fa hef \u00e9g undirb\u00fai\u00f0 \u00feessi sj\u00f6 \u00f6lturu og f\u00e6rt brennif\u00f3rn \u00e1 hverju \u00feeirra.\u201c<br \/> <a name=\"5\"><span class=\"versanumer_2007\">5<\/span><\/a> \u00dev\u00ed n\u00e6st lag\u00f0i Drottinn or\u00f0 \u00ed munn B\u00edleams og sag\u00f0i: \u201eFar\u00f0u aftur til Balaks og seg\u00f0u honum \u00feetta.\u201c <a name=\"6\"><span class=\"versanumer_2007\">6<\/span><\/a> \u00de\u00e1 f\u00f3r hann aftur til hans \u00fear sem hann st\u00f3\u00f0 enn vi\u00f0 brennif\u00f3rnir s\u00ednar og allir hir\u00f0menn M\u00f3abs me\u00f0 honum. <span class=\"nedan_mal\" title=\" H\u00e9r b\u00e6tir sj\u00f6t\u00edumanna\u00fe\u00fd\u00f0ingin vi\u00f0: og andi Gu\u00f0s kom yfir hann, sbr. 24.26.\">[<\/span> <a name=\"7\"><span class=\"versanumer_2007\">7<\/span><\/a> \u00dev\u00ed n\u00e6st flutti hann bo\u00f0skap sinn.<br \/> <span class=\"ljodatexti\"> Balak s\u00f3tti mig fr\u00e1 Aram,<br \/>konungur M\u00f3abs, fr\u00e1 austurfj\u00f6llunum:<br \/>\u201eKom \u00fe\u00fa og b\u00f6lva Jakobi fyrir mig,<br \/>kom og h\u00f3ta \u00cdsrael.\u201c<br \/> <\/span> <span class=\"ljodatexti\"> <a name=\"8\"><span class=\"versanumer_ljod\">8<\/span><\/a>Get \u00e9g form\u00e6lt \u00feeim sem Drottinn form\u00e6lir ekki,<br \/>get \u00e9g h\u00f3ta\u00f0 \u00feeim sem Drottinn h\u00f3tar ekki?<br \/> <\/span> <span class=\"ljodatexti\"> <a name=\"9\"><span class=\"versanumer_ljod\">9<\/span><\/a>Fr\u00e1 klettagn\u00edpum s\u00e9 \u00e9g hann,<br \/>af h\u00e6\u00f0unum horfi \u00e9g \u00e1 hann,<br \/>\u00cdsrael, \u00fej\u00f3\u00f0 sem b\u00fdr ein s\u00e9r<br \/>og telur sig ekki me\u00f0 \u00f6\u00f0rum \u00fej\u00f3\u00f0um.<br \/> <\/span> <span class=\"ljodatexti\"> <a name=\"10\"><span class=\"versanumer_ljod\">10<\/span><\/a>Hver getur tali\u00f0 sandkorn Jakobs,<br \/>kasta\u00f0 t\u00f6lu \u00e1 tug\u00fe\u00fasundir <span class=\"nedan_mal\" title=\" \u00d6nnur hugsanleg \u00fe\u00fd\u00f0ing: \u2026 \u00e1 fj\u00f3r\u00f0ung \u00cdsraels.\">[<\/span> \u00cdsraels?<br \/>\u00c9g vildi deyja dau\u00f0a hins r\u00e9ttl\u00e1ta,<br \/>a\u00f0 endalok m\u00edn ver\u00f0i sem hans. <\/span> <br \/> <a name=\"11\"><span class=\"versanumer_2007\">11<\/span><\/a> Balak sag\u00f0i vi\u00f0 B\u00edleam: \u201eHva\u00f0 hefur\u00f0u gert m\u00e9r? \u00c9g s\u00f3tti \u00feig til a\u00f0 b\u00f6lva fjandm\u00f6nnum m\u00ednum en n\u00fa hefur\u00f0u margblessa\u00f0 \u00fe\u00e1.\u201c <a name=\"12\"><span class=\"versanumer_2007\">12<\/span><\/a> B\u00edleam svara\u00f0i og sag\u00f0i: \u201e\u00c1 \u00e9g ekki a\u00f0 g\u00e6ta \u00feess a\u00f0 segja \u00fea\u00f0 eitt sem Drottinn hefur lagt m\u00e9r \u00ed munn?\u201c <a name=\"13\"><span class=\"versanumer_2007\">13<\/span><\/a> \u00de\u00e1 sag\u00f0i Balak vi\u00f0 hann: \u201eKomdu n\u00fa me\u00f0 m\u00e9r \u00e1 annan sta\u00f0 \u00fea\u00f0an sem \u00fe\u00fa getur s\u00e9\u00f0 f\u00f3lki\u00f0. \u00de\u00fa munt a\u00f0 v\u00edsu a\u00f0eins geta s\u00e9\u00f0 \u00fe\u00e1 sem n\u00e6st standa en ekki geta s\u00e9\u00f0 \u00fea\u00f0 allt. Form\u00e6ltu \u00fej\u00f3\u00f0inni fyrir mig fr\u00e1 \u00feessum sta\u00f0.\u201c<br \/> <a name=\"14\"><span class=\"versanumer_2007\">14<\/span><\/a> Hann f\u00f3r me\u00f0 hann upp \u00e1 Pisgatind \u00feanga\u00f0 sem v\u00ed\u00f0ast s\u00e9st. Hann reisti sj\u00f6 \u00f6lturu og f\u00e6r\u00f0i naut og hr\u00fat \u00ed brennif\u00f3rn \u00e1 hverju altari.<br \/> <a name=\"15\"><span class=\"versanumer_2007\">15<\/span><\/a> En B\u00edleam sag\u00f0i vi\u00f0 Balak: \u201eStattu kyrr hj\u00e1 brennif\u00f3rn \u00feinni en \u00e9g \u00e6tla a\u00f0 reyna a\u00f0 m\u00e6ta Drottni.\u201c<br \/> <a name=\"16\"><span class=\"versanumer_2007\">16<\/span><\/a> \u00de\u00e1 m\u00e6tti Drottinn B\u00edleam, lag\u00f0i honum or\u00f0 \u00ed munn og sag\u00f0i: \u201eFar\u00f0u aftur til Balaks og seg\u00f0u honum \u00feetta.\u201c <a name=\"17\"><span class=\"versanumer_2007\">17<\/span><\/a> \u00deegar B\u00edleam kom til hans st\u00f3\u00f0 hann enn vi\u00f0 brennif\u00f3rn s\u00edna og hir\u00f0menn M\u00f3abs hj\u00e1 honum. Balak spur\u00f0i: \u201eHva\u00f0 segir Drottinn?\u201c <a name=\"18\"><span class=\"versanumer_2007\">18<\/span><\/a> \u00de\u00e1 t\u00f3k B\u00edleam a\u00f0 flytja bo\u00f0skap sinn og sag\u00f0i:<br \/> <span class=\"ljodatexti\"> R\u00eds upp, Balak, hlusta,<br \/>legg\u00f0u vi\u00f0 hlustir, sonur Sipp\u00f3rs.<br \/> <\/span> <span class=\"ljodatexti\"> <a name=\"19\"><span class=\"versanumer_ljod\">19<\/span><\/a>Gu\u00f0 er ekki ma\u00f0ur sem l\u00fdgur,<br \/>ekki sonur manns sem skiptir um sko\u00f0un.<br \/>Bo\u00f0ar hann eitthva\u00f0 \u00e1n \u00feess a\u00f0 framkv\u00e6ma \u00fea\u00f0?<br \/>Heitir hann einhverju \u00e1n \u00feess a\u00f0 efna \u00fea\u00f0?<br \/> <\/span> <span class=\"ljodatexti\"> <a name=\"20\"><span class=\"versanumer_ljod\">20<\/span><\/a>\u00c9g t\u00f3k a\u00f0 m\u00e9r a\u00f0 blessa,<br \/>\u00fev\u00ed blessa \u00e9g og tek \u00fea\u00f0 ekki aftur.<br \/> <\/span> <span class=\"ljodatexti\"> <a name=\"21\"><span class=\"versanumer_ljod\">21<\/span><\/a>Ekki er b\u00f6l a\u00f0 sj\u00e1 \u00ed Jakobi<br \/>n\u00e9 eymd \u00ed \u00cdsrael.<br \/>Drottinn, Gu\u00f0 hans, er me\u00f0 honum<br \/>og konungshylling hlj\u00f3mar \u00ed \u00cdsrael.<br \/> <\/span> <span class=\"ljodatexti\"> <a name=\"22\"><span class=\"versanumer_ljod\">22<\/span><\/a> Gu\u00f0 leiddi \u00fe\u00e1 \u00fat \u00far Egyptalandi,<br \/>hann ber horn sem villinaut,<br \/> <\/span> <span class=\"ljodatexti\"> <a name=\"23\"><span class=\"versanumer_ljod\">23<\/span><\/a> \u00fev\u00ed dugar enginn galdur gegn Jakobi,<br \/>engir t\u00f6frar gegn \u00cdsrael.<br \/>N\u00fa m\u00e1 segja vi\u00f0 Jakob og \u00cdsrael:<br \/>Hva\u00f0 hefur Gu\u00f0 gert?<br \/> <\/span> <span class=\"ljodatexti\"> <a name=\"24\"><span class=\"versanumer_ljod\">24<\/span><\/a> \u00deessi \u00fej\u00f3\u00f0 er sem lj\u00f3n sem r\u00eds upp,<br \/>lj\u00f3nsungi sem stendur \u00e1 f\u00e6tur,<br \/>hann leggst ekki til hv\u00edldar<br \/>fyrr en hann hefur \u00e9ti\u00f0 br\u00e1\u00f0 s\u00edna,<br \/>drukki\u00f0 bl\u00f3\u00f0 hinna vegnu. <\/span> <br \/> <a name=\"25\"><span class=\"versanumer_2007\">25<\/span><\/a> Balak sag\u00f0i vi\u00f0 B\u00edleam: \u201e\u00de\u00f3tt \u00fe\u00fa form\u00e6lir \u00fej\u00f3\u00f0inni ekki, l\u00e1ttu a\u00f0 minnsta kosti vera a\u00f0 blessa hana.\u201c <a name=\"26\"><span class=\"versanumer_2007\">26<\/span><\/a> B\u00edleam svara\u00f0i og sag\u00f0i vi\u00f0 Balak: \u201eHef \u00e9g ekki sagt vi\u00f0 \u00feig: \u00c9g geri \u00fea\u00f0 eitt sem Drottinn b\u00fd\u00f0ur?\u201c<br \/> <a name=\"27\"><span class=\"versanumer_2007\">27<\/span><\/a> \u00de\u00e1 sag\u00f0i Balak vi\u00f0 B\u00edleam: \u201eKomdu n\u00fa. \u00c9g \u00e6tla a\u00f0 fara me\u00f0 \u00feig \u00e1 annan sta\u00f0. Vera m\u00e1 a\u00f0 Gu\u00f0i \u00feyki r\u00e9tt a\u00f0 \u00fe\u00fa form\u00e6lir \u00fej\u00f3\u00f0inni fyrir mig \u00fea\u00f0an.\u201c<br \/> <a name=\"28\"><span class=\"versanumer_2007\">28<\/span><\/a> S\u00ed\u00f0an f\u00f3r Balak me\u00f0 B\u00edleam upp \u00e1 Pe\u00f3rtind \u00fea\u00f0an sem \u00fats\u00fdni er yfir ey\u00f0im\u00f6rkina. <a name=\"29\"><span class=\"versanumer_2007\">29<\/span><\/a> En B\u00edleam sag\u00f0i vi\u00f0 Balak: \u201eReistu h\u00e9r sj\u00f6 \u00f6lturu fyrir mig og b\u00fa\u00f0u sj\u00f6 naut og sj\u00f6 hr\u00fata til brennif\u00f3rnar.\u201c <a name=\"30\"><span class=\"versanumer_2007\">30<\/span><\/a> Balak ger\u00f0i \u00fea\u00f0 sem B\u00edleam sag\u00f0i og f\u00e6r\u00f0i eitt naut og einn hr\u00fat \u00ed brennif\u00f3rn \u00e1 hverju altari.<\/p>\n","protected":false},"excerpt":{"rendered":"<p>Sp\u00e1d\u00f3msor\u00f0 B\u00edleams 1 \u00de\u00e1 sag\u00f0i B\u00edleam vi\u00f0 Balak: \u201eReistu m\u00e9r h\u00e9r sj\u00f6 \u00f6lturu og b\u00fa\u00f0u sj\u00f6 naut og sj\u00f6 hr\u00fata til f\u00f3rnar.\u201c 2 Balak ger\u00f0i \u00fea\u00f0 sem B\u00edleam bau\u00f0 og Balak og B\u00edleam f\u00e6r\u00f0u naut og hr\u00fat \u00ed brennif\u00f3rn \u00e1 hverju altari. 3 \u00de\u00e1 sag\u00f0i B\u00edleam vi\u00f0 Balak: \u201eStattu kyrr vi\u00f0 brennif\u00f3rn \u00fe\u00edna. \u00c9g \u00e6tla a\u00f0 v\u00edkja m\u00e9r fr\u00e1. Vera m\u00e1 a\u00f0 Drottinn m\u00e6ti m\u00e9r. [ \u00c9g mun segja \u00fe\u00e9r hva\u00f0 \u00e9g f\u00e6 a\u00f0 sj\u00e1.\u201c S\u00ed\u00f0an gekk hann burt og upp \u00e1 h\u00e6\u00f0. 4 \u00de\u00e1 m\u00e6tti Gu\u00f0 honum. B\u00edleam sag\u00f0i vi\u00f0 hann: \u201eN\u00fa hef \u00e9g undirb\u00fai\u00f0 \u00feessi sj\u00f6 \u00f6lturu og <a href=\"https:\/\/biblian.is\/biblian\/fjorda-mosebok-23-kafli\/\"> [&#8230;]<\/a><\/p>\n","protected":false},"author":1,"featured_media":0,"parent":0,"menu_order":0,"comment_status":"open","ping_status":"open","template":"bibliukaflar_NT.php","meta":{"footnotes":""},"class_list":["post-1757","page","type-page","status-publish","hentry"],"_links":{"self":[{"href":"https:\/\/biblian.is\/biblian\/wp-json\/wp\/v2\/pages\/1757","targetHints":{"allow":["GET"]}}],"collection":[{"href":"https:\/\/biblian.is\/biblian\/wp-json\/wp\/v2\/pages"}],"about":[{"href":"https:\/\/biblian.is\/biblian\/wp-json\/wp\/v2\/types\/page"}],"author":[{"embeddable":true,"href":"https:\/\/biblian.is\/biblian\/wp-json\/wp\/v2\/users\/1"}],"replies":[{"embeddable":true,"href":"https:\/\/biblian.is\/biblian\/wp-json\/wp\/v2\/comments?post=1757"}],"version-history":[{"count":0,"href":"https:\/\/biblian.is\/biblian\/wp-json\/wp\/v2\/pages\/1757\/revisions"}],"wp:attachment":[{"href":"https:\/\/biblian.is\/biblian\/wp-json\/wp\/v2\/media?parent=1757"}],"curies":[{"name":"wp","href":"https:\/\/api.w.org\/{rel}","templated":true}]}}