{"id":1709,"date":"2017-12-30T21:00:05","date_gmt":"2017-12-30T21:00:05","guid":{"rendered":"http:\/\/biblian.is\/biblian\/_ri_ja-m%c2%97seb%c2%97k-2-kafli\/"},"modified":"2024-05-06T22:30:21","modified_gmt":"2024-05-06T22:30:21","slug":"thridja-mosebok-2-kafli","status":"publish","type":"page","link":"https:\/\/biblian.is\/biblian\/thridja-mosebok-2-kafli\/","title":{"rendered":"\u00deri\u00f0ja M\u00f3seb\u00f3k 2. kafli"},"content":{"rendered":"<h3 class=\"millifyrirsogn_2007\"> Kornf\u00f3rn<\/h3>\n<p><a name=\"1\"><span class=\"versanumer_2007\">1<\/span><\/a> \u00deegar einhver \u00e6tlar a\u00f0 f\u00e6ra Drottni kornf\u00f3rn \u00e1 gj\u00f6f hans a\u00f0 vera f\u00ednt mj\u00f6l. Hann skal hella ol\u00edu yfir \u00fea\u00f0 og leggja reykelsi ofan \u00e1. <a name=\"2\"><span class=\"versanumer_2007\">2<\/span><\/a> \u00de\u00e1 skal hann f\u00e6ra \u00fea\u00f0 sonum Arons, prestunum. Presturinn skal \u00fe\u00e1 taka handfylli af mj\u00f6linu og ol\u00edunni \u00e1samt \u00f6llu reykelsinu. \u00dev\u00ed n\u00e6st skal presturinn l\u00e1ta minningarhluta f\u00f3rnarinnar l\u00ed\u00f0a upp \u00ed reyk af altarinu.<br \/>\u00deetta er eldf\u00f3rn, Drottni \u00feekkur ilmur.<br \/> <a name=\"3\"><span class=\"versanumer_2007\">3<\/span><\/a> \u00dea\u00f0 sem eftir er af kornf\u00f3rninni f\u00e1 Aron og synir hans. \u00dea\u00f0 er h\u00e1heilagur hluti af eldf\u00f3rnum Drottins.<br \/> <a name=\"4\"><span class=\"versanumer_2007\">4<\/span><\/a> \u00deegar \u00fe\u00fa f\u00e6rir kornf\u00f3rn, brau\u00f0 baka\u00f0 \u00ed ofni, skal h\u00fan vera \u00far f\u00ednu mj\u00f6li. \u00dea\u00f0 skulu vera \u00f3s\u00fdr\u00f0ar, kringl\u00f3ttar k\u00f6kur blanda\u00f0ar ol\u00edu e\u00f0a \u00f3s\u00fdrt flatbrau\u00f0 smurt ol\u00edu.<br \/> <a name=\"5\"><span class=\"versanumer_2007\">5<\/span><\/a> S\u00e9 gj\u00f6f \u00fe\u00edn brau\u00f0 baka\u00f0 \u00e1 p\u00f6nnu skal h\u00fan vera \u00f3s\u00fdrt brau\u00f0 \u00far f\u00ednu mj\u00f6li bl\u00f6ndu\u00f0u ol\u00edu. <a name=\"6\"><span class=\"versanumer_2007\">6<\/span><\/a> \u00de\u00fa skalt brj\u00f3ta \u00fea\u00f0 \u00ed mola og hella ol\u00edu yfir. \u00dea\u00f0 er kornf\u00f3rn.<br \/> <a name=\"7\"><span class=\"versanumer_2007\">7<\/span><\/a> S\u00e9 gj\u00f6f \u00fe\u00edn kornf\u00f3rn \u00far su\u00f0upotti skal h\u00fan ger\u00f0 \u00far f\u00ednu mj\u00f6li og ol\u00edu.<br \/> <a name=\"8\"><span class=\"versanumer_2007\">8<\/span><\/a> \u00de\u00fa skalt f\u00e6ra Drottni kornf\u00f3rn me\u00f0 fyrrgreindum h\u00e6tti. \u00de\u00fa skalt f\u00e6ra hana prestinum og hann ber hana a\u00f0 altarinu. <a name=\"9\"><span class=\"versanumer_2007\">9<\/span><\/a> Presturinn skal taka minningarhluta kornf\u00f3rnarinnar og l\u00e1ta hann l\u00ed\u00f0a upp \u00ed reyk af altarinu.<br \/>\u00deetta er eldf\u00f3rn, Drottni \u00feekkur ilmur.<br \/> <a name=\"10\"><span class=\"versanumer_2007\">10<\/span><\/a> \u00dea\u00f0 sem eftir er af kornf\u00f3rninni f\u00e1 Aron og synir hans. \u00dea\u00f0 er h\u00e1heilagur hluti af eldf\u00f3rnum Drottins.<br \/> <a name=\"11\"><span class=\"versanumer_2007\">11<\/span><\/a> Enga kornf\u00f3rn, sem \u00fei\u00f0 f\u00e6ri\u00f0 Drottni, m\u00e1 gera \u00far s\u00fardegi \u00fev\u00ed a\u00f0 \u00fei\u00f0 megi\u00f0 hvorki l\u00e1ta s\u00fardeig n\u00e9 hunang l\u00ed\u00f0a upp \u00ed reyk sem eldf\u00f3rn til Drottins. <a name=\"12\"><span class=\"versanumer_2007\">12<\/span><\/a> \u00dei\u00f0 geti\u00f0 f\u00e6rt Drottni \u00fea\u00f0 sem gj\u00f6f af frumgr\u00f3\u00f0a en ekki m\u00e1 hefja \u00fea\u00f0 upp \u00e1 altari\u00f0 sem \u00feekkan ilm.<br \/> <a name=\"13\"><span class=\"versanumer_2007\">13<\/span><\/a> S\u00e9rhverja kornf\u00f3rnargj\u00f6f \u00fe\u00edna skaltu salta. \u00de\u00fa skalt ekki l\u00e1ta salt s\u00e1ttm\u00e1la Gu\u00f0s \u00fe\u00edns vanta \u00ed \u00fe\u00e1 kornf\u00f3rn sem \u00fe\u00fa f\u00e6rir. S\u00e9rhverja gj\u00f6f \u00fe\u00edna skaltu f\u00e6ra fram til f\u00f3rnar me\u00f0 salti.<br \/> <a name=\"14\"><span class=\"versanumer_2007\">14<\/span><\/a> \u00c6tlir \u00fe\u00fa a\u00f0 f\u00e6ra Drottni kornf\u00f3rn af frumgr\u00f3\u00f0a skaltu f\u00e6ra frumgr\u00f3\u00f0af\u00f3rn af ferskum korn\u00f6xum, ristu\u00f0um yfir eldi, og af muldu fersku korni. <a name=\"15\"><span class=\"versanumer_2007\">15<\/span><\/a> \u00de\u00fa skalt hella ol\u00edu yfir og leggja reykelsi ofan \u00e1 \u00fea\u00f0. \u00deetta er kornf\u00f3rn.<br \/> <a name=\"16\"><span class=\"versanumer_2007\">16<\/span><\/a> Presturinn skal l\u00e1ta minningarhluta kornsins og ol\u00edunnar l\u00ed\u00f0a upp \u00ed reyk \u00e1samt \u00f6llu reykelsinu.<br \/>\u00deetta er eldf\u00f3rn handa Drottni.<\/p>\n","protected":false},"excerpt":{"rendered":"<p>Kornf\u00f3rn 1 \u00deegar einhver \u00e6tlar a\u00f0 f\u00e6ra Drottni kornf\u00f3rn \u00e1 gj\u00f6f hans a\u00f0 vera f\u00ednt mj\u00f6l. Hann skal hella ol\u00edu yfir \u00fea\u00f0 og leggja reykelsi ofan \u00e1. 2 \u00de\u00e1 skal hann f\u00e6ra \u00fea\u00f0 sonum Arons, prestunum. Presturinn skal \u00fe\u00e1 taka handfylli af mj\u00f6linu og ol\u00edunni \u00e1samt \u00f6llu reykelsinu. \u00dev\u00ed n\u00e6st skal presturinn l\u00e1ta minningarhluta f\u00f3rnarinnar l\u00ed\u00f0a upp \u00ed reyk af altarinu.\u00deetta er eldf\u00f3rn, Drottni \u00feekkur ilmur. 3 \u00dea\u00f0 sem eftir er af kornf\u00f3rninni f\u00e1 Aron og synir hans. \u00dea\u00f0 er h\u00e1heilagur hluti af eldf\u00f3rnum Drottins. 4 \u00deegar \u00fe\u00fa f\u00e6rir kornf\u00f3rn, brau\u00f0 baka\u00f0 \u00ed ofni, skal h\u00fan vera \u00far f\u00ednu mj\u00f6li. <a href=\"https:\/\/biblian.is\/biblian\/thridja-mosebok-2-kafli\/\"> [&#8230;]<\/a><\/p>\n","protected":false},"author":1,"featured_media":0,"parent":0,"menu_order":0,"comment_status":"open","ping_status":"open","template":"bibliukaflar_NT.php","meta":{"footnotes":""},"class_list":["post-1709","page","type-page","status-publish","hentry"],"_links":{"self":[{"href":"https:\/\/biblian.is\/biblian\/wp-json\/wp\/v2\/pages\/1709","targetHints":{"allow":["GET"]}}],"collection":[{"href":"https:\/\/biblian.is\/biblian\/wp-json\/wp\/v2\/pages"}],"about":[{"href":"https:\/\/biblian.is\/biblian\/wp-json\/wp\/v2\/types\/page"}],"author":[{"embeddable":true,"href":"https:\/\/biblian.is\/biblian\/wp-json\/wp\/v2\/users\/1"}],"replies":[{"embeddable":true,"href":"https:\/\/biblian.is\/biblian\/wp-json\/wp\/v2\/comments?post=1709"}],"version-history":[{"count":0,"href":"https:\/\/biblian.is\/biblian\/wp-json\/wp\/v2\/pages\/1709\/revisions"}],"wp:attachment":[{"href":"https:\/\/biblian.is\/biblian\/wp-json\/wp\/v2\/media?parent=1709"}],"curies":[{"name":"wp","href":"https:\/\/api.w.org\/{rel}","templated":true}]}}