{"id":1652,"date":"2017-12-30T20:59:50","date_gmt":"2017-12-30T20:59:50","guid":{"rendered":"http:\/\/biblian.is\/biblian\/fyrsta-m%c2%97seb%c2%97k-35-kafli\/"},"modified":"2022-12-16T13:42:58","modified_gmt":"2022-12-16T13:42:58","slug":"fyrsta-mosebok-35-kafli","status":"publish","type":"page","link":"https:\/\/biblian.is\/biblian\/fyrsta-mosebok-35-kafli\/","title":{"rendered":"Fyrsta M\u00f3seb\u00f3k 35. kafli"},"content":{"rendered":"<h3 class=\"millifyrirsogn_2007\">Jakob kemur til Betel<\/h3>\n<p><a name=\"1\"><\/a><span class=\"versanumer_2007\">1<\/span> Gu\u00f0 sag\u00f0i vi\u00f0 Jakob: \u201eLegg\u00f0u af sta\u00f0 og far\u00f0u til Betel. \u00dear skaltu setjast a\u00f0 og reisa altari Gu\u00f0i sem birtist \u00fe\u00e9r \u00feegar \u00fe\u00fa fl\u00fd\u00f0ir undan Esa\u00fa, br\u00f3\u00f0ur \u00fe\u00ednum.\u201c<br \/>\n<a name=\"2\"><\/a><span class=\"versanumer_2007\">2<\/span> Jakob sag\u00f0i vi\u00f0 fj\u00f6lskyldu s\u00edna og alla sem me\u00f0 honum voru: \u201eLosi\u00f0 ykkur vi\u00f0 \u00fatlendu go\u00f0in sem \u00fei\u00f0 hafi\u00f0 \u00ed f\u00f3rum ykkur, hreinsi\u00f0 ykkur og hafi\u00f0 fataskipti. <a name=\"3\"><\/a><span class=\"versanumer_2007\">3<\/span> Vi\u00f0 skulum leggja af sta\u00f0 og reisa altari \u00feeim Gu\u00f0i sem b\u00e6nheyr\u00f0i mig \u00e1 ney\u00f0arstundu og hefur veri\u00f0 me\u00f0 m\u00e9r \u00e1 vegfer\u00f0 minni.\u201c <a name=\"4\"><\/a><span class=\"versanumer_2007\">4<\/span> \u00de\u00e1 l\u00e9tu \u00feeir Jakob f\u00e1 \u00f6ll \u00fatlendu go\u00f0in sem \u00feeir h\u00f6f\u00f0u \u00ed f\u00f3rum s\u00ednum og hringana sem \u00feeir h\u00f6f\u00f0u \u00ed eyrunum. Jakob gr\u00f3f \u00fea\u00f0 allt undir eikinni vi\u00f0 S\u00edkem. <a name=\"5\"><\/a><span class=\"versanumer_2007\">5<\/span> \u00dev\u00ed n\u00e6st l\u00f6g\u00f0u \u00feeir af sta\u00f0. En mikill \u00f3tti kom yfir \u00edb\u00faa n\u00e1grannaborganna svo a\u00f0 enginn \u00feor\u00f0i a\u00f0 veita sonum Jakobs eftirf\u00f6r. <a name=\"6\"><\/a><span class=\"versanumer_2007\">6<\/span> Og Jakob kom \u00e1samt \u00f6llu s\u00ednu f\u00f3lki til L\u00fas, sem n\u00fa heitir Betel, \u00ed Kanaanslandi. <a name=\"7\"><\/a><span class=\"versanumer_2007\">7<\/span> \u00dear reisti hann altari og nefndi sta\u00f0inn El-Betel \u00fev\u00ed a\u00f0 \u00fear haf\u00f0i Gu\u00f0 birst honum er hann fl\u00fd\u00f0i undan br\u00f3\u00f0ur s\u00ednum. <a name=\"8\"><\/a><span class=\"versanumer_2007\">8<\/span> \u00dear d\u00f3 Deb\u00f3ra, f\u00f3stra Rebekku, og var j\u00f6r\u00f0u\u00f0 fyrir sunnan Betel undir eik sem nefnd var Gr\u00e1teik.<\/p>\n<h3 class=\"millifyrirsogn_2007\">Jakob nefndur \u00cdsrael<\/h3>\n<p><a name=\"9\"><\/a><span class=\"versanumer_2007\">9<\/span> \u00deegar Jakob var \u00e1 heimlei\u00f0 fr\u00e1 Mes\u00f3p\u00f3tam\u00edu birtist Gu\u00f0 honum aftur og blessa\u00f0i hann. <a name=\"10\"><\/a><span class=\"versanumer_2007\">10<\/span> Gu\u00f0 sag\u00f0i vi\u00f0 hann: \u201eNafn \u00feitt er Jakob en h\u00e9\u00f0an \u00ed fr\u00e1 skaltu ekki heita Jakob. \u00de\u00fa skalt heita \u00cdsrael.\u201c Og hann nefndi hann \u00cdsrael. <a name=\"11\"><\/a><span class=\"versanumer_2007\">11<\/span> Gu\u00f0 sag\u00f0i vi\u00f0 hann: \u201e\u00c9g er Alm\u00e1ttugur Gu\u00f0. Vertu frj\u00f3samur og auktu kyn \u00feitt. \u00dej\u00f3\u00f0 skal fr\u00e1 \u00fe\u00e9r koma, j\u00e1, fj\u00f6ldi \u00fej\u00f3\u00f0a og \u00fe\u00fa munt ver\u00f0a \u00e6ttfa\u00f0ir konunga. <a name=\"12\"><\/a><span class=\"versanumer_2007\">12<\/span> \u00c9g mun gefa \u00fe\u00e9r landi\u00f0 sem \u00e9g gaf Abraham og \u00cdsak og ni\u00f0jum \u00fe\u00ednum mun \u00e9g einnig gefa \u00fea\u00f0.\u201c <a name=\"13\"><\/a><span class=\"versanumer_2007\">13<\/span> \u00dev\u00ed n\u00e6st st\u00e9 Gu\u00f0 upp fr\u00e1 honum \u00fea\u00f0an sem hann tala\u00f0i vi\u00f0 hann.<br \/>\n<a name=\"14\"><\/a><span class=\"versanumer_2007\">14<\/span> Jakob reisti upp merki \u00e1 \u00feeim sta\u00f0 \u00fear sem Gu\u00f0 haf\u00f0i tala\u00f0 vi\u00f0 hann, merkistein, og dreypti dreypif\u00f3rn yfir hann og hellti yfir hann ol\u00edu. <a name=\"15\"><\/a><span class=\"versanumer_2007\">15<\/span> Og Jakob nefndi sta\u00f0inn, \u00fear sem Gu\u00f0 haf\u00f0i tala\u00f0 vi\u00f0 hann, Betel.<\/p>\n<h3 class=\"millifyrirsogn_2007\">Rakel deyr<\/h3>\n<p><a name=\"16\"><\/a><span class=\"versanumer_2007\">16<\/span> \u00deau h\u00e9ldu n\u00fa fr\u00e1 Betel og \u00feegar \u00feau n\u00e1lgu\u00f0ust Efrata <span class=\"nedan_mal\" title=\" \u00de.e. Betlehem.\">[<\/span> kom a\u00f0 \u00fev\u00ed a\u00f0 Rakel skyldi ver\u00f0a l\u00e9ttari. Var\u00f0 f\u00e6\u00f0ingin mj\u00f6g erfi\u00f0 <a name=\"17\"><\/a><span class=\"versanumer_2007\">17<\/span> og \u00feegar f\u00e6\u00f0ingarhr\u00ed\u00f0irnar voru sem verstar sag\u00f0i lj\u00f3sm\u00f3\u00f0irin vi\u00f0 hana: \u201e\u00d3ttast \u00fe\u00fa ekki \u00fev\u00ed a\u00f0 \u00fe\u00fa munt eignast annan son.\u201c <a name=\"18\"><\/a><span class=\"versanumer_2007\">18<\/span> Er h\u00fan var \u00ed andarslitrunum, \u00fev\u00ed a\u00f0 f\u00e6\u00f0ingin kosta\u00f0i hana l\u00edfi\u00f0, nefndi h\u00fan hann Ben\u00f3n\u00ed <span class=\"nedan_mal\" title=\" Ben\u00f3n\u00ed: \u00fej\u00e1ningarsonur minn.\">[<\/span> en fa\u00f0ir hans nefndi hann Benjam\u00edn. <span class=\"nedan_mal\" title=\" Benjam\u00edn: sonur Su\u00f0urlandsins (\u00fe.e. hamingjulandsins).\">[<\/span><br \/>\n<a name=\"19\"><\/a><span class=\"versanumer_2007\">19<\/span> \u00deegar Rakel var l\u00e1tin var h\u00fan j\u00f6r\u00f0u\u00f0 vi\u00f0 veginn til Efrata, \u00fea\u00f0 er Betlehem. <a name=\"20\"><\/a><span class=\"versanumer_2007\">20<\/span> Jakob reisti minnismerki \u00e1 lei\u00f0i hennar. \u00dea\u00f0 er legsteinn Rakelar sem hefur sta\u00f0i\u00f0 \u00fear allt til \u00feessa dags.<br \/>\n<a name=\"21\"><\/a><span class=\"versanumer_2007\">21<\/span> \u00cdsrael h\u00e9lt \u00e1fram og sl\u00f3 tj\u00f6ldum s\u00ednum handan Migdal Eder.<\/p>\n<h3 class=\"millifyrirsogn_2007\">T\u00f3lf synir Jakobs og andl\u00e1t \u00cdsaks<\/h3>\n<p><a name=\"22\"><\/a><span class=\"versanumer_2007\">22<\/span> Eitt sinn me\u00f0an \u00cdsrael haf\u00f0ist vi\u00f0 \u00ed \u00feessu bygg\u00f0arlagi f\u00f3r R\u00faben og lag\u00f0ist me\u00f0 B\u00edlu, hj\u00e1konu f\u00f6\u00f0ur s\u00edns, og \u00cdsrael komst a\u00f0 \u00fev\u00ed.<br \/>\nJakob \u00e1tti t\u00f3lf syni. <a name=\"23\"><\/a><span class=\"versanumer_2007\">23<\/span> Synir Leu voru R\u00faben, frumgetinn sonur Jakobs, S\u00edmeon, Lev\u00ed, J\u00fada, \u00cdssakar og Seb\u00falon. <a name=\"24\"><\/a><span class=\"versanumer_2007\">24<\/span> Synir Rakelar voru J\u00f3sef og Benjam\u00edn. <a name=\"25\"><\/a><span class=\"versanumer_2007\">25<\/span> Synir B\u00edlu, amb\u00e1ttar Rakelar, voru Dan og Naftal\u00ed. <a name=\"26\"><\/a><span class=\"versanumer_2007\">26<\/span> Synir Silpu, amb\u00e1ttar Leu, voru Ga\u00f0 og Asser. \u00deetta voru \u00feeir synir sem Jakobi f\u00e6ddust \u00ed Mes\u00f3p\u00f3tam\u00edu.<br \/>\n<a name=\"27\"><\/a><span class=\"versanumer_2007\">27<\/span> Jakob kom til \u00cdsaks, f\u00f6\u00f0ur s\u00edns, \u00ed Mamre vi\u00f0 Kirjat Arba, \u00fea\u00f0 er Hebron, \u00fear sem Abraham og \u00cdsak h\u00f6f\u00f0u b\u00fai\u00f0. <a name=\"28\"><\/a><span class=\"versanumer_2007\">28<\/span> \u00cdsak n\u00e1\u00f0i hundra\u00f0 og \u00e1ttat\u00edu \u00e1ra aldri. <a name=\"29\"><\/a><span class=\"versanumer_2007\">29<\/span> \u00de\u00e1 anda\u00f0ist hann og safna\u00f0ist til fe\u00f0ra sinna, gamall og saddur l\u00edfdaga. Esa\u00fa og Jakob, synir hans, j\u00f6r\u00f0u\u00f0u hann.<\/p>\n","protected":false},"excerpt":{"rendered":"<p>Jakob kemur til Betel 1 Gu\u00f0 sag\u00f0i vi\u00f0 Jakob: \u201eLegg\u00f0u af sta\u00f0 og far\u00f0u til Betel. \u00dear skaltu setjast a\u00f0 og reisa altari Gu\u00f0i sem birtist \u00fe\u00e9r \u00feegar \u00fe\u00fa fl\u00fd\u00f0ir undan Esa\u00fa, br\u00f3\u00f0ur \u00fe\u00ednum.\u201c 2 Jakob sag\u00f0i vi\u00f0 fj\u00f6lskyldu s\u00edna og alla sem me\u00f0 honum voru: \u201eLosi\u00f0 ykkur vi\u00f0 \u00fatlendu go\u00f0in sem \u00fei\u00f0 hafi\u00f0 \u00ed f\u00f3rum ykkur, hreinsi\u00f0 ykkur og hafi\u00f0 fataskipti. 3 Vi\u00f0 skulum leggja af sta\u00f0 og reisa altari \u00feeim Gu\u00f0i sem b\u00e6nheyr\u00f0i mig \u00e1 ney\u00f0arstundu og hefur veri\u00f0 me\u00f0 m\u00e9r \u00e1 vegfer\u00f0 minni.\u201c 4 \u00de\u00e1 l\u00e9tu \u00feeir Jakob f\u00e1 \u00f6ll \u00fatlendu go\u00f0in sem \u00feeir h\u00f6f\u00f0u \u00ed f\u00f3rum <a href=\"https:\/\/biblian.is\/biblian\/fyrsta-mosebok-35-kafli\/\"> [&#8230;]<\/a><\/p>\n","protected":false},"author":1,"featured_media":0,"parent":0,"menu_order":0,"comment_status":"open","ping_status":"open","template":"bibliukaflar_NT.php","meta":{"footnotes":""},"class_list":["post-1652","page","type-page","status-publish","hentry"],"_links":{"self":[{"href":"https:\/\/biblian.is\/biblian\/wp-json\/wp\/v2\/pages\/1652","targetHints":{"allow":["GET"]}}],"collection":[{"href":"https:\/\/biblian.is\/biblian\/wp-json\/wp\/v2\/pages"}],"about":[{"href":"https:\/\/biblian.is\/biblian\/wp-json\/wp\/v2\/types\/page"}],"author":[{"embeddable":true,"href":"https:\/\/biblian.is\/biblian\/wp-json\/wp\/v2\/users\/1"}],"replies":[{"embeddable":true,"href":"https:\/\/biblian.is\/biblian\/wp-json\/wp\/v2\/comments?post=1652"}],"version-history":[{"count":0,"href":"https:\/\/biblian.is\/biblian\/wp-json\/wp\/v2\/pages\/1652\/revisions"}],"wp:attachment":[{"href":"https:\/\/biblian.is\/biblian\/wp-json\/wp\/v2\/media?parent=1652"}],"curies":[{"name":"wp","href":"https:\/\/api.w.org\/{rel}","templated":true}]}}