{"id":1644,"date":"2017-12-30T20:59:50","date_gmt":"2017-12-30T20:59:50","guid":{"rendered":"http:\/\/biblian.is\/biblian\/fyrsta-m%c2%97seb%c2%97k-27-kafli\/"},"modified":"2022-12-16T13:42:54","modified_gmt":"2022-12-16T13:42:54","slug":"fyrsta-mosebok-27-kafli","status":"publish","type":"page","link":"https:\/\/biblian.is\/biblian\/fyrsta-mosebok-27-kafli\/","title":{"rendered":"Fyrsta M\u00f3seb\u00f3k 27. kafli"},"content":{"rendered":"<h3 class=\"millifyrirsogn_2007\">Jakob blekkir f\u00f6\u00f0ur sinn<\/h3>\n<p><a name=\"1\"><\/a><span class=\"versanumer_2007\">1<\/span> \u00cdsak var n\u00fa or\u00f0inn gamall og augu hans svo d\u00f6pru\u00f0 a\u00f0 hann gat ekki s\u00e9\u00f0. Kalla\u00f0i hann \u00fe\u00e1 \u00e1 Esa\u00fa, eldri son sinn, og sag\u00f0i vi\u00f0 hann: \u201eSonur minn.\u201c<br \/>\nOg hann svara\u00f0i: \u201eH\u00e9r er \u00e9g.\u201c<br \/>\n<a name=\"2\"><\/a><span class=\"versanumer_2007\">2<\/span> Og \u00cdsak sag\u00f0i: \u201e\u00c9g er or\u00f0inn gamall og veit ekki hversu langt \u00e9g \u00e1 eftir \u00f3lifa\u00f0. <a name=\"3\"><\/a><span class=\"versanumer_2007\">3<\/span> Taktu n\u00fa vei\u00f0ig\u00f6gn \u00fe\u00edn, \u00f6rvam\u00e6li og boga, og far\u00f0u \u00e1 hei\u00f0ar og veiddu handa m\u00e9r villibr\u00e1\u00f0. <a name=\"4\"><\/a><span class=\"versanumer_2007\">4<\/span> Tilreiddu handa m\u00e9r eftirl\u00e6tisr\u00e9tt minn og f\u00e6r\u00f0u m\u00e9r a\u00f0 eta svo a\u00f0 \u00e9g geti blessa\u00f0 \u00feig \u00e1\u00f0ur en \u00e9g dey.\u201c<br \/>\n<a name=\"5\"><\/a><span class=\"versanumer_2007\">5<\/span> En Rebekka heyr\u00f0i \u00e1 tal \u00feeirra \u00cdsaks og Esa\u00fa, sonar hans. \u00deegar Esa\u00fa var farinn \u00e1 hei\u00f0ar til a\u00f0 vei\u00f0a villibr\u00e1\u00f0 og koma me\u00f0 hana heim <a name=\"6\"><\/a><span class=\"versanumer_2007\">6<\/span> sag\u00f0i Rebekka vi\u00f0 Jakob, son sinn:<br \/>\n\u201e\u00c9g heyr\u00f0i f\u00f6\u00f0ur \u00feinn segja vi\u00f0 Esa\u00fa, br\u00f3\u00f0ur \u00feinn: <a name=\"7\"><\/a><span class=\"versanumer_2007\">7<\/span> F\u00e6r\u00f0u m\u00e9r villibr\u00e1\u00f0 og tilreiddu m\u00e9r eftirl\u00e6tisr\u00e9tt minn svo a\u00f0 \u00e9g geti eti\u00f0 og blessa\u00f0 \u00feig fyrir augliti Drottins \u00e1\u00f0ur en \u00e9g dey. <a name=\"8\"><\/a><span class=\"versanumer_2007\">8<\/span> Hl\u00fdddu m\u00e9r n\u00fa, sonur minn, og ger\u00f0u sem \u00e9g segi \u00fe\u00e9r. <a name=\"9\"><\/a><span class=\"versanumer_2007\">9<\/span> Far\u00f0u til hjar\u00f0arinnar og f\u00e6r\u00f0u m\u00e9r tvo v\u00e6na ki\u00f0linga og \u00e9g mun tilrei\u00f0a f\u00f6\u00f0ur \u00fe\u00ednum lj\u00faffengan r\u00e9tt sem honum ge\u00f0jast a\u00f0. <a name=\"10\"><\/a><span class=\"versanumer_2007\">10<\/span> F\u00e6r\u00f0u hann f\u00f6\u00f0ur \u00fe\u00ednum til \u00feess a\u00f0 hann blessi \u00feig \u00e1\u00f0ur en hann deyr.\u201c<br \/>\n<a name=\"11\"><\/a><span class=\"versanumer_2007\">11<\/span> Jakob sag\u00f0i \u00fe\u00e1 vi\u00f0 Rebekku, m\u00f3\u00f0ur s\u00edna: \u201eG\u00e1\u00f0u a\u00f0, Esa\u00fa, br\u00f3\u00f0ir minn, er lo\u00f0inn en \u00e9g hef mj\u00faka h\u00fa\u00f0. <a name=\"12\"><\/a><span class=\"versanumer_2007\">12<\/span> Vera m\u00e1 a\u00f0 fa\u00f0ir minn \u00fereifi \u00e1 m\u00e9r og \u00fe\u00e1 mun honum \u00feykja sem \u00e9g hafi \u00e6tla\u00f0 a\u00f0 blekkja sig og hef \u00e9g \u00fe\u00e1 leitt yfir mig b\u00f6lvun og ekki blessun.\u201c<br \/>\n<a name=\"13\"><\/a><span class=\"versanumer_2007\">13<\/span> M\u00f3\u00f0ir hans svara\u00f0i honum: \u201eB\u00f6lvun \u00fe\u00edn k\u00e6mi yfir mig, sonur minn. Hl\u00fdddu m\u00e9r a\u00f0eins. Far\u00f0u og s\u00e6ktu m\u00e9r ki\u00f0lingana.\u201c<br \/>\n<a name=\"14\"><\/a><span class=\"versanumer_2007\">14<\/span> F\u00f3r hann \u00fe\u00e1 og s\u00f3tti ki\u00f0lingana og f\u00e6r\u00f0i m\u00f3\u00f0ur sinni og h\u00fan tilreiddi lj\u00faffengan r\u00e9tt sem f\u00f6\u00f0ur hans ge\u00f0ja\u00f0ist a\u00f0. <a name=\"15\"><\/a><span class=\"versanumer_2007\">15<\/span> Og Rebekka t\u00f3k vi\u00f0hafnarkl\u00e6\u00f0i Esa\u00fa, eldri sonar s\u00edns, sem h\u00fan haf\u00f0i hj\u00e1 s\u00e9r \u00ed h\u00fasinu, og f\u00e6r\u00f0i Jakob, yngri son sinn, \u00ed \u00feau. <a name=\"16\"><\/a><span class=\"versanumer_2007\">16<\/span> Ki\u00f0skinnin l\u00e9t h\u00fan um hendur honum og h\u00e1lsinn \u00fear sem hann var h\u00e1rlaus, <a name=\"17\"><\/a><span class=\"versanumer_2007\">17<\/span> og lj\u00faffenga r\u00e9ttinn, sem h\u00fan haf\u00f0i matreitt, og brau\u00f0 f\u00e9kk h\u00fan \u00ed hendur Jakobi, syni s\u00ednum.<br \/>\n<a name=\"18\"><\/a><span class=\"versanumer_2007\">18<\/span> Jakob gekk inn til f\u00f6\u00f0ur s\u00edns og sag\u00f0i: \u201eFa\u00f0ir minn.\u201c<br \/>\nOg hann sag\u00f0i: \u201eH\u00e9r er \u00e9g en hver ert \u00fe\u00fa, sonur minn?\u201c<br \/>\n<a name=\"19\"><\/a><span class=\"versanumer_2007\">19<\/span> Og Jakob sag\u00f0i vi\u00f0 f\u00f6\u00f0ur sinn: \u201e\u00c9g er Esa\u00fa, frumbur\u00f0ur \u00feinn. \u00c9g hef gert eins og \u00fe\u00fa sag\u00f0ir m\u00e9r. Sestu n\u00fa upp og et af villibr\u00e1\u00f0 minni svo a\u00f0 \u00fe\u00fa getir blessa\u00f0 mig.\u201c<br \/>\n<a name=\"20\"><\/a><span class=\"versanumer_2007\">20<\/span> \u00de\u00e1 sag\u00f0i \u00cdsak vi\u00f0 son sinn: \u201eHvernig m\u00e1ttir \u00fe\u00fa finna nokku\u00f0 svo skj\u00f3tlega, sonur minn?\u201c<br \/>\nOg hann svara\u00f0i: \u201e\u00dev\u00ed a\u00f0 Drottinn, Gu\u00f0 \u00feinn, l\u00e9t \u00fea\u00f0 ver\u00f0a \u00e1 vegi m\u00ednum.\u201c<br \/>\n<a name=\"21\"><\/a><span class=\"versanumer_2007\">21<\/span> \u00cdsak sag\u00f0i \u00fe\u00e1 vi\u00f0 Jakob: \u201eKomdu n\u00e6r, sonur minn, a\u00f0 \u00e9g megi \u00fereifa \u00e1 \u00fe\u00e9r og vita hvort \u00fe\u00fa ert Esa\u00fa, sonur minn, e\u00f0a ekki.\u201c<br \/>\n<a name=\"22\"><\/a><span class=\"versanumer_2007\">22<\/span> Jakob gekk \u00fe\u00e1 til \u00cdsaks, f\u00f6\u00f0ur s\u00edns, og hann \u00fereifa\u00f0i \u00e1 honum og m\u00e6lti: \u201eR\u00f6ddin er r\u00f6dd Jakobs en hendurnar eru hendur Esa\u00fa.\u201c<br \/>\n<a name=\"23\"><\/a><span class=\"versanumer_2007\">23<\/span> En hann bar ekki kennsl \u00e1 hann \u00fev\u00ed a\u00f0 hendur hans voru lo\u00f0nar eins og hendur Esa\u00fa, br\u00f3\u00f0ur hans. Og hann blessa\u00f0i hann.<br \/>\n<a name=\"24\"><\/a><span class=\"versanumer_2007\">24<\/span> Og hann sag\u00f0i: \u201eErt \u00fe\u00fa \u00f6rugglega Esa\u00fa, sonur minn?\u201c<br \/>\nHann svara\u00f0i: \u201e\u00c9g er hann.\u201c<br \/>\n<a name=\"25\"><\/a><span class=\"versanumer_2007\">25<\/span> \u00de\u00e1 sag\u00f0i \u00cdsak: \u201eF\u00e6r\u00f0u m\u00e9r r\u00e9ttinn, \u00e9g \u00e6tla a\u00f0 sn\u00e6\u00f0a af villibr\u00e1\u00f0 sonar m\u00edns svo a\u00f0 \u00e9g geti blessa\u00f0 \u00feig.\u201c<br \/>\nOg hann f\u00e6r\u00f0i honum og hann mata\u00f0ist og hann bar fram v\u00edn og hann drakk.<br \/>\n<a name=\"26\"><\/a><span class=\"versanumer_2007\">26<\/span> \u00de\u00e1 sag\u00f0i \u00cdsak, fa\u00f0ir hans: \u201eKomdu n\u00e6r, sonur minn, og kysstu mig.\u201c<br \/>\n<a name=\"27\"><\/a><span class=\"versanumer_2007\">27<\/span> Hann kom n\u00e6r og minntist vi\u00f0 hann en \u00feegar \u00cdsak fann ilminn af kl\u00e6\u00f0um hans blessa\u00f0i hann hann og sag\u00f0i:<br \/>\n<span class=\"ljodatexti\"> Sj\u00e1, ilmurinn af syni m\u00ednum<br \/>\ner eins og ilmur af akri<br \/>\nsem Drottinn hefur blessa\u00f0.<br \/>\n<\/span> <span class=\"ljodatexti\"> <a name=\"28\"><\/a><span class=\"versanumer_ljod\">28<\/span> Gu\u00f0 gefi \u00fe\u00e9r<br \/>\naf d\u00f6gg himins og feiti jar\u00f0ar<br \/>\nog gn\u00f3ttir korns og v\u00edns.<br \/>\n<\/span> <span class=\"ljodatexti\"> <a name=\"29\"><\/a><span class=\"versanumer_ljod\">29<\/span> \u00dej\u00f3\u00f0ir l\u00fati \u00fe\u00e9r<br \/>\nog l\u00fd\u00f0ir \u00fej\u00f3ni \u00fe\u00e9r.<br \/>\nDrottna \u00fe\u00fa yfir br\u00e6\u00f0rum \u00fe\u00ednum<br \/>\nog synir m\u00f3\u00f0ur \u00feinnar l\u00fati \u00fe\u00e9r.<br \/>\nB\u00f6lva\u00f0ur s\u00e9 s\u00e1 sem \u00fe\u00e9r b\u00f6lvar<br \/>\nog blessa\u00f0ur s\u00e1 sem blessar \u00feig. <\/span><br \/>\n<a name=\"30\"><\/a><span class=\"versanumer_2007\">30<\/span> N\u00fa bar svo vi\u00f0 er \u00cdsak haf\u00f0i loki\u00f0 vi\u00f0 a\u00f0 blessa Jakob og hann var r\u00e9tt genginn \u00fat fr\u00e1 f\u00f6\u00f0ur s\u00ednum a\u00f0 Esa\u00fa, br\u00f3\u00f0ir hans, kom heim \u00far vei\u00f0if\u00f6r sinni. <a name=\"31\"><\/a><span class=\"versanumer_2007\">31<\/span> Hann matbj\u00f3 einnig lj\u00faffengan r\u00e9tt og f\u00f3r me\u00f0 hann til f\u00f6\u00f0ur s\u00edns og sag\u00f0i vi\u00f0 hann: \u201eR\u00edstu upp, fa\u00f0ir minn, og et villibr\u00e1\u00f0 sonar \u00fe\u00edns til \u00feess a\u00f0 \u00fe\u00fa getir blessa\u00f0 mig.\u201c<br \/>\n<a name=\"32\"><\/a><span class=\"versanumer_2007\">32<\/span> En fa\u00f0ir hans spur\u00f0i: \u201eHver ert \u00fe\u00fa?\u201c<br \/>\nOg hann svara\u00f0i: \u201e\u00c9g er sonur \u00feinn, Esa\u00fa, frumbur\u00f0ur \u00feinn.\u201c<br \/>\n<a name=\"33\"><\/a><span class=\"versanumer_2007\">33<\/span> \u00de\u00e1 t\u00f3k \u00cdsak a\u00f0 skj\u00e1lfa af ge\u00f0shr\u00e6ringu og spur\u00f0i: \u201eHver var \u00fea\u00f0 \u00fe\u00e1 sem kom \u00far vei\u00f0if\u00f6r og f\u00e6r\u00f0i m\u00e9r villibr\u00e1\u00f0? \u00c9g neytti hennar sk\u00f6mmu \u00e1\u00f0ur en \u00fe\u00fa komst og blessa\u00f0i hann og hann mun ver\u00f0a blessa\u00f0ur.\u201c<br \/>\n<a name=\"34\"><\/a><span class=\"versanumer_2007\">34<\/span> \u00deegar Esa\u00fa heyr\u00f0i or\u00f0 f\u00f6\u00f0ur s\u00edns hlj\u00f3\u00f0a\u00f0i hann upp yfir sig beisklega og sag\u00f0i: \u201eBlessa\u00f0u mig einnig, fa\u00f0ir minn.\u201c<br \/>\n<a name=\"35\"><\/a><span class=\"versanumer_2007\">35<\/span> En hann sag\u00f0i: \u201eBr\u00f3\u00f0ir \u00feinn hefur komi\u00f0 me\u00f0 svikum og r\u00e6nt frumbur\u00f0arr\u00e9tti \u00fe\u00ednum.\u201c<br \/>\n<a name=\"36\"><\/a><span class=\"versanumer_2007\">36<\/span> \u00de\u00e1 sag\u00f0i Esa\u00fa: \u201eR\u00e9ttnefndur er hann Jakob. Tvisvar hefur hann pretta\u00f0 mig. Hann t\u00f3k frumbur\u00f0arr\u00e9tt minn og n\u00fa hefur hann teki\u00f0 blessun m\u00edna.\u201c \u00de\u00e1 spur\u00f0i hann: \u201eHefur \u00fe\u00fa enga blessun geymt handa m\u00e9r?\u201c<br \/>\n<a name=\"37\"><\/a><span class=\"versanumer_2007\">37<\/span> \u00cdsak svara\u00f0i og sag\u00f0i vi\u00f0 Esa\u00fa: \u201e\u00c9g hef sett hann h\u00f6f\u00f0ingja yfir \u00feig og gefi\u00f0 honum alla br\u00e6\u00f0ur s\u00edna a\u00f0 \u00fej\u00f3num og s\u00e9\u00f0 honum fyrir korni og v\u00ednberjalegi. Hva\u00f0 get \u00e9g \u00fe\u00e1 gert fyrir \u00feig, sonur minn?\u201c<br \/>\n<a name=\"38\"><\/a><span class=\"versanumer_2007\">38<\/span> Esa\u00fa sag\u00f0i vi\u00f0 f\u00f6\u00f0ur sinn: \u201e\u00c1ttu \u00fe\u00e1 ekki nema \u00feessa einu blessun, fa\u00f0ir minn? Blessa\u00f0u mig l\u00edka, fa\u00f0ir minn.\u201c<br \/>\nOg Esa\u00fa h\u00f3f upp raust s\u00edna og gr\u00e9t. <a name=\"39\"><\/a><span class=\"versanumer_2007\">39<\/span> \u00de\u00e1 svara\u00f0i \u00cdsak fa\u00f0ir hans og sag\u00f0i vi\u00f0 hann:<br \/>\n<span class=\"ljodatexti\"> B\u00fasta\u00f0ir \u00fe\u00ednir skulu ver\u00f0a fjarri frj\u00f3semd jar\u00f0ar<br \/>\nog d\u00f6gg himinsins a\u00f0 ofan<br \/>\n<\/span> <span class=\"ljodatexti\"> <a name=\"40\"><\/a><span class=\"versanumer_ljod\">40<\/span> en samt skaltu f\u00e1 l\u00edfsbj\u00f6rg \u00fe\u00edna af sver\u00f0i \u00fe\u00ednu.<br \/>\nBr\u00f3\u00f0ur \u00fe\u00ednum muntu \u00fej\u00f3na<br \/>\nen \u00fe\u00fa munt r\u00edfa \u00feig lausan<br \/>\nog sl\u00edta ok hans af h\u00e1lsi \u00fe\u00e9r. <\/span><\/p>\n<h3 class=\"millifyrirsogn_2007\">Fl\u00f3tti Jakobs til Harran<\/h3>\n<p><a name=\"41\"><\/a><span class=\"versanumer_2007\">41<\/span> Esa\u00fa fjandskapa\u00f0ist vi\u00f0 Jakob vegna blessunarinnar sem fa\u00f0ir hans haf\u00f0i veitt honum og hugsa\u00f0i me\u00f0 s\u00e9r: \u00deeir dagar munu koma a\u00f0 menn syrgja f\u00f6\u00f0ur minn l\u00e1tinn og mun \u00e9g \u00fe\u00e1 drepa Jakob, br\u00f3\u00f0ur minn.<br \/>\n<a name=\"42\"><\/a><span class=\"versanumer_2007\">42<\/span> \u00deessi or\u00f0 Esa\u00fa, eldri sonar Rebekku, voru s\u00f6g\u00f0 m\u00f3\u00f0ur hans og sendi h\u00fan bo\u00f0 og l\u00e9t kalla Jakob, yngri son sinn, fyrir sig og sag\u00f0i vi\u00f0 hann: \u201eEsa\u00fa, br\u00f3\u00f0ir \u00feinn, hyggur \u00e1 hefndir vi\u00f0 \u00feig og \u00e6tlar a\u00f0 drepa \u00feig. <a name=\"43\"><\/a><span class=\"versanumer_2007\">43<\/span> Far\u00f0u n\u00fa a\u00f0 r\u00e1\u00f0um m\u00ednum, sonur minn. Taktu \u00feig upp og fl\u00fd\u00f0u til Labans, br\u00f3\u00f0ur m\u00edns, \u00ed Harran. <a name=\"44\"><\/a><span class=\"versanumer_2007\">44<\/span> Dveldu hj\u00e1 honum um hr\u00ed\u00f0 uns heift br\u00f3\u00f0ur \u00fe\u00edns sefast. <a name=\"45\"><\/a><span class=\"versanumer_2007\">45<\/span> \u00deegar br\u00f3\u00f0ur \u00fe\u00ednum er runnin rei\u00f0in og hann hefur gleymt \u00fev\u00ed sem \u00fe\u00fa ger\u00f0ir \u00e1 hluta hans, \u00fe\u00e1 mun \u00e9g senda eftir \u00fe\u00e9r og l\u00e1ta s\u00e6kja \u00feig hinga\u00f0. Hv\u00ed \u00e6tti \u00e9g a\u00f0 missa ykkur b\u00e1\u00f0a \u00e1 einum degi?\u201c<br \/>\n<a name=\"46\"><\/a><span class=\"versanumer_2007\">46<\/span> Vi\u00f0 \u00cdsak sag\u00f0i Rebekka: \u201e\u00c9g hef andstygg\u00f0 \u00e1 a\u00f0 lifa vegna d\u00e6tra Het\u00edtanna. Ef Jakob t\u00e6ki s\u00e9r konu af d\u00e6trum Het\u00edta, eins og \u00feessum h\u00e9rlendu konum &#8211; til hvers skyldi \u00e9g \u00fe\u00e1 lifa?\u201c<\/p>\n","protected":false},"excerpt":{"rendered":"<p>Jakob blekkir f\u00f6\u00f0ur sinn 1 \u00cdsak var n\u00fa or\u00f0inn gamall og augu hans svo d\u00f6pru\u00f0 a\u00f0 hann gat ekki s\u00e9\u00f0. Kalla\u00f0i hann \u00fe\u00e1 \u00e1 Esa\u00fa, eldri son sinn, og sag\u00f0i vi\u00f0 hann: \u201eSonur minn.\u201c Og hann svara\u00f0i: \u201eH\u00e9r er \u00e9g.\u201c 2 Og \u00cdsak sag\u00f0i: \u201e\u00c9g er or\u00f0inn gamall og veit ekki hversu langt \u00e9g \u00e1 eftir \u00f3lifa\u00f0. 3 Taktu n\u00fa vei\u00f0ig\u00f6gn \u00fe\u00edn, \u00f6rvam\u00e6li og boga, og far\u00f0u \u00e1 hei\u00f0ar og veiddu handa m\u00e9r villibr\u00e1\u00f0. 4 Tilreiddu handa m\u00e9r eftirl\u00e6tisr\u00e9tt minn og f\u00e6r\u00f0u m\u00e9r a\u00f0 eta svo a\u00f0 \u00e9g geti blessa\u00f0 \u00feig \u00e1\u00f0ur en \u00e9g dey.\u201c 5 En Rebekka heyr\u00f0i \u00e1 <a href=\"https:\/\/biblian.is\/biblian\/fyrsta-mosebok-27-kafli\/\"> [&#8230;]<\/a><\/p>\n","protected":false},"author":1,"featured_media":0,"parent":0,"menu_order":0,"comment_status":"open","ping_status":"open","template":"bibliukaflar_NT.php","meta":{"footnotes":""},"class_list":["post-1644","page","type-page","status-publish","hentry"],"_links":{"self":[{"href":"https:\/\/biblian.is\/biblian\/wp-json\/wp\/v2\/pages\/1644","targetHints":{"allow":["GET"]}}],"collection":[{"href":"https:\/\/biblian.is\/biblian\/wp-json\/wp\/v2\/pages"}],"about":[{"href":"https:\/\/biblian.is\/biblian\/wp-json\/wp\/v2\/types\/page"}],"author":[{"embeddable":true,"href":"https:\/\/biblian.is\/biblian\/wp-json\/wp\/v2\/users\/1"}],"replies":[{"embeddable":true,"href":"https:\/\/biblian.is\/biblian\/wp-json\/wp\/v2\/comments?post=1644"}],"version-history":[{"count":0,"href":"https:\/\/biblian.is\/biblian\/wp-json\/wp\/v2\/pages\/1644\/revisions"}],"wp:attachment":[{"href":"https:\/\/biblian.is\/biblian\/wp-json\/wp\/v2\/media?parent=1644"}],"curies":[{"name":"wp","href":"https:\/\/api.w.org\/{rel}","templated":true}]}}