{"id":2461,"date":"2017-11-18T20:21:51","date_gmt":"2017-11-18T20:21:51","guid":{"rendered":"http:\/\/biblian.is\/1981\/fyrra-thessalonikubref-3-kafli\/"},"modified":"2021-06-06T10:56:54","modified_gmt":"2021-06-06T10:56:54","slug":"fyrra-thessalonikubref-3-kafli","status":"publish","type":"page","link":"https:\/\/biblian.is\/1981\/fyrra-thessalonikubref-3-kafli\/","title":{"rendered":"Fyrra \u00deessalon\u00edkubr\u00e9f 3. kafli"},"content":{"rendered":"<p><a name=\"1\"><span class=\"versanumer\">1<\/span><\/a>\u00dear kom, a\u00f0 v\u00e9r \u00feoldum ekki lengur vi\u00f0 og r\u00e9\u00f0um \u00fe\u00e1 af a\u00f0 ver\u00f0a einir eftir \u00ed A\u00feenu,<a name=\"2\"><span class=\"versanumer\">2<\/span><\/a>en sendum T\u00edm\u00f3teus, br\u00f3\u00f0ur vorn og a\u00f0sto\u00f0armann Gu\u00f0s vi\u00f0 fagna\u00f0arerindi\u00f0 um Krist, til a\u00f0 styrkja y\u00f0ur og \u00e1minna \u00ed tr\u00fa y\u00f0ar,<a name=\"3\"><span class=\"versanumer\">3<\/span><\/a>svo a\u00f0 enginn l\u00e1ti bifast \u00ed \u00ferengingum \u00feessum. \u00de\u00e9r viti\u00f0 sj\u00e1lfir, a\u00f0 \u00feetta er oss \u00e6tla\u00f0.<a name=\"4\"><span class=\"versanumer\">4<\/span><\/a>\u00deegar v\u00e9r vorum hj\u00e1 y\u00f0ur, \u00fe\u00e1 s\u00f6g\u00f0um v\u00e9r y\u00f0ur fyrir, a\u00f0 v\u00e9r mundum ver\u00f0a a\u00f0 \u00feola \u00ferengingar. \u00dea\u00f0 kom l\u00edka fram, eins og \u00fe\u00e9r viti\u00f0.<a name=\"5\"><span class=\"versanumer\">5<\/span><\/a>\u00dev\u00ed \u00feoldi \u00e9g ekki lengur vi\u00f0 og sendi T\u00edm\u00f3teus til a\u00f0 f\u00e1 a\u00f0 vita um tr\u00fa y\u00f0ar, hvort freistarinn kynni a\u00f0 hafa freista\u00f0 y\u00f0ar og erfi\u00f0i vort or\u00f0i\u00f0 til einskis.<a name=\"6\"><span class=\"versanumer\">6<\/span><\/a>En n\u00fa er hann aftur kominn til vor fr\u00e1 y\u00f0ur og hefur bori\u00f0 oss gle\u00f0ifregn um tr\u00fa y\u00f0ar og k\u00e6rleika, a\u00f0 \u00fe\u00e9r \u00e1vallt muni\u00f0 eftir oss me\u00f0 hl\u00fdjum hug og y\u00f0ur langi til a\u00f0 sj\u00e1 oss, eins og oss l\u00edka til a\u00f0 sj\u00e1 y\u00f0ur.<a name=\"7\"><span class=\"versanumer\">7<\/span><\/a>S\u00f6kum \u00feessa h\u00f6fum v\u00e9r, br\u00e6\u00f0ur, huggun hloti\u00f0 vegna tr\u00faar y\u00f0ar \u00fer\u00e1tt fyrir alla ney\u00f0 og \u00ferengingu.<a name=\"8\"><span class=\"versanumer\">8<\/span><\/a>N\u00fa lifum v\u00e9r, ef \u00fe\u00e9r standi\u00f0 st\u00f6\u00f0ugir \u00ed Drottni.<a name=\"9\"><span class=\"versanumer\">9<\/span><\/a>Hvernig getum v\u00e9r n\u00f3gsamlega \u00feakka\u00f0 Gu\u00f0i fyrir alla \u00fe\u00e1 gle\u00f0i, er v\u00e9r h\u00f6fum af y\u00f0ur frammi fyrir Gu\u00f0i vorum?<a name=\"10\"><span class=\"versanumer\">10<\/span><\/a>Og v\u00e9r bi\u00f0jum n\u00f3tt og dag, heitt og af hjarta, a\u00f0 f\u00e1 a\u00f0 sj\u00e1 y\u00f0ur og b\u00e6ta \u00far \u00fev\u00ed, sem tr\u00fa y\u00f0ar er \u00e1f\u00e1tt.<a name=\"11\"><span class=\"versanumer\">11<\/span><\/a>Sj\u00e1lfur Gu\u00f0 og fa\u00f0ir vor og Drottinn vor Jes\u00fas grei\u00f0i veg vorn til y\u00f0ar.<a name=\"12\"><span class=\"versanumer\">12<\/span><\/a>En Drottinn efli y\u00f0ur og au\u00f0gi a\u00f0 k\u00e6rleika hvern til annars og til allra, eins og v\u00e9r berum k\u00e6rleika til y\u00f0ar.<a name=\"13\"><span class=\"versanumer\">13<\/span><\/a>\u00deannig styrkir hann hj\u00f6rtu y\u00f0ar, svo a\u00f0 \u00fe\u00e9r ver\u00f0i\u00f0 \u00f3a\u00f0finnanlegir og heilagir frammi fyrir Gu\u00f0i, f\u00f6\u00f0ur vorum, vi\u00f0 komu Drottins vors Jes\u00fa \u00e1samt \u00f6llum hans heil\u00f6gu.<\/p>\n<div class=\"footnote1981\"><b>3.2<\/b> T\u00edm\u00f3teus Post 16.1+ &#8211; samverkama\u00f0ur Gu\u00f0s 1Kor 3.9<br \/>\n<b>3.3<\/b> \u00derengingar \u00feessar Mrk 13 og hlst; Post 14.22; Opb 2.9-10; 7.14 \u2013 bifast ekki Ef 3.13 \u2013 er a\u00f0 v\u00e6nta 2T\u00edm 3.12<br \/>\n<b>3.4<\/b> \u00deola \u00ferengingar Post 14.22<br \/>\n<b>3.5<\/b> Erfi\u00f0i til einskis Fil 2.16<br \/>\n<b>3.6<\/b> Tr\u00fa og k\u00e6rleikur 2\u00deess 1.3<br \/>\n<b>3.7-8<\/b> Standi\u00f0 st\u00f6\u00f0ug 2\u00deess 1.4; 2.15<br \/>\n<b>3.10<\/b> \u00c1f\u00e1tt Fil 1.25; 2\u00deess 1.3<br \/>\n<b>3.12<\/b> Eflast a\u00f0 k\u00e6rleika Fil 1.9; 1\u00deess 4.10 \u2013 til allra 1\u00deess 5.15<br \/>\n<b>3.13<\/b> \u00d3a\u00f0finnanleg Fil 1.10 \u2013 koma Drottins vors 1Kor 1.8; 1\u00deess 5.23 \u2013 \u00e1samt \u00f6llum hans heil\u00f6gu 5M\u00f3s 33.3; Sak 14.5; Dan 7.25,27; Matt 25.31; 1\u00deess 4.16; 2\u00deess 1.7; Opb 14.10<\/div>\n","protected":false},"excerpt":{"rendered":"<p>1\u00dear kom, a\u00f0 v\u00e9r \u00feoldum ekki lengur vi\u00f0 og r\u00e9\u00f0um \u00fe\u00e1 af a\u00f0 ver\u00f0a einir eftir \u00ed A\u00feenu,2en sendum T\u00edm\u00f3teus, br\u00f3\u00f0ur vorn og a\u00f0sto\u00f0armann Gu\u00f0s vi\u00f0 fagna\u00f0arerindi\u00f0 um Krist, til a\u00f0 styrkja y\u00f0ur og \u00e1minna \u00ed tr\u00fa y\u00f0ar,3svo a\u00f0 enginn l\u00e1ti bifast \u00ed \u00ferengingum \u00feessum. \u00de\u00e9r viti\u00f0 sj\u00e1lfir, a\u00f0 \u00feetta er oss \u00e6tla\u00f0.4\u00deegar v\u00e9r vorum hj\u00e1 y\u00f0ur, \u00fe\u00e1 s\u00f6g\u00f0um v\u00e9r y\u00f0ur fyrir, a\u00f0 v\u00e9r mundum ver\u00f0a a\u00f0 \u00feola \u00ferengingar. \u00dea\u00f0 kom l\u00edka fram, eins og \u00fe\u00e9r viti\u00f0.5\u00dev\u00ed \u00feoldi \u00e9g ekki lengur vi\u00f0 og sendi T\u00edm\u00f3teus til a\u00f0 f\u00e1 a\u00f0 vita um tr\u00fa y\u00f0ar, hvort freistarinn kynni a\u00f0 hafa freista\u00f0 y\u00f0ar <a href=\"https:\/\/biblian.is\/1981\/fyrra-thessalonikubref-3-kafli\/\"> [&#8230;]<\/a><\/p>\n","protected":false},"author":1,"featured_media":0,"parent":0,"menu_order":0,"comment_status":"open","ping_status":"open","template":"bibliukaflar.php","meta":{"footnotes":""},"class_list":["post-2461","page","type-page","status-publish","hentry"],"_links":{"self":[{"href":"https:\/\/biblian.is\/1981\/wp-json\/wp\/v2\/pages\/2461","targetHints":{"allow":["GET"]}}],"collection":[{"href":"https:\/\/biblian.is\/1981\/wp-json\/wp\/v2\/pages"}],"about":[{"href":"https:\/\/biblian.is\/1981\/wp-json\/wp\/v2\/types\/page"}],"author":[{"embeddable":true,"href":"https:\/\/biblian.is\/1981\/wp-json\/wp\/v2\/users\/1"}],"replies":[{"embeddable":true,"href":"https:\/\/biblian.is\/1981\/wp-json\/wp\/v2\/comments?post=2461"}],"version-history":[{"count":0,"href":"https:\/\/biblian.is\/1981\/wp-json\/wp\/v2\/pages\/2461\/revisions"}],"wp:attachment":[{"href":"https:\/\/biblian.is\/1981\/wp-json\/wp\/v2\/media?parent=2461"}],"curies":[{"name":"wp","href":"https:\/\/api.w.org\/{rel}","templated":true}]}}