{"id":2450,"date":"2017-11-18T20:21:51","date_gmt":"2017-11-18T20:21:51","guid":{"rendered":"http:\/\/biblian.is\/1981\/efesusbrefid-6-kafli\/"},"modified":"2021-06-06T10:50:44","modified_gmt":"2021-06-06T10:50:44","slug":"efesusbrefid-6-kafli","status":"publish","type":"page","link":"https:\/\/biblian.is\/1981\/efesusbrefid-6-kafli\/","title":{"rendered":"Efesusbr\u00e9fi\u00f0 6. kafli"},"content":{"rendered":"<p><a name=\"1\"><span class=\"versanumer\">1<\/span><\/a>\u00de\u00e9r b\u00f6rn, hl\u00fd\u00f0i\u00f0 foreldrum y\u00f0ar vegna Drottins, \u00fev\u00ed a\u00f0 \u00fea\u00f0 er r\u00e9tt.<a name=\"2\"><span class=\"versanumer\">2<\/span><\/a>Hei\u00f0ra f\u00f6\u00f0ur \u00feinn og m\u00f3\u00f0ur, \u00fea\u00f0 er hi\u00f0 fyrsta bo\u00f0or\u00f0 me\u00f0 fyrirheiti:<a name=\"3\"><span class=\"versanumer\">3<\/span><\/a>til \u00feess a\u00f0 \u00fe\u00e9r vegni vel og \u00fe\u00fa ver\u00f0ir langl\u00edfur \u00e1 j\u00f6r\u00f0inni.<a name=\"4\"><span class=\"versanumer\">4<\/span><\/a>Og \u00fe\u00e9r fe\u00f0ur, reiti\u00f0 ekki b\u00f6rn y\u00f0ar til rei\u00f0i, heldur ali\u00f0 \u00feau upp me\u00f0 aga og umv\u00f6ndun Drottins.<a name=\"5\"><span class=\"versanumer\">5<\/span><\/a>\u00de\u00e9r \u00fer\u00e6lar, hl\u00fd\u00f0i\u00f0 y\u00f0ar jar\u00f0nesku herrum me\u00f0 lotningu og \u00f3tta, \u00ed einl\u00e6gni hjartans, eins og \u00fea\u00f0 v\u00e6ri Kristur.<a name=\"6\"><span class=\"versanumer\">6<\/span><\/a>Ekki me\u00f0 augna\u00fej\u00f3nustu, eins og \u00feeir er m\u00f6nnum vilja \u00fe\u00f3knast, heldur eins og \u00fej\u00f3nar Krists, er gj\u00f6ra vilja Gu\u00f0s af heilum huga.<a name=\"7\"><span class=\"versanumer\">7<\/span><\/a>Veiti\u00f0 \u00fej\u00f3nustu y\u00f0ar af f\u00fasu ge\u00f0i, eins og Drottinn \u00e6tti \u00ed hlut og ekki menn.<a name=\"8\"><span class=\"versanumer\">8<\/span><\/a>\u00de\u00e9r viti\u00f0 og sj\u00e1lfir, a\u00f0 s\u00e9rhver mun f\u00e1 aftur af Drottni \u00fea\u00f0 g\u00f3\u00f0a, sem hann gj\u00f6rir, hvort sem hann er \u00fer\u00e6ll e\u00f0a frj\u00e1ls ma\u00f0ur.<a name=\"9\"><span class=\"versanumer\">9<\/span><\/a>Og \u00fe\u00e9r, sem eigi\u00f0 \u00fer\u00e6la, breyti\u00f0 eins vi\u00f0 \u00fe\u00e1. H\u00e6tti\u00f0 a\u00f0 \u00f3gna \u00feeim. \u00de\u00e9r viti\u00f0, a\u00f0 \u00feeir eiga \u00ed himnunum sama Drottin og \u00fe\u00e9r og hj\u00e1 honum er ekkert manngreinar\u00e1lit.<a name=\"10\"><span class=\"versanumer\">10<\/span><\/a>A\u00f0 lokum: Styrkist n\u00fa \u00ed Drottni og \u00ed krafti m\u00e1ttar hans.<a name=\"11\"><span class=\"versanumer\">11<\/span><\/a>Kl\u00e6\u00f0ist alv\u00e6pni Gu\u00f0s, til \u00feess a\u00f0 \u00fe\u00e9r geti\u00f0 sta\u00f0ist v\u00e9labr\u00f6g\u00f0 dj\u00f6fulsins.<a name=\"12\"><span class=\"versanumer\">12<\/span><\/a>\u00dev\u00ed a\u00f0 bar\u00e1ttan, sem v\u00e9r eigum \u00ed, er ekki vi\u00f0 menn af holdi og bl\u00f3\u00f0i, heldur vi\u00f0 tignirnar og v\u00f6ldin, vi\u00f0 heimsdrottna \u00feessa myrkurs, vi\u00f0 andaverur vonskunnar \u00ed himingeimnum.<a name=\"13\"><span class=\"versanumer\">13<\/span><\/a>Taki\u00f0 \u00fev\u00ed alv\u00e6pni Gu\u00f0s, til \u00feess a\u00f0 \u00fe\u00e9r geti\u00f0 veitt m\u00f3tst\u00f6\u00f0u \u00e1 hinum vonda degi og haldi\u00f0 velli, \u00feegar \u00fe\u00e9r hafi\u00f0 sigra\u00f0 allt.<a name=\"14\"><span class=\"versanumer\">14<\/span><\/a>Standi\u00f0 \u00fev\u00ed gyrtir sannleika um lendar y\u00f0ar og kl\u00e6ddir brynju r\u00e9ttl\u00e6tisins<a name=\"15\"><span class=\"versanumer\">15<\/span><\/a>og sk\u00f3a\u00f0ir \u00e1 f\u00f3tunum me\u00f0 f\u00fasleik til a\u00f0 flytja fagna\u00f0arbo\u00f0skap fri\u00f0arins.<a name=\"16\"><span class=\"versanumer\">16<\/span><\/a>Taki\u00f0 umfram allt skj\u00f6ld tr\u00faarinnar, sem \u00fe\u00e9r geti\u00f0 sl\u00f6kkt me\u00f0 \u00f6ll hin eldlegu skeyti hins vonda.<a name=\"17\"><span class=\"versanumer\">17<\/span><\/a>Taki\u00f0 vi\u00f0 hj\u00e1lmi hj\u00e1lpr\u00e6\u00f0isins og sver\u00f0i andans, sem er Gu\u00f0s or\u00f0.<a name=\"18\"><span class=\"versanumer\">18<\/span><\/a>Gj\u00f6ri\u00f0 \u00fea\u00f0 me\u00f0 b\u00e6n og bei\u00f0ni og bi\u00f0ji\u00f0 \u00e1 hverri t\u00ed\u00f0 \u00ed anda. Veri\u00f0 \u00fev\u00ed \u00e1rvakrir og sta\u00f0fastir \u00ed b\u00e6n fyrir \u00f6llum heil\u00f6gum.<a name=\"19\"><span class=\"versanumer\">19<\/span><\/a>Bi\u00f0ji\u00f0 fyrir m\u00e9r, a\u00f0 m\u00e9r ver\u00f0i gefin or\u00f0 a\u00f0 m\u00e6la, \u00fe\u00e1 er \u00e9g l\u00fdk upp munni m\u00ednum, til \u00feess a\u00f0 \u00e9g kunngj\u00f6ri me\u00f0 dj\u00f6rfung leyndard\u00f3m fagna\u00f0arerindisins.<a name=\"20\"><span class=\"versanumer\">20<\/span><\/a>\u00deess bo\u00f0beri er \u00e9g \u00ed fj\u00f6trum m\u00ednum. Bi\u00f0ji\u00f0, a\u00f0 \u00e9g geti flutt \u00fea\u00f0 me\u00f0 dj\u00f6rfung, eins og m\u00e9r ber a\u00f0 tala.<a name=\"21\"><span class=\"versanumer\">21<\/span><\/a>En til \u00feess a\u00f0 \u00fe\u00e9r f\u00e1i\u00f0 einnig a\u00f0 vita um hagi m\u00edna, hvernig m\u00e9r l\u00ed\u00f0ur, \u00fe\u00e1 mun T\u00fdk\u00edkus, minn elska\u00f0i br\u00f3\u00f0ir og tr\u00fai a\u00f0sto\u00f0arma\u00f0ur \u00ed \u00fej\u00f3nustu Drottins, sk\u00fdra y\u00f0ur fr\u00e1 \u00f6llu.<a name=\"22\"><span class=\"versanumer\">22<\/span><\/a>\u00c9g sendi hann til y\u00f0ar einkum \u00ed \u00fev\u00ed skyni, a\u00f0 \u00fe\u00e9r f\u00e1i\u00f0 a\u00f0 vita, hvernig oss l\u00ed\u00f0ur, og til \u00feess a\u00f0 hann upp\u00f6rvi y\u00f0ur.<a name=\"23\"><span class=\"versanumer\">23<\/span><\/a>Fri\u00f0ur s\u00e9 me\u00f0 br\u00e6\u00f0runum og k\u00e6rleikur, samfara tr\u00fa fr\u00e1 Gu\u00f0i f\u00f6\u00f0ur og Drottni Jes\u00fa Kristi.<a name=\"24\"><span class=\"versanumer\">24<\/span><\/a>N\u00e1\u00f0 s\u00e9 me\u00f0 \u00f6llum \u00feeim, sem elska Drottin vorn Jes\u00fa Krist me\u00f0 \u00f3dau\u00f0legum k\u00e6rleik.<\/p>\n<div class=\"footnote1981\"><b>6.1-4<\/b> B\u00f6rn og foreldrar K\u00f3l 3.20-21<br \/>\n<b>6.2-3<\/b> Hei\u00f0ra f\u00f6\u00f0ur \u00feinn &#8230; 2M\u00f3s 20.12; 5M\u00f3s 5.16; Matt 15.4; Mrk 7.10; L\u00fak 18.20<br \/>\n<b>6.4<\/b> Uppeldi 5M\u00f3s 6.7,20-25; Okv 3.11; 19.18 \u2013 fr\u00e6\u00f0slu um Drottin Heb 12.5-13<br \/>\n<b>6.5-9<\/b> H\u00fasb\u00e6ndur og hj\u00fa K\u00f3l 3.22-4.1<br \/>\n<b>6.5<\/b> Me\u00f0 lotningu og \u00f3tta 1Kor 2.3; 2Kor 7.15; Fil 2.12<br \/>\n<b>6.8<\/b> D\u00f3mst\u00f3ll Krists 2Kor 5.10; Opb 14.13<br \/>\n<b>6.9<\/b> Ekkert manngreinar\u00e1lit R\u00f3m 2.11+<br \/>\n<b>6.11<\/b> Alv\u00e6pni Gu\u00f0s R\u00f3m 13.12; 2Kor 6.7; 10.4; 1\u00deess 5.8<br \/>\n<b>6.12<\/b> Hold og bl\u00f3\u00f0 Matt 16.17; 1Kor 15.50; Gal 1.16; Heb 2.14 \u2013 v\u00f6ld K\u00f3l 1.16+<br \/>\n<b>6.14a<\/b> Gyrt \u2026 Jes 11.5<br \/>\n<b>6.14b<\/b> R\u00e9ttl\u00e6ti\u00f0 sem brynja Jes 59.17; SSal 5.18; Ef 6.17; 1\u00deess 5.8<br \/>\n<b>6.15<\/b> Til a\u00f0 flytja fagna\u00f0arbo\u00f0skap Jes 52.7; Post 10.36; R\u00f3m 10.15; 2Kor 5.20; Ef 2.17; Nah 2.1 \u2013 fagna\u00f0arbo\u00f0 um fri\u00f0 Ef 2.17<br \/>\n<b>6.17<\/b> Hj\u00e1lmur hj\u00e1lpr\u00e6\u00f0isins Jes 59.17; Ef 6.14+ &#8211; sver\u00f0 Gu\u00f0s Jes 11.4; 49.2; H\u00f3s 6.5; Heb 4.12; Opb 1.16<br \/>\n<b>6.18-20<\/b> St\u00f6\u00f0ug \u00ed b\u00e6n K\u00f3l 4.2-4 \u2013 bi\u00f0ji\u00f0 \u00e1 hverri t\u00ed\u00f0 L\u00fak 18.1; 1\u00deess 5.17<br \/>\n<b>6.19<\/b> Bi\u00f0ji\u00f0 fyrir m\u00e9r K\u00f3l 4.3+ &#8211; flytja fagna\u00f0arerindi Gu\u00f0s L\u00fak 21.15; Post 4.29 \u2013 dj\u00f6rfung Post 28.31; Ef 3.12; 6.20; Fil 1.20 \u2013 leyndard\u00f3mur fagna\u00f0arerindisins Ef 3.3+<br \/>\n<b>6.20<\/b> Bo\u00f0beri fagna\u00f0arerindisins 2Kor 5.20+ &#8211; P\u00e1ll \u00ed fj\u00f6trum K\u00f3l 4.18; Fil 1.13<br \/>\n<b>6.21-22<\/b> T\u00fdk\u00edkus K\u00f3l 4.7+<br \/>\n<b>6.24<\/b> Elska Drottin vorn 1P\u00e9t 1.8<\/div>\n","protected":false},"excerpt":{"rendered":"<p>1\u00de\u00e9r b\u00f6rn, hl\u00fd\u00f0i\u00f0 foreldrum y\u00f0ar vegna Drottins, \u00fev\u00ed a\u00f0 \u00fea\u00f0 er r\u00e9tt.2Hei\u00f0ra f\u00f6\u00f0ur \u00feinn og m\u00f3\u00f0ur, \u00fea\u00f0 er hi\u00f0 fyrsta bo\u00f0or\u00f0 me\u00f0 fyrirheiti:3til \u00feess a\u00f0 \u00fe\u00e9r vegni vel og \u00fe\u00fa ver\u00f0ir langl\u00edfur \u00e1 j\u00f6r\u00f0inni.4Og \u00fe\u00e9r fe\u00f0ur, reiti\u00f0 ekki b\u00f6rn y\u00f0ar til rei\u00f0i, heldur ali\u00f0 \u00feau upp me\u00f0 aga og umv\u00f6ndun Drottins.5\u00de\u00e9r \u00fer\u00e6lar, hl\u00fd\u00f0i\u00f0 y\u00f0ar jar\u00f0nesku herrum me\u00f0 lotningu og \u00f3tta, \u00ed einl\u00e6gni hjartans, eins og \u00fea\u00f0 v\u00e6ri Kristur.6Ekki me\u00f0 augna\u00fej\u00f3nustu, eins og \u00feeir er m\u00f6nnum vilja \u00fe\u00f3knast, heldur eins og \u00fej\u00f3nar Krists, er gj\u00f6ra vilja Gu\u00f0s af heilum huga.7Veiti\u00f0 \u00fej\u00f3nustu y\u00f0ar af f\u00fasu ge\u00f0i, eins og Drottinn \u00e6tti \u00ed hlut <a href=\"https:\/\/biblian.is\/1981\/efesusbrefid-6-kafli\/\"> [&#8230;]<\/a><\/p>\n","protected":false},"author":1,"featured_media":0,"parent":0,"menu_order":0,"comment_status":"open","ping_status":"open","template":"bibliukaflar.php","meta":{"footnotes":""},"class_list":["post-2450","page","type-page","status-publish","hentry"],"_links":{"self":[{"href":"https:\/\/biblian.is\/1981\/wp-json\/wp\/v2\/pages\/2450","targetHints":{"allow":["GET"]}}],"collection":[{"href":"https:\/\/biblian.is\/1981\/wp-json\/wp\/v2\/pages"}],"about":[{"href":"https:\/\/biblian.is\/1981\/wp-json\/wp\/v2\/types\/page"}],"author":[{"embeddable":true,"href":"https:\/\/biblian.is\/1981\/wp-json\/wp\/v2\/users\/1"}],"replies":[{"embeddable":true,"href":"https:\/\/biblian.is\/1981\/wp-json\/wp\/v2\/comments?post=2450"}],"version-history":[{"count":0,"href":"https:\/\/biblian.is\/1981\/wp-json\/wp\/v2\/pages\/2450\/revisions"}],"wp:attachment":[{"href":"https:\/\/biblian.is\/1981\/wp-json\/wp\/v2\/media?parent=2450"}],"curies":[{"name":"wp","href":"https:\/\/api.w.org\/{rel}","templated":true}]}}