{"id":2447,"date":"2017-11-18T20:21:47","date_gmt":"2017-11-18T20:21:47","guid":{"rendered":"http:\/\/biblian.is\/1981\/efesusbrefid-3-kafli\/"},"modified":"2021-06-06T10:50:43","modified_gmt":"2021-06-06T10:50:43","slug":"efesusbrefid-3-kafli","status":"publish","type":"page","link":"https:\/\/biblian.is\/1981\/efesusbrefid-3-kafli\/","title":{"rendered":"Efesusbr\u00e9fi\u00f0 3. kafli"},"content":{"rendered":"<p><a name=\"1\"><span class=\"versanumer\">1<\/span><\/a>\u00deess vegna er \u00fea\u00f0, a\u00f0 \u00e9g, P\u00e1ll, bandingi Krists Jes\u00fa vegna y\u00f0ar, hei\u00f0inna manna, beygi kn\u00e9 m\u00edn.<a name=\"2\"><span class=\"versanumer\">2<\/span><\/a>V\u00edst hafi\u00f0 \u00fe\u00e9r heyrt um \u00fe\u00e1 r\u00e1\u00f0st\u00f6fun Gu\u00f0s n\u00e1\u00f0ar, sem hann f\u00f3l m\u00e9r hj\u00e1 y\u00f0ur:<a name=\"3\"><span class=\"versanumer\">3<\/span><\/a>A\u00f0 birta m\u00e9r me\u00f0 opinberun leyndard\u00f3minn. \u00c9g hef stuttlega skrifa\u00f0 um \u00fea\u00f0 \u00e1\u00f0ur.<a name=\"4\"><span class=\"versanumer\">4<\/span><\/a>\u00deegar \u00fe\u00e9r lesi\u00f0 \u00fea\u00f0, geti\u00f0 \u00fe\u00e9r skynja\u00f0, hva\u00f0 \u00e9g veit um leyndard\u00f3m Krists.<a name=\"5\"><span class=\"versanumer\">5<\/span><\/a>Hann var ekki birtur mannanna sonum fyrr \u00e1 t\u00edmum. N\u00fa hefur hann veri\u00f0 opinbera\u00f0ur heil\u00f6gum postulum hans og sp\u00e1m\u00f6nnum \u00ed andanum:<a name=\"6\"><span class=\"versanumer\">6<\/span><\/a>Hei\u00f0ingjarnir eru \u00ed Kristi Jes\u00fa fyrir fagna\u00f0arerindi\u00f0 or\u00f0nir erfingjar me\u00f0 oss, einn l\u00edkami me\u00f0 oss, og eiga hlut \u00ed sama fyrirheiti og v\u00e9r.<a name=\"7\"><span class=\"versanumer\">7<\/span><\/a>\u00c9g var\u00f0 \u00fej\u00f3nn \u00feessa fagna\u00f0arerindis, af \u00fev\u00ed a\u00f0 Gu\u00f0 gaf m\u00e9r gj\u00f6f n\u00e1\u00f0ar sinnar me\u00f0 krafti m\u00e1ttar s\u00edns.<a name=\"8\"><span class=\"versanumer\">8<\/span><\/a>M\u00e9r, sem minnstur er allra heilagra, var veitt s\u00fa n\u00e1\u00f0 a\u00f0 bo\u00f0a hei\u00f0ingjunum fagna\u00f0arerindi\u00f0 um hinn \u00f3rannsakanlega r\u00edkd\u00f3m Krists<a name=\"9\"><span class=\"versanumer\">9<\/span><\/a>og a\u00f0 uppl\u00fdsa alla um \u00fea\u00f0, hvernig Gu\u00f0 hefur r\u00e1\u00f0stafa\u00f0 \u00feessum leyndard\u00f3mi. Hann hefur fr\u00e1 eil\u00edf\u00f0 veri\u00f0 hulinn \u00ed Gu\u00f0i, sem allt hefur skapa\u00f0.<a name=\"10\"><span class=\"versanumer\">10<\/span><\/a>N\u00fa skyldi kirkjan l\u00e1tin kunngj\u00f6ra tignunum og v\u00f6ldunum \u00ed himinh\u00e6\u00f0um, hve margh\u00e1ttu\u00f0 speki Gu\u00f0s er.<a name=\"11\"><span class=\"versanumer\">11<\/span><\/a>\u00deetta er Gu\u00f0s eil\u00edfa fyrir\u00e6tlun, sem hann hefur framkv\u00e6mt \u00ed Kristi Jes\u00fa, Drottni vorum.<a name=\"12\"><span class=\"versanumer\">12<\/span><\/a>\u00c1 honum byggist dj\u00f6rfung vor. \u00cd tr\u00fanni \u00e1 hann eigum v\u00e9r \u00f6ruggan a\u00f0gang a\u00f0 Gu\u00f0i.<a name=\"13\"><span class=\"versanumer\">13<\/span><\/a>Fyrir \u00fev\u00ed bi\u00f0 \u00e9g, a\u00f0 \u00fe\u00e9r l\u00e1ti\u00f0 eigi hugfallast \u00fat af \u00ferengingum m\u00ednum y\u00f0ar vegna. \u00de\u00e6r eru y\u00f0ur til vegsemdar.<a name=\"14\"><span class=\"versanumer\">14<\/span><\/a>\u00deess vegna beygi \u00e9g kn\u00e9 m\u00edn fyrir f\u00f6\u00f0urnum,<a name=\"15\"><span class=\"versanumer\">15<\/span><\/a>sem hvert fa\u00f0erni f\u00e6r nafn af \u00e1 himni og j\u00f6r\u00f0u.<a name=\"16\"><span class=\"versanumer\">16<\/span><\/a>Megi hann gefa y\u00f0ur af r\u00edkd\u00f3mi d\u00fdr\u00f0ar sinnar a\u00f0 styrkjast fyrir anda sinn a\u00f0 krafti hi\u00f0 innra me\u00f0 y\u00f0ur,<a name=\"17\"><span class=\"versanumer\">17<\/span><\/a>til \u00feess a\u00f0 Kristur megi fyrir tr\u00fana b\u00faa \u00ed hj\u00f6rtum y\u00f0ar og \u00fe\u00e9r ver\u00f0a r\u00f3tfestir og grundvalla\u00f0ir \u00ed k\u00e6rleika.<a name=\"18\"><span class=\"versanumer\">18<\/span><\/a>\u00de\u00e1 f\u00e1i\u00f0 \u00fe\u00e9r \u00e1samt \u00f6llum heil\u00f6gum skili\u00f0, hve k\u00e6rleikur Krists er v\u00ed\u00f0ur og langur, h\u00e1r og dj\u00fapur, og komist a\u00f0 raun um hann,<a name=\"19\"><span class=\"versanumer\">19<\/span><\/a>sem gn\u00e6fir yfir alla \u00feekkingu, og n\u00e1i\u00f0 a\u00f0 fyllast allri Gu\u00f0s fyllingu.<a name=\"20\"><span class=\"versanumer\">20<\/span><\/a>En honum, sem \u00ed oss verkar me\u00f0 krafti s\u00ednum og megnar a\u00f0 gj\u00f6ra langt fram yfir allt \u00fea\u00f0, sem v\u00e9r bi\u00f0jum e\u00f0a skynjum,<a name=\"21\"><span class=\"versanumer\">21<\/span><\/a>honum s\u00e9 d\u00fdr\u00f0 \u00ed kirkjunni og \u00ed Kristi Jes\u00fa um \u00f6ll \u00e6viskei\u00f0, \u00f6ld eftir \u00f6ld. Amen.<\/p>\n<div class=\"footnote1981\"><b>3.1<\/b> P\u00e1ll bandingi Ef 4.1; Fil 1.7,13; K\u00f3l 4.18; F\u00edlm 1.9<br \/>\n<b>3.2-13<\/b> Kristnibo\u00f0 P\u00e1ls K\u00f3l 1.24-29<br \/>\n<b>3.2<\/b> Postuli af n\u00e1\u00f0 R\u00f3m 12.3; 15.15; 1Kor 3.10; Gal 2.9<br \/>\n<b>3.3<\/b> Opinberun Gal 1.12,16 \u2013 birta m\u00e9r leyndard\u00f3minn 1.9-10; K\u00f3l 1.26-27; 2.2; R\u00f3m 16.25-26; 1Kor 2.7-9; T\u00edt 1.2-3<br \/>\n<b>3.4-6<\/b> Leyndard\u00f3mur Krists R\u00f3m 9-11<br \/>\n<b>3.5<\/b> Postular og sp\u00e1menn Ef 2.20<br \/>\n<b>3.6<\/b> Hei\u00f0ingjar Ef 2.11-13,18-19<br \/>\n<b>3.7<\/b> \u00dej\u00f3nn fagna\u00f0arerindisins K\u00f3l 1.23-25<br \/>\n<b>3.8<\/b> Minnstur postulanna 1Kor 15.9-10; 1T\u00edm 1.15 \u2013 postuli hei\u00f0ingja Post 9.15; 22.21; 26.17-18; Gal 1.16; 2.8<br \/>\n<b>3.10<\/b> Tignir og v\u00f6ld K\u00f3l 1.16+ ; 1P\u00e9t 1.12 \u2013 speki Gu\u00f0s SSal 7.27; R\u00f3m 11.33-36<br \/>\n<b>3.11<\/b> Eil\u00edf fyrir\u00e6tlun Gu\u00f0s Ef 1.4,11<br \/>\n<b>3.12<\/b> \u00d6rggur a\u00f0gangur Ef 2.18+<br \/>\n<b>3.13<\/b> Y\u00f0ur til vegsemdar K\u00f3l 1.24<br \/>\n<b>3.14-15<\/b> Fa\u00f0ir Ef 1.17-18; Matt 11.25-27<br \/>\n<b>3.17<\/b> Kristur \u00ed hj\u00f6rtum y\u00f0ar J\u00f3h 14.23; R\u00f3m 8.11; sbr SSal 1.4 \u2013 r\u00f3tfest og grundv\u00f6llu\u00f0 K\u00f3l 1.23; 2.7; sbr Slm 89.3+<br \/>\n<b>3.19<\/b> \u00deekkja Gal 4.9; K\u00f3l 2.2-3 \u2013 k\u00e6rleikur Krists 1Kor 13 \u2013 fylling Gu\u00f0s Ef 1.23+<br \/>\n<b>3.20-21<\/b> Lofgj\u00f6r\u00f0 R\u00f3m 16.25-27; J\u00fad 24-25 \u2013 me\u00f0 krafti s\u00ednum K\u00f3l 1.29<\/div>\n","protected":false},"excerpt":{"rendered":"<p>1\u00deess vegna er \u00fea\u00f0, a\u00f0 \u00e9g, P\u00e1ll, bandingi Krists Jes\u00fa vegna y\u00f0ar, hei\u00f0inna manna, beygi kn\u00e9 m\u00edn.2V\u00edst hafi\u00f0 \u00fe\u00e9r heyrt um \u00fe\u00e1 r\u00e1\u00f0st\u00f6fun Gu\u00f0s n\u00e1\u00f0ar, sem hann f\u00f3l m\u00e9r hj\u00e1 y\u00f0ur:3A\u00f0 birta m\u00e9r me\u00f0 opinberun leyndard\u00f3minn. \u00c9g hef stuttlega skrifa\u00f0 um \u00fea\u00f0 \u00e1\u00f0ur.4\u00deegar \u00fe\u00e9r lesi\u00f0 \u00fea\u00f0, geti\u00f0 \u00fe\u00e9r skynja\u00f0, hva\u00f0 \u00e9g veit um leyndard\u00f3m Krists.5Hann var ekki birtur mannanna sonum fyrr \u00e1 t\u00edmum. N\u00fa hefur hann veri\u00f0 opinbera\u00f0ur heil\u00f6gum postulum hans og sp\u00e1m\u00f6nnum \u00ed andanum:6Hei\u00f0ingjarnir eru \u00ed Kristi Jes\u00fa fyrir fagna\u00f0arerindi\u00f0 or\u00f0nir erfingjar me\u00f0 oss, einn l\u00edkami me\u00f0 oss, og eiga hlut \u00ed sama fyrirheiti og v\u00e9r.7\u00c9g var\u00f0 \u00fej\u00f3nn \u00feessa <a href=\"https:\/\/biblian.is\/1981\/efesusbrefid-3-kafli\/\"> [&#8230;]<\/a><\/p>\n","protected":false},"author":1,"featured_media":0,"parent":0,"menu_order":0,"comment_status":"open","ping_status":"open","template":"bibliukaflar.php","meta":{"footnotes":""},"class_list":["post-2447","page","type-page","status-publish","hentry"],"_links":{"self":[{"href":"https:\/\/biblian.is\/1981\/wp-json\/wp\/v2\/pages\/2447","targetHints":{"allow":["GET"]}}],"collection":[{"href":"https:\/\/biblian.is\/1981\/wp-json\/wp\/v2\/pages"}],"about":[{"href":"https:\/\/biblian.is\/1981\/wp-json\/wp\/v2\/types\/page"}],"author":[{"embeddable":true,"href":"https:\/\/biblian.is\/1981\/wp-json\/wp\/v2\/users\/1"}],"replies":[{"embeddable":true,"href":"https:\/\/biblian.is\/1981\/wp-json\/wp\/v2\/comments?post=2447"}],"version-history":[{"count":0,"href":"https:\/\/biblian.is\/1981\/wp-json\/wp\/v2\/pages\/2447\/revisions"}],"wp:attachment":[{"href":"https:\/\/biblian.is\/1981\/wp-json\/wp\/v2\/media?parent=2447"}],"curies":[{"name":"wp","href":"https:\/\/api.w.org\/{rel}","templated":true}]}}