{"id":2428,"date":"2017-11-18T20:21:47","date_gmt":"2017-11-18T20:21:47","guid":{"rendered":"http:\/\/biblian.is\/1981\/sidara-korintubref-3-kafli\/"},"modified":"2021-06-06T11:10:12","modified_gmt":"2021-06-06T11:10:12","slug":"sidara-korintubref-3-kafli","status":"publish","type":"page","link":"https:\/\/biblian.is\/1981\/sidara-korintubref-3-kafli\/","title":{"rendered":"S\u00ed\u00f0ara Korintubr\u00e9f 3. kafli"},"content":{"rendered":"<p><a name=\"1\"><span class=\"versanumer\">1<\/span><\/a>Erum v\u00e9r n\u00fa aftur teknir a\u00f0 m\u00e6la me\u00f0 sj\u00e1lfum oss? E\u00f0a mundum v\u00e9r \u00feurfa, eins og sumir, me\u00f0m\u00e6labr\u00e9f til y\u00f0ar e\u00f0a fr\u00e1 y\u00f0ur?<a name=\"2\"><span class=\"versanumer\">2<\/span><\/a>\u00de\u00e9r eru\u00f0 vort br\u00e9f, rita\u00f0 \u00e1 hj\u00f6rtu vor, \u00feekkt og lesi\u00f0 af \u00f6llum m\u00f6nnum.<a name=\"3\"><span class=\"versanumer\">3<\/span><\/a>\u00de\u00e9r s\u00fdni\u00f0 lj\u00f3slega, a\u00f0 \u00fe\u00e9r eru\u00f0 br\u00e9f Krists, sem v\u00e9r h\u00f6fum unni\u00f0 a\u00f0, ekki skrifa\u00f0 me\u00f0 bleki, heldur me\u00f0 anda lifanda Gu\u00f0s, ekki \u00e1 steinspj\u00f6ld, heldur \u00e1 hjartaspj\u00f6ld \u00far holdi.<a name=\"4\"><span class=\"versanumer\">4<\/span><\/a>En \u00feetta traust h\u00f6fum v\u00e9r til Gu\u00f0s fyrir Krist.<a name=\"5\"><span class=\"versanumer\">5<\/span><\/a>Ekki svo, a\u00f0 v\u00e9r s\u00e9um sj\u00e1lfir h\u00e6fir og eitthva\u00f0 komi fr\u00e1 oss sj\u00e1lfum, heldur er h\u00e6fileiki vor fr\u00e1 Gu\u00f0i,<a name=\"6\"><span class=\"versanumer\">6<\/span><\/a>sem hefur gj\u00f6rt oss h\u00e6fa til a\u00f0 vera \u00fej\u00f3na n\u00fds s\u00e1ttm\u00e1la, ekki b\u00f3kstafs, heldur anda. \u00dev\u00ed a\u00f0 b\u00f3kstafurinn dey\u00f0ir, en andinn l\u00edfgar.<a name=\"7\"><span class=\"versanumer\">7<\/span><\/a>En ef \u00fej\u00f3nusta dau\u00f0ans, sem letru\u00f0 var og h\u00f6ggvin \u00e1 steina, kom fram \u00ed d\u00fdr\u00f0, svo a\u00f0 \u00cdsraelsmenn g\u00e1tu ekki horft framan \u00ed M\u00f3se vegna lj\u00f3mans af \u00e1s\u00fdnd hans, sem \u00fe\u00f3 var\u00f0 a\u00f0 engu,<a name=\"8\"><span class=\"versanumer\">8<\/span><\/a>hversu miklu fremur mun \u00fe\u00e1 \u00fej\u00f3nusta andans koma fram \u00ed d\u00fdr\u00f0?<a name=\"9\"><span class=\"versanumer\">9<\/span><\/a>Ef \u00fej\u00f3nustan, sem sakfellir, var d\u00fdrleg, \u00fe\u00e1 er \u00fej\u00f3nustan, sem r\u00e9ttl\u00e6tir, enn \u00fe\u00e1 miklu au\u00f0ugri a\u00f0 d\u00fdr\u00f0.<a name=\"10\"><span class=\"versanumer\">10<\/span><\/a>\u00cd \u00feessu efni ver\u00f0ur jafnvel \u00fea\u00f0, sem \u00e1\u00f0ur var d\u00fdrlegt, ekki d\u00fdrlegt \u00ed samanbur\u00f0i vi\u00f0 hina yfirgn\u00e6fandi d\u00fdr\u00f0.<a name=\"11\"><span class=\"versanumer\">11<\/span><\/a>\u00dev\u00ed a\u00f0 ef \u00fea\u00f0, sem a\u00f0 engu ver\u00f0ur, kom fram me\u00f0 d\u00fdr\u00f0, \u00fe\u00e1 hl\u00fdtur miklu fremur hi\u00f0 varanlega a\u00f0 koma fram \u00ed d\u00fdr\u00f0.<a name=\"12\"><span class=\"versanumer\">12<\/span><\/a>\u00dear e\u00f0 v\u00e9r n\u00fa h\u00f6fum sl\u00edka von, \u00fe\u00e1 komum v\u00e9r fram me\u00f0 mikilli dj\u00f6rfung<a name=\"13\"><span class=\"versanumer\">13<\/span><\/a>og gj\u00f6rum ekki eins og M\u00f3se, sem setti sk\u00fdlu fyrir andlit s\u00e9r, til \u00feess a\u00f0 \u00cdsraelsmenn skyldu ekki horfa \u00e1 endalok lj\u00f3ma \u00feess, sem var a\u00f0 hverfa.<a name=\"14\"><span class=\"versanumer\">14<\/span><\/a>En hugur \u00feeirra var\u00f0 forhertur. \u00dev\u00ed allt til \u00feessa dags hv\u00edlir sama sk\u00fdlan yfir upplestri hins gamla s\u00e1ttm\u00e1la og henni hefur ekki veri\u00f0 svipt burt, \u00fev\u00ed a\u00f0 a\u00f0eins \u00ed Kristi hverfur h\u00fan.<a name=\"15\"><span class=\"versanumer\">15<\/span><\/a>J\u00e1, allt til \u00feessa dags hv\u00edlir sk\u00fdla yfir hj\u00f6rtum \u00feeirra, hven\u00e6r sem M\u00f3se er lesinn.<a name=\"16\"><span class=\"versanumer\">16<\/span><\/a>En \u00feegar einhver sn\u00fdr s\u00e9r til Drottins, ver\u00f0ur sk\u00fdlan burtu tekin.<a name=\"17\"><span class=\"versanumer\">17<\/span><\/a>Drottinn er andinn, og \u00fear sem andi Drottins er, \u00fear er frelsi.<a name=\"18\"><span class=\"versanumer\">18<\/span><\/a>En allir v\u00e9r, sem me\u00f0 \u00f3hj\u00fapu\u00f0u andliti endurspeglum d\u00fdr\u00f0 Drottins, ummyndumst til hinnar s\u00f6mu myndar, fr\u00e1 d\u00fdr\u00f0 til d\u00fdr\u00f0ar. \u00deetta gj\u00f6rir andi Drottins.<\/p>\n<div class=\"footnote1981\"><b>3.1<\/b> M\u00e6la me\u00f0 sj\u00e1lfum s\u00e9r 2Kor 5.12; 10.12 \u2013 til einskis R\u00f3m 1.17; 8.3; 1Kor 1.30; Gal 3.13; Fil 3.9 \u2013 me\u00f0m\u00e6labr\u00e9f Post 18.27; R\u00f3m 16.1; K\u00f3l 4.10; 3J\u00f3h 9-12<br \/>\n<b>3.3<\/b> Steinspj\u00f6ld 2M\u00f3s 24.12; 31.18; 34.1,28-29; 5M\u00f3s 9.10-11 \u2013 hjartaspj\u00f6ld Okv 3.3; 7.3; Jer 31.33; Esk 11.19; 36.26<br \/>\n<b>3.5<\/b> H\u00e6fileikinn fr\u00e1 Gu\u00f0i J\u00f3h 15.5; 2Kor 2.16b<br \/>\n<b>3.6<\/b> N\u00fdr s\u00e1ttm\u00e1li Jer 31.31; L\u00fak 22.20; 1Kor 11.25; 2Kor 3.14; Heb 8.8; 9.15; 12.24 \u2013 andinn l\u00edfgar J\u00f3h 6.63; R\u00f3m 7.6<br \/>\n<b>3.7<\/b> M\u00f3se og steint\u00f6flurnar 2M\u00f3s 32.15-16; 34.1-4<br \/>\n<b>3.9<\/b> Sakfellir 5M\u00f3s 27.26; Gal 3.10<br \/>\n<b>3.13<\/b> Setti sk\u00fdlu fyrir andlit s\u00e9r 2M\u00f3s 34.29-35<br \/>\n<b>3.14<\/b> Skilja ekki Mrk 4.12; Post 28.27; R\u00f3m 11.7-8,25; 2\u00deess 2.11<br \/>\n<b>3.16<\/b> Sn\u00fdr s\u00e9r til Drottins 2M\u00f3s 34.34; R\u00f3m 11.23-26<br \/>\n<b>3.17<\/b> Drottinn er andi J\u00f3h 4.24; 1Kor 6.17 \u2013 andi og frelsi R\u00f3m 8.2+<\/div>\n","protected":false},"excerpt":{"rendered":"<p>1Erum v\u00e9r n\u00fa aftur teknir a\u00f0 m\u00e6la me\u00f0 sj\u00e1lfum oss? E\u00f0a mundum v\u00e9r \u00feurfa, eins og sumir, me\u00f0m\u00e6labr\u00e9f til y\u00f0ar e\u00f0a fr\u00e1 y\u00f0ur?2\u00de\u00e9r eru\u00f0 vort br\u00e9f, rita\u00f0 \u00e1 hj\u00f6rtu vor, \u00feekkt og lesi\u00f0 af \u00f6llum m\u00f6nnum.3\u00de\u00e9r s\u00fdni\u00f0 lj\u00f3slega, a\u00f0 \u00fe\u00e9r eru\u00f0 br\u00e9f Krists, sem v\u00e9r h\u00f6fum unni\u00f0 a\u00f0, ekki skrifa\u00f0 me\u00f0 bleki, heldur me\u00f0 anda lifanda Gu\u00f0s, ekki \u00e1 steinspj\u00f6ld, heldur \u00e1 hjartaspj\u00f6ld \u00far holdi.4En \u00feetta traust h\u00f6fum v\u00e9r til Gu\u00f0s fyrir Krist.5Ekki svo, a\u00f0 v\u00e9r s\u00e9um sj\u00e1lfir h\u00e6fir og eitthva\u00f0 komi fr\u00e1 oss sj\u00e1lfum, heldur er h\u00e6fileiki vor fr\u00e1 Gu\u00f0i,6sem hefur gj\u00f6rt oss h\u00e6fa til a\u00f0 vera \u00fej\u00f3na n\u00fds <a href=\"https:\/\/biblian.is\/1981\/sidara-korintubref-3-kafli\/\"> [&#8230;]<\/a><\/p>\n","protected":false},"author":1,"featured_media":0,"parent":0,"menu_order":0,"comment_status":"open","ping_status":"open","template":"bibliukaflar.php","meta":{"footnotes":""},"class_list":["post-2428","page","type-page","status-publish","hentry"],"_links":{"self":[{"href":"https:\/\/biblian.is\/1981\/wp-json\/wp\/v2\/pages\/2428","targetHints":{"allow":["GET"]}}],"collection":[{"href":"https:\/\/biblian.is\/1981\/wp-json\/wp\/v2\/pages"}],"about":[{"href":"https:\/\/biblian.is\/1981\/wp-json\/wp\/v2\/types\/page"}],"author":[{"embeddable":true,"href":"https:\/\/biblian.is\/1981\/wp-json\/wp\/v2\/users\/1"}],"replies":[{"embeddable":true,"href":"https:\/\/biblian.is\/1981\/wp-json\/wp\/v2\/comments?post=2428"}],"version-history":[{"count":0,"href":"https:\/\/biblian.is\/1981\/wp-json\/wp\/v2\/pages\/2428\/revisions"}],"wp:attachment":[{"href":"https:\/\/biblian.is\/1981\/wp-json\/wp\/v2\/media?parent=2428"}],"curies":[{"name":"wp","href":"https:\/\/api.w.org\/{rel}","templated":true}]}}