{"id":2394,"date":"2017-11-18T20:21:38","date_gmt":"2017-11-18T20:21:38","guid":{"rendered":"http:\/\/biblian.is\/1981\/romverjabrefid-1-kafli\/"},"modified":"2021-06-06T11:05:16","modified_gmt":"2021-06-06T11:05:16","slug":"romverjabrefid-1-kafli","status":"publish","type":"page","link":"https:\/\/biblian.is\/1981\/romverjabrefid-1-kafli\/","title":{"rendered":"R\u00f3mverjabr\u00e9fi\u00f0 1. kafli"},"content":{"rendered":"<p><a name=\"1\"><span class=\"versanumer\">1<\/span><\/a>P\u00e1ll heilsar y\u00f0ur, \u00fej\u00f3nn Jes\u00fa Krists, kalla\u00f0ur til postula, kj\u00f6rinn til a\u00f0 bo\u00f0a fagna\u00f0arerindi Gu\u00f0s,<a name=\"2\"><span class=\"versanumer\">2<\/span><\/a>sem hann gaf \u00e1\u00f0ur fyrirheit um fyrir munn sp\u00e1manna sinna \u00ed helgum ritningum,<a name=\"3\"><span class=\"versanumer\">3<\/span><\/a>fagna\u00f0arerindi\u00f0 um son hans, Jes\u00fa Krist, Drottin vorn, sem a\u00f0 holdinu er f\u00e6ddur af kyni Dav\u00ed\u00f0s,<a name=\"4\"><span class=\"versanumer\">4<\/span><\/a>en a\u00f0 anda heilagleikans me\u00f0 krafti augl\u00fdstur a\u00f0 vera sonur Gu\u00f0s fyrir upprisu fr\u00e1 dau\u00f0um.<a name=\"5\"><span class=\"versanumer\">5<\/span><\/a>Fyrir hann hef \u00e9g \u00f6\u00f0last n\u00e1\u00f0 og postulad\u00f3m til a\u00f0 vekja hl\u00fd\u00f0ni vi\u00f0 tr\u00fana me\u00f0al allra hei\u00f0ingjanna, vegna nafns hans.<a name=\"6\"><span class=\"versanumer\">6<\/span><\/a>Me\u00f0al \u00feeirra eru\u00f0 \u00fe\u00e9r einnig, \u00fe\u00e9r sem Jes\u00fas Kristur hefur kalla\u00f0 s\u00e9r til eignar.<a name=\"7\"><span class=\"versanumer\">7<\/span><\/a>\u00c9g heilsa \u00f6llum Gu\u00f0s elsku\u00f0u \u00ed R\u00f3m, sem heilagir eru samkv\u00e6mt k\u00f6llun. N\u00e1\u00f0 s\u00e9 me\u00f0 y\u00f0ur og fri\u00f0ur fr\u00e1 Gu\u00f0i f\u00f6\u00f0ur vorum og Drottni Jes\u00fa Kristi.<a name=\"8\"><span class=\"versanumer\">8<\/span><\/a>Fyrst \u00feakka \u00e9g Gu\u00f0i m\u00ednum sakir Jes\u00fa Krists fyrir y\u00f0ur alla, af \u00fev\u00ed a\u00f0 or\u00f0 fer af tr\u00fa y\u00f0ar \u00ed \u00f6llum heiminum.<a name=\"9\"><span class=\"versanumer\">9<\/span><\/a>Gu\u00f0, sem \u00e9g \u00fej\u00f3na \u00ed anda m\u00ednum me\u00f0 fagna\u00f0arerindinu um son hans, er m\u00e9r vottur \u00feess, hve \u00f3afl\u00e1tanlega \u00e9g minnist y\u00f0ar<a name=\"10\"><span class=\"versanumer\">10<\/span><\/a>\u00ed b\u00e6num m\u00ednum. \u00c9g bi\u00f0 st\u00f6\u00f0ugt um \u00fea\u00f0, a\u00f0 m\u00e9r m\u00e6tti loks einhvern t\u00edma au\u00f0nast, ef Gu\u00f0 vildi svo ver\u00f0a l\u00e1ta, a\u00f0 koma til y\u00f0ar.<a name=\"11\"><span class=\"versanumer\">11<\/span><\/a>\u00dev\u00ed a\u00f0 \u00e9g \u00fer\u00e1i a\u00f0 sj\u00e1 y\u00f0ur, til \u00feess a\u00f0 \u00e9g f\u00e1i veitt y\u00f0ur hlutdeild \u00ed andlegri n\u00e1\u00f0argj\u00f6f, svo a\u00f0 \u00fe\u00e9r styrkist,<a name=\"12\"><span class=\"versanumer\">12<\/span><\/a>e\u00f0a r\u00e9ttara sagt: Svo a\u00f0 v\u00e9r getum upp\u00f6rvast saman fyrir hina sameiginlegu tr\u00fa, y\u00f0ar og m\u00edna.<a name=\"13\"><span class=\"versanumer\">13<\/span><\/a>\u00c9g vil ekki, br\u00e6\u00f0ur, a\u00f0 y\u00f0ur s\u00e9 \u00f3kunnugt um, a\u00f0 \u00e9g hef oftsinnis \u00e1sett m\u00e9r a\u00f0 koma til y\u00f0ar, en hef veri\u00f0 hindra\u00f0ur allt til \u00feessa. \u00c9g vildi f\u00e1 einhvern \u00e1v\u00f6xt einnig \u00e1 me\u00f0al y\u00f0ar, eins og me\u00f0 \u00f6\u00f0rum hei\u00f0num \u00fej\u00f3\u00f0um.<a name=\"14\"><span class=\"versanumer\">14<\/span><\/a>\u00c9g er \u00ed skuld b\u00e6\u00f0i vi\u00f0 Grikki og \u00fatlendinga, vitra og f\u00e1v\u00edsa.<a name=\"15\"><span class=\"versanumer\">15<\/span><\/a>Svo er \u00e9g og fyrir mitt leyti f\u00fas til a\u00f0 bo\u00f0a fagna\u00f0arerindi\u00f0, einnig y\u00f0ur, sem eru\u00f0 \u00ed R\u00f3m.<a name=\"16\"><span class=\"versanumer\">16<\/span><\/a>\u00c9g fyrirver\u00f0 mig ekki fyrir fagna\u00f0arerindi\u00f0. \u00dea\u00f0 er kraftur Gu\u00f0s til hj\u00e1lpr\u00e6\u00f0is hverjum \u00feeim sem tr\u00fair, Gy\u00f0ingum fyrst, en einnig Grikkjum.<a name=\"17\"><span class=\"versanumer\">17<\/span><\/a>\u00dev\u00ed a\u00f0 r\u00e9ttl\u00e6ti Gu\u00f0s opinberast \u00ed \u00fev\u00ed fyrir tr\u00fa til tr\u00faar, eins og rita\u00f0 er: Hinn r\u00e9ttl\u00e1ti mun lifa fyrir tr\u00fa.<a name=\"18\"><span class=\"versanumer\">18<\/span><\/a>Rei\u00f0i Gu\u00f0s opinberast af himni yfir \u00f6llu gu\u00f0leysi og rangsleitni \u00feeirra manna, er kefja sannleikann me\u00f0 rangsleitni,<a name=\"19\"><span class=\"versanumer\">19<\/span><\/a>me\u00f0 \u00fev\u00ed a\u00f0 \u00fea\u00f0, er vita\u00f0 ver\u00f0ur um Gu\u00f0, er auglj\u00f3st \u00e1 me\u00f0al \u00feeirra. Gu\u00f0 hefur birt \u00feeim \u00fea\u00f0.<a name=\"20\"><span class=\"versanumer\">20<\/span><\/a>\u00dev\u00ed a\u00f0 hi\u00f0 \u00f3s\u00fdnilega e\u00f0li hans, b\u00e6\u00f0i hans eil\u00edfi kraftur og gu\u00f0d\u00f3mleiki, er s\u00fdnilegt fr\u00e1 sk\u00f6pun heimsins, me\u00f0 \u00fev\u00ed a\u00f0 \u00fea\u00f0 ver\u00f0ur skili\u00f0 af verkum hans. Mennirnir eru \u00fev\u00ed \u00e1n afs\u00f6kunar.<a name=\"21\"><span class=\"versanumer\">21<\/span><\/a>\u00deeir \u00feekktu Gu\u00f0, en hafa samt ekki vegsama\u00f0 hann eins og Gu\u00f0 n\u00e9 \u00feakka\u00f0 honum, heldur hafa \u00feeir gj\u00f6rst h\u00e9g\u00f3mlegir \u00ed hugsunum s\u00ednum, og hi\u00f0 skynlausa hjarta \u00feeirra hefur hj\u00fapast myrkri.<a name=\"22\"><span class=\"versanumer\">22<\/span><\/a>\u00deeir \u00fe\u00f3ttust vera vitrir, en ur\u00f0u heimskingjar.<a name=\"23\"><span class=\"versanumer\">23<\/span><\/a>\u00deeir skiptu \u00e1 vegsemd hins \u00f3dau\u00f0lega Gu\u00f0s og myndum, sem l\u00edktust dau\u00f0legum manni, fuglum, ferf\u00e6tlingum og skri\u00f0kvikindum.<a name=\"24\"><span class=\"versanumer\">24<\/span><\/a>\u00deess vegna hefur Gu\u00f0 ofurselt \u00fe\u00e1 f\u00fdsnum hjartna \u00feeirra til saurlifna\u00f0ar, til \u00feess a\u00f0 \u00feeir sv\u00edvirtu l\u00edkami s\u00edna hver me\u00f0 \u00f6\u00f0rum.<a name=\"25\"><span class=\"versanumer\">25<\/span><\/a>\u00deeir hafa skipt \u00e1 sannleika Gu\u00f0s og lyginni og g\u00f6fga\u00f0 og d\u00fdrka\u00f0 hi\u00f0 skapa\u00f0a \u00ed sta\u00f0 skaparans, hans sem er blessa\u00f0ur a\u00f0 eil\u00edfu. Amen.<a name=\"26\"><span class=\"versanumer\">26<\/span><\/a>\u00deess vegna hefur Gu\u00f0 ofurselt \u00fe\u00e1 sv\u00edvir\u00f0ilegum girndum. B\u00e6\u00f0i hafa konur breytt e\u00f0lilegum m\u00f6kum \u00ed \u00f3e\u00f0lileg,<a name=\"27\"><span class=\"versanumer\">27<\/span><\/a>og eins hafa l\u00edka karlar h\u00e6tt e\u00f0lilegum m\u00f6kum vi\u00f0 konur og brunni\u00f0 \u00ed losta hver til annars, karlmenn fr\u00f6mdu sk\u00f6mm me\u00f0 karlm\u00f6nnum og t\u00f3ku \u00fat \u00e1 sj\u00e1lfum s\u00e9r makleg m\u00e1lagj\u00f6ld villu sinnar.<a name=\"28\"><span class=\"versanumer\">28<\/span><\/a>\u00dear e\u00f0 \u00feeir hirtu ekki um a\u00f0 var\u00f0veita \u00feekkinguna \u00e1 Gu\u00f0i, ofurseldi Gu\u00f0 \u00fe\u00e1 \u00f3s\u00e6milegu hugarfari, svo a\u00f0 \u00feeir gj\u00f6r\u00f0u \u00fea\u00f0 sem ekki er tilhl\u00fd\u00f0ilegt,<a name=\"29\"><span class=\"versanumer\">29<\/span><\/a>fylltir alls konar rangsleitni, vonsku, \u00e1girnd, illsku, fullir \u00f6fundar, manndr\u00e1pa, deilu, sviksemi, illmennsku. \u00deeir eru r\u00f3gberar,<a name=\"30\"><span class=\"versanumer\">30<\/span><\/a>bakm\u00e1lugir, gu\u00f0shatarar, sm\u00e1narar, hrokafullir, gortarar, hrekkv\u00edsir, foreldrum \u00f3hl\u00fd\u00f0nir,<a name=\"31\"><span class=\"versanumer\">31<\/span><\/a>\u00f3skynsamir, \u00f3\u00e1rei\u00f0anlegir, k\u00e6rleikslausir, miskunnarlausir,<a name=\"32\"><span class=\"versanumer\">32<\/span><\/a>\u00feeir eru menn, sem \u00feekkja r\u00e9ttd\u00e6mi Gu\u00f0s og vita a\u00f0 \u00feeir er sl\u00edkt fremja eru dau\u00f0asekir. Samt fremja \u00feeir \u00feetta og gj\u00f6ra a\u00f0 auki g\u00f3\u00f0an r\u00f3m a\u00f0 sl\u00edkri breytni hj\u00e1 \u00f6\u00f0rum.<\/p>\n<div class=\"footnote1981\"><b>1.1<\/b> Vali\u00f0 Gal 1.15; Post 26.16-18 \u2013 fagna\u00f0arerindi Jes 52.7; 61.1; Mrk 1.1+<br \/>\n<b>1.3<\/b> Sonur Dav\u00ed\u00f0s Matt 1.1+<br \/>\n<b>1.4<\/b> Sonur Gu\u00f0s Slm 2.7; 110.1; Matt 14.33+ ; Mrk 1.1+ ; Post 13.33 \u2013 kraftur hins upprisna Fil 2.9; 1P\u00e9t 1.21; Ef 1.20-23<br \/>\n<b>1.5<\/b> Postuli af n\u00e1\u00f0 R\u00f3m 12.3; 15.15; 1Kor 3.10; Gal 2.8-9 \u2013 postuli hei\u00f0inna manna Post 9.15; R\u00f3m 15.15-18 \u2013 l\u00fata \u00ed tr\u00fa R\u00f3m 6.15-20; 15.18; 16.26; 2Kor 10.4-5; 2\u00deess 1.8; 1P\u00e9t 1.22; Heb 5.9; 11.8<br \/>\n<b>1.7<\/b> Kalla\u00f0ir til heilags l\u00edfs 2M\u00f3s 19.5-6; R\u00f3m 12.13; 15.25; 16.2; K\u00f3l 1.12,26; Heb 6.10; 1P\u00e9t 1.16; 2.9<br \/>\n<b>1.9<\/b> Postulad\u00f3mur og \u00fej\u00f3nusta R\u00f3m 15.16<br \/>\n<b>1.16<\/b> Gy\u00f0ingar og a\u00f0rir R\u00f3m 2.9-10; 3.9; 10.12; 11.11-14; Post 13.46; 18.6<br \/>\n<b>1.17<\/b> Sbr Hab 2.4 \u2013 r\u00e9ttl\u00e6ti Gu\u00f0s Slm 98.2; Jes 56.1; R\u00f3m 3.21-26; Fil 3.9; Gal 3.11<br \/>\n<b>1.19<\/b> \u00deekkja Gu\u00f0 SSal 13-15; Post 17.24-28; Job 12.9; Slm 19.2; Post 14.15-17; Heb 11.3<br \/>\n<b>1.23<\/b> Skur\u00f0go\u00f0ad\u00fdrkun 2M\u00f3s 32; 5M\u00f3s 4.16-18; Jer 2.11; SSal 11.15; 12.24<br \/>\n<b>1.25<\/b> Sannur Gu\u00f0 og falsgu\u00f0ir Jer 10.10-14; 16.19-21; 1\u00deess 1.9<br \/>\n<b>1.29<\/b> Lestir R\u00f3m 13.13; 1Kor 5.10-11; 6.9-10; Gal 5.19-21; Ef 5.3-5; 1T\u00edm 1.9-10; 2T\u00edm 3.2-4; T\u00edt 3.3; 1P\u00e9t 4.3; Opb 21.8; 22.15<\/div>\n","protected":false},"excerpt":{"rendered":"<p>1P\u00e1ll heilsar y\u00f0ur, \u00fej\u00f3nn Jes\u00fa Krists, kalla\u00f0ur til postula, kj\u00f6rinn til a\u00f0 bo\u00f0a fagna\u00f0arerindi Gu\u00f0s,2sem hann gaf \u00e1\u00f0ur fyrirheit um fyrir munn sp\u00e1manna sinna \u00ed helgum ritningum,3fagna\u00f0arerindi\u00f0 um son hans, Jes\u00fa Krist, Drottin vorn, sem a\u00f0 holdinu er f\u00e6ddur af kyni Dav\u00ed\u00f0s,4en a\u00f0 anda heilagleikans me\u00f0 krafti augl\u00fdstur a\u00f0 vera sonur Gu\u00f0s fyrir upprisu fr\u00e1 dau\u00f0um.5Fyrir hann hef \u00e9g \u00f6\u00f0last n\u00e1\u00f0 og postulad\u00f3m til a\u00f0 vekja hl\u00fd\u00f0ni vi\u00f0 tr\u00fana me\u00f0al allra hei\u00f0ingjanna, vegna nafns hans.6Me\u00f0al \u00feeirra eru\u00f0 \u00fe\u00e9r einnig, \u00fe\u00e9r sem Jes\u00fas Kristur hefur kalla\u00f0 s\u00e9r til eignar.7\u00c9g heilsa \u00f6llum Gu\u00f0s elsku\u00f0u \u00ed R\u00f3m, sem heilagir eru samkv\u00e6mt k\u00f6llun. N\u00e1\u00f0 <a href=\"https:\/\/biblian.is\/1981\/romverjabrefid-1-kafli\/\"> [&#8230;]<\/a><\/p>\n","protected":false},"author":1,"featured_media":0,"parent":0,"menu_order":0,"comment_status":"open","ping_status":"open","template":"bibliukaflar.php","meta":{"footnotes":""},"class_list":["post-2394","page","type-page","status-publish","hentry"],"_links":{"self":[{"href":"https:\/\/biblian.is\/1981\/wp-json\/wp\/v2\/pages\/2394","targetHints":{"allow":["GET"]}}],"collection":[{"href":"https:\/\/biblian.is\/1981\/wp-json\/wp\/v2\/pages"}],"about":[{"href":"https:\/\/biblian.is\/1981\/wp-json\/wp\/v2\/types\/page"}],"author":[{"embeddable":true,"href":"https:\/\/biblian.is\/1981\/wp-json\/wp\/v2\/users\/1"}],"replies":[{"embeddable":true,"href":"https:\/\/biblian.is\/1981\/wp-json\/wp\/v2\/comments?post=2394"}],"version-history":[{"count":0,"href":"https:\/\/biblian.is\/1981\/wp-json\/wp\/v2\/pages\/2394\/revisions"}],"wp:attachment":[{"href":"https:\/\/biblian.is\/1981\/wp-json\/wp\/v2\/media?parent=2394"}],"curies":[{"name":"wp","href":"https:\/\/api.w.org\/{rel}","templated":true}]}}