{"id":2332,"date":"2017-11-18T20:21:24","date_gmt":"2017-11-18T20:21:24","guid":{"rendered":"http:\/\/biblian.is\/1981\/lukasargudspjall-12-kafli\/"},"modified":"2017-11-18T20:21:24","modified_gmt":"2017-11-18T20:21:24","slug":"lukasargudspjall-12-kafli","status":"publish","type":"page","link":"https:\/\/biblian.is\/1981\/lukasargudspjall-12-kafli\/","title":{"rendered":"L\u00fakasargu\u00f0spjall 12. kafli"},"content":{"rendered":"<p><a name=\"1\"><span class=\"versanumer\">1<\/span><\/a>F\u00f3lk haf\u00f0i n\u00fa flykkst a\u00f0 \u00ed tugum \u00fe\u00fasunda, svo a\u00f0 n\u00e6rri tr\u00f3\u00f0 hver annan undir. Jes\u00fas t\u00f3k \u00fe\u00e1 a\u00f0 tala, fyrst til l\u00e6risveina sinna: Varist s\u00fardeig far\u00edsea, sem er hr\u00e6snin.<a name=\"2\"><span class=\"versanumer\">2<\/span><\/a>Ekkert er huli\u00f0, sem eigi ver\u00f0ur opinbert, n\u00e9 leynt, er eigi ver\u00f0ur kunnugt.<a name=\"3\"><span class=\"versanumer\">3<\/span><\/a>\u00dev\u00ed mun allt \u00fea\u00f0, sem \u00fe\u00e9r hafi\u00f0 tala\u00f0 \u00ed myrkri, heyrast \u00ed birtu, og \u00fea\u00f0, sem \u00fe\u00e9r hafi\u00f0 hv\u00edsla\u00f0 \u00ed herbergjum, mun kunngj\u00f6rt \u00e1 \u00fe\u00f6kum uppi.<a name=\"4\"><span class=\"versanumer\">4<\/span><\/a>\u00dea\u00f0 segi \u00e9g y\u00f0ur, vinir m\u00ednir: Hr\u00e6\u00f0ist ekki \u00fe\u00e1, sem l\u00edkamann dey\u00f0a og f\u00e1 a\u00f0 \u00fev\u00ed b\u00fanu ekki meira a\u00f0 gj\u00f6rt.<a name=\"5\"><span class=\"versanumer\">5<\/span><\/a>\u00c9g skal s\u00fdna y\u00f0ur, hvern \u00fe\u00e9r eigi\u00f0 a\u00f0 hr\u00e6\u00f0ast. Hr\u00e6\u00f0ist \u00feann, er hefur vald a\u00f0 dey\u00f0a og a\u00f0 \u00fev\u00ed b\u00fanu varpa \u00ed helv\u00edti. J\u00e1, \u00e9g segi y\u00f0ur, hr\u00e6\u00f0ist hann.<a name=\"6\"><span class=\"versanumer\">6<\/span><\/a>Eru ekki fimm sp\u00f6rvar seldir fyrir tvo sm\u00e1peninga? Og \u00fe\u00f3 er ekki einn \u00feeirra gleymdur Gu\u00f0i.<a name=\"7\"><span class=\"versanumer\">7<\/span><\/a>H\u00e1rin \u00e1 h\u00f6f\u00f0i y\u00f0ar eru jafnvel \u00f6ll talin. Veri\u00f0 \u00f3hr\u00e6ddir, \u00fe\u00e9r eru\u00f0 meira ver\u00f0ir en margir sp\u00f6rvar.<a name=\"8\"><span class=\"versanumer\">8<\/span><\/a>En \u00e9g segi y\u00f0ur: Hvern \u00feann sem kannast vi\u00f0 mig fyrir m\u00f6nnum, mun og Mannssonurinn kannast vi\u00f0 fyrir englum Gu\u00f0s.<a name=\"9\"><span class=\"versanumer\">9<\/span><\/a>En \u00feeim sem afneitar m\u00e9r fyrir m\u00f6nnum, mun afneita\u00f0 ver\u00f0a fyrir englum Gu\u00f0s.<a name=\"10\"><span class=\"versanumer\">10<\/span><\/a>Hverjum sem m\u00e6lir gegn Mannssyninum, ver\u00f0ur \u00fea\u00f0 fyrirgefi\u00f0, en \u00feeim sem lastm\u00e6lir gegn heil\u00f6gum anda, ver\u00f0ur ekki fyrirgefi\u00f0.<a name=\"11\"><span class=\"versanumer\">11<\/span><\/a>Og \u00feegar \u00feeir lei\u00f0a y\u00f0ur fyrir samkundur, h\u00f6f\u00f0ingja og yfirv\u00f6ld, hafi\u00f0 \u00fe\u00e1 ekki \u00e1hyggjur af \u00fev\u00ed, hvernig e\u00f0a me\u00f0 hverju \u00fe\u00e9r eigi\u00f0 a\u00f0 verja y\u00f0ur e\u00f0a hva\u00f0 \u00fe\u00e9r eigi\u00f0 a\u00f0 segja.<a name=\"12\"><span class=\"versanumer\">12<\/span><\/a>\u00dev\u00ed a\u00f0 heilagur andi mun kenna y\u00f0ur \u00e1 \u00feeirri stundu, hva\u00f0 segja ber.<a name=\"13\"><span class=\"versanumer\">13<\/span><\/a>Einn \u00far mannfj\u00f6ldanum sag\u00f0i vi\u00f0 hann: Meistari, seg \u00fe\u00fa br\u00f3\u00f0ur m\u00ednum a\u00f0 skipta me\u00f0 m\u00e9r arfinum.<a name=\"14\"><span class=\"versanumer\">14<\/span><\/a>Hann svara\u00f0i honum: Ma\u00f0ur, hver hefur sett mig d\u00f3mara e\u00f0a skiptar\u00e1\u00f0anda yfir ykkur?<a name=\"15\"><span class=\"versanumer\">15<\/span><\/a>Og hann sag\u00f0i vi\u00f0 \u00fe\u00e1: G\u00e6ti\u00f0 y\u00f0ar, og varist alla \u00e1girnd. Enginn \u00feiggur l\u00edf af eigum s\u00ednum, \u00fe\u00f3tt au\u00f0ugur s\u00e9.<a name=\"16\"><span class=\"versanumer\">16<\/span><\/a>\u00de\u00e1 sag\u00f0i hann \u00feeim d\u00e6mis\u00f6gu \u00feessa: Ma\u00f0ur nokkur r\u00edkur \u00e1tti land, er haf\u00f0i bori\u00f0 mikinn \u00e1v\u00f6xt.<a name=\"17\"><span class=\"versanumer\">17<\/span><\/a>Hann hugsa\u00f0i me\u00f0 s\u00e9r: Hva\u00f0 \u00e1 \u00e9g a\u00f0 gj\u00f6ra? N\u00fa get \u00e9g hvergi komi\u00f0 fyrir afur\u00f0um m\u00ednum.<a name=\"18\"><span class=\"versanumer\">18<\/span><\/a>Og hann sag\u00f0i: \u00deetta gj\u00f6ri \u00e9g: \u00c9g r\u00edf hl\u00f6\u00f0ur m\u00ednar og reisi a\u00f0rar st\u00e6rri, og \u00feanga\u00f0 safna \u00e9g \u00f6llu korni m\u00ednu og au\u00f0\u00e6fum.<a name=\"19\"><span class=\"versanumer\">19<\/span><\/a>Og \u00e9g segi vi\u00f0 s\u00e1lu m\u00edna: S\u00e1la m\u00edn, n\u00fa \u00e1tt \u00fe\u00fa mikinn au\u00f0 til margra \u00e1ra, hv\u00edl \u00feig n\u00fa, et og drekk og ver gl\u00f6\u00f0.<a name=\"20\"><span class=\"versanumer\">20<\/span><\/a>En Gu\u00f0 sag\u00f0i vi\u00f0 hann: Heimskingi, \u00e1 \u00feessari n\u00f3ttu ver\u00f0ur s\u00e1l \u00fe\u00edn af \u00fe\u00e9r heimtu\u00f0, og hver f\u00e6r \u00fe\u00e1 \u00fea\u00f0, sem \u00fe\u00fa hefur afla\u00f0?<a name=\"21\"><span class=\"versanumer\">21<\/span><\/a>Svo fer \u00feeim er safnar s\u00e9r f\u00e9, en er ekki r\u00edkur hj\u00e1 Gu\u00f0i.<a name=\"22\"><span class=\"versanumer\">22<\/span><\/a>Og hann sag\u00f0i vi\u00f0 l\u00e6risveina s\u00edna: \u00dev\u00ed segi \u00e9g y\u00f0ur: Veri\u00f0 ekki \u00e1hyggjufullir um l\u00edf y\u00f0ar, hva\u00f0 \u00fe\u00e9r eigi\u00f0 a\u00f0 eta, n\u00e9 heldur um l\u00edkama y\u00f0ar, hverju \u00fe\u00e9r eigi\u00f0 a\u00f0 kl\u00e6\u00f0ast.<a name=\"23\"><span class=\"versanumer\">23<\/span><\/a>L\u00edfi\u00f0 er meira en f\u00e6\u00f0an og l\u00edkaminn meira en kl\u00e6\u00f0in.<a name=\"24\"><span class=\"versanumer\">24<\/span><\/a>Hyggi\u00f0 a\u00f0 hr\u00f6fnunum. Hvorki s\u00e1 \u00feeir n\u00e9 uppskera, eigi hafa \u00feeir for\u00f0ab\u00far e\u00f0a hl\u00f6\u00f0u, og Gu\u00f0 f\u00e6\u00f0ir \u00fe\u00e1. Hve miklum mun eru\u00f0 \u00fe\u00e9r fremri fuglunum!<a name=\"25\"><span class=\"versanumer\">25<\/span><\/a>Og hver y\u00f0ar getur me\u00f0 \u00e1hyggjum auki\u00f0 sp\u00f6nn vi\u00f0 aldur sinn?<a name=\"26\"><span class=\"versanumer\">26<\/span><\/a>Fyrst \u00fe\u00e9r n\u00fa orki\u00f0 ekki svo litlu, hv\u00ed l\u00e1ti\u00f0 \u00fe\u00e9r allt hitt valda y\u00f0ur \u00e1hyggjum?<a name=\"27\"><span class=\"versanumer\">27<\/span><\/a>Hyggi\u00f0 a\u00f0 liljunum, hversu \u00fe\u00e6r vaxa. Hvorki vinna \u00fe\u00e6r n\u00e9 spinna. En \u00e9g segi y\u00f0ur: Jafnvel Sal\u00f3mon \u00ed allri sinni d\u00fdr\u00f0 var ekki svo b\u00fainn sem ein \u00feeirra.<a name=\"28\"><span class=\"versanumer\">28<\/span><\/a>Fyrst Gu\u00f0 skr\u00fd\u00f0ir svo grasi\u00f0 \u00e1 vellinum, sem \u00ed dag stendur, en \u00e1 morgun ver\u00f0ur \u00ed ofn kasta\u00f0, hve miklu fremur mun hann \u00fe\u00e1 kl\u00e6\u00f0a y\u00f0ur, \u00fe\u00e9r tr\u00falitlir!<a name=\"29\"><span class=\"versanumer\">29<\/span><\/a>Hafi\u00f0 ekki hugann vi\u00f0, hva\u00f0 \u00fe\u00e9r eigi\u00f0 a\u00f0 eta og hva\u00f0 a\u00f0 drekka, og kv\u00ed\u00f0i\u00f0 engu.<a name=\"30\"><span class=\"versanumer\">30<\/span><\/a>Allt \u00feetta stunda hei\u00f0ingjar heimsins, en fa\u00f0ir y\u00f0ar veit, a\u00f0 \u00fe\u00e9r \u00fearfnist \u00feessa.<a name=\"31\"><span class=\"versanumer\">31<\/span><\/a>Leiti\u00f0 heldur r\u00edkis hans, og \u00fe\u00e1 mun \u00feetta veitast y\u00f0ur a\u00f0 auki.<a name=\"32\"><span class=\"versanumer\">32<\/span><\/a>Vertu ekki hr\u00e6dd, litla hj\u00f6r\u00f0, \u00fev\u00ed a\u00f0 f\u00f6\u00f0ur y\u00f0ar hefur \u00fe\u00f3knast a\u00f0 gefa y\u00f0ur r\u00edki\u00f0.<a name=\"33\"><span class=\"versanumer\">33<\/span><\/a>Selji\u00f0 eigur y\u00f0ar og gefi\u00f0 \u00f6lmusu, f\u00e1i\u00f0 y\u00f0ur pyngjur, er fyrnast ekki, fj\u00e1rsj\u00f3\u00f0 \u00e1 himnum, er \u00fer\u00fdtur ekki, \u00fear sem \u00fej\u00f3fur f\u00e6r eigi \u00ed n\u00e1nd komist n\u00e9 m\u00f6lur spillt.<a name=\"34\"><span class=\"versanumer\">34<\/span><\/a>\u00dev\u00ed hvar sem fj\u00e1rsj\u00f3\u00f0ur y\u00f0ar er, \u00fear mun og hjarta y\u00f0ar vera.<a name=\"35\"><span class=\"versanumer\">35<\/span><\/a>Veri\u00f0 gyrtir um lendar, og l\u00e1ti\u00f0 lj\u00f3s y\u00f0ar loga,<a name=\"36\"><span class=\"versanumer\">36<\/span><\/a>og veri\u00f0 l\u00edkir \u00fej\u00f3num, er b\u00ed\u00f0a \u00feess, a\u00f0 h\u00fasb\u00f3ndi \u00feeirra komi \u00far br\u00fa\u00f0kaupi og \u00feeir geti loki\u00f0 upp fyrir honum um lei\u00f0 og hann kemur og kn\u00fdr dyra.<a name=\"37\"><span class=\"versanumer\">37<\/span><\/a>S\u00e6lir eru \u00feeir \u00fej\u00f3nar, sem h\u00fasb\u00f3ndinn finnur vakandi, er hann kemur. Sannlega segi \u00e9g y\u00f0ur, hann mun gyr\u00f0a sig belti, l\u00e1ta \u00fe\u00e1 setjast a\u00f0 bor\u00f0i og koma og \u00fej\u00f3na \u00feeim.<a name=\"38\"><span class=\"versanumer\">38<\/span><\/a>Og komi hann um mi\u00f0n\u00e6tti e\u00f0a s\u00ed\u00f0ar og finni \u00fe\u00e1 vakandi, s\u00e6lir eru \u00feeir \u00fe\u00e1.<a name=\"39\"><span class=\"versanumer\">39<\/span><\/a>\u00dea\u00f0 skilji\u00f0 \u00fe\u00e9r, a\u00f0 h\u00fasr\u00e1\u00f0andi l\u00e9ti ekki brj\u00f3tast inn \u00ed h\u00fas sitt, ef hann vissi, \u00e1 hva\u00f0a stundu \u00fej\u00f3furinn k\u00e6mi.<a name=\"40\"><span class=\"versanumer\">40<\/span><\/a>Veri\u00f0 \u00fe\u00e9r og vi\u00f0b\u00fanir, \u00fev\u00ed a\u00f0 Mannssonurinn kemur \u00e1 \u00feeirri stundu, sem \u00fe\u00e9r \u00e6tli\u00f0 eigi.<a name=\"41\"><span class=\"versanumer\">41<\/span><\/a>\u00de\u00e1 spur\u00f0i P\u00e9tur: Herra, m\u00e6lir \u00fe\u00fa \u00feessa l\u00edkingu til vor e\u00f0a til allra?<a name=\"42\"><span class=\"versanumer\">42<\/span><\/a>Drottinn m\u00e6lti: Hver er s\u00e1 tr\u00fai og hyggni r\u00e1\u00f0sma\u00f0ur, sem h\u00fasb\u00f3ndinn setur yfir hj\u00fa s\u00edn a\u00f0 gefa \u00feeim skammtinn \u00e1 r\u00e9ttum t\u00edma?<a name=\"43\"><span class=\"versanumer\">43<\/span><\/a>S\u00e6ll er s\u00e1 \u00fej\u00f3nn, er h\u00fasb\u00f3ndinn finnur breyta svo, er hann kemur.<a name=\"44\"><span class=\"versanumer\">44<\/span><\/a>\u00c9g segi y\u00f0ur me\u00f0 sanni: Hann mun setja hann yfir allar eigur s\u00ednar.<a name=\"45\"><span class=\"versanumer\">45<\/span><\/a>En ef s\u00e1 \u00fej\u00f3nn segir \u00ed hjarta s\u00ednu: \u00dea\u00f0 dregst, a\u00f0 h\u00fasb\u00f3ndi minn komi, og tekur a\u00f0 berja \u00fej\u00f3na og \u00feernur, eta og drekka og ver\u00f0a \u00f6lva\u00f0ur,<a name=\"46\"><span class=\"versanumer\">46<\/span><\/a>\u00fe\u00e1 mun h\u00fasb\u00f3ndi \u00feess \u00fej\u00f3ns kom \u00e1 \u00feeim degi, er hann v\u00e6ntir ekki, \u00e1 \u00feeirri stundu, er hann veit ekki, h\u00f6ggva hann og l\u00e1ta hann f\u00e1 hlut me\u00f0 \u00f3tr\u00faum.<a name=\"47\"><span class=\"versanumer\">47<\/span><\/a>S\u00e1 \u00fej\u00f3nn, sem veit vilja h\u00fasb\u00f3nda s\u00edns og hefur ekki vi\u00f0b\u00fana\u00f0 n\u00e9 gj\u00f6rir vilja hans, mun barinn m\u00f6rg h\u00f6gg.<a name=\"48\"><span class=\"versanumer\">48<\/span><\/a>En hinn, sem veit hann ekki, en vinnur til refsingar, mun barinn f\u00e1 h\u00f6gg. Hver sem miki\u00f0 er gefi\u00f0, ver\u00f0ur mikils krafinn, og af \u00feeim ver\u00f0ur meira heimta\u00f0, sem meira er l\u00e9\u00f0.<a name=\"49\"><span class=\"versanumer\">49<\/span><\/a>\u00c9g er kominn a\u00f0 varpa eldi \u00e1 j\u00f6r\u00f0u. Hversu vildi \u00e9g, a\u00f0 hann v\u00e6ri \u00feegar kveiktur!<a name=\"50\"><span class=\"versanumer\">50<\/span><\/a>Sk\u00edrn \u00e1 \u00e9g a\u00f0 sk\u00edrast. Hversu \u00feungt er m\u00e9r, uns h\u00fan er fullnu\u00f0.<a name=\"51\"><span class=\"versanumer\">51<\/span><\/a>\u00c6tli\u00f0 \u00fe\u00e9r, a\u00f0 \u00e9g s\u00e9 kominn a\u00f0 f\u00e6ra fri\u00f0 \u00e1 j\u00f6r\u00f0u? Nei, segi \u00e9g y\u00f0ur, heldur sundur\u00feykki.<a name=\"52\"><span class=\"versanumer\">52<\/span><\/a>Upp fr\u00e1 \u00feessu ver\u00f0a fimm \u00ed sama h\u00fasi sundur\u00feykkir, \u00fer\u00edr vi\u00f0 tvo og tveir vi\u00f0 \u00ferj\u00e1,<a name=\"53\"><span class=\"versanumer\">53<\/span><\/a>fa\u00f0ir vi\u00f0 son og sonur vi\u00f0 f\u00f6\u00f0ur, m\u00f3\u00f0ir vi\u00f0 d\u00f3ttur og d\u00f3ttir vi\u00f0 m\u00f3\u00f0ur, tengdam\u00f3\u00f0ir vi\u00f0 tengdad\u00f3ttur s\u00edna og tengdad\u00f3ttir vi\u00f0 tengdam\u00f3\u00f0ur.<a name=\"54\"><span class=\"versanumer\">54<\/span><\/a>Hann sag\u00f0i og vi\u00f0 f\u00f3lki\u00f0: \u00de\u00e1 er \u00fe\u00e9r sj\u00e1i\u00f0 sk\u00fd draga upp \u00ed vestri, segi\u00f0 \u00fe\u00e9r jafnskj\u00f3tt: N\u00fa fer a\u00f0 rigna. Og svo ver\u00f0ur.<a name=\"55\"><span class=\"versanumer\">55<\/span><\/a>Og \u00feegar vindur bl\u00e6s af su\u00f0ri, segi\u00f0 \u00fe\u00e9r: N\u00fa kemur hiti. Og svo fer.<a name=\"56\"><span class=\"versanumer\">56<\/span><\/a>Hr\u00e6snarar, \u00fatlit lofts og jar\u00f0ar kunni\u00f0 \u00fe\u00e9r a\u00f0 r\u00e1\u00f0a, en hvernig er \u00fev\u00ed fari\u00f0, a\u00f0 \u00fe\u00e9r kunni\u00f0 ekki a\u00f0 meta \u00feennan t\u00edma?<a name=\"57\"><span class=\"versanumer\">57<\/span><\/a>Hv\u00ed d\u00e6mi\u00f0 \u00fe\u00e9r ekki af sj\u00e1lfum y\u00f0ur, hva\u00f0 r\u00e9tt s\u00e9?<a name=\"58\"><span class=\"versanumer\">58<\/span><\/a>\u00deegar \u00fe\u00fa fer\u00f0 me\u00f0 andst\u00e6\u00f0ingi \u00fe\u00ednum fyrir yfirvald, \u00fe\u00e1 kosta\u00f0u kapps um \u00fea\u00f0 \u00e1 lei\u00f0inni a\u00f0 n\u00e1 s\u00e1ttum vi\u00f0 hann, til \u00feess a\u00f0 hann dragi \u00feig ekki fyrir d\u00f3marann, d\u00f3marinn afhendi \u00feig b\u00f6\u00f0linum, og b\u00f6\u00f0ullinn varpi \u00fe\u00e9r \u00ed fangelsi.<a name=\"59\"><span class=\"versanumer\">59<\/span><\/a>\u00c9g segi \u00fe\u00e9r, eigi munt \u00fe\u00fa komast \u00fat \u00fea\u00f0an, fyrr en \u00fe\u00fa hefur borga\u00f0 s\u00ed\u00f0asta eyri.<\/p>\n<div class=\"footnote1981\"><b>12.1<\/b> S\u00fardeig far\u00edsea Matt 16.6; Mrk 8.15; sbr 1Kor 5.6-8; Gal 5.9 \u2013 hr\u00e6sni L\u00fak 6.42<br \/>\n<b>12.2<\/b> Huli\u00f0 gert opinbert Mrk 4.22; L\u00fak 8.17<br \/>\n<b>12.4-7<\/b> Hlst. Matt 10.28-30<br \/>\n<b>12.5<\/b> Hr\u00e6\u00f0ast (Gu\u00f0) L\u00fak 1.50; 18.2,4; 23.40; Post 10.2,22,35<br \/>\n<b>12.7<\/b> H\u00e1rin \u00e1 h\u00f6f\u00f0i y\u00f0ar L\u00fak 21.18; Post 27.34 \u2013 \u00f3ttist ekki Matt 28.5+ ; Mrk 16.6+ &#8211; meira ver\u00f0ir en sp\u00f6rvar L\u00fak 12.24<br \/>\n<b>12.8-12<\/b> Hlst. Matt 10.32-33; 12.32; 10.19-20<br \/>\n<b>12.8<\/b> Kannast vi\u00f0 Jes\u00fa Opb 3.5 \u2013 Mannssonurinn Matt 8.20+<br \/>\n<b>12.9<\/b> Afneita Jes\u00fa Mrk 8.38; L\u00fak 9.26<br \/>\n<b>12.10<\/b> Gegn Mannssyninum L\u00fak 23.34; Post 3.17; 13.27 \u2013 lastm\u00e6li Matt 9.3+ ; Mrk 2.7 \u2013 gegn heil\u00f6gum anda Post 13.46; 18.6; 28.24-28; sbr Matt 12.32; Mrk 3.22-29<br \/>\n<b>12.11-12<\/b> Verja y\u00f0ur Matt 10.20; Mrk 13.11; L\u00fak 21.12-15; Post 4.8; 5.32; 7.55<br \/>\n<b>12.14<\/b> D\u00f3mari 2M\u00f3s 2.14; Post 7.27,35<br \/>\n<b>12.15<\/b> Varist \u00e1girnd 1T\u00edm 6.9-10<br \/>\n<b>12.19-20<\/b> Sj\u00e1lfs\u00f6ryggi heimskingjans S\u00edr 11.19<br \/>\n<b>12.21<\/b> R\u00edkur hj\u00e1 Gu\u00f0i Matt 6.20; L\u00fak 12.33; 18.22<br \/>\n<b>12.22-34<\/b> Hlst. Matt 6.25-34,19-21<br \/>\n<b>12.24<\/b> Hrafnar Slm 147.9 \u2013 fremri fuglunum Matt 10.31; L\u00fak 12.7<br \/>\n<b>12.26<\/b> Svo litlu L\u00fak 16.10; 19.17<br \/>\n<b>12.27<\/b> Sal\u00f3mon \u00ed allri sinni d\u00fdr\u00f0 1Kon 10.4-7<br \/>\n<b>12.32<\/b> Vertu ekki hr\u00e6dd &#8230; Matt 28.5+ ; Mrk 16.6+ &#8211; hj\u00f6r\u00f0 Jes 40.11; 49.9-10; Esk 34 \u2013 \u00cdsrael Matt 9.36; Mrk 6.34; Matt 10.6; 15.24; L\u00fak 15.4-6; 19.10 \u2013 l\u00e6risveinah\u00f3purinn Matt 26.31; Mrk 14.27; sbr J\u00f3h 10.1-16,27; 21.15-17<br \/>\n<b>12.33<\/b> Selja, gefa Matt 19.21+ og hlst. \u2013 fj\u00e1rsj\u00f3\u00f0ur \u00e1 himnum L\u00fak 21.21<br \/>\n<b>12.35-48<\/b> Hlst. Matt 24.45-51<br \/>\n<b>12.35<\/b> Vi\u00f0b\u00fanir 2M\u00f3s 12.11; 1Kon 18.46; 2Kon 4.29; 9.1; Job 38.3; 40.7; Okv 31.17; Jer 1.17; L\u00fak 17.8.; Ef 6.14; 1P\u00e9t 1.13 \u2013 l\u00e1ti\u00f0 lj\u00f3s y\u00f0ar loga Matt 25.1,7<br \/>\n<b>12.36<\/b> Koma h\u00fasb\u00f3ndans Mrk 13.35-37 \u2013 br\u00fa\u00f0kaup Matt 25.6<br \/>\n<b>12.37<\/b> S\u00e6lir Matt 5.3+ &#8211; \u00fej\u00f3na L\u00fak 17.7-8; J\u00f3h 13.4<br \/>\n<b>12.39<\/b> \u00dej\u00f3fur Matt 24.43+<br \/>\n<b>12.40<\/b> Koma Mannssonarins Matt 10.23+<br \/>\n<b>12.42<\/b> R\u00e1\u00f0sma\u00f0ur L\u00fak 16.1,3,8; 1Kor 4.1-2<br \/>\n<b>12.43<\/b> S\u00e6ll Matt 5.3+ ; L\u00fak 6.20<br \/>\n<b>12.44<\/b> Yfir allar eigur s\u00ednar Matt 25.21,23<br \/>\n<b>12.47<\/b> Vita en hir\u00f0a ekki Jak 4.17 \u2013 hl\u00fd\u00f0a vilja h\u00fasb\u00f3ndans Matt 6.10+<br \/>\n<b>12.49-53<\/b> Hlst. Matt 10.34-36<br \/>\n<b>12.49<\/b> Varpa eldi Jes 66.15-16; Esk 38.22; 39.6; Mal 3.19; L\u00fak 3.16; Post 2.3,19<br \/>\n<b>12.50<\/b> Sk\u00edrast Mrk 10.38-39 \u2013 vatn og eldur L\u00fak 17.26-29; 2P\u00e9t 2.5-6; 3.6-7<br \/>\n<b>12.51<\/b> Fri\u00f0ur \u00e1 j\u00f6r\u00f0u Jer 6.14; 8.11; Esk 13.10,16; sbr L\u00fak 1.79; 2.14<br \/>\n<b>12.53<\/b> Sundur\u00feykki M\u00edk 7.6; Hag 2.22; Mal 3.24; L\u00fak 21.16 og hlst.<br \/>\n<b>12.54-56<\/b> Hlst. Matt 16.2-3<br \/>\n<b>12.57-59<\/b> Hlst. Matt 5.25-26<\/div>\n","protected":false},"excerpt":{"rendered":"<p>1F\u00f3lk haf\u00f0i n\u00fa flykkst a\u00f0 \u00ed tugum \u00fe\u00fasunda, svo a\u00f0 n\u00e6rri tr\u00f3\u00f0 hver annan undir. Jes\u00fas t\u00f3k \u00fe\u00e1 a\u00f0 tala, fyrst til l\u00e6risveina sinna: Varist s\u00fardeig far\u00edsea, sem er hr\u00e6snin.2Ekkert er huli\u00f0, sem eigi ver\u00f0ur opinbert, n\u00e9 leynt, er eigi ver\u00f0ur kunnugt.3\u00dev\u00ed mun allt \u00fea\u00f0, sem \u00fe\u00e9r hafi\u00f0 tala\u00f0 \u00ed myrkri, heyrast \u00ed birtu, og \u00fea\u00f0, sem \u00fe\u00e9r hafi\u00f0 hv\u00edsla\u00f0 \u00ed herbergjum, mun kunngj\u00f6rt \u00e1 \u00fe\u00f6kum uppi.4\u00dea\u00f0 segi \u00e9g y\u00f0ur, vinir m\u00ednir: Hr\u00e6\u00f0ist ekki \u00fe\u00e1, sem l\u00edkamann dey\u00f0a og f\u00e1 a\u00f0 \u00fev\u00ed b\u00fanu ekki meira a\u00f0 gj\u00f6rt.5\u00c9g skal s\u00fdna y\u00f0ur, hvern \u00fe\u00e9r eigi\u00f0 a\u00f0 hr\u00e6\u00f0ast. Hr\u00e6\u00f0ist \u00feann, er hefur vald <a href=\"https:\/\/biblian.is\/1981\/lukasargudspjall-12-kafli\/\"> [&#8230;]<\/a><\/p>\n","protected":false},"author":1,"featured_media":0,"parent":0,"menu_order":0,"comment_status":"open","ping_status":"open","template":"bibliukaflar.php","meta":{"footnotes":""},"class_list":["post-2332","page","type-page","status-publish","hentry"],"_links":{"self":[{"href":"https:\/\/biblian.is\/1981\/wp-json\/wp\/v2\/pages\/2332","targetHints":{"allow":["GET"]}}],"collection":[{"href":"https:\/\/biblian.is\/1981\/wp-json\/wp\/v2\/pages"}],"about":[{"href":"https:\/\/biblian.is\/1981\/wp-json\/wp\/v2\/types\/page"}],"author":[{"embeddable":true,"href":"https:\/\/biblian.is\/1981\/wp-json\/wp\/v2\/users\/1"}],"replies":[{"embeddable":true,"href":"https:\/\/biblian.is\/1981\/wp-json\/wp\/v2\/comments?post=2332"}],"version-history":[{"count":0,"href":"https:\/\/biblian.is\/1981\/wp-json\/wp\/v2\/pages\/2332\/revisions"}],"wp:attachment":[{"href":"https:\/\/biblian.is\/1981\/wp-json\/wp\/v2\/media?parent=2332"}],"curies":[{"name":"wp","href":"https:\/\/api.w.org\/{rel}","templated":true}]}}