{"id":2242,"date":"2017-11-18T20:20:52","date_gmt":"2017-11-18T20:20:52","guid":{"rendered":"http:\/\/biblian.is\/1981\/mika-2-kafli\/"},"modified":"2021-06-06T11:04:02","modified_gmt":"2021-06-06T11:04:02","slug":"mika-2-kafli","status":"publish","type":"page","link":"https:\/\/biblian.is\/1981\/mika-2-kafli\/","title":{"rendered":"M\u00edka 2. kafli"},"content":{"rendered":"<p><a name=\"1\"><span class=\"versanumer\">1<\/span><\/a>Vei \u00feeim, sem hugsa upp rangindi og hafa illt me\u00f0 h\u00f6ndum \u00ed hv\u00edlur\u00famum s\u00ednum og framkv\u00e6ma \u00fea\u00f0, \u00feegar lj\u00f3mar af degi, jafnskj\u00f3tt og \u00feeir megna.<a name=\"2\"><span class=\"versanumer\">2<\/span><\/a>Langi \u00fe\u00e1 til a\u00f0 eignast akra, \u00fe\u00e1 r\u00e6na \u00feeir \u00feeim, e\u00f0a h\u00fas, \u00fe\u00e1 taka \u00feeir \u00feau burt. \u00deeir beita ofr\u00edki gegn h\u00fasb\u00f3ndanum og h\u00fasi hans, gegn manninum og \u00f3\u00f0ali hans.<a name=\"3\"><span class=\"versanumer\">3<\/span><\/a>Fyrir \u00fev\u00ed segir Drottinn svo: Sj\u00e1, \u00e9g b\u00fd yfir \u00f3hamingju, sem \u00e9g mun senda \u00feessari kynsl\u00f3\u00f0, og \u00fe\u00e9r skulu\u00f0 ekki f\u00e1 af y\u00f0ur hrundi\u00f0 n\u00e9 gengi\u00f0 hnarreistir undir, \u00fev\u00ed a\u00f0 \u00fea\u00f0 munu ver\u00f0a vondir t\u00edmar.<a name=\"4\"><span class=\"versanumer\">4<\/span><\/a>\u00c1 \u00feeim degi munu menn h\u00e1\u00f0kv\u00e6\u00f0i um y\u00f0ur kve\u00f0a og hefja harmat\u00f6lur \u00e1 \u00feessa lei\u00f0: V\u00e9r erum gj\u00f6rsamlega ey\u00f0ilag\u00f0ir, landeign \u00fej\u00f3\u00f0ar minnar er \u00fathluta\u00f0 me\u00f0 m\u00e6li\u00fer\u00e6\u00f0i, og enginn f\u00e6r m\u00e9r hana aftur. \u00d6krum vorum er skipt milli \u00feeirra, er oss hafa herteki\u00f0!<a name=\"5\"><span class=\"versanumer\">5<\/span><\/a>Fyrir \u00fev\u00ed skalt \u00fe\u00fa engan hafa, er dragi m\u00e6li\u00fer\u00e1\u00f0 yfir landskika \u00ed s\u00f6fnu\u00f0i Drottins.<a name=\"6\"><span class=\"versanumer\">6<\/span><\/a>Pr\u00e9diki\u00f0 ekki, svo pr\u00e9dika \u00feeir. Menn eiga ekki a\u00f0 pr\u00e9dika um sl\u00edkt! Sk\u00f6mmunum linnir ekki!<a name=\"7\"><span class=\"versanumer\">7<\/span><\/a>Hv\u00edl\u00edkt tal, Jakobs h\u00fas! Er Drottinn \u00f3\u00feolinm\u00f3\u00f0ur, e\u00f0a eru gj\u00f6r\u00f0ir hans sl\u00edkar? Eru ekki or\u00f0 hans g\u00e6skur\u00edk vi\u00f0 \u00fe\u00e1, sem breyta r\u00e1\u00f0vandlega?<a name=\"8\"><span class=\"versanumer\">8<\/span><\/a>En \u00fej\u00f3\u00f0 m\u00edn hefir n\u00fa \u00feegar lengi risi\u00f0 upp \u00e1 m\u00f3ti m\u00e9r sem \u00f3vinur. Utan af kyrtlinum dragi\u00f0 \u00fe\u00e9r yfirh\u00f6fnina af \u00feeim, sem ugglausir fara um veginn, sem fr\u00e1hverfir eru str\u00ed\u00f0i.<a name=\"9\"><span class=\"versanumer\">9<\/span><\/a>Konur \u00fej\u00f3\u00f0ar minnar reki\u00f0 \u00fe\u00e9r \u00fat \u00far h\u00fasunum, sem hafa veri\u00f0 yndi \u00feeirra, r\u00e6ni\u00f0 b\u00f6rn \u00feeirra pr\u00fd\u00f0i minni a\u00f0 eil\u00edfu.<a name=\"10\"><span class=\"versanumer\">10<\/span><\/a>Af sta\u00f0 og burt me\u00f0 y\u00f0ur! \u00dev\u00ed a\u00f0 h\u00e9r er ekki samasta\u00f0ur fyrir y\u00f0ur vegna saurgunarinnar, sem veldur tj\u00f3ni, og \u00fea\u00f0 \u00f3l\u00e6knandi tj\u00f3ni.<a name=\"11\"><span class=\"versanumer\">11<\/span><\/a>Ef einhver, sem f\u00e6ri me\u00f0 h\u00e9g\u00f3ma og lygar, hr\u00e6sna\u00f0i fyrir \u00fe\u00e9r og seg\u00f0i: \u00c9g skal sp\u00e1 \u00fe\u00e9r v\u00edni og \u00e1fengum drykk, \u00fea\u00f0 v\u00e6ri sp\u00e1ma\u00f0ur fyrir \u00feessa \u00fej\u00f3\u00f0!<a name=\"12\"><span class=\"versanumer\">12<\/span><\/a>Safna, j\u00e1 safna vil \u00e9g, Jakob, \u00f6llum \u00fe\u00ednum, f\u00e6ra saman leifar \u00cdsraels eins og sau\u00f0f\u00e9 \u00ed r\u00e9tt, eins og hj\u00f6r\u00f0 \u00ed haga, og \u00fear skal ver\u00f0a kli\u00f0ur mikill af mannmerg\u00f0inni.<a name=\"13\"><span class=\"versanumer\">13<\/span><\/a>Forustusau\u00f0urinn fer fyrir \u00feeim, \u00feeir ry\u00f0jast fram, fara \u00ed gegnum hli\u00f0i\u00f0 og halda \u00fat um \u00fea\u00f0, og konungur \u00feeirra fer fyrir \u00feeim og Drottinn er \u00ed broddi fylkingar \u00feeirra.<\/p>\n<div class=\"footnote1981\"><b>2.1<\/b> Vei Jes 5.8-24; 28.1-4; Am 6.1; Hab 2.6-20; Matt 11.21+ ; L\u00fak 6.24+<br \/>\n<b>2.2<\/b> Gr\u00e6\u00f0gi hinna voldugu Jes 5.8; Jer 22.13-14; Am 3.10; 8.4-6<br \/>\n<b>2.3<\/b> \u00d3g\u00e6fa \u00ed v\u00e6ndum Esk 7.5,26 \u2013 h\u00f6rmungat\u00ed\u00f0 Am 5.13<br \/>\n<b>2.5<\/b> Landi \u00fathluta\u00f0 Jes 34.17; Slm 16.5-6<br \/>\n<b>2.6<\/b> \u00derugla M\u00edk 2.11; Jes 21.2,7; Am 7.16 \u2013 banna\u00f0 a\u00f0 sp\u00e1 Am 2.12+<br \/>\n<b>2.8<\/b> R\u00edfi\u00f0 Kyrtilinn af 5M\u00f3s 24.10-13<br \/>\n<b>2.11<\/b> \u00c1fengur drykkur Jes 5.11,22-23; Am 4.1 \u2013 sp\u00e1menn \u00e1n k\u00f6llunar Jer 5.31; 28.15; 29.9,31; sbr Am 7.12<br \/>\n<b>2.12<\/b> \u00cdsrael safna\u00f0 saman M\u00edk 4.6-7; Jes 11.12; Jer 29.13; 31.8,10; Esk 37.21; H\u00f3s 2.2 \u2013 eins og sau\u00f0f\u00e9 Jes 40.11; Jer 23.3-4; Esk 34.1-31 \u2013 leifar \u00cdsrael Jes 4.3<br \/>\n<b>2.13<\/b> \u00dat um hli\u00f0i\u00f0 J\u00f3h 10.3-4<\/div>\n","protected":false},"excerpt":{"rendered":"<p>1Vei \u00feeim, sem hugsa upp rangindi og hafa illt me\u00f0 h\u00f6ndum \u00ed hv\u00edlur\u00famum s\u00ednum og framkv\u00e6ma \u00fea\u00f0, \u00feegar lj\u00f3mar af degi, jafnskj\u00f3tt og \u00feeir megna.2Langi \u00fe\u00e1 til a\u00f0 eignast akra, \u00fe\u00e1 r\u00e6na \u00feeir \u00feeim, e\u00f0a h\u00fas, \u00fe\u00e1 taka \u00feeir \u00feau burt. \u00deeir beita ofr\u00edki gegn h\u00fasb\u00f3ndanum og h\u00fasi hans, gegn manninum og \u00f3\u00f0ali hans.3Fyrir \u00fev\u00ed segir Drottinn svo: Sj\u00e1, \u00e9g b\u00fd yfir \u00f3hamingju, sem \u00e9g mun senda \u00feessari kynsl\u00f3\u00f0, og \u00fe\u00e9r skulu\u00f0 ekki f\u00e1 af y\u00f0ur hrundi\u00f0 n\u00e9 gengi\u00f0 hnarreistir undir, \u00fev\u00ed a\u00f0 \u00fea\u00f0 munu ver\u00f0a vondir t\u00edmar.4\u00c1 \u00feeim degi munu menn h\u00e1\u00f0kv\u00e6\u00f0i um y\u00f0ur kve\u00f0a og hefja harmat\u00f6lur \u00e1 <a href=\"https:\/\/biblian.is\/1981\/mika-2-kafli\/\"> [&#8230;]<\/a><\/p>\n","protected":false},"author":1,"featured_media":0,"parent":0,"menu_order":0,"comment_status":"open","ping_status":"open","template":"bibliukaflar.php","meta":{"footnotes":""},"class_list":["post-2242","page","type-page","status-publish","hentry"],"_links":{"self":[{"href":"https:\/\/biblian.is\/1981\/wp-json\/wp\/v2\/pages\/2242","targetHints":{"allow":["GET"]}}],"collection":[{"href":"https:\/\/biblian.is\/1981\/wp-json\/wp\/v2\/pages"}],"about":[{"href":"https:\/\/biblian.is\/1981\/wp-json\/wp\/v2\/types\/page"}],"author":[{"embeddable":true,"href":"https:\/\/biblian.is\/1981\/wp-json\/wp\/v2\/users\/1"}],"replies":[{"embeddable":true,"href":"https:\/\/biblian.is\/1981\/wp-json\/wp\/v2\/comments?post=2242"}],"version-history":[{"count":0,"href":"https:\/\/biblian.is\/1981\/wp-json\/wp\/v2\/pages\/2242\/revisions"}],"wp:attachment":[{"href":"https:\/\/biblian.is\/1981\/wp-json\/wp\/v2\/media?parent=2242"}],"curies":[{"name":"wp","href":"https:\/\/api.w.org\/{rel}","templated":true}]}}