{"id":2130,"date":"2017-11-18T20:20:20","date_gmt":"2017-11-18T20:20:20","guid":{"rendered":"http:\/\/biblian.is\/1981\/jeremia-38-kafli\/"},"modified":"2017-11-18T20:20:20","modified_gmt":"2017-11-18T20:20:20","slug":"jeremia-38-kafli","status":"publish","type":"page","link":"https:\/\/biblian.is\/1981\/jeremia-38-kafli\/","title":{"rendered":"Jerem\u00eda 38. kafli"},"content":{"rendered":"<p><a name=\"1\"><span class=\"versanumer\">1<\/span><\/a>\u00de\u00e1 fr\u00e9ttu \u00feeir Sefatja Mattansson, Gedalja Pash\u00farsson, J\u00fakal Selemjason og Pash\u00far Malk\u00edason \u00feau or\u00f0, er Jerem\u00eda tala\u00f0i til alls l\u00fd\u00f0sins:<a name=\"2\"><span class=\"versanumer\">2<\/span><\/a>Svo segir Drottinn: \u00deeir, sem ver\u00f0a kyrrir \u00ed \u00feessari borg, munu deyja fyrir sver\u00f0i, af hungri og af dreps\u00f3tt, en \u00feeir, sem fara \u00fat til Kaldea, munu l\u00edfi halda og hlj\u00f3ta l\u00edf sitt a\u00f0 herfangi og lifa.<a name=\"3\"><span class=\"versanumer\">3<\/span><\/a>Svo segir Drottinn: \u00deessi borg mun vissulega ver\u00f0a gefin her Babelkonungs \u00e1 vald og hann mun vinna hana!<a name=\"4\"><span class=\"versanumer\">4<\/span><\/a>\u00de\u00e1 s\u00f6g\u00f0u h\u00f6f\u00f0ingjarnir vi\u00f0 konung: L\u00e1t drepa mann \u00feennan! \u00dev\u00ed a\u00f0 hann gj\u00f6rir hermennina, sem eftir eru \u00ed \u00feessari borg, huglausa og allan l\u00fd\u00f0inn me\u00f0 \u00fev\u00ed a\u00f0 tala sl\u00edk or\u00f0 til \u00feeirra, \u00fev\u00ed a\u00f0 \u00feessi ma\u00f0ur leitar ekki \u00feess, sem \u00feessum l\u00fd\u00f0 er til heilla, heldur \u00feess, sem honum er til \u00f3g\u00e6fu.<a name=\"5\"><span class=\"versanumer\">5<\/span><\/a>En Sedek\u00eda konungur svara\u00f0i: Sj\u00e1, hann er \u00e1 y\u00f0ar valdi, \u00fev\u00ed a\u00f0 konungurinn megnar ekkert \u00e1 m\u00f3ti y\u00f0ur.<a name=\"6\"><span class=\"versanumer\">6<\/span><\/a>\u00de\u00e1 t\u00f3ku \u00feeir Jerem\u00eda og k\u00f6stu\u00f0u honum \u00ed gryfju Malk\u00eda konungssonar, sem var \u00ed var\u00f0gar\u00f0inum, og l\u00e9tu \u00feeir Jerem\u00eda s\u00edga ni\u00f0ur \u00ed b\u00f6ndum, en \u00ed gryfjunni var ekkert vatn, heldur le\u00f0ja, og Jerem\u00eda s\u00f6kk ofan \u00ed le\u00f0juna.<a name=\"7\"><span class=\"versanumer\">7<\/span><\/a>En er Ebed-Melek, bl\u00e1lenskur geldingur, sem var \u00ed konungsh\u00f6llinni, fr\u00e9tti, a\u00f0 \u00feeir hef\u00f0u varpa\u00f0 Jerem\u00eda \u00ed gryfjuna, en konungur sat \u00fe\u00e1 \u00ed Benjam\u00ednshli\u00f0i,<a name=\"8\"><span class=\"versanumer\">8<\/span><\/a>\u00fe\u00e1 gekk Ebed-Melek \u00fat \u00far konungsh\u00f6llinni og m\u00e6lti til konungs \u00e1 \u00feessa lei\u00f0:<a name=\"9\"><span class=\"versanumer\">9<\/span><\/a>Minn herra konungur! Illverk hafa \u00feessir menn frami\u00f0 me\u00f0 \u00f6llu \u00fev\u00ed, er \u00feeir hafa gj\u00f6rt vi\u00f0 Jerem\u00eda sp\u00e1mann, sem \u00feeir k\u00f6stu\u00f0u \u00ed gryfjuna, svo a\u00f0 hann hl\u00fdtur a\u00f0 deyja \u00fear \u00far hungri, \u00fev\u00ed a\u00f0 ekkert brau\u00f0 er framar til \u00ed borginni.<a name=\"10\"><span class=\"versanumer\">10<\/span><\/a>\u00de\u00e1 skipa\u00f0i konungur Ebed-Melek Bl\u00e1lendingi \u00e1 \u00feessa lei\u00f0: Tak h\u00e9\u00f0an me\u00f0 \u00fe\u00e9r \u00ferj\u00e1 menn og drag Jerem\u00eda sp\u00e1mann upp \u00far gryfjunni, \u00e1\u00f0ur en hann deyr.<a name=\"11\"><span class=\"versanumer\">11<\/span><\/a>Og Ebed-Melek t\u00f3k mennina me\u00f0 s\u00e9r og f\u00f3r inn \u00ed konungsh\u00f6llina, inn undir f\u00e9hirsluna, og t\u00f3k \u00fear sundurrifna fatar\u00e6fla og kl\u00e6\u00f0aslitur og l\u00e9t s\u00edga \u00ed b\u00f6ndum ni\u00f0ur \u00ed gryfjuna til Jerem\u00eda.<a name=\"12\"><span class=\"versanumer\">12<\/span><\/a>S\u00ed\u00f0an m\u00e6lti Ebed-Melek Bl\u00e1lendingur til Jerem\u00eda: Legg rifnu og slitnu fatar\u00e6flana undir hendur \u00fe\u00e9r undir b\u00f6ndin! Og Jerem\u00eda gj\u00f6r\u00f0i svo.<a name=\"13\"><span class=\"versanumer\">13<\/span><\/a>Og \u00feeir dr\u00f3gu Jerem\u00eda upp me\u00f0 b\u00f6ndunum og h\u00f3fu hann upp \u00far gryfjunni. Og sat n\u00fa Jerem\u00eda \u00ed var\u00f0gar\u00f0inum.<a name=\"14\"><span class=\"versanumer\">14<\/span><\/a>Sedek\u00eda konungur sendi menn og l\u00e9t s\u00e6kja Jerem\u00eda sp\u00e1mann til s\u00edn a\u00f0 \u00feri\u00f0ju dyrunum, sem eru \u00ed musteri Drottins, og konungur m\u00e6lti til Jerem\u00eda: \u00c9g vil spyrja \u00feig nokkurs, leyn mig engu!<a name=\"15\"><span class=\"versanumer\">15<\/span><\/a>En Jerem\u00eda m\u00e6lti til Sedek\u00eda: Hvort munt \u00fe\u00fa ekki dey\u00f0a mig, ef \u00e9g segi \u00fe\u00e9r \u00fea\u00f0? Og \u00fe\u00f3tt \u00e9g r\u00e1\u00f0leggi \u00fe\u00e9r eitthva\u00f0, \u00fe\u00e1 hl\u00fd\u00f0ir \u00fe\u00fa m\u00e9r ekki!<a name=\"16\"><span class=\"versanumer\">16<\/span><\/a>\u00de\u00e1 vann Sedek\u00eda konungur Jerem\u00eda ei\u00f0 \u00e1 laun og m\u00e6lti: Svo sannarlega sem Drottinn lifir, s\u00e1 er skapa\u00f0 hefir \u00ed oss \u00feetta l\u00edf, skal \u00e9g ekki dey\u00f0a \u00feig n\u00e9 selja \u00feig \u00e1 vald \u00feessara manna, sem sitja um l\u00edf \u00feitt.<a name=\"17\"><span class=\"versanumer\">17<\/span><\/a>\u00de\u00e1 sag\u00f0i Jerem\u00eda vi\u00f0 Sedek\u00eda: Svo segir Drottinn, Gu\u00f0 allsherjar, \u00cdsraels Gu\u00f0: Ef \u00fe\u00fa gengur \u00e1 vald h\u00f6f\u00f0ingjum Babelkonungs, \u00fe\u00e1 munt \u00fe\u00fa l\u00edfi halda og borg \u00feessi eigi ver\u00f0a brennd \u00ed eldi, og \u00fe\u00fa munt l\u00edfi halda og f\u00f3lk \u00feitt.<a name=\"18\"><span class=\"versanumer\">18<\/span><\/a>En gangir \u00fe\u00fa ekki \u00e1 vald h\u00f6f\u00f0ingjum Babelkonungs, \u00fe\u00e1 mun borg \u00feessi seld ver\u00f0a \u00e1 vald Kaldea, og \u00feeir munu brenna hana \u00ed eldi, og \u00fe\u00fa munt ekki heldur komast undan \u00feeim.<a name=\"19\"><span class=\"versanumer\">19<\/span><\/a>\u00de\u00e1 sag\u00f0i Sedek\u00eda konungur vi\u00f0 Jerem\u00eda: \u00c9g \u00f3ttast \u00fe\u00e1 J\u00fadamenn, sem \u00feegar hafa hlaupist yfir til Kaldea, a\u00f0 menn kynnu a\u00f0 selja mig \u00feeim \u00e1 vald og \u00feeir draga d\u00e1r a\u00f0 m\u00e9r!<a name=\"20\"><span class=\"versanumer\">20<\/span><\/a>En Jerem\u00eda sag\u00f0i: \u00deeir munu eigi framselja \u00feig. Hl\u00fd\u00f0 \u00fe\u00fa bo\u00f0i Drottins \u00ed \u00fev\u00ed, er \u00e9g segi \u00fe\u00e9r, \u00fe\u00e1 mun \u00fe\u00e9r vel vegna og \u00fe\u00fa l\u00edfi halda.<a name=\"21\"><span class=\"versanumer\">21<\/span><\/a>En ef \u00fe\u00fa f\u00e6rist undan a\u00f0 ganga \u00e1 vald \u00feeirra, \u00fe\u00e1 hefir Drottinn birt m\u00e9r \u00feetta:<a name=\"22\"><span class=\"versanumer\">22<\/span><\/a>Sj\u00e1, allar \u00fe\u00e6r konur, sem eftir munu ver\u00f0a \u00ed h\u00f6ll J\u00fadakonungs, munu fluttar ver\u00f0a til h\u00f6f\u00f0ingja Babelkonungs, og \u00fe\u00e6r munu segja: Menn, sem voru \u00ed vin\u00e1ttu vi\u00f0 \u00feig, hafa ginnt \u00feig og or\u00f0i\u00f0 \u00fe\u00e9r yfirsterkari. \u00deegar f\u00e6tur \u00fe\u00ednir sukku \u00ed for\u00e6\u00f0i\u00f0, h\u00f6rfu\u00f0u \u00feeir aftur \u00e1 bak!<a name=\"23\"><span class=\"versanumer\">23<\/span><\/a>Og allar konur \u00fe\u00ednar og b\u00f6rn \u00fe\u00edn munu f\u00e6r\u00f0 ver\u00f0a Kaldeum, og ekki munt \u00fe\u00fa heldur komast undan \u00feeim, heldur munt \u00fe\u00fa gripinn ver\u00f0a og seldur \u00e1 vald Babelkonungs, og \u00feessi borg mun brennd ver\u00f0a \u00ed eldi.<a name=\"24\"><span class=\"versanumer\">24<\/span><\/a>\u00de\u00e1 sag\u00f0i Sedek\u00eda vi\u00f0 Jerem\u00eda: Enginn ma\u00f0ur m\u00e1 vita af \u00feessum vi\u00f0r\u00e6\u00f0um, ella ver\u00f0ur \u00fea\u00f0 \u00feinn bani.<a name=\"25\"><span class=\"versanumer\">25<\/span><\/a>En \u00feegar h\u00f6f\u00f0ingjarnir fr\u00e9tta, a\u00f0 \u00e9g hafi tala\u00f0 vi\u00f0 \u00feig, og \u00feeir koma til \u00fe\u00edn og segja vi\u00f0 \u00feig: Seg oss, hva\u00f0 \u00fe\u00fa tala\u00f0ir vi\u00f0 konung, leyn oss engu, ella drepum v\u00e9r \u00feig og hva\u00f0 konungur tala\u00f0i vi\u00f0 \u00feig,<a name=\"26\"><span class=\"versanumer\">26<\/span><\/a>\u00fe\u00e1 seg vi\u00f0 \u00fe\u00e1: \u00c9g ba\u00f0 konung au\u00f0mj\u00faklega a\u00f0 l\u00e1ta mig ekki fara aftur \u00ed h\u00fas J\u00f3natans til \u00feess a\u00f0 deyja \u00fear.<a name=\"27\"><span class=\"versanumer\">27<\/span><\/a>Og allir h\u00f6f\u00f0ingjarnir komu til Jerem\u00eda og spur\u00f0u hann, en hann sk\u00fdr\u00f0i \u00feeim me\u00f0 \u00f6llu svo fr\u00e1 sem konungur haf\u00f0i lagt fyrir. \u00de\u00e1 gengu \u00feeir r\u00f3legir burt fr\u00e1 honum, \u00fev\u00ed a\u00f0 \u00feetta haf\u00f0i ekki or\u00f0i\u00f0 hlj\u00f3\u00f0b\u00e6rt.<a name=\"28\"><span class=\"versanumer\">28<\/span><\/a>Og Jerem\u00eda sat \u00ed var\u00f0gar\u00f0inum allt til \u00feess dags, er Jer\u00fasalem var unnin.<\/p>\n<div class=\"footnote1981\"><b>38.1<\/b> J\u00fakal Jer 37.3 \u2013 Pash\u00far Jer 21.1<br \/>\n<b>38.2<\/b> Borgin umsetin Jer 21.9 \u2013 sver\u00f0, hungur, dreps\u00f3tt Jer 14.12+ &#8211; halda l\u00edfi Jer 21.9<br \/>\n<b>38.4<\/b> Dregur \u00far hugrekki Jer 6.24<br \/>\n<b>38.5<\/b> \u00c1 y\u00f0ar valdi Dan 6.16; VDan 2.30<br \/>\n<b>38.6<\/b> Forgar\u00f0ur var\u00f0li\u00f0sins Jer 32.2+<br \/>\n<b>38.7<\/b> Benjam\u00ednshli\u00f0 Jer 37.13<br \/>\n<b>38.16<\/b> Svo sannarlega sem Drottinn lifir Jer 4.2; 16.14; 44.26<br \/>\n<b>38.17<\/b> Halda l\u00edfi Jer 38.2<br \/>\n<b>38.20<\/b> Hlusta \u00e1 or\u00f0 Drottins Jer 42.6<br \/>\n<b>38.22<\/b> Blekkja \u00d3b 7<br \/>\n<b>38.26<\/b> H\u00fas J\u00f3natans Jer 37.15<br \/>\n<b>38.28<\/b> \u00cd forgar\u00f0i var\u00f0li\u00f0sins Jer 38.6,13; Jer 32.2+<\/div>\n","protected":false},"excerpt":{"rendered":"<p>1\u00de\u00e1 fr\u00e9ttu \u00feeir Sefatja Mattansson, Gedalja Pash\u00farsson, J\u00fakal Selemjason og Pash\u00far Malk\u00edason \u00feau or\u00f0, er Jerem\u00eda tala\u00f0i til alls l\u00fd\u00f0sins:2Svo segir Drottinn: \u00deeir, sem ver\u00f0a kyrrir \u00ed \u00feessari borg, munu deyja fyrir sver\u00f0i, af hungri og af dreps\u00f3tt, en \u00feeir, sem fara \u00fat til Kaldea, munu l\u00edfi halda og hlj\u00f3ta l\u00edf sitt a\u00f0 herfangi og lifa.3Svo segir Drottinn: \u00deessi borg mun vissulega ver\u00f0a gefin her Babelkonungs \u00e1 vald og hann mun vinna hana!4\u00de\u00e1 s\u00f6g\u00f0u h\u00f6f\u00f0ingjarnir vi\u00f0 konung: L\u00e1t drepa mann \u00feennan! \u00dev\u00ed a\u00f0 hann gj\u00f6rir hermennina, sem eftir eru \u00ed \u00feessari borg, huglausa og allan l\u00fd\u00f0inn me\u00f0 \u00fev\u00ed a\u00f0 tala <a href=\"https:\/\/biblian.is\/1981\/jeremia-38-kafli\/\"> [&#8230;]<\/a><\/p>\n","protected":false},"author":1,"featured_media":0,"parent":0,"menu_order":0,"comment_status":"open","ping_status":"open","template":"bibliukaflar.php","meta":{"footnotes":""},"class_list":["post-2130","page","type-page","status-publish","hentry"],"_links":{"self":[{"href":"https:\/\/biblian.is\/1981\/wp-json\/wp\/v2\/pages\/2130","targetHints":{"allow":["GET"]}}],"collection":[{"href":"https:\/\/biblian.is\/1981\/wp-json\/wp\/v2\/pages"}],"about":[{"href":"https:\/\/biblian.is\/1981\/wp-json\/wp\/v2\/types\/page"}],"author":[{"embeddable":true,"href":"https:\/\/biblian.is\/1981\/wp-json\/wp\/v2\/users\/1"}],"replies":[{"embeddable":true,"href":"https:\/\/biblian.is\/1981\/wp-json\/wp\/v2\/comments?post=2130"}],"version-history":[{"count":0,"href":"https:\/\/biblian.is\/1981\/wp-json\/wp\/v2\/pages\/2130\/revisions"}],"wp:attachment":[{"href":"https:\/\/biblian.is\/1981\/wp-json\/wp\/v2\/media?parent=2130"}],"curies":[{"name":"wp","href":"https:\/\/api.w.org\/{rel}","templated":true}]}}