{"id":2129,"date":"2017-11-18T20:20:20","date_gmt":"2017-11-18T20:20:20","guid":{"rendered":"http:\/\/biblian.is\/1981\/jeremia-37-kafli\/"},"modified":"2017-11-18T20:20:20","modified_gmt":"2017-11-18T20:20:20","slug":"jeremia-37-kafli","status":"publish","type":"page","link":"https:\/\/biblian.is\/1981\/jeremia-37-kafli\/","title":{"rendered":"Jerem\u00eda 37. kafli"},"content":{"rendered":"<p><a name=\"1\"><span class=\"versanumer\">1<\/span><\/a>Sedek\u00eda J\u00f3s\u00edason var\u00f0 konungur \u00ed sta\u00f0 Konja J\u00f3jak\u00edmssonar, er Neb\u00fakadresar Babelkonungur haf\u00f0i gj\u00f6rt a\u00f0 konungi \u00ed J\u00fada.<a name=\"2\"><span class=\"versanumer\">2<\/span><\/a>En hvorki hann, n\u00e9 \u00fej\u00f3nar hans, n\u00e9 landsl\u00fd\u00f0urinn hl\u00fdddi or\u00f0um Drottins, \u00feeim er hann tala\u00f0i fyrir munn Jerem\u00eda sp\u00e1manns.<a name=\"3\"><span class=\"versanumer\">3<\/span><\/a>Og Sedek\u00eda konungur sendi J\u00fakal Selemjason og Sefan\u00eda prest Maasejason til Jerem\u00eda sp\u00e1manns me\u00f0 svol\u00e1tandi or\u00f0sending: Bi\u00f0 \u00fe\u00fa fyrir oss til Drottins, Gu\u00f0s vors!<a name=\"4\"><span class=\"versanumer\">4<\/span><\/a>En Jerem\u00eda gekk \u00fe\u00e1 \u00fat og inn me\u00f0al l\u00fd\u00f0sins og \u00feeir h\u00f6f\u00f0u enn ekki sett hann \u00ed d\u00fdflissuna.<a name=\"5\"><span class=\"versanumer\">5<\/span><\/a>Her Fara\u00f3s var og lag\u00f0ur af sta\u00f0 fr\u00e1 Egyptalandi, og er Kaldear, sem s\u00e1tu um Jer\u00fasalem, spur\u00f0u \u00fea\u00f0, h\u00e9ldu \u00feeir burt fr\u00e1 Jer\u00fasalem.<a name=\"6\"><span class=\"versanumer\">6<\/span><\/a>\u00de\u00e1 kom or\u00f0 Drottins til Jerem\u00eda sp\u00e1manns:<a name=\"7\"><span class=\"versanumer\">7<\/span><\/a>Svo segir Drottinn, \u00cdsraels Gu\u00f0: Svo skulu\u00f0 \u00fe\u00e9r segja vi\u00f0 J\u00fadakonung, sem sendi y\u00f0ur til m\u00edn, til \u00feess a\u00f0 spyrja mig: Her Fara\u00f3s, sem lag\u00f0ur er af sta\u00f0 y\u00f0ur til hj\u00e1lpar, mun sn\u00faa aftur til s\u00edns lands, til Egyptalands,<a name=\"8\"><span class=\"versanumer\">8<\/span><\/a>og Kaldear munu og aftur sn\u00faa og herja \u00e1 \u00feessa borg, vinna hana og brenna hana \u00ed eldi.<a name=\"9\"><span class=\"versanumer\">9<\/span><\/a>Svo segir Drottinn: Sv\u00edki\u00f0 ekki sj\u00e1lfa y\u00f0ur me\u00f0 \u00fev\u00ed a\u00f0 segja: Kaldear munu vissulega fara burt fr\u00e1 oss! \u00fev\u00ed a\u00f0 \u00feeir fara ekki burt.<a name=\"10\"><span class=\"versanumer\">10<\/span><\/a>\u00dev\u00ed a\u00f0 \u00fe\u00f3tt \u00fe\u00e9r felldu\u00f0 allan her Kaldea, er \u00e1 y\u00f0ur herjar, og ekki v\u00e6ru a\u00f0rir or\u00f0nir eftir af \u00feeim en sver\u00f0i lag\u00f0ir menn, \u00fe\u00e1 mundu \u00feeir r\u00edsa upp, hver og einn \u00ed s\u00ednu tjaldi, og brenna \u00feessa borg \u00ed eldi!<a name=\"11\"><span class=\"versanumer\">11<\/span><\/a>En er her Kaldea f\u00f3r burt fr\u00e1 Jer\u00fasalem undan her Fara\u00f3s,<a name=\"12\"><span class=\"versanumer\">12<\/span><\/a>\u00fe\u00e1 f\u00f3r Jerem\u00eda fr\u00e1 Jer\u00fasalem og h\u00e9lt til Benjam\u00ednslands, til \u00feess a\u00f0 taka \u00fear \u00e1 m\u00f3ti erf\u00f0ahlut, mitt \u00e1 me\u00f0al l\u00fd\u00f0sins.<a name=\"13\"><span class=\"versanumer\">13<\/span><\/a>En er hann kom \u00ed Benjam\u00ednshli\u00f0, \u00fe\u00e1 var \u00fear fyrir var\u00f0ma\u00f0ur, a\u00f0 nafni Jer\u00eda Selemjason, Hanan\u00edasonar. Hann \u00fereif \u00ed Jerem\u00eda sp\u00e1mann og sag\u00f0i: \u00de\u00fa \u00e6tlar a\u00f0 hlaupast burt til Kaldea!<a name=\"14\"><span class=\"versanumer\">14<\/span><\/a>En Jerem\u00eda sag\u00f0i: \u00dea\u00f0 er lygi! \u00c9g \u00e6tla ekki a\u00f0 hlaupast burt til Kaldea! En Jer\u00eda hlusta\u00f0i ekki \u00e1 Jerem\u00eda og t\u00f3k hann h\u00f6ndum og f\u00f3r me\u00f0 hann til h\u00f6f\u00f0ingjanna.<a name=\"15\"><span class=\"versanumer\">15<\/span><\/a>Og h\u00f6f\u00f0ingjarnir reiddust Jerem\u00eda og b\u00f6r\u00f0u hann og settu hann \u00ed fangelsi \u00ed h\u00fasi J\u00f3natans kanslara, \u00fev\u00ed a\u00f0 \u00fea\u00f0 h\u00f6f\u00f0u \u00feeir gj\u00f6rt a\u00f0 d\u00fdflissu.<a name=\"16\"><span class=\"versanumer\">16<\/span><\/a>\u00deannig komst Jerem\u00eda \u00ed pr\u00edsundina og \u00ed hvelfinguna, og \u00fear sat Jerem\u00eda alllangan t\u00edma.<a name=\"17\"><span class=\"versanumer\">17<\/span><\/a>En Sedek\u00eda konungur sendi og l\u00e9t s\u00e6kja hann, og konungur spur\u00f0i hann \u00e1 laun \u00ed h\u00f6ll sinni og m\u00e6lti: Hefir nokkurt or\u00f0 komi\u00f0 fr\u00e1 Drottni? Svo er v\u00edst! m\u00e6lti Jerem\u00eda. \u00de\u00fa munt seldur ver\u00f0a \u00e1 vald Babelkonungs!<a name=\"18\"><span class=\"versanumer\">18<\/span><\/a>\u00dev\u00ed n\u00e6st sag\u00f0i Jerem\u00eda vi\u00f0 Sedek\u00eda konung: Hva\u00f0 hefi \u00e9g broti\u00f0 gegn \u00fe\u00e9r og gegn \u00fej\u00f3num \u00fe\u00ednum og gegn \u00feessum l\u00fd\u00f0, a\u00f0 \u00fe\u00e9r hafi\u00f0 sett mig \u00ed d\u00fdflissu?<a name=\"19\"><span class=\"versanumer\">19<\/span><\/a>Og hvar eru n\u00fa sp\u00e1menn y\u00f0ar, \u00feeir er sp\u00e1\u00f0u y\u00f0ur og s\u00f6g\u00f0u: Eigi mun Babelkonungur fara \u00ed m\u00f3ti y\u00f0ur og \u00ed m\u00f3ti \u00feessu landi?<a name=\"20\"><span class=\"versanumer\">20<\/span><\/a>Og heyr n\u00fa, minn herra konungur! Virst a\u00f0 heyra au\u00f0mj\u00faka b\u00e6n m\u00edna! L\u00e1t eigi flytja mig aftur \u00ed h\u00fas J\u00f3natans kanslara, svo a\u00f0 \u00e9g deyi \u00fear ekki!<a name=\"21\"><span class=\"versanumer\">21<\/span><\/a>S\u00ed\u00f0an var Jerem\u00eda settur \u00ed var\u00f0hald \u00ed var\u00f0gar\u00f0inum a\u00f0 bo\u00f0i Sedek\u00eda konungs og honum gefinn brau\u00f0hleifur \u00e1 degi hverjum \u00far bakarastr\u00e6tinu, uns allt brau\u00f0 var uppgengi\u00f0 \u00ed borginni. Og \u00feannig sat Jerem\u00eda \u00ed var\u00f0gar\u00f0inum.<\/p>\n<div class=\"footnote1981\"><b>37.1<\/b> Sedek\u00eda Jer 1.3+ &#8211; Konja Jer 22.24+ &#8211; Neb\u00fakadresar Jer 21.2+<br \/>\n<b>37.2<\/b> Enginn hlusta\u00f0i Jer 7.13+<br \/>\n<b>37.3<\/b> Sedek\u00eda og Jerem\u00eda Jer 21.1-10; 34.1-7 \u2013 Sefan\u00eda Jer 21.1+ &#8211; bi\u00f0 okkar vegna Jer 7.16+<br \/>\n<b>37.7<\/b> Leita r\u00e1\u00f0a hj\u00e1 Drottni Jer 21.2+<br \/>\n<b>37.8<\/b> Kaldear koma aftur Jer 34.22+ &#8211; brenna Jer 17.27+<br \/>\n<b>37.12<\/b> Arfur Jer 32.8<br \/>\n<b>37.13<\/b> Benjam\u00ednshli\u00f0 Jer 38.7<br \/>\n<b>37.21<\/b> Forgar\u00f0ur var\u00f0li\u00f0sins Jer 32.2+<\/div>\n","protected":false},"excerpt":{"rendered":"<p>1Sedek\u00eda J\u00f3s\u00edason var\u00f0 konungur \u00ed sta\u00f0 Konja J\u00f3jak\u00edmssonar, er Neb\u00fakadresar Babelkonungur haf\u00f0i gj\u00f6rt a\u00f0 konungi \u00ed J\u00fada.2En hvorki hann, n\u00e9 \u00fej\u00f3nar hans, n\u00e9 landsl\u00fd\u00f0urinn hl\u00fdddi or\u00f0um Drottins, \u00feeim er hann tala\u00f0i fyrir munn Jerem\u00eda sp\u00e1manns.3Og Sedek\u00eda konungur sendi J\u00fakal Selemjason og Sefan\u00eda prest Maasejason til Jerem\u00eda sp\u00e1manns me\u00f0 svol\u00e1tandi or\u00f0sending: Bi\u00f0 \u00fe\u00fa fyrir oss til Drottins, Gu\u00f0s vors!4En Jerem\u00eda gekk \u00fe\u00e1 \u00fat og inn me\u00f0al l\u00fd\u00f0sins og \u00feeir h\u00f6f\u00f0u enn ekki sett hann \u00ed d\u00fdflissuna.5Her Fara\u00f3s var og lag\u00f0ur af sta\u00f0 fr\u00e1 Egyptalandi, og er Kaldear, sem s\u00e1tu um Jer\u00fasalem, spur\u00f0u \u00fea\u00f0, h\u00e9ldu \u00feeir burt fr\u00e1 Jer\u00fasalem.6\u00de\u00e1 kom or\u00f0 Drottins <a href=\"https:\/\/biblian.is\/1981\/jeremia-37-kafli\/\"> [&#8230;]<\/a><\/p>\n","protected":false},"author":1,"featured_media":0,"parent":0,"menu_order":0,"comment_status":"open","ping_status":"open","template":"bibliukaflar.php","meta":{"footnotes":""},"class_list":["post-2129","page","type-page","status-publish","hentry"],"_links":{"self":[{"href":"https:\/\/biblian.is\/1981\/wp-json\/wp\/v2\/pages\/2129","targetHints":{"allow":["GET"]}}],"collection":[{"href":"https:\/\/biblian.is\/1981\/wp-json\/wp\/v2\/pages"}],"about":[{"href":"https:\/\/biblian.is\/1981\/wp-json\/wp\/v2\/types\/page"}],"author":[{"embeddable":true,"href":"https:\/\/biblian.is\/1981\/wp-json\/wp\/v2\/users\/1"}],"replies":[{"embeddable":true,"href":"https:\/\/biblian.is\/1981\/wp-json\/wp\/v2\/comments?post=2129"}],"version-history":[{"count":0,"href":"https:\/\/biblian.is\/1981\/wp-json\/wp\/v2\/pages\/2129\/revisions"}],"wp:attachment":[{"href":"https:\/\/biblian.is\/1981\/wp-json\/wp\/v2\/media?parent=2129"}],"curies":[{"name":"wp","href":"https:\/\/api.w.org\/{rel}","templated":true}]}}