{"id":2119,"date":"2017-11-18T20:20:14","date_gmt":"2017-11-18T20:20:14","guid":{"rendered":"http:\/\/biblian.is\/1981\/jeremia-27-kafli\/"},"modified":"2017-11-18T20:20:14","modified_gmt":"2017-11-18T20:20:14","slug":"jeremia-27-kafli","status":"publish","type":"page","link":"https:\/\/biblian.is\/1981\/jeremia-27-kafli\/","title":{"rendered":"Jerem\u00eda 27. kafli"},"content":{"rendered":"<p><a name=\"1\"><span class=\"versanumer\">1<\/span><\/a>\u00cd upphafi r\u00edkisstj\u00f3rnar Sedek\u00eda J\u00f3s\u00edasonar, konungs \u00ed J\u00fada, kom \u00feetta or\u00f0 til Jerem\u00eda fr\u00e1 Drottni:<a name=\"2\"><span class=\"versanumer\">2<\/span><\/a>Svo sag\u00f0i Drottinn vi\u00f0 mig: Gj\u00f6r \u00fe\u00e9r b\u00f6nd og ok og legg um h\u00e1ls \u00fe\u00e9r<a name=\"3\"><span class=\"versanumer\">3<\/span><\/a>og gj\u00f6r konunginum \u00ed Ed\u00f3m og konunginum \u00ed M\u00f3ab og konungi Amm\u00f3n\u00edta og konunginum \u00ed T\u00fdrus og konunginum \u00ed S\u00eddon or\u00f0sending me\u00f0 sendim\u00f6nnunum, sem komnir eru til Jer\u00fasalem til Sedek\u00eda J\u00fadakonungs,<a name=\"4\"><span class=\"versanumer\">4<\/span><\/a>og bj\u00f3\u00f0 \u00feeim a\u00f0 m\u00e6la svo til herra sinna: Svo sag\u00f0i Drottinn allsherjar, \u00cdsraels Gu\u00f0: Svo skulu\u00f0 \u00fe\u00e9r segja vi\u00f0 herra y\u00f0ar:<a name=\"5\"><span class=\"versanumer\">5<\/span><\/a>\u00c9g hefi gj\u00f6rt j\u00f6r\u00f0ina og mennina og skepnurnar, sem \u00e1 j\u00f6r\u00f0inni eru, me\u00f0 m\u00ednum mikla m\u00e6tti og \u00fatr\u00e9tta armlegg, og \u00e9g gef \u00feetta \u00feeim, er m\u00e9r \u00fe\u00f3knast.<a name=\"6\"><span class=\"versanumer\">6<\/span><\/a>Og n\u00fa gef \u00e9g \u00f6ll \u00feessi l\u00f6nd \u00e1 vald Neb\u00fakadnesars Babelkonungs, \u00fej\u00f3ns m\u00edns. Jafnvel d\u00fdr merkurinnar gef \u00e9g honum, til \u00feess a\u00f0 \u00feau \u00fej\u00f3ni honum.<a name=\"7\"><span class=\"versanumer\">7<\/span><\/a>Og allar \u00fej\u00f3\u00f0ir skulu \u00fej\u00f3na honum og syni hans og sonarsyni hans, \u00fear til er einnig t\u00edmi hans lands kemur og voldugar \u00fej\u00f3\u00f0ir og miklir konungar gj\u00f6ra hann a\u00f0 \u00fer\u00e6l s\u00ednum.<a name=\"8\"><span class=\"versanumer\">8<\/span><\/a>Og s\u00fa \u00fej\u00f3\u00f0 og \u00fea\u00f0 konungsr\u00edki, sem ekki vill \u00fej\u00f3na honum, Neb\u00fakadnesar Babelkonungi, og ekki beygja h\u00e1ls sinn undir ok Babelkonungs, \u00feeirrar \u00fej\u00f3\u00f0ar mun \u00e9g vitja me\u00f0 sver\u00f0i, hungri og dreps\u00f3tt segir Drottinn uns \u00e9g hefi gj\u00f6reytt \u00feeim fyrir hans hendi.<a name=\"9\"><span class=\"versanumer\">9<\/span><\/a>Hl\u00fd\u00f0i\u00f0 ekki \u00e1 sp\u00e1menn y\u00f0ar n\u00e9 sp\u00e1sagnarmenn, n\u00e9 drauma y\u00f0ar, n\u00e9 \u00e1 galdramenn y\u00f0ar n\u00e9 t\u00f6framenn, \u00fe\u00e1 er \u00feeir m\u00e6la til y\u00f0ar \u00e1 \u00feessa lei\u00f0: \u00de\u00e9r munu\u00f0 ekki \u00fej\u00f3na Babelkonungi.<a name=\"10\"><span class=\"versanumer\">10<\/span><\/a>\u00dev\u00ed a\u00f0 \u00feeir bo\u00f0a y\u00f0ur lygar til \u00feess a\u00f0 fl\u00e6ma y\u00f0ur \u00far landi y\u00f0ar, svo a\u00f0 \u00e9g reki y\u00f0ur burt og \u00fe\u00e9r farist.<a name=\"11\"><span class=\"versanumer\">11<\/span><\/a>En \u00fe\u00e1 \u00fej\u00f3\u00f0, sem beygir h\u00e1ls sinn undir ok Babelkonungs og \u00fej\u00f3nar honum, hana vil \u00e9g l\u00e1ta vera kyrra \u00ed landi s\u00ednu segir Drottinn til \u00feess a\u00f0 h\u00fan yrki \u00fea\u00f0 og byggi.<a name=\"12\"><span class=\"versanumer\">12<\/span><\/a>Og vi\u00f0 Sedek\u00eda J\u00fadakonung tala\u00f0i \u00e9g \u00f6ldungis \u00e1 sama h\u00e1tt: Sveigi\u00f0 h\u00e1ls y\u00f0ar undir ok Babelkonungs og \u00fej\u00f3ni\u00f0 honum og \u00fej\u00f3\u00f0 hans, \u00fe\u00e1 munu\u00f0 \u00fe\u00e9r l\u00edfi halda.<a name=\"13\"><span class=\"versanumer\">13<\/span><\/a>Hv\u00ed vilji\u00f0 \u00fe\u00e9r, \u00fe\u00fa og \u00fej\u00f3\u00f0 \u00fe\u00edn, deyja fyrir sver\u00f0i, af hungri og dreps\u00f3tt, eins og Drottinn hefir h\u00f3ta\u00f0 \u00feeim \u00fej\u00f3\u00f0um, er eigi vilja \u00fej\u00f3na Babelkonungi?<a name=\"14\"><span class=\"versanumer\">14<\/span><\/a>Hl\u00fd\u00f0i\u00f0 eigi \u00e1 or\u00f0 sp\u00e1mannanna, er segja vi\u00f0 y\u00f0ur: \u00de\u00e9r munu\u00f0 eigi \u00fej\u00f3na Babelkonungi! \u00dev\u00ed a\u00f0 \u00feeir bo\u00f0a y\u00f0ur lygar.<a name=\"15\"><span class=\"versanumer\">15<\/span><\/a>\u00dev\u00ed a\u00f0 \u00e9g hefi ekki sent \u00fe\u00e1 segir Drottinn heldur sp\u00e1 \u00feeir ranglega \u00ed m\u00ednu nafni, til \u00feess a\u00f0 \u00e9g reki y\u00f0ur burt og \u00fe\u00e9r farist, \u00e1samt sp\u00e1m\u00f6nnunum, er y\u00f0ur hafa sp\u00e1\u00f0.<a name=\"16\"><span class=\"versanumer\">16<\/span><\/a>Vi\u00f0 prestana og allan \u00feennan l\u00fd\u00f0 hefi \u00e9g og tala\u00f0 \u00e1 \u00feessa lei\u00f0: Svo segir Drottinn: Hl\u00fd\u00f0i\u00f0 eigi \u00e1 or\u00f0 sp\u00e1manna y\u00f0ar, er sp\u00e1 y\u00f0ur og segja: Sj\u00e1, \u00e1h\u00f6ldin \u00far musteri Drottins munu br\u00e1\u00f0lega ver\u00f0a flutt heim aftur fr\u00e1 Bab\u00fdlon! \u00fev\u00ed a\u00f0 \u00feeir bo\u00f0a y\u00f0ur lygar.<a name=\"17\"><span class=\"versanumer\">17<\/span><\/a>Hl\u00fd\u00f0i\u00f0 eigi \u00e1 \u00fe\u00e1. \u00dej\u00f3ni\u00f0 heldur Babelkonungi, \u00fe\u00e1 munu\u00f0 \u00fe\u00e9r l\u00edfi halda! Hv\u00ed \u00e1 \u00feessi borg a\u00f0 ver\u00f0a a\u00f0 r\u00fast?<a name=\"18\"><span class=\"versanumer\">18<\/span><\/a>En s\u00e9u \u00feeir sp\u00e1menn og s\u00e9 or\u00f0 Drottins hj\u00e1 \u00feeim, \u00fe\u00e1 bi\u00f0ja \u00feeir Drottin allsherjar, a\u00f0 \u00e1h\u00f6ld \u00feau, sem enn eru eftir \u00ed musteri Drottins og \u00ed h\u00f6ll J\u00fadakonungs og \u00ed Jer\u00fasalem, fari eigi l\u00edka til Bab\u00fdlon.<a name=\"19\"><span class=\"versanumer\">19<\/span><\/a>\u00dev\u00ed a\u00f0 svo segir Drottinn allsherjar um s\u00falurnar, um hafi\u00f0 og um undirst\u00f6\u00f0upallana og um hin \u00f6nnur \u00e1h\u00f6ld, sem eftir eru \u00ed \u00feessari borg,<a name=\"20\"><span class=\"versanumer\">20<\/span><\/a>\u00feau er Neb\u00fakadnesar Babelkonungur ekki t\u00f3k, \u00fe\u00e1 er hann herleiddi Jekonja J\u00f3jak\u00edmsson, J\u00fadakonung, fr\u00e1 Jer\u00fasalem til Bab\u00fdlon, \u00e1samt \u00f6llum tignarm\u00f6nnum J\u00fada og Jer\u00fasalem,<a name=\"21\"><span class=\"versanumer\">21<\/span><\/a>j\u00e1, svo segir Drottinn allsherjar, \u00cdsraels Gu\u00f0, um \u00e1h\u00f6ldin, sem eftir eru \u00ed musteri Drottins og h\u00f6ll J\u00fadakonungs og \u00ed Jer\u00fasalem:<a name=\"22\"><span class=\"versanumer\">22<\/span><\/a>Til Bab\u00fdlon skulu \u00feau flutt ver\u00f0a og \u00fear skulu \u00feau vera, allt til \u00feess dags, er \u00e9g vitja \u00feeirra segir Drottinn og s\u00e6ki \u00feau og flyt \u00feau aftur \u00e1 \u00feennan sta\u00f0.<\/p>\n<div class=\"footnote1981\"><b>27.1<\/b> J\u00f3jak\u00edm Jer 1.3+<br \/>\n<b>27.2<\/b> Sp\u00e1mannlegar athafnir Jer 13.1+ ; sbr Jes 20.3<br \/>\n<b>27.5<\/b> Gu\u00f0 skapari Jer 10.12; Jes 44.24+ ; Slm 33.9 \u2013 me\u00f0 m\u00e6tti Jer 21.5+ &#8211; \u00e9g gef Dan 4.14<br \/>\n<b>27.6<\/b> \u00dej\u00f3nn minn Jer 25.9+<br \/>\n<b>27.7<\/b> Honum, syni og sonarsynir sbr Jer 25.11; 29.10 \u2013 t\u00edmi yfir landi\u00f0 Jer 25.26<br \/>\n<b>27.8<\/b> Vilji ekki \u00fej\u00f3na Bar 2.22 \u2013 Neb\u00fakadnesar Jer 21.2+ &#8211; ok konungsins \u00ed Bab\u00fdlom Jer 27.11,12; 28.2,11 \u2013 sver\u00f0, hungur, dreps\u00f3tt Jer 14.12+ &#8211; \u00fatr\u00fdma Jer 24.10<br \/>\n<b>27.9<\/b> Sp\u00e1 heill Jer 23.17+<br \/>\n<b>27.10<\/b> Bo\u00f0a lygar Jer 14.14+ ; Esk 13.2-23<br \/>\n<b>27.11<\/b> B\u00faa \u00ed landinu Jer 42.12<br \/>\n<b>27.15<\/b> Ekki \u00ed m\u00ednu nafni Jer 14.14+<br \/>\n<b>27.18<\/b> Fyrirb\u00f3n sp\u00e1manna Jer 7.16+<br \/>\n<b>27.22<\/b> Musteri\u00f0 r\u00e6nt Jer 28.3; 52.18; 2Kon 25.13-15 \u2013 \u00ed m\u00edna v\u00f6rslu Jer 29.10; 32.5; sbr 23.2 \u2013 flyt aftur Esr 1.7-11<\/div>\n","protected":false},"excerpt":{"rendered":"<p>1\u00cd upphafi r\u00edkisstj\u00f3rnar Sedek\u00eda J\u00f3s\u00edasonar, konungs \u00ed J\u00fada, kom \u00feetta or\u00f0 til Jerem\u00eda fr\u00e1 Drottni:2Svo sag\u00f0i Drottinn vi\u00f0 mig: Gj\u00f6r \u00fe\u00e9r b\u00f6nd og ok og legg um h\u00e1ls \u00fe\u00e9r3og gj\u00f6r konunginum \u00ed Ed\u00f3m og konunginum \u00ed M\u00f3ab og konungi Amm\u00f3n\u00edta og konunginum \u00ed T\u00fdrus og konunginum \u00ed S\u00eddon or\u00f0sending me\u00f0 sendim\u00f6nnunum, sem komnir eru til Jer\u00fasalem til Sedek\u00eda J\u00fadakonungs,4og bj\u00f3\u00f0 \u00feeim a\u00f0 m\u00e6la svo til herra sinna: Svo sag\u00f0i Drottinn allsherjar, \u00cdsraels Gu\u00f0: Svo skulu\u00f0 \u00fe\u00e9r segja vi\u00f0 herra y\u00f0ar:5\u00c9g hefi gj\u00f6rt j\u00f6r\u00f0ina og mennina og skepnurnar, sem \u00e1 j\u00f6r\u00f0inni eru, me\u00f0 m\u00ednum mikla m\u00e6tti og \u00fatr\u00e9tta armlegg, og \u00e9g <a href=\"https:\/\/biblian.is\/1981\/jeremia-27-kafli\/\"> [&#8230;]<\/a><\/p>\n","protected":false},"author":1,"featured_media":0,"parent":0,"menu_order":0,"comment_status":"open","ping_status":"open","template":"bibliukaflar.php","meta":{"footnotes":""},"class_list":["post-2119","page","type-page","status-publish","hentry"],"_links":{"self":[{"href":"https:\/\/biblian.is\/1981\/wp-json\/wp\/v2\/pages\/2119","targetHints":{"allow":["GET"]}}],"collection":[{"href":"https:\/\/biblian.is\/1981\/wp-json\/wp\/v2\/pages"}],"about":[{"href":"https:\/\/biblian.is\/1981\/wp-json\/wp\/v2\/types\/page"}],"author":[{"embeddable":true,"href":"https:\/\/biblian.is\/1981\/wp-json\/wp\/v2\/users\/1"}],"replies":[{"embeddable":true,"href":"https:\/\/biblian.is\/1981\/wp-json\/wp\/v2\/comments?post=2119"}],"version-history":[{"count":0,"href":"https:\/\/biblian.is\/1981\/wp-json\/wp\/v2\/pages\/2119\/revisions"}],"wp:attachment":[{"href":"https:\/\/biblian.is\/1981\/wp-json\/wp\/v2\/media?parent=2119"}],"curies":[{"name":"wp","href":"https:\/\/api.w.org\/{rel}","templated":true}]}}