{"id":2025,"date":"2017-11-18T20:19:44","date_gmt":"2017-11-18T20:19:44","guid":{"rendered":"http:\/\/biblian.is\/1981\/ljodaljodin-7-kafli\/"},"modified":"2017-11-18T20:19:44","modified_gmt":"2017-11-18T20:19:44","slug":"ljodaljodin-7-kafli","status":"publish","type":"page","link":"https:\/\/biblian.is\/1981\/ljodaljodin-7-kafli\/","title":{"rendered":"Lj\u00f3\u00f0alj\u00f3\u00f0in 7. kafli"},"content":{"rendered":"<p><a name=\"1\"><span class=\"versanumer\">1<\/span><\/a>Hversu fagrir eru f\u00e6tur \u00fe\u00ednir \u00ed ilsk\u00f3num, \u00fe\u00fa h\u00f6f\u00f0ingjad\u00f3ttir! \u00c1vali mja\u00f0ma \u00feinna er eins og h\u00e1lsmen, handaverk listasmi\u00f0s,<a name=\"2\"><span class=\"versanumer\">2<\/span><\/a>skaut \u00feitt kringl\u00f3tt sk\u00e1l, er eigi m\u00e1 skorta v\u00ednbl\u00f6nduna, kvi\u00f0ur \u00feinn hveitibingur, kringsettur liljum,<a name=\"3\"><span class=\"versanumer\">3<\/span><\/a>brj\u00f3st \u00fe\u00edn eins og tveir r\u00e1d\u00fdrsk\u00e1lfar, sk\u00f3ggeitar-tv\u00edburar.<a name=\"4\"><span class=\"versanumer\">4<\/span><\/a>H\u00e1ls \u00feinn er eins og f\u00edlabeinsturn, augu \u00fe\u00edn sem tjarnir hj\u00e1 Hesbon, vi\u00f0 hli\u00f0 Batrabb\u00edm, nef \u00feitt eins og L\u00edbanonsturninn, sem veit a\u00f0 Damaskus.<a name=\"5\"><span class=\"versanumer\">5<\/span><\/a>H\u00f6fu\u00f0i\u00f0 \u00e1 \u00fe\u00e9r er eins og Karmel og h\u00f6fu\u00f0h\u00e1r \u00feitt sem purpuri, konungurinn er fj\u00f6tra\u00f0ur af lokkunum.<a name=\"6\"><span class=\"versanumer\">6<\/span><\/a>Hversu f\u00f6gur ertu og hversu yndisleg ertu, \u00e1stin m\u00edn, \u00ed yndisnautnunum.<a name=\"7\"><span class=\"versanumer\">7<\/span><\/a>V\u00f6xtur \u00feinn l\u00edkist p\u00e1lmavi\u00f0 og brj\u00f3st \u00fe\u00edn v\u00ednberjum.<a name=\"8\"><span class=\"versanumer\">8<\/span><\/a>\u00c9g hugsa: \u00c9g ver\u00f0 a\u00f0 fara upp \u00ed p\u00e1lmann, gr\u00edpa \u00ed greinar hans. \u00d3, a\u00f0 brj\u00f3st \u00fe\u00edn m\u00e6ttu l\u00edkjast berjum v\u00ednvi\u00f0arins og ilmurinn \u00far nefi \u00fe\u00ednu eplum,<a name=\"9\"><span class=\"versanumer\">9<\/span><\/a>og g\u00f3mur \u00feinn g\u00f3\u00f0u v\u00edni,  Br\u00fa\u00f0urin  sem unnusta m\u00ednum rennur li\u00f0ugt ni\u00f0ur, l\u00ed\u00f0andi yfir varir og tennur.<a name=\"10\"><span class=\"versanumer\">10<\/span><\/a>\u00c9g heyri unnusta m\u00ednum, og til m\u00edn er l\u00f6ngun hans.<a name=\"11\"><span class=\"versanumer\">11<\/span><\/a>Kom, unnusti minn, vi\u00f0 skulum fara \u00fat \u00e1 v\u00ed\u00f0an vang, hafast vi\u00f0 me\u00f0al kypurbl\u00f3manna.<a name=\"12\"><span class=\"versanumer\">12<\/span><\/a>Vi\u00f0 skulum fara snemma upp \u00ed v\u00edngar\u00f0ana, sj\u00e1, hvort v\u00ednvi\u00f0urinn er farinn a\u00f0 bruma, hvort bl\u00f3min eru farin a\u00f0 lj\u00fakast upp, hvort granateplatr\u00e9n eru farin a\u00f0 bl\u00f3mgast. \u00dear vil \u00e9g gefa \u00fe\u00e9r \u00e1st m\u00edna.<a name=\"13\"><span class=\"versanumer\">13<\/span><\/a>\u00c1stareplin anga og yfir dyrum okkar eru alls konar d\u00fdrir \u00e1vextir, n\u00fdir og gamlir, unnusti minn, \u00e9g hefi geymt \u00fe\u00e9r \u00fe\u00e1.<\/p>\n<div class=\"footnote1981\"><b>7.1-10<\/b> Unnustinni lofsungi\u00f0 Ljl 4.1-14+<br \/>\n<b>7.4<\/b> Brj\u00f3st \u00fe\u00edn Ljl 4.5+<br \/>\n<b>7.5<\/b> H\u00e1ls Ljl 1.10+ &#8211; turn Ljl 4.4 \u2013 Hesbon 4M\u00f3s 21.27; Jes 15.4 \u2013 L\u00edbanon Ljl 4.8<br \/>\n<b>7.6<\/b> Karmel Jes 35.2 \u2013 konungur Ljl 1.4+<br \/>\n<b>7.7<\/b> F\u00f6gur Ljl 1.15+ &#8211; vina m\u00edn Ljl 2.7<br \/>\n<b>7.8<\/b> P\u00e1lmavi\u00f0ur (Tamar) 1M\u00f3s 38.6; 2Sam 13.1; 14.27<br \/>\n<b>7.9<\/b> Epli Ljl 2.5<br \/>\n<b>7.10<\/b> G\u00f3mur Ljl 2.3 \u2013 v\u00edn Ljl 1.2+<br \/>\n<b>7.11<\/b> \u00c9g er hans Ljl 2.16+<br \/>\n<b>7.12<\/b> Komdu Ljl 2.10,13; sbr Opb 22.17<br \/>\n<b>7.13<\/b> Sj\u00e1um hvort &#8230; Ljl 6.11 \u2013 \u00e1st m\u00edn Ljl 1.2<br \/>\n<b>7.14<\/b> D\u00fdrir \u00e1vextir Ljl 4.13,16 \u2013 n\u00fdt\u00edndir og geymdir 3M\u00f3s 26.10<\/div>\n","protected":false},"excerpt":{"rendered":"<p>1Hversu fagrir eru f\u00e6tur \u00fe\u00ednir \u00ed ilsk\u00f3num, \u00fe\u00fa h\u00f6f\u00f0ingjad\u00f3ttir! \u00c1vali mja\u00f0ma \u00feinna er eins og h\u00e1lsmen, handaverk listasmi\u00f0s,2skaut \u00feitt kringl\u00f3tt sk\u00e1l, er eigi m\u00e1 skorta v\u00ednbl\u00f6nduna, kvi\u00f0ur \u00feinn hveitibingur, kringsettur liljum,3brj\u00f3st \u00fe\u00edn eins og tveir r\u00e1d\u00fdrsk\u00e1lfar, sk\u00f3ggeitar-tv\u00edburar.4H\u00e1ls \u00feinn er eins og f\u00edlabeinsturn, augu \u00fe\u00edn sem tjarnir hj\u00e1 Hesbon, vi\u00f0 hli\u00f0 Batrabb\u00edm, nef \u00feitt eins og L\u00edbanonsturninn, sem veit a\u00f0 Damaskus.5H\u00f6fu\u00f0i\u00f0 \u00e1 \u00fe\u00e9r er eins og Karmel og h\u00f6fu\u00f0h\u00e1r \u00feitt sem purpuri, konungurinn er fj\u00f6tra\u00f0ur af lokkunum.6Hversu f\u00f6gur ertu og hversu yndisleg ertu, \u00e1stin m\u00edn, \u00ed yndisnautnunum.7V\u00f6xtur \u00feinn l\u00edkist p\u00e1lmavi\u00f0 og brj\u00f3st \u00fe\u00edn v\u00ednberjum.8\u00c9g hugsa: \u00c9g ver\u00f0 a\u00f0 fara upp \u00ed <a href=\"https:\/\/biblian.is\/1981\/ljodaljodin-7-kafli\/\"> [&#8230;]<\/a><\/p>\n","protected":false},"author":1,"featured_media":0,"parent":0,"menu_order":0,"comment_status":"open","ping_status":"open","template":"bibliukaflar.php","meta":{"footnotes":""},"class_list":["post-2025","page","type-page","status-publish","hentry"],"_links":{"self":[{"href":"https:\/\/biblian.is\/1981\/wp-json\/wp\/v2\/pages\/2025","targetHints":{"allow":["GET"]}}],"collection":[{"href":"https:\/\/biblian.is\/1981\/wp-json\/wp\/v2\/pages"}],"about":[{"href":"https:\/\/biblian.is\/1981\/wp-json\/wp\/v2\/types\/page"}],"author":[{"embeddable":true,"href":"https:\/\/biblian.is\/1981\/wp-json\/wp\/v2\/users\/1"}],"replies":[{"embeddable":true,"href":"https:\/\/biblian.is\/1981\/wp-json\/wp\/v2\/comments?post=2025"}],"version-history":[{"count":0,"href":"https:\/\/biblian.is\/1981\/wp-json\/wp\/v2\/pages\/2025\/revisions"}],"wp:attachment":[{"href":"https:\/\/biblian.is\/1981\/wp-json\/wp\/v2\/media?parent=2025"}],"curies":[{"name":"wp","href":"https:\/\/api.w.org\/{rel}","templated":true}]}}