{"id":1910,"date":"2017-11-18T20:19:15","date_gmt":"2017-11-18T20:19:15","guid":{"rendered":"http:\/\/biblian.is\/1981\/salmarnir-85-kafli\/"},"modified":"2021-06-06T11:10:04","modified_gmt":"2021-06-06T11:10:04","slug":"salmarnir-85-kafli","status":"publish","type":"page","link":"https:\/\/biblian.is\/1981\/salmarnir-85-kafli\/","title":{"rendered":"S\u00e1lmarnir 85. kafli"},"content":{"rendered":"<p><a name=\"1\"><span class=\"versanumer\">1<\/span><\/a>Til s\u00f6ngstj\u00f3rans. K\u00f3ra\u00edta-s\u00e1lmur.<a name=\"2\"><span class=\"versanumer\">2<\/span><\/a>\u00de\u00fa hefir haft \u00fe\u00f3knun \u00e1 landi \u00fe\u00ednu, Drottinn, sn\u00fai\u00f0 vi\u00f0 hag Jakobs,<a name=\"3\"><span class=\"versanumer\">3<\/span><\/a>\u00fe\u00fa hefir fyrirgefi\u00f0 misgj\u00f6r\u00f0 l\u00fd\u00f0s \u00fe\u00edns, huli\u00f0 allar syndir \u00feeirra.  Sela<a name=\"4\"><span class=\"versanumer\">4<\/span><\/a>\u00de\u00fa hefir dregi\u00f0 a\u00f0 \u00fe\u00e9r alla br\u00e6\u00f0i \u00fe\u00edna, l\u00e1ti\u00f0 af heiftarrei\u00f0i \u00feinni.<a name=\"5\"><span class=\"versanumer\">5<\/span><\/a>Sn\u00fa \u00fe\u00e9r til vor aftur, \u00fe\u00fa Gu\u00f0 hj\u00e1lpr\u00e6\u00f0is vors, og l\u00e1t af gremju \u00feinni \u00ed gegn oss.<a name=\"6\"><span class=\"versanumer\">6<\/span><\/a>\u00c6tlar \u00fe\u00fa a\u00f0 vera oss rei\u00f0ur um eil\u00edf\u00f0, l\u00e1ta rei\u00f0i \u00fe\u00edna haldast vi\u00f0 fr\u00e1 kyni til kyns?<a name=\"7\"><span class=\"versanumer\">7<\/span><\/a>Vilt \u00fe\u00fa eigi l\u00e1ta oss lifna vi\u00f0 aftur, svo a\u00f0 l\u00fd\u00f0ur \u00feinn megi gle\u00f0jast yfir \u00fe\u00e9r?<a name=\"8\"><span class=\"versanumer\">8<\/span><\/a>L\u00e1t oss, Drottinn, sj\u00e1 miskunn \u00fe\u00edna og veit oss hj\u00e1lpr\u00e6\u00f0i \u00feitt!<a name=\"9\"><span class=\"versanumer\">9<\/span><\/a>\u00c9g vil hl\u00fd\u00f0a \u00e1 \u00fea\u00f0 sem Gu\u00f0 Drottinn talar. Hann talar fri\u00f0 til l\u00fd\u00f0s s\u00edns og til d\u00fdrkenda sinna og til \u00feeirra, er sn\u00faa hjarta s\u00ednu til hans.<a name=\"10\"><span class=\"versanumer\">10<\/span><\/a>J\u00e1, hj\u00e1lp hans er n\u00e1l\u00e6g \u00feeim er \u00f3ttast hann, og vegsemdir munu b\u00faa \u00ed landi voru.<a name=\"11\"><span class=\"versanumer\">11<\/span><\/a>Elska og tr\u00fafesti m\u00e6tast, r\u00e9ttl\u00e6ti og fri\u00f0ur kyssast.<a name=\"12\"><span class=\"versanumer\">12<\/span><\/a>Tr\u00fafesti sprettur upp \u00far j\u00f6r\u00f0unni, og r\u00e9ttl\u00e6ti l\u00edtur ni\u00f0ur af himni.<a name=\"13\"><span class=\"versanumer\">13<\/span><\/a>\u00de\u00e1 gefur og Drottinn g\u00e6\u00f0i, og land vort veitir afur\u00f0ir s\u00ednar.<a name=\"14\"><span class=\"versanumer\">14<\/span><\/a>R\u00e9ttl\u00e6ti fer fyrir honum, og fri\u00f0ur fylgir skrefum hans.<\/p>\n<div class=\"footnote1981\"><b>85.2<\/b> Sn\u00fai\u00f0 vi\u00f0 hag Jabobs Slm 14.7; sbr Slm 126<br \/>\n<b>85.3<\/b> Fyrirgefi\u00f0 misgj\u00f6r\u00f0 Slm 32.5<br \/>\n<b>85.4<\/b> Gl\u00f3andi heift Slm 78.38; 2M\u00f3s 32.14; Jes 48.9; Esk 20.21-22; H\u00f3s 11.9<br \/>\n<b>85.5<\/b> R\u00e9tt oss vi\u00f0 Slm 80.4; Jer 31.18 \u2013 frelsari vor Jes 43.3+<br \/>\n<b>85.6<\/b> Rei\u00f0ur um aldur og \u00e6vi? Slm 79.5<br \/>\n<b>85.9<\/b> Hl\u00fd\u00f0a \u00e1 tal Drottins Hab 2.1; Heb 2.1 \u2013 fri\u00f0ur Jes 57.19; Slm 125.5; 128.6; L\u00fak 2.14<br \/>\n<b>85.10<\/b> Hj\u00e1lp hans er n\u00e1l\u00e6g Jes 51.5 \u2013 \u00f3ttast hann Slm 15.4+<br \/>\n<b>85.11<\/b> Elska og tr\u00fafesti Slm 89.15; sbr 97.2; Ef 4.15<br \/>\n<b>85.12<\/b> Tr\u00fafesti sprettur upp Jes 45.8<br \/>\n<b>85.13<\/b> G\u00e6\u00f0i og afur\u00f0ir Slm 67.7; Sak 8.12<br \/>\n<b>85.14<\/b> R\u00e9ttl\u00e6ti Jes 58.8<\/div>\n","protected":false},"excerpt":{"rendered":"<p>1Til s\u00f6ngstj\u00f3rans. K\u00f3ra\u00edta-s\u00e1lmur.2\u00de\u00fa hefir haft \u00fe\u00f3knun \u00e1 landi \u00fe\u00ednu, Drottinn, sn\u00fai\u00f0 vi\u00f0 hag Jakobs,3\u00fe\u00fa hefir fyrirgefi\u00f0 misgj\u00f6r\u00f0 l\u00fd\u00f0s \u00fe\u00edns, huli\u00f0 allar syndir \u00feeirra. Sela4\u00de\u00fa hefir dregi\u00f0 a\u00f0 \u00fe\u00e9r alla br\u00e6\u00f0i \u00fe\u00edna, l\u00e1ti\u00f0 af heiftarrei\u00f0i \u00feinni.5Sn\u00fa \u00fe\u00e9r til vor aftur, \u00fe\u00fa Gu\u00f0 hj\u00e1lpr\u00e6\u00f0is vors, og l\u00e1t af gremju \u00feinni \u00ed gegn oss.6\u00c6tlar \u00fe\u00fa a\u00f0 vera oss rei\u00f0ur um eil\u00edf\u00f0, l\u00e1ta rei\u00f0i \u00fe\u00edna haldast vi\u00f0 fr\u00e1 kyni til kyns?7Vilt \u00fe\u00fa eigi l\u00e1ta oss lifna vi\u00f0 aftur, svo a\u00f0 l\u00fd\u00f0ur \u00feinn megi gle\u00f0jast yfir \u00fe\u00e9r?8L\u00e1t oss, Drottinn, sj\u00e1 miskunn \u00fe\u00edna og veit oss hj\u00e1lpr\u00e6\u00f0i \u00feitt!9\u00c9g vil hl\u00fd\u00f0a \u00e1 \u00fea\u00f0 sem Gu\u00f0 Drottinn talar. <a href=\"https:\/\/biblian.is\/1981\/salmarnir-85-kafli\/\"> [&#8230;]<\/a><\/p>\n","protected":false},"author":1,"featured_media":0,"parent":0,"menu_order":0,"comment_status":"open","ping_status":"open","template":"bibliukaflar.php","meta":{"footnotes":""},"class_list":["post-1910","page","type-page","status-publish","hentry"],"_links":{"self":[{"href":"https:\/\/biblian.is\/1981\/wp-json\/wp\/v2\/pages\/1910","targetHints":{"allow":["GET"]}}],"collection":[{"href":"https:\/\/biblian.is\/1981\/wp-json\/wp\/v2\/pages"}],"about":[{"href":"https:\/\/biblian.is\/1981\/wp-json\/wp\/v2\/types\/page"}],"author":[{"embeddable":true,"href":"https:\/\/biblian.is\/1981\/wp-json\/wp\/v2\/users\/1"}],"replies":[{"embeddable":true,"href":"https:\/\/biblian.is\/1981\/wp-json\/wp\/v2\/comments?post=1910"}],"version-history":[{"count":0,"href":"https:\/\/biblian.is\/1981\/wp-json\/wp\/v2\/pages\/1910\/revisions"}],"wp:attachment":[{"href":"https:\/\/biblian.is\/1981\/wp-json\/wp\/v2\/media?parent=1910"}],"curies":[{"name":"wp","href":"https:\/\/api.w.org\/{rel}","templated":true}]}}