{"id":1680,"date":"2017-11-18T20:18:13","date_gmt":"2017-11-18T20:18:13","guid":{"rendered":"http:\/\/biblian.is\/1981\/sidari-konungabok-21-kafli\/"},"modified":"2021-06-06T11:10:23","modified_gmt":"2021-06-06T11:10:23","slug":"sidari-konungabok-21-kafli","status":"publish","type":"page","link":"https:\/\/biblian.is\/1981\/sidari-konungabok-21-kafli\/","title":{"rendered":"S\u00ed\u00f0ari konungab\u00f3k 21. kafli"},"content":{"rendered":"<p><a name=\"1\"><span class=\"versanumer\">1<\/span><\/a>Manasse var t\u00f3lf \u00e1ra gamall, \u00fe\u00e1 er hann var\u00f0 konungur, og fimmt\u00edu og fimm \u00e1r r\u00edkti hann \u00ed Jer\u00fasalem. M\u00f3\u00f0ir hans h\u00e9t Hefs\u00edba.<a name=\"2\"><span class=\"versanumer\">2<\/span><\/a>Hann gj\u00f6r\u00f0i \u00fea\u00f0, sem illt var \u00ed augum Drottins, og dr\u00fdg\u00f0i \u00feannig s\u00f6mu sv\u00edvir\u00f0ingarnar sem \u00fe\u00e6r \u00fej\u00f3\u00f0ir, er Drottinn haf\u00f0i st\u00f6kkt burt undan \u00cdsraelsm\u00f6nnum.<a name=\"3\"><span class=\"versanumer\">3<\/span><\/a>Hann bygg\u00f0i a\u00f0 n\u00fdju f\u00f3rnarh\u00e6\u00f0irnar, er Hisk\u00eda fa\u00f0ir hans haf\u00f0i afm\u00e1\u00f0, reisti Baal \u00f6lturu og l\u00e9t gj\u00f6ra as\u00e9ru, eins og Akab \u00cdsraelskonungur haf\u00f0i gj\u00f6ra l\u00e1ti\u00f0, d\u00fdrka\u00f0i allan himinsins her og \u00fej\u00f3na\u00f0i \u00feeim.<a name=\"4\"><span class=\"versanumer\">4<\/span><\/a>Hann reisti og \u00f6lturu \u00ed musteri Drottins, \u00fev\u00ed er Drottinn haf\u00f0i um sagt: \u00cd Jer\u00fasalem vil \u00e9g l\u00e1ta nafn mitt b\u00faa.<a name=\"5\"><span class=\"versanumer\">5<\/span><\/a>Og hann reisti \u00f6lturu fyrir allan himinsins her \u00ed b\u00e1\u00f0um forg\u00f6r\u00f0um musteris Drottins.<a name=\"6\"><span class=\"versanumer\">6<\/span><\/a>Hann l\u00e9t og son sinn ganga gegnum eldinn, f\u00f3r me\u00f0 sp\u00e1r og fj\u00f6lkynngi og skipa\u00f0i s\u00e6ringamenn og sp\u00e1sagna. Hann a\u00f0haf\u00f0ist margt \u00fea\u00f0, sem illt er \u00ed augum Drottins, og egndi hann til rei\u00f0i.<a name=\"7\"><span class=\"versanumer\">7<\/span><\/a>Hann setti as\u00e9rul\u00edkneski\u00f0, er hann haf\u00f0i gj\u00f6ra l\u00e1ti\u00f0, \u00ed musteri\u00f0, er Drottinn haf\u00f0i sagt um vi\u00f0 Dav\u00ed\u00f0 og Sal\u00f3mon, son hans: \u00cd \u00feessu h\u00fasi og \u00ed Jer\u00fasalem, sem \u00e9g hefi \u00fatvali\u00f0 af \u00f6llum \u00e6ttkv\u00edslum \u00cdsraels, vil \u00e9g l\u00e1ta nafn mitt b\u00faa a\u00f0 eil\u00edfu.<a name=\"8\"><span class=\"versanumer\">8<\/span><\/a>Og \u00e9g vil eigi framar l\u00e1ta \u00cdsrael fara landfl\u00f3tta \u00far landi \u00fev\u00ed, er \u00e9g gaf fe\u00f0rum \u00feeirra, svo framarlega sem \u00feeir g\u00e6ta \u00feess a\u00f0 breyta a\u00f0 \u00f6llu svo sem \u00e9g hefi bo\u00f0i\u00f0 \u00feeim, a\u00f0 \u00f6llu eftir l\u00f6gm\u00e1li \u00fev\u00ed, er M\u00f3se \u00fej\u00f3nn minn fyrir \u00fe\u00e1 lag\u00f0i.<a name=\"9\"><span class=\"versanumer\">9<\/span><\/a>En \u00feeir hl\u00fdddu eigi, og Manasse leiddi \u00fe\u00e1 afvega, svo a\u00f0 \u00feeir breyttu verr en \u00fe\u00e6r \u00fej\u00f3\u00f0ir, er Drottinn haf\u00f0i eytt fyrir \u00cdsraelsm\u00f6nnum.<a name=\"10\"><span class=\"versanumer\">10<\/span><\/a>\u00de\u00e1 tala\u00f0i Drottinn fyrir munn \u00fej\u00f3na sinna, sp\u00e1mannanna, \u00e1 \u00feessa lei\u00f0:<a name=\"11\"><span class=\"versanumer\">11<\/span><\/a>Sakir \u00feess a\u00f0 Manasse J\u00fadakonungur hefir dr\u00fdgt \u00feessar sv\u00edvir\u00f0ingar, sem verri eru en allt \u00fea\u00f0, sem Amor\u00edtar a\u00f0h\u00f6f\u00f0ust, \u00feeir er \u00e1 undan honum voru, og einnig komi\u00f0 J\u00fada til a\u00f0 syndga me\u00f0 skur\u00f0go\u00f0um s\u00ednum<a name=\"12\"><span class=\"versanumer\">12<\/span><\/a>fyrir \u00fev\u00ed m\u00e6lir Drottinn, \u00cdsraels Gu\u00f0, svo: \u00c9g mun lei\u00f0a \u00f3g\u00e6fu yfir Jer\u00fasalem og J\u00fada, svo a\u00f0 \u00f3ma mun fyrir b\u00e1\u00f0um eyrum allra \u00feeirra, er \u00fea\u00f0 heyra.<a name=\"13\"><span class=\"versanumer\">13<\/span><\/a>\u00c9g mun draga m\u00e6liva\u00f0 yfir Jer\u00fasalem, eins og fyrrum yfir Samar\u00edu, og m\u00e6lil\u00f3\u00f0, eins og yfir Akabs\u00e6tt, og \u00feurrka Jer\u00fasalem burt, eins og \u00feegar \u00feurrka\u00f0 er af sk\u00e1l og sk\u00e1linni s\u00ed\u00f0an hvolft, \u00feegar \u00feurrka\u00f0 hefir veri\u00f0 af henni.<a name=\"14\"><span class=\"versanumer\">14<\/span><\/a>Og \u00e9g mun \u00fatsk\u00fafa leifum arfleif\u00f0ar minnar og gefa \u00fe\u00e1 \u00ed hendur \u00f3vinum \u00feeirra, svo a\u00f0 \u00feeir ver\u00f0i \u00f6llum \u00f3vinum s\u00ednum a\u00f0 br\u00e1\u00f0 og herfangi,<a name=\"15\"><span class=\"versanumer\">15<\/span><\/a>vegna \u00feess a\u00f0 \u00feeir hafa gj\u00f6rt \u00fea\u00f0, sem illt er \u00ed augum m\u00ednum, og egnt mig til rei\u00f0i fr\u00e1 \u00feeim degi, er fe\u00f0ur \u00feeirra f\u00f3ru burt af Egyptalandi, allt fram \u00e1 \u00feennan dag.<a name=\"16\"><span class=\"versanumer\">16<\/span><\/a>Manasse \u00fathellti og mj\u00f6g miklu saklausu bl\u00f3\u00f0i, \u00fear til er hann haf\u00f0i fyllt Jer\u00fasalem me\u00f0 \u00fev\u00ed enda \u00e1 milli, auk \u00feeirrar syndar sinnar, a\u00f0 hann kom J\u00fada til a\u00f0 gj\u00f6ra \u00fea\u00f0 sem illt var \u00ed augum Drottins.<a name=\"17\"><span class=\"versanumer\">17<\/span><\/a>\u00dea\u00f0 sem meira er a\u00f0 segja um Manasse og allt, sem hann gj\u00f6r\u00f0i, og synd hans, \u00fe\u00e1 er hann dr\u00fdg\u00f0i, \u00fea\u00f0 er rita\u00f0 \u00ed \u00c1rb\u00f3kum J\u00fadakonunga.<a name=\"18\"><span class=\"versanumer\">18<\/span><\/a>Og Manasse lag\u00f0ist til hv\u00edldar hj\u00e1 fe\u00f0rum s\u00ednum og var grafinn \u00ed gr\u00f6f sinni \u00ed gar\u00f0i \u00dassa. Og Am\u00f3n sonur hans t\u00f3k r\u00edki eftir hann.<a name=\"19\"><span class=\"versanumer\">19<\/span><\/a>Am\u00f3n haf\u00f0i tvo um tv\u00edtugt, \u00fe\u00e1 er hann var\u00f0 konungur, og tv\u00f6 \u00e1r r\u00edkti hann \u00ed Jer\u00fasalem. M\u00f3\u00f0ir hans h\u00e9t Mes\u00fallemet Har\u00fasd\u00f3ttir og var fr\u00e1 Jotba.<a name=\"20\"><span class=\"versanumer\">20<\/span><\/a>Hann gj\u00f6r\u00f0i \u00fea\u00f0, sem illt var \u00ed augum Drottins, svo sem gj\u00f6rt haf\u00f0i Manasse fa\u00f0ir hans,<a name=\"21\"><span class=\"versanumer\">21<\/span><\/a>og feta\u00f0i algj\u00f6rlega \u00ed f\u00f3tspor f\u00f6\u00f0ur s\u00edns og \u00fej\u00f3na\u00f0i skur\u00f0go\u00f0unum, sem fa\u00f0ir hans haf\u00f0i \u00fej\u00f3na\u00f0, og f\u00e9ll fram fyrir \u00feeim.<a name=\"22\"><span class=\"versanumer\">22<\/span><\/a>Hann yfirgaf Drottin, Gu\u00f0 fe\u00f0ra sinna, og gekk eigi \u00e1 vegum hans.<a name=\"23\"><span class=\"versanumer\">23<\/span><\/a>\u00dej\u00f3nar Am\u00f3ns gj\u00f6r\u00f0u sams\u00e6ri gegn honum og dr\u00e1pu konung \u00ed h\u00f6ll hans.<a name=\"24\"><span class=\"versanumer\">24<\/span><\/a>En landsl\u00fd\u00f0urinn drap alla mennina, er gj\u00f6rt h\u00f6f\u00f0u sams\u00e6ri gegn Am\u00f3n konungi. S\u00ed\u00f0an t\u00f3k landsl\u00fd\u00f0urinn J\u00f3s\u00eda son hans til konungs eftir hann.<a name=\"25\"><span class=\"versanumer\">25<\/span><\/a>\u00dea\u00f0 sem meira er a\u00f0 segja um Am\u00f3n, \u00fea\u00f0 er hann gj\u00f6r\u00f0i, \u00fea\u00f0 er rita\u00f0 \u00ed \u00c1rb\u00f3kum J\u00fadakonunga.<a name=\"26\"><span class=\"versanumer\">26<\/span><\/a>Og hann var grafinn \u00ed gr\u00f6f sinni \u00ed gar\u00f0i \u00dassa. Og J\u00f3s\u00eda sonur hans t\u00f3k r\u00edki eftir hann.<\/p>\n<div class=\"footnote1981\"><b>21.2<\/b> Ger\u00f0i illt Jer 15.4<br \/>\n<b>21.3<\/b> Reisti a\u00f0 n\u00fdju 2Kon 18.4<br \/>\n<b>21.5<\/b> \u00cd b\u00e1\u00f0um forg\u00f6r\u00f0um 2Kon 23.12; Jer 36.10; 2Kro 20.5<br \/>\n<b>21.6<\/b> Barnsf\u00f3rn 3M\u00f3s 18.21+ &#8211; sp\u00e1sagnamenn 2Kon 23.24; 3M\u00f3s 19.31+<br \/>\n<b>21.12<\/b> Sker \u00ed eyru 1Sam 3.11; sbr Jer 19.3<br \/>\n<b>21.14<\/b> \u00deeir sem eftir eru 1Kon 19.18+; Jer 12.7<\/div>\n","protected":false},"excerpt":{"rendered":"<p>1Manasse var t\u00f3lf \u00e1ra gamall, \u00fe\u00e1 er hann var\u00f0 konungur, og fimmt\u00edu og fimm \u00e1r r\u00edkti hann \u00ed Jer\u00fasalem. M\u00f3\u00f0ir hans h\u00e9t Hefs\u00edba.2Hann gj\u00f6r\u00f0i \u00fea\u00f0, sem illt var \u00ed augum Drottins, og dr\u00fdg\u00f0i \u00feannig s\u00f6mu sv\u00edvir\u00f0ingarnar sem \u00fe\u00e6r \u00fej\u00f3\u00f0ir, er Drottinn haf\u00f0i st\u00f6kkt burt undan \u00cdsraelsm\u00f6nnum.3Hann bygg\u00f0i a\u00f0 n\u00fdju f\u00f3rnarh\u00e6\u00f0irnar, er Hisk\u00eda fa\u00f0ir hans haf\u00f0i afm\u00e1\u00f0, reisti Baal \u00f6lturu og l\u00e9t gj\u00f6ra as\u00e9ru, eins og Akab \u00cdsraelskonungur haf\u00f0i gj\u00f6ra l\u00e1ti\u00f0, d\u00fdrka\u00f0i allan himinsins her og \u00fej\u00f3na\u00f0i \u00feeim.4Hann reisti og \u00f6lturu \u00ed musteri Drottins, \u00fev\u00ed er Drottinn haf\u00f0i um sagt: \u00cd Jer\u00fasalem vil \u00e9g l\u00e1ta nafn mitt b\u00faa.5Og hann reisti \u00f6lturu <a href=\"https:\/\/biblian.is\/1981\/sidari-konungabok-21-kafli\/\"> [&#8230;]<\/a><\/p>\n","protected":false},"author":1,"featured_media":0,"parent":0,"menu_order":0,"comment_status":"open","ping_status":"open","template":"bibliukaflar.php","meta":{"footnotes":""},"class_list":["post-1680","page","type-page","status-publish","hentry"],"_links":{"self":[{"href":"https:\/\/biblian.is\/1981\/wp-json\/wp\/v2\/pages\/1680","targetHints":{"allow":["GET"]}}],"collection":[{"href":"https:\/\/biblian.is\/1981\/wp-json\/wp\/v2\/pages"}],"about":[{"href":"https:\/\/biblian.is\/1981\/wp-json\/wp\/v2\/types\/page"}],"author":[{"embeddable":true,"href":"https:\/\/biblian.is\/1981\/wp-json\/wp\/v2\/users\/1"}],"replies":[{"embeddable":true,"href":"https:\/\/biblian.is\/1981\/wp-json\/wp\/v2\/comments?post=1680"}],"version-history":[{"count":0,"href":"https:\/\/biblian.is\/1981\/wp-json\/wp\/v2\/pages\/1680\/revisions"}],"wp:attachment":[{"href":"https:\/\/biblian.is\/1981\/wp-json\/wp\/v2\/media?parent=1680"}],"curies":[{"name":"wp","href":"https:\/\/api.w.org\/{rel}","templated":true}]}}