{"id":1497,"date":"2017-11-18T20:17:32","date_gmt":"2017-11-18T20:17:32","guid":{"rendered":"http:\/\/biblian.is\/1981\/fjorda-mosebok-34-kafli\/"},"modified":"2021-06-06T10:56:42","modified_gmt":"2021-06-06T10:56:42","slug":"fjorda-mosebok-34-kafli","status":"publish","type":"page","link":"https:\/\/biblian.is\/1981\/fjorda-mosebok-34-kafli\/","title":{"rendered":"Fj\u00f3r\u00f0a M\u00f3seb\u00f3k 34. kafli"},"content":{"rendered":"<p><a name=\"1\"><span class=\"versanumer\">1<\/span><\/a>Drottinn tala\u00f0i vi\u00f0 M\u00f3se og sag\u00f0i:<a name=\"2\"><span class=\"versanumer\">2<\/span><\/a>Bj\u00f3\u00f0 \u00fe\u00fa \u00cdsraelsm\u00f6nnum og seg vi\u00f0 \u00fe\u00e1: \u00deegar \u00fe\u00e9r komi\u00f0 inn \u00ed Kanaanland, \u00fe\u00e1 skal \u00fea\u00f0 vera landi\u00f0, sem \u00fe\u00e9r hlj\u00f3ti\u00f0 til eignar, Kanaanland til ystu ummerkja.<a name=\"3\"><span class=\"versanumer\">3<\/span><\/a>Su\u00f0urhli\u00f0in skal vera: fr\u00e1 S\u00edney\u00f0im\u00f6rk me\u00f0fram Ed\u00f3m. Og austurendi su\u00f0urtakmarkanna skal vera su\u00f0urendi Dau\u00f0ahafs.<a name=\"4\"><span class=\"versanumer\">4<\/span><\/a>\u00dea\u00f0an skulu takm\u00f6rkin liggja \u00ed boga fyrir sunnan Spor\u00f0drekaskar\u00f0 og n\u00e1 yfir til S\u00edn og endir \u00feeirra vera fyrir sunnan Kades Barnea. Skulu \u00feau liggja til Hasar Addar og n\u00e1 yfir til Asm\u00f3n.<a name=\"5\"><span class=\"versanumer\">5<\/span><\/a>Fr\u00e1 Asm\u00f3n skulu takm\u00f6rkin liggja \u00ed boga til Egyptalands\u00e1r og alla lei\u00f0 til sj\u00e1var.<a name=\"6\"><span class=\"versanumer\">6<\/span><\/a>&#8222;A\u00f0 vesturtakm\u00f6rkum skulu\u00f0 \u00fe\u00e9r hafa hafi\u00f0 mikla; \u00feetta skulu vera vesturtakm\u00f6rkin.&#8220;<a name=\"7\"><span class=\"versanumer\">7<\/span><\/a>Nor\u00f0urtakm\u00f6rkin skulu vera \u00feessi: Fr\u00e1 hafinu mikla skulu\u00f0 \u00fe\u00e9r taka stefnu \u00e1 H\u00f3rfjall.<a name=\"8\"><span class=\"versanumer\">8<\/span><\/a>Fr\u00e1 H\u00f3rfjalli skulu\u00f0 \u00fe\u00e9r taka stefnu \u00feanga\u00f0 sem lei\u00f0 liggur til Hamat, og \u00fea\u00f0an alla lei\u00f0 til Sedad.<a name=\"9\"><span class=\"versanumer\">9<\/span><\/a>Skulu takm\u00f6rkin n\u00e1 til S\u00edfr\u00f3n og enda \u00ed Hasar Enan. \u00deetta skulu vera landamerki y\u00f0ar a\u00f0 nor\u00f0anver\u00f0u.<a name=\"10\"><span class=\"versanumer\">10<\/span><\/a>A\u00f0 austanver\u00f0u skulu\u00f0 \u00fe\u00e9r setja merkjal\u00ednuna fr\u00e1 Hasar Enan til Sefam.<a name=\"11\"><span class=\"versanumer\">11<\/span><\/a>En fr\u00e1 Sefam skulu landamerkin liggja su\u00f0ur til Ribla, fyrir austan A\u00edn. \u00dea\u00f0an skulu landamerkin liggja ni\u00f0ur eftir og nema vi\u00f0 fjallhrygginn fyrir austan Genesaretvatn.<a name=\"12\"><span class=\"versanumer\">12<\/span><\/a>Og landamerkin skulu liggja ni\u00f0ur me\u00f0 J\u00f3rdan og enda vi\u00f0 Dau\u00f0ahafi\u00f0. \u00deessi skulu merki vera lands y\u00f0ar hringinn \u00ed kring.<a name=\"13\"><span class=\"versanumer\">13<\/span><\/a>Og M\u00f3se bau\u00f0 \u00cdsraelsm\u00f6nnum og sag\u00f0i: \u00deetta er landi\u00f0, sem \u00fe\u00e9r skulu\u00f0 f\u00e1 til eignar me\u00f0 hlutkesti og Drottinn bau\u00f0 a\u00f0 gefa n\u00edu \u00e6ttkv\u00edslunum og h\u00e1lfri.<a name=\"14\"><span class=\"versanumer\">14<\/span><\/a>\u00dev\u00ed a\u00f0 \u00e6ttkv\u00edsl R\u00fabens sona, hver \u00e6tt fyrir sig, og \u00e6ttkv\u00edsl Ga\u00f0s sona, hver \u00e6tt fyrir sig, og h\u00e1lf \u00e6ttkv\u00edsl Manasse hafa fengi\u00f0 sinn eignarhluta.<a name=\"15\"><span class=\"versanumer\">15<\/span><\/a>Tv\u00e6r \u00e6ttkv\u00edslirnar og h\u00e1lf hafa fengi\u00f0 sinn eignarhluta hinumegin J\u00f3rdanar, gegnt Jer\u00edk\u00f3, austanmegin.<a name=\"16\"><span class=\"versanumer\">16<\/span><\/a>Drottinn tala\u00f0i vi\u00f0 M\u00f3se og sag\u00f0i:<a name=\"17\"><span class=\"versanumer\">17<\/span><\/a>\u00deessi eru n\u00f6fn \u00feeirra manna, er skipta skulu landinu milli y\u00f0ar: Eleasar prestur og J\u00f3s\u00faa N\u00fansson<a name=\"18\"><span class=\"versanumer\">18<\/span><\/a>og einn h\u00f6f\u00f0ingi af \u00e6ttkv\u00edsl hverri til a\u00f0 skipta landinu,<a name=\"19\"><span class=\"versanumer\">19<\/span><\/a>og \u00feessi eru n\u00f6fn \u00feeirra: af \u00e6ttkv\u00edsl J\u00fada: Kaleb Jef\u00fanneson,<a name=\"20\"><span class=\"versanumer\">20<\/span><\/a>af \u00e6ttkv\u00edsl S\u00edmeons sona: Sam\u00fael Amm\u00edh\u00fadsson,<a name=\"21\"><span class=\"versanumer\">21<\/span><\/a>af \u00e6ttkv\u00edsl Benjam\u00edns: El\u00eddad Kisl\u00f3nsson,<a name=\"22\"><span class=\"versanumer\">22<\/span><\/a>af \u00e6ttkv\u00edsl Dans sona: B\u00fak\u00ed Jogl\u00edson h\u00f6f\u00f0ingi,<a name=\"23\"><span class=\"versanumer\">23<\/span><\/a>af sonum J\u00f3sefs: af \u00e6ttkv\u00edsl Manasse sona: Hann\u00edel Ef\u00f3\u00f0sson h\u00f6f\u00f0ingi,<a name=\"24\"><span class=\"versanumer\">24<\/span><\/a>&#8222;af \u00e6ttkv\u00edsl Efra\u00edms sona: Kem\u00fael Siftansson h\u00f6f\u00f0ingi;&#8220;<a name=\"25\"><span class=\"versanumer\">25<\/span><\/a>af \u00e6ttkv\u00edsl Seb\u00falons sona: El\u00edsafan Parnaksson h\u00f6f\u00f0ingi,<a name=\"26\"><span class=\"versanumer\">26<\/span><\/a>af \u00e6ttkv\u00edsl \u00cdssakars sona: Palt\u00edel Asansson h\u00f6f\u00f0ingi,<a name=\"27\"><span class=\"versanumer\">27<\/span><\/a>af \u00e6ttkv\u00edsl Assers sona: Ak\u00edh\u00fa\u00f0 Sel\u00f3m\u00edson h\u00f6f\u00f0ingi,<a name=\"28\"><span class=\"versanumer\">28<\/span><\/a>af \u00e6ttkv\u00edsl Naftal\u00ed sona: Pedahel Amm\u00edh\u00fadsson h\u00f6f\u00f0ingi.<a name=\"29\"><span class=\"versanumer\">29<\/span><\/a>\u00deessir voru \u00feeir, er Drottinn bau\u00f0 a\u00f0 skipta skyldu landeignum milli \u00cdsraelsmanna \u00ed Kanaanlandi.<\/p>\n<div class=\"footnote1981\"><b>34.3-5<\/b> Su\u00f0urm\u00f6rk J\u00f3s 15.2-4<br \/>\n<b>34.6<\/b> Vesturlandam\u00e6ri J\u00f3s 15.12<br \/>\n<b>34.13<\/b> Skiptingin 4M\u00f3s 26.52-56+<br \/>\n<b>34.14-15<\/b> R\u00faben, Ga\u00f0 og Manasse 4M\u00f3s 32.1+ ; 32.29<br \/>\n<b>34.17<\/b> \u00deessir skipta landinu J\u00f3s 14.1; 19.51<\/div>\n","protected":false},"excerpt":{"rendered":"<p>1Drottinn tala\u00f0i vi\u00f0 M\u00f3se og sag\u00f0i:2Bj\u00f3\u00f0 \u00fe\u00fa \u00cdsraelsm\u00f6nnum og seg vi\u00f0 \u00fe\u00e1: \u00deegar \u00fe\u00e9r komi\u00f0 inn \u00ed Kanaanland, \u00fe\u00e1 skal \u00fea\u00f0 vera landi\u00f0, sem \u00fe\u00e9r hlj\u00f3ti\u00f0 til eignar, Kanaanland til ystu ummerkja.3Su\u00f0urhli\u00f0in skal vera: fr\u00e1 S\u00edney\u00f0im\u00f6rk me\u00f0fram Ed\u00f3m. Og austurendi su\u00f0urtakmarkanna skal vera su\u00f0urendi Dau\u00f0ahafs.4\u00dea\u00f0an skulu takm\u00f6rkin liggja \u00ed boga fyrir sunnan Spor\u00f0drekaskar\u00f0 og n\u00e1 yfir til S\u00edn og endir \u00feeirra vera fyrir sunnan Kades Barnea. Skulu \u00feau liggja til Hasar Addar og n\u00e1 yfir til Asm\u00f3n.5Fr\u00e1 Asm\u00f3n skulu takm\u00f6rkin liggja \u00ed boga til Egyptalands\u00e1r og alla lei\u00f0 til sj\u00e1var.6&#8222;A\u00f0 vesturtakm\u00f6rkum skulu\u00f0 \u00fe\u00e9r hafa hafi\u00f0 mikla; \u00feetta skulu vera vesturtakm\u00f6rkin.&#8220;7Nor\u00f0urtakm\u00f6rkin <a href=\"https:\/\/biblian.is\/1981\/fjorda-mosebok-34-kafli\/\"> [&#8230;]<\/a><\/p>\n","protected":false},"author":1,"featured_media":0,"parent":0,"menu_order":0,"comment_status":"open","ping_status":"open","template":"bibliukaflar.php","meta":{"footnotes":""},"class_list":["post-1497","page","type-page","status-publish","hentry"],"_links":{"self":[{"href":"https:\/\/biblian.is\/1981\/wp-json\/wp\/v2\/pages\/1497","targetHints":{"allow":["GET"]}}],"collection":[{"href":"https:\/\/biblian.is\/1981\/wp-json\/wp\/v2\/pages"}],"about":[{"href":"https:\/\/biblian.is\/1981\/wp-json\/wp\/v2\/types\/page"}],"author":[{"embeddable":true,"href":"https:\/\/biblian.is\/1981\/wp-json\/wp\/v2\/users\/1"}],"replies":[{"embeddable":true,"href":"https:\/\/biblian.is\/1981\/wp-json\/wp\/v2\/comments?post=1497"}],"version-history":[{"count":0,"href":"https:\/\/biblian.is\/1981\/wp-json\/wp\/v2\/pages\/1497\/revisions"}],"wp:attachment":[{"href":"https:\/\/biblian.is\/1981\/wp-json\/wp\/v2\/media?parent=1497"}],"curies":[{"name":"wp","href":"https:\/\/api.w.org\/{rel}","templated":true}]}}