{"id":1483,"date":"2017-11-18T20:17:28","date_gmt":"2017-11-18T20:17:28","guid":{"rendered":"http:\/\/biblian.is\/1981\/fjorda-mosebok-20-kafli\/"},"modified":"2021-06-06T10:56:37","modified_gmt":"2021-06-06T10:56:37","slug":"fjorda-mosebok-20-kafli","status":"publish","type":"page","link":"https:\/\/biblian.is\/1981\/fjorda-mosebok-20-kafli\/","title":{"rendered":"Fj\u00f3r\u00f0a M\u00f3seb\u00f3k 20. kafli"},"content":{"rendered":"<p><a name=\"1\"><span class=\"versanumer\">1<\/span><\/a>\u00cdsraelsmenn, allur s\u00f6fnu\u00f0urinn, komu \u00ed ey\u00f0im\u00f6rkina S\u00edn \u00ed fyrsta m\u00e1nu\u00f0inum, og l\u00fd\u00f0urinn settist um kyrrt \u00ed Kades. \u00dear d\u00f3 Mirjam og var \u00fear grafin.<a name=\"2\"><span class=\"versanumer\">2<\/span><\/a>F\u00f3lki\u00f0 haf\u00f0i ekki vatn. S\u00f6fnu\u00f0ust \u00feeir \u00fe\u00e1 saman \u00ed gegn M\u00f3se og Aroni.<a name=\"3\"><span class=\"versanumer\">3<\/span><\/a>Og l\u00fd\u00f0urinn \u00fer\u00e1tta\u00f0i vi\u00f0 M\u00f3se og sag\u00f0i: Gu\u00f0 g\u00e6fi a\u00f0 v\u00e9r hef\u00f0um d\u00e1i\u00f0, \u00fe\u00e1 er br\u00e6\u00f0ur vorir d\u00f3u fyrir augliti Drottins.<a name=\"4\"><span class=\"versanumer\">4<\/span><\/a>Hv\u00ed leiddu\u00f0 \u00fei\u00f0 s\u00f6fnu\u00f0 Drottins \u00ed ey\u00f0im\u00f6rk \u00feessa, a\u00f0 v\u00e9r og f\u00e9na\u00f0ur vor d\u00e6jum \u00fear?<a name=\"5\"><span class=\"versanumer\">5<\/span><\/a>Hv\u00ed l\u00e9tu\u00f0 \u00fei\u00f0 oss \u00ed burt fara af Egyptalandi, til \u00feess a\u00f0 lei\u00f0a oss \u00ed \u00feennan vonda sta\u00f0, \u00fear sem eigi ver\u00f0ur s\u00e1\u00f0, engar f\u00edkjur vaxa n\u00e9 v\u00ednvi\u00f0ur n\u00e9 granatepli, og eigi er vatn til a\u00f0 drekka?<a name=\"6\"><span class=\"versanumer\">6<\/span><\/a>M\u00f3se og Aron gengu \u00fe\u00e1 burt fr\u00e1 s\u00f6fnu\u00f0inum a\u00f0 dyrum samfundatjaldsins og f\u00e9llu fram \u00e1 \u00e1sj\u00f3nur s\u00ednar. Birtist \u00feeim \u00fe\u00e1 d\u00fdr\u00f0 Drottins.<a name=\"7\"><span class=\"versanumer\">7<\/span><\/a>Drottinn tala\u00f0i vi\u00f0 M\u00f3se og sag\u00f0i:<a name=\"8\"><span class=\"versanumer\">8<\/span><\/a>Tak stafinn og safna saman l\u00fd\u00f0num, \u00fe\u00fa og Aron br\u00f3\u00f0ir \u00feinn, og m\u00e6li\u00f0 vi\u00f0 klettinn \u00ed \u00e1heyrn \u00feeirra, og mun hann vatn gefa. Og \u00fe\u00fa skalt lei\u00f0a \u00fat vatn handa \u00feeim af klettinum og gefa f\u00f3lkinu og f\u00e9na\u00f0i \u00feeirra a\u00f0 drekka.<a name=\"9\"><span class=\"versanumer\">9<\/span><\/a>\u00de\u00e1 s\u00f3tti M\u00f3se stafinn inn \u00ed helgid\u00f3minn, eins og Drottinn haf\u00f0i bo\u00f0i\u00f0 honum.<a name=\"10\"><span class=\"versanumer\">10<\/span><\/a>Og M\u00f3se og Aron s\u00f6fnu\u00f0u saman l\u00fd\u00f0num vi\u00f0 klettinn, og M\u00f3se sag\u00f0i vi\u00f0 \u00fe\u00e1: Heyri\u00f0 \u00fe\u00e9r, \u00ferj\u00f3skir menn. Hvort munum v\u00e9r lei\u00f0a mega vatn \u00fat af kletti \u00feessum handa y\u00f0ur?<a name=\"11\"><span class=\"versanumer\">11<\/span><\/a>S\u00ed\u00f0an h\u00f3f M\u00f3se upp h\u00f6nd s\u00edna og laust klettinn tveim sinnum me\u00f0 staf s\u00ednum. Spratt \u00fe\u00e1 upp vatn miki\u00f0, svo a\u00f0 f\u00f3lki\u00f0 drakk og f\u00e9na\u00f0ur \u00feeirra.<a name=\"12\"><span class=\"versanumer\">12<\/span><\/a>\u00de\u00e1 sag\u00f0i Drottinn vi\u00f0 M\u00f3se og Aron: Fyrir \u00fev\u00ed a\u00f0 \u00fei\u00f0 tr\u00fa\u00f0u\u00f0 m\u00e9r eigi, svo a\u00f0 \u00fei\u00f0 helgu\u00f0u\u00f0 mig \u00ed augum \u00cdsraelsmanna, \u00fe\u00e1 skulu\u00f0 \u00fei\u00f0 eigi lei\u00f0a s\u00f6fnu\u00f0 \u00feennan inn \u00ed landi\u00f0, sem \u00e9g hefi gefi\u00f0 \u00feeim.<a name=\"13\"><span class=\"versanumer\">13<\/span><\/a>\u00deetta eru Mer\u00edbav\u00f6tn, \u00fear sem \u00cdsraelsmenn \u00fer\u00e1ttu\u00f0u vi\u00f0 Drottin og hann s\u00fdndi heilagleik sinn \u00e1 \u00feeim.<a name=\"14\"><span class=\"versanumer\">14<\/span><\/a>M\u00f3se sendi fr\u00e1 Kades menn \u00e1 fund Ed\u00f3mkonungs: Svo m\u00e6lir br\u00f3\u00f0ir \u00feinn \u00cdsrael: \u00de\u00fa \u00feekkir allar \u00fe\u00e6r \u00ferautir, er oss hafa m\u00e6tt.<a name=\"15\"><span class=\"versanumer\">15<\/span><\/a>Fe\u00f0ur vorir f\u00f3ru su\u00f0ur til Egyptalands, og v\u00e9r h\u00f6fum veri\u00f0 \u00ed Egyptalandi langa \u00e6vi og hafa Egyptar \u00fej\u00e1\u00f0 oss, sem og fe\u00f0ur vora.<a name=\"16\"><span class=\"versanumer\">16<\/span><\/a>En v\u00e9r hr\u00f3pu\u00f0um til Drottins, og hann heyr\u00f0i b\u00e6n vora og sendi engil, og leiddi hann oss brott af Egyptalandi. Og sj\u00e1, n\u00fa erum v\u00e9r \u00ed Kades, borginni vi\u00f0 landam\u00e6ri \u00fe\u00edn.<a name=\"17\"><span class=\"versanumer\">17<\/span><\/a>Leyf oss a\u00f0 fara um land \u00feitt. Eigi munum v\u00e9r fara yfir akra n\u00e9 v\u00edngar\u00f0a, og eigi munum v\u00e9r drekka vatn \u00far brunnum, heldur munum v\u00e9r fara Konungsveg og eigi hneigja af til h\u00e6gri handar e\u00f0a vinstri, \u00fear til er v\u00e9r erum komnir \u00fat \u00far landi \u00fe\u00ednu.<a name=\"18\"><span class=\"versanumer\">18<\/span><\/a>En Ed\u00f3m svara\u00f0i honum: Eigi m\u00e1tt \u00fe\u00fa fara um land mitt, ella mun \u00e9g fara \u00ed m\u00f3ti \u00fe\u00e9r me\u00f0 sver\u00f0i.<a name=\"19\"><span class=\"versanumer\">19<\/span><\/a>\u00de\u00e1 s\u00f6g\u00f0u \u00cdsraelsmenn vi\u00f0 hann: V\u00e9r munum \u00fer\u00e6\u00f0a brautarveginn, og ef v\u00e9r drekkum af vatni \u00fe\u00ednu, \u00e9g og f\u00e9na\u00f0ur minn, \u00fe\u00e1 mun \u00e9g f\u00e9 fyrir gjalda. H\u00e9r er eigi til meira m\u00e6lst en a\u00f0 \u00e9g megi fara um f\u00f3tgangandi.<a name=\"20\"><span class=\"versanumer\">20<\/span><\/a>En hann sag\u00f0i: Eigi m\u00e1tt \u00fe\u00fa fara um landi\u00f0. Og Ed\u00f3m f\u00f3r \u00ed m\u00f3ti honum me\u00f0 miklu li\u00f0i og sterkri hendi.<a name=\"21\"><span class=\"versanumer\">21<\/span><\/a>Og er Ed\u00f3m skora\u00f0ist undan a\u00f0 leyfa \u00cdsrael yfirf\u00f6r um land sitt, \u00fe\u00e1 sneri \u00cdsrael af lei\u00f0 fr\u00e1 honum.<a name=\"22\"><span class=\"versanumer\">22<\/span><\/a>N\u00fa l\u00f6g\u00f0u \u00feeir upp fr\u00e1 Kades, og \u00cdsraelsmenn, allur s\u00f6fnu\u00f0urinn, komu til fjallsins H\u00f3r.<a name=\"23\"><span class=\"versanumer\">23<\/span><\/a>Og Drottinn tala\u00f0i vi\u00f0 M\u00f3se og Aron \u00e1 H\u00f3rfjalli, vi\u00f0 landam\u00e6ri Ed\u00f3mlands, og sag\u00f0i:<a name=\"24\"><span class=\"versanumer\">24<\/span><\/a>Aron skal safnast til f\u00f3lks s\u00edns, \u00fev\u00ed a\u00f0 eigi skal hann komast \u00ed \u00fea\u00f0 land, sem \u00e9g hefi gefi\u00f0 \u00cdsraelsm\u00f6nnum, af \u00fev\u00ed a\u00f0 \u00fei\u00f0 \u00ferj\u00f3sku\u00f0ust gegn skipan minni hj\u00e1 Mer\u00edbav\u00f6tnum.<a name=\"25\"><span class=\"versanumer\">25<\/span><\/a>Tak \u00fe\u00fa Aron og Eleasar son hans og lei\u00f0 \u00fe\u00e1 upp \u00e1 H\u00f3rfjall.<a name=\"26\"><span class=\"versanumer\">26<\/span><\/a>F\u00e6r \u00fe\u00fa Aron \u00far kl\u00e6\u00f0um s\u00ednum og skr\u00fd\u00f0 Eleasar son hans \u00feeim, en Aron skal safnast til f\u00f3lks s\u00edns og deyja \u00fear.<a name=\"27\"><span class=\"versanumer\">27<\/span><\/a>M\u00f3se gj\u00f6r\u00f0i svo sem Drottinn bau\u00f0 honum, og \u00feeir gengu upp \u00e1 H\u00f3rfjall \u00ed augs\u00fdn alls f\u00f3lksins.<a name=\"28\"><span class=\"versanumer\">28<\/span><\/a>Og M\u00f3se f\u00e6r\u00f0i Aron \u00far kl\u00e6\u00f0um hans og skr\u00fdddi Eleasar son hans \u00feeim. Og Aron d\u00f3 \u00fear \u00e1 h\u00e1fjallinu. Gengu \u00feeir M\u00f3se og Eleasar \u00fe\u00e1 ni\u00f0ur af fjallinu.<a name=\"29\"><span class=\"versanumer\">29<\/span><\/a>En er allt f\u00f3lki\u00f0 s\u00e1, a\u00f0 Aron var anda\u00f0ur, gr\u00e9tu allir \u00cdsraelsmenn Aron \u00ferj\u00e1t\u00edu daga.<\/p>\n<div class=\"footnote1981\"><b>20.2-13<\/b> Mer\u00edbav\u00f6tn 2M\u00f3s 17.1-7<br \/>\n<b>20.3<\/b> M\u00f6gla\u00f0 gegn M\u00f3se 4M\u00f3s 14.2+<br \/>\n<b>20.6<\/b> D\u00fdr\u00f0 Drottins 3M\u00f3s 9.23+<br \/>\n<b>20.11<\/b> Vatn af kletti Slm 78.15-16; 1Kor 10.4<br \/>\n<b>20.14-21<\/b> Ed\u00f3m neitar D\u00f3m 11.16-17; sbr 4M\u00f3s 21.21-32<br \/>\n<b>20.16<\/b> Vi\u00f0 hr\u00f3pu\u00f0um 2M\u00f3s 2.23-25; 5M\u00f3s 26.7-8 \u2013 engill 2M\u00f3s 14.19; 23.20; 33.2<br \/>\n<b>20.17<\/b> Valda ekki tj\u00f3ni 4M\u00f3s 21.22<br \/>\n<b>20.24<\/b> Til forfe\u00f0ra sinna 1M\u00f3s 25.8<br \/>\n<b>20.28<\/b> Aron deyr 4M\u00f3s 33.38-39<br \/>\n<b>20.29<\/b> Sorg \u00ed \u00ferj\u00e1t\u00edu daga 5M\u00f3s 34.8; sbr 1M\u00f3s 50.3,10; 1Sam 31.13<\/div>\n","protected":false},"excerpt":{"rendered":"<p>1\u00cdsraelsmenn, allur s\u00f6fnu\u00f0urinn, komu \u00ed ey\u00f0im\u00f6rkina S\u00edn \u00ed fyrsta m\u00e1nu\u00f0inum, og l\u00fd\u00f0urinn settist um kyrrt \u00ed Kades. \u00dear d\u00f3 Mirjam og var \u00fear grafin.2F\u00f3lki\u00f0 haf\u00f0i ekki vatn. S\u00f6fnu\u00f0ust \u00feeir \u00fe\u00e1 saman \u00ed gegn M\u00f3se og Aroni.3Og l\u00fd\u00f0urinn \u00fer\u00e1tta\u00f0i vi\u00f0 M\u00f3se og sag\u00f0i: Gu\u00f0 g\u00e6fi a\u00f0 v\u00e9r hef\u00f0um d\u00e1i\u00f0, \u00fe\u00e1 er br\u00e6\u00f0ur vorir d\u00f3u fyrir augliti Drottins.4Hv\u00ed leiddu\u00f0 \u00fei\u00f0 s\u00f6fnu\u00f0 Drottins \u00ed ey\u00f0im\u00f6rk \u00feessa, a\u00f0 v\u00e9r og f\u00e9na\u00f0ur vor d\u00e6jum \u00fear?5Hv\u00ed l\u00e9tu\u00f0 \u00fei\u00f0 oss \u00ed burt fara af Egyptalandi, til \u00feess a\u00f0 lei\u00f0a oss \u00ed \u00feennan vonda sta\u00f0, \u00fear sem eigi ver\u00f0ur s\u00e1\u00f0, engar f\u00edkjur vaxa n\u00e9 v\u00ednvi\u00f0ur n\u00e9 granatepli, og <a href=\"https:\/\/biblian.is\/1981\/fjorda-mosebok-20-kafli\/\"> [&#8230;]<\/a><\/p>\n","protected":false},"author":1,"featured_media":0,"parent":0,"menu_order":0,"comment_status":"open","ping_status":"open","template":"bibliukaflar.php","meta":{"footnotes":""},"class_list":["post-1483","page","type-page","status-publish","hentry"],"_links":{"self":[{"href":"https:\/\/biblian.is\/1981\/wp-json\/wp\/v2\/pages\/1483","targetHints":{"allow":["GET"]}}],"collection":[{"href":"https:\/\/biblian.is\/1981\/wp-json\/wp\/v2\/pages"}],"about":[{"href":"https:\/\/biblian.is\/1981\/wp-json\/wp\/v2\/types\/page"}],"author":[{"embeddable":true,"href":"https:\/\/biblian.is\/1981\/wp-json\/wp\/v2\/users\/1"}],"replies":[{"embeddable":true,"href":"https:\/\/biblian.is\/1981\/wp-json\/wp\/v2\/comments?post=1483"}],"version-history":[{"count":0,"href":"https:\/\/biblian.is\/1981\/wp-json\/wp\/v2\/pages\/1483\/revisions"}],"wp:attachment":[{"href":"https:\/\/biblian.is\/1981\/wp-json\/wp\/v2\/media?parent=1483"}],"curies":[{"name":"wp","href":"https:\/\/api.w.org\/{rel}","templated":true}]}}