{"id":1480,"date":"2017-11-18T20:17:28","date_gmt":"2017-11-18T20:17:28","guid":{"rendered":"http:\/\/biblian.is\/1981\/fjorda-mosebok-17-kafli\/"},"modified":"2021-06-06T10:56:36","modified_gmt":"2021-06-06T10:56:36","slug":"fjorda-mosebok-17-kafli","status":"publish","type":"page","link":"https:\/\/biblian.is\/1981\/fjorda-mosebok-17-kafli\/","title":{"rendered":"Fj\u00f3r\u00f0a M\u00f3seb\u00f3k 17. kafli"},"content":{"rendered":"<p><a name=\"1\"><span class=\"versanumer\">1<\/span><\/a>Drottinn tala\u00f0i vi\u00f0 M\u00f3se og sag\u00f0i:<a name=\"2\"><span class=\"versanumer\">2<\/span><\/a>Tala \u00fe\u00fa vi\u00f0 \u00cdsraelsmenn og f\u00e1 hj\u00e1 \u00feeim t\u00f3lf stafi, einn staf hj\u00e1 \u00e6ttkv\u00edsl hverri, hj\u00e1 \u00f6llum h\u00f6fu\u00f0sm\u00f6nnum \u00e6ttkv\u00edsla \u00feeirra. Rita \u00fe\u00fa nafn hvers eins \u00e1 staf hans.<a name=\"3\"><span class=\"versanumer\">3<\/span><\/a>En nafn Arons skalt \u00fe\u00fa rita \u00e1 staf Lev\u00ed, \u00fev\u00ed a\u00f0 einn stafur skal vera fyrir h\u00f6fu\u00f0 \u00e6ttkv\u00edslar \u00feeirra.<a name=\"4\"><span class=\"versanumer\">4<\/span><\/a>Og \u00fe\u00fa skalt leggja \u00fe\u00e1 ni\u00f0ur \u00ed samfundatjaldinu, fyrir framan s\u00e1ttm\u00e1li\u00f0, \u00fear sem \u00e9g \u00e1 samfundi vi\u00f0 y\u00f0ur.<a name=\"5\"><span class=\"versanumer\">5<\/span><\/a>Og \u00fea\u00f0 skal ver\u00f0a, a\u00f0 stafur \u00feess manns, sem \u00e9g k\u00fds, skal laufgast, a\u00f0 \u00e9g megi hefta kurr \u00cdsraelsmanna, er \u00feeir m\u00f6gla \u00ed gegn y\u00f0ur.<a name=\"6\"><span class=\"versanumer\">6<\/span><\/a>M\u00f3se tala\u00f0i vi\u00f0 \u00cdsraelsmenn, og allir h\u00f6fu\u00f0smenn \u00feeirra fengu honum stafi, hver h\u00f6f\u00f0ingi einn staf eftir \u00e6ttkv\u00edslum \u00feeirra, t\u00f3lf stafi alls, og var stafur Arons me\u00f0al stafa \u00feeirra.<a name=\"7\"><span class=\"versanumer\">7<\/span><\/a>Og M\u00f3se lag\u00f0i stafina fram fyrir Drottin \u00ed s\u00e1ttm\u00e1lstjaldinu.<a name=\"8\"><span class=\"versanumer\">8<\/span><\/a>Er M\u00f3se gekk inn \u00ed s\u00e1ttm\u00e1lstjaldi\u00f0 daginn eftir, sj\u00e1, \u00fe\u00e1 var stafur Arons, stafur Lev\u00ed\u00e6ttar, laufga\u00f0ur. Voru bl\u00f6\u00f0 sprottin \u00e1 honum, bl\u00f3m sprungin \u00fat og bar hann fullvaxnar m\u00f6ndlur.<a name=\"9\"><span class=\"versanumer\">9<\/span><\/a>Bar M\u00f3se n\u00fa alla stafina \u00fat fr\u00e1 augliti Drottins til allra \u00cdsraelsmanna, svo a\u00f0 \u00feeir s\u00e6ju \u00fe\u00e1, og t\u00f3ku \u00feeir hver sinn staf.<a name=\"10\"><span class=\"versanumer\">10<\/span><\/a>\u00de\u00e1 sag\u00f0i Drottinn vi\u00f0 M\u00f3se: Ber staf Arons inn aftur fram fyrir s\u00e1ttm\u00e1li\u00f0, a\u00f0 hann s\u00e9 \u00fear geymdur til t\u00e1kns fyrir \u00fe\u00e1, sem \u00f3hl\u00fd\u00f0nir eru, og kurr \u00feeirra gegn m\u00e9r taki enda, ella munu \u00feeir deyja.<a name=\"11\"><span class=\"versanumer\">11<\/span><\/a>Og M\u00f3se gj\u00f6r\u00f0i svo, hann gj\u00f6r\u00f0i svo sem Drottinn bau\u00f0 honum.<a name=\"12\"><span class=\"versanumer\">12<\/span><\/a>En \u00cdsraelsmenn s\u00f6g\u00f0u vi\u00f0 M\u00f3se: Sj\u00e1, v\u00e9r f\u00f6rumst, \u00fea\u00f0 er \u00fati um oss, \u00fea\u00f0 er \u00fati um oss alla!<a name=\"13\"><span class=\"versanumer\">13<\/span><\/a>Hver sem kemur n\u00e6rri, hver sem kemur n\u00e6rri b\u00fa\u00f0 Drottins, t\u00fdnir l\u00edfi. Munum v\u00e9r \u00fe\u00e1 allir farast?<\/p>\n<div class=\"footnote1981\"><b>17.6<\/b> S\u00f6fnu\u00f0urinn m\u00f6glar 4M\u00f3s 14.2+<br \/>\n<b>17.7<\/b> D\u00fdr\u00f0 Drottins 3M\u00f3s 9.23+<br \/>\n<b>17.19<\/b> Gu\u00f0 m\u00e6tir \u00cdsraelsm\u00f6nnum 2M\u00f3s 25.22<br \/>\n<b>17.23<\/b> Stafur Arons Heb 9.4<\/div>\n","protected":false},"excerpt":{"rendered":"<p>1Drottinn tala\u00f0i vi\u00f0 M\u00f3se og sag\u00f0i:2Tala \u00fe\u00fa vi\u00f0 \u00cdsraelsmenn og f\u00e1 hj\u00e1 \u00feeim t\u00f3lf stafi, einn staf hj\u00e1 \u00e6ttkv\u00edsl hverri, hj\u00e1 \u00f6llum h\u00f6fu\u00f0sm\u00f6nnum \u00e6ttkv\u00edsla \u00feeirra. Rita \u00fe\u00fa nafn hvers eins \u00e1 staf hans.3En nafn Arons skalt \u00fe\u00fa rita \u00e1 staf Lev\u00ed, \u00fev\u00ed a\u00f0 einn stafur skal vera fyrir h\u00f6fu\u00f0 \u00e6ttkv\u00edslar \u00feeirra.4Og \u00fe\u00fa skalt leggja \u00fe\u00e1 ni\u00f0ur \u00ed samfundatjaldinu, fyrir framan s\u00e1ttm\u00e1li\u00f0, \u00fear sem \u00e9g \u00e1 samfundi vi\u00f0 y\u00f0ur.5Og \u00fea\u00f0 skal ver\u00f0a, a\u00f0 stafur \u00feess manns, sem \u00e9g k\u00fds, skal laufgast, a\u00f0 \u00e9g megi hefta kurr \u00cdsraelsmanna, er \u00feeir m\u00f6gla \u00ed gegn y\u00f0ur.6M\u00f3se tala\u00f0i vi\u00f0 \u00cdsraelsmenn, og allir h\u00f6fu\u00f0smenn \u00feeirra fengu <a href=\"https:\/\/biblian.is\/1981\/fjorda-mosebok-17-kafli\/\"> [&#8230;]<\/a><\/p>\n","protected":false},"author":1,"featured_media":0,"parent":0,"menu_order":0,"comment_status":"open","ping_status":"open","template":"bibliukaflar.php","meta":{"footnotes":""},"class_list":["post-1480","page","type-page","status-publish","hentry"],"_links":{"self":[{"href":"https:\/\/biblian.is\/1981\/wp-json\/wp\/v2\/pages\/1480","targetHints":{"allow":["GET"]}}],"collection":[{"href":"https:\/\/biblian.is\/1981\/wp-json\/wp\/v2\/pages"}],"about":[{"href":"https:\/\/biblian.is\/1981\/wp-json\/wp\/v2\/types\/page"}],"author":[{"embeddable":true,"href":"https:\/\/biblian.is\/1981\/wp-json\/wp\/v2\/users\/1"}],"replies":[{"embeddable":true,"href":"https:\/\/biblian.is\/1981\/wp-json\/wp\/v2\/comments?post=1480"}],"version-history":[{"count":0,"href":"https:\/\/biblian.is\/1981\/wp-json\/wp\/v2\/pages\/1480\/revisions"}],"wp:attachment":[{"href":"https:\/\/biblian.is\/1981\/wp-json\/wp\/v2\/media?parent=1480"}],"curies":[{"name":"wp","href":"https:\/\/api.w.org\/{rel}","templated":true}]}}