{"id":1384,"date":"2017-11-18T20:17:08","date_gmt":"2017-11-18T20:17:08","guid":{"rendered":"http:\/\/biblian.is\/1981\/fyrsta-mosebok-38-kafli\/"},"modified":"2017-11-18T20:17:08","modified_gmt":"2017-11-18T20:17:08","slug":"fyrsta-mosebok-38-kafli","status":"publish","type":"page","link":"https:\/\/biblian.is\/1981\/fyrsta-mosebok-38-kafli\/","title":{"rendered":"Fyrsta M\u00f3seb\u00f3k 38. kafli"},"content":{"rendered":"<p><a name=\"1\"><span class=\"versanumer\">1<\/span><\/a>Um \u00feessar mundir bar svo vi\u00f0, a\u00f0 J\u00fada f\u00f3r fr\u00e1 br\u00e6\u00f0rum s\u00ednum og lag\u00f0i lag sitt vi\u00f0 mann nokkurn \u00ed Ad\u00fallam, sem H\u00edra h\u00e9t.<a name=\"2\"><span class=\"versanumer\">2<\/span><\/a>\u00dear s\u00e1 J\u00fada d\u00f3ttur kanversks manns, sem S\u00faa h\u00e9t, og t\u00f3k hana og haf\u00f0i samfarir vi\u00f0 hana.<a name=\"3\"><span class=\"versanumer\">3<\/span><\/a>Og h\u00fan var\u00f0 \u00feungu\u00f0 og \u00f3l son, og h\u00fan nefndi hann Ger.<a name=\"4\"><span class=\"versanumer\">4<\/span><\/a>Og h\u00fan var\u00f0 \u00feungu\u00f0 \u00ed annan sinn og \u00f3l son, og h\u00fan nefndi hann \u00d3nan.<a name=\"5\"><span class=\"versanumer\">5<\/span><\/a>Og enn \u00f3l h\u00fan son og nefndi hann Sela. En h\u00fan var \u00ed Kes\u00edb, er h\u00fan \u00f3l hann.<a name=\"6\"><span class=\"versanumer\">6<\/span><\/a>Og J\u00fada t\u00f3k konu til handa Ger, frumgetnum syni s\u00ednum. H\u00fan h\u00e9t Tamar.<a name=\"7\"><span class=\"versanumer\">7<\/span><\/a>En Ger, frumgetinn sonur J\u00fada, var vondur \u00ed augum Drottins, svo a\u00f0 Drottinn l\u00e9t hann deyja.<a name=\"8\"><span class=\"versanumer\">8<\/span><\/a>\u00de\u00e1 m\u00e6lti J\u00fada vi\u00f0 \u00d3nan: Gakk \u00fe\u00fa inn til konu br\u00f3\u00f0ur \u00fe\u00edns og gegn \u00fe\u00fa m\u00e1gskyldunni vi\u00f0 hana, a\u00f0 \u00fe\u00fa megir afla br\u00f3\u00f0ur \u00fe\u00ednum afkv\u00e6mis.<a name=\"9\"><span class=\"versanumer\">9<\/span><\/a>En me\u00f0 \u00fev\u00ed a\u00f0 \u00d3nan vissi, a\u00f0 afkv\u00e6mi\u00f0 skyldi eigi ver\u00f0a hans, \u00fe\u00e1 l\u00e9t hann s\u00e6\u00f0i\u00f0 spillast \u00e1 j\u00f6r\u00f0u \u00ed hvert sinn er hann gekk inn til konu br\u00f3\u00f0ur s\u00edns, til \u00feess a\u00f0 hann afla\u00f0i eigi br\u00f3\u00f0ur s\u00ednum afkv\u00e6mis.<a name=\"10\"><span class=\"versanumer\">10<\/span><\/a>En Drottni misl\u00edka\u00f0i \u00fea\u00f0, er hann gj\u00f6r\u00f0i, og l\u00e9t hann einnig deyja.<a name=\"11\"><span class=\"versanumer\">11<\/span><\/a>\u00de\u00e1 sag\u00f0i J\u00fada vi\u00f0 Tamar tengdad\u00f3ttur s\u00edna: Ver \u00fe\u00fa sem ekkja \u00ed h\u00fasi f\u00f6\u00f0ur \u00fe\u00edns, \u00feanga\u00f0 til Sela sonur minn ver\u00f0ur fullt\u00ed\u00f0a. \u00dev\u00ed a\u00f0 hann hugsa\u00f0i: Ella mun hann og deyja, eins og br\u00e6\u00f0ur hans. F\u00f3r Tamar \u00fe\u00e1 burt og var \u00ed h\u00fasi f\u00f6\u00f0ur s\u00edns.<a name=\"12\"><span class=\"versanumer\">12<\/span><\/a>En er fram li\u00f0u stundir, anda\u00f0ist d\u00f3ttir S\u00faa, kona J\u00fada. Og er J\u00fada l\u00e9t af harminum, f\u00f3r hann upp til Timna, til sau\u00f0aklippara sinna, hann og H\u00edra vinur hans fr\u00e1 Ad\u00fallam.<a name=\"13\"><span class=\"versanumer\">13<\/span><\/a>Var \u00fe\u00e1 Tamar sagt svo fr\u00e1: Sj\u00e1, tengdafa\u00f0ir \u00feinn fer upp til Timna a\u00f0 klippa sau\u00f0i s\u00edna.<a name=\"14\"><span class=\"versanumer\">14<\/span><\/a>\u00de\u00e1 f\u00f3r h\u00fan \u00far ekkjub\u00faningi s\u00ednum, huldi sig bl\u00e6ju og hj\u00fapa\u00f0i sig og settist vi\u00f0 hli\u00f0 Ena\u00edmborgar, sem er vi\u00f0 veginn til Timna. \u00dev\u00ed a\u00f0 h\u00fan s\u00e1, a\u00f0 Sela var or\u00f0inn fullt\u00ed\u00f0a, og h\u00fan var \u00fe\u00f3 ekki honum gefin fyrir konu.<a name=\"15\"><span class=\"versanumer\">15<\/span><\/a>J\u00fada s\u00e1 hana og hug\u00f0i, a\u00f0 h\u00fan v\u00e6ri sk\u00e6kja, \u00fev\u00ed a\u00f0 h\u00fan haf\u00f0i huli\u00f0 andlit sitt.<a name=\"16\"><span class=\"versanumer\">16<\/span><\/a>Og hann v\u00e9k til hennar vi\u00f0 veginn og m\u00e6lti: Leyf m\u00e9r a\u00f0 leggjast me\u00f0 \u00fe\u00e9r! \u00dev\u00ed a\u00f0 hann vissi ekki, a\u00f0 h\u00fan var tengdad\u00f3ttir hans. H\u00fan svara\u00f0i: Hva\u00f0 viltu gefa m\u00e9r til \u00feess, a\u00f0 \u00fe\u00fa megir leggjast me\u00f0 m\u00e9r?<a name=\"17\"><span class=\"versanumer\">17<\/span><\/a>Og hann m\u00e6lti: \u00c9g skal senda \u00fe\u00e9r hafurki\u00f0 \u00far hj\u00f6r\u00f0inni. H\u00fan svara\u00f0i: F\u00e1\u00f0u m\u00e9r \u00fe\u00e1 pant, \u00feanga\u00f0 til \u00fe\u00fa sendir \u00fea\u00f0.<a name=\"18\"><span class=\"versanumer\">18<\/span><\/a>\u00de\u00e1 m\u00e6lti hann: Hva\u00f0a pant skal \u00e9g f\u00e1 \u00fe\u00e9r? En h\u00fan svara\u00f0i: Innsiglishring \u00feinn og festi \u00fe\u00edna og staf \u00feinn, sem \u00fe\u00fa hefir \u00ed hendinni. Og hann f\u00e9kk henni \u00feetta og lag\u00f0ist me\u00f0 henni, og h\u00fan var\u00f0 \u00feungu\u00f0 af hans v\u00f6ldum.<a name=\"19\"><span class=\"versanumer\">19<\/span><\/a>\u00dev\u00ed n\u00e6st st\u00f3\u00f0 h\u00fan upp, gekk burt og lag\u00f0i af s\u00e9r bl\u00e6juna og f\u00f3r aftur \u00ed ekkjub\u00faning sinn.<a name=\"20\"><span class=\"versanumer\">20<\/span><\/a>Og J\u00fada sendi hafurki\u00f0i\u00f0 me\u00f0 vini s\u00ednum fr\u00e1 Ad\u00fallam, svo a\u00f0 hann fengi aftur pantinn af hendi konunnar, en hann fann hana ekki.<a name=\"21\"><span class=\"versanumer\">21<\/span><\/a>Og hann spur\u00f0i menn \u00ed \u00feeim sta\u00f0 og sag\u00f0i: Hvar er portkonan, sem sat vi\u00f0 veginn hj\u00e1 Ena\u00edm? En \u00feeir sv\u00f6ru\u00f0u: H\u00e9r hefir engin portkona veri\u00f0.<a name=\"22\"><span class=\"versanumer\">22<\/span><\/a>F\u00f3r hann \u00fe\u00e1 aftur til J\u00fada og m\u00e6lti: \u00c9g fann hana ekki, enda s\u00f6g\u00f0u menn \u00ed \u00feeim sta\u00f0: H\u00e9r hefir engin portkona veri\u00f0.<a name=\"23\"><span class=\"versanumer\">23<\/span><\/a>\u00de\u00e1 m\u00e6lti J\u00fada: Haldi h\u00fan \u00fev\u00ed, sem h\u00fan hefir, a\u00f0 v\u00e9r ver\u00f0um ekki haf\u00f0ir a\u00f0 spotti. Sj\u00e1, \u00e9g sendi \u00feetta ki\u00f0, en \u00fe\u00fa hefir ekki fundi\u00f0 hana.<a name=\"24\"><span class=\"versanumer\">24<\/span><\/a>A\u00f0 \u00ferem m\u00e1nu\u00f0um li\u00f0num var J\u00fada sagt: Tamar tengdad\u00f3ttir \u00fe\u00edn hefir dr\u00fdgt h\u00f3r, og meira a\u00f0 segja: H\u00fan er \u00feungu\u00f0 or\u00f0in \u00ed h\u00f3rd\u00f3mi. \u00de\u00e1 m\u00e6lti J\u00fada: Lei\u00f0i\u00f0 hana \u00fat, a\u00f0 h\u00fan ver\u00f0i brennd.<a name=\"25\"><span class=\"versanumer\">25<\/span><\/a>En er h\u00fan var \u00fat leidd, gj\u00f6r\u00f0i h\u00fan tengdaf\u00f6\u00f0ur s\u00ednum \u00feessa or\u00f0sending: Af v\u00f6ldum \u00feess manns, sem \u00feetta \u00e1, er \u00e9g \u00feungu\u00f0 or\u00f0in. Og h\u00fan sag\u00f0i: Hygg \u00fe\u00fa a\u00f0, hver eiga muni innsiglishring \u00feennan, festi og staf.<a name=\"26\"><span class=\"versanumer\">26<\/span><\/a>En J\u00fada kanna\u00f0ist vi\u00f0 gripina og m\u00e6lti: H\u00fan hefir betri m\u00e1lsta\u00f0 en \u00e9g, fyrir \u00fe\u00e1 s\u00f6k a\u00f0 \u00e9g hefi eigi gift hana Sela syni m\u00ednum. Og hann kenndi hennar ekki upp fr\u00e1 \u00fev\u00ed.<a name=\"27\"><span class=\"versanumer\">27<\/span><\/a>En er h\u00fan skyldi ver\u00f0a l\u00e9ttari, sj\u00e1, \u00fe\u00e1 voru tv\u00edburar \u00ed kvi\u00f0i hennar.<a name=\"28\"><span class=\"versanumer\">28<\/span><\/a>Og \u00ed f\u00e6\u00f0ingunni r\u00e9tti annar \u00fat h\u00f6ndina. T\u00f3k \u00fe\u00e1 lj\u00f3sm\u00f3\u00f0irin rau\u00f0an \u00fer\u00e1\u00f0 og batt um h\u00f6nd hans og sag\u00f0i: \u00deessi kom fyrr \u00ed lj\u00f3s.<a name=\"29\"><span class=\"versanumer\">29<\/span><\/a>En svo f\u00f3r, a\u00f0 hann kippti aftur a\u00f0 s\u00e9r hendinni, og \u00fe\u00e1 kom br\u00f3\u00f0ir hans \u00ed lj\u00f3s. \u00de\u00e1 m\u00e6lti h\u00fan: Hv\u00ed hefir \u00fe\u00fa brotist svo fram \u00fe\u00e9r til g\u00f3\u00f0a? Og h\u00fan nefndi hann Peres.<a name=\"30\"><span class=\"versanumer\">30<\/span><\/a>Eftir \u00fea\u00f0 f\u00e6ddist br\u00f3\u00f0ir hans, og var rau\u00f0i \u00fer\u00e1\u00f0urinn um h\u00f6nd hans. Og h\u00fan nefndi hann Sera.<\/p>\n<div class=\"footnote1981\"><b>38.1-30<\/b> Ni\u00f0jar J\u00fada 1M\u00f3s 46.12; 4M\u00f3s 26.19-21; 1Kro 2.3-4<br \/>\n<b>38.11<\/b> Sem ekkja &#8230; Rut 1.11-13<br \/>\n<b>38.24<\/b> Brenni\u00f0 hana 3M\u00f3s 21.9; Jer 29.22-23<br \/>\n<b>38.26<\/b> R\u00e9ttinn s\u00edn megin 1Sam 24.18<br \/>\n<b>38.29<\/b> Peres Rut 4.12,18; Matt 1.3<\/div>\n","protected":false},"excerpt":{"rendered":"<p>1Um \u00feessar mundir bar svo vi\u00f0, a\u00f0 J\u00fada f\u00f3r fr\u00e1 br\u00e6\u00f0rum s\u00ednum og lag\u00f0i lag sitt vi\u00f0 mann nokkurn \u00ed Ad\u00fallam, sem H\u00edra h\u00e9t.2\u00dear s\u00e1 J\u00fada d\u00f3ttur kanversks manns, sem S\u00faa h\u00e9t, og t\u00f3k hana og haf\u00f0i samfarir vi\u00f0 hana.3Og h\u00fan var\u00f0 \u00feungu\u00f0 og \u00f3l son, og h\u00fan nefndi hann Ger.4Og h\u00fan var\u00f0 \u00feungu\u00f0 \u00ed annan sinn og \u00f3l son, og h\u00fan nefndi hann \u00d3nan.5Og enn \u00f3l h\u00fan son og nefndi hann Sela. En h\u00fan var \u00ed Kes\u00edb, er h\u00fan \u00f3l hann.6Og J\u00fada t\u00f3k konu til handa Ger, frumgetnum syni s\u00ednum. H\u00fan h\u00e9t Tamar.7En Ger, frumgetinn sonur J\u00fada, var vondur <a href=\"https:\/\/biblian.is\/1981\/fyrsta-mosebok-38-kafli\/\"> [&#8230;]<\/a><\/p>\n","protected":false},"author":1,"featured_media":0,"parent":0,"menu_order":0,"comment_status":"open","ping_status":"open","template":"bibliukaflar.php","meta":{"footnotes":""},"class_list":["post-1384","page","type-page","status-publish","hentry"],"_links":{"self":[{"href":"https:\/\/biblian.is\/1981\/wp-json\/wp\/v2\/pages\/1384","targetHints":{"allow":["GET"]}}],"collection":[{"href":"https:\/\/biblian.is\/1981\/wp-json\/wp\/v2\/pages"}],"about":[{"href":"https:\/\/biblian.is\/1981\/wp-json\/wp\/v2\/types\/page"}],"author":[{"embeddable":true,"href":"https:\/\/biblian.is\/1981\/wp-json\/wp\/v2\/users\/1"}],"replies":[{"embeddable":true,"href":"https:\/\/biblian.is\/1981\/wp-json\/wp\/v2\/comments?post=1384"}],"version-history":[{"count":0,"href":"https:\/\/biblian.is\/1981\/wp-json\/wp\/v2\/pages\/1384\/revisions"}],"wp:attachment":[{"href":"https:\/\/biblian.is\/1981\/wp-json\/wp\/v2\/media?parent=1384"}],"curies":[{"name":"wp","href":"https:\/\/api.w.org\/{rel}","templated":true}]}}