{"id":1375,"date":"2017-11-18T20:17:08","date_gmt":"2017-11-18T20:17:08","guid":{"rendered":"http:\/\/biblian.is\/1981\/fyrsta-mosebok-29-kafli\/"},"modified":"2017-11-18T20:17:08","modified_gmt":"2017-11-18T20:17:08","slug":"fyrsta-mosebok-29-kafli","status":"publish","type":"page","link":"https:\/\/biblian.is\/1981\/fyrsta-mosebok-29-kafli\/","title":{"rendered":"Fyrsta M\u00f3seb\u00f3k 29. kafli"},"content":{"rendered":"<p><a name=\"1\"><span class=\"versanumer\">1<\/span><\/a>Jakob h\u00e9lt \u00e1fram fer\u00f0 sinni og kom til lands austurbyggja.<a name=\"2\"><span class=\"versanumer\">2<\/span><\/a>Og er hann lita\u00f0ist um, sj\u00e1, \u00fe\u00e1 var \u00fear brunnur \u00e1 m\u00f6rkinni, og sj\u00e1, \u00fear l\u00e1gu \u00ferj\u00e1r sau\u00f0ahjar\u00f0ir vi\u00f0 hann, \u00fev\u00ed a\u00f0 \u00feeir voru vanir a\u00f0 vatna hj\u00f6r\u00f0unum vi\u00f0 \u00feennan brunn. En steinn mikill l\u00e1 yfir munna brunnsins.<a name=\"3\"><span class=\"versanumer\">3<\/span><\/a>Og er allar hjar\u00f0irnar voru \u00fear saman reknar, veltu \u00feeir steininum fr\u00e1 munna brunnsins og v\u00f6tnu\u00f0u f\u00e9nu, s\u00ed\u00f0an l\u00e9tu \u00feeir steininn aftur yfir munna brunnsins \u00e1 sinn sta\u00f0.<a name=\"4\"><span class=\"versanumer\">4<\/span><\/a>\u00de\u00e1 sag\u00f0i Jakob vi\u00f0 \u00fe\u00e1: K\u00e6ru br\u00e6\u00f0ur, hva\u00f0an eru\u00f0 \u00fe\u00e9r?<a name=\"5\"><span class=\"versanumer\">5<\/span><\/a>\u00deeir sv\u00f6ru\u00f0u: V\u00e9r erum fr\u00e1 Harran. Og hann m\u00e6lti til \u00feeirra: \u00deekki\u00f0 \u00fe\u00e9r Laban Nahorsson? \u00deeir sv\u00f6ru\u00f0u: J\u00e1, v\u00e9r \u00feekkjum hann.<a name=\"6\"><span class=\"versanumer\">6<\/span><\/a>Og hann m\u00e6lti til \u00feeirra: L\u00ed\u00f0ur honum vel? \u00deeir sv\u00f6ru\u00f0u: Honum l\u00ed\u00f0ur vel. Og sj\u00e1, \u00fearna kemur Rakel d\u00f3ttir hans me\u00f0 f\u00e9\u00f0.<a name=\"7\"><span class=\"versanumer\">7<\/span><\/a>Og hann m\u00e6lti: Sj\u00e1, enn er miki\u00f0 dags eftir og ekki kominn t\u00edmi til a\u00f0 reka saman f\u00e9na\u00f0inn. Brynni\u00f0 f\u00e9nu, fari\u00f0 s\u00ed\u00f0an og haldi\u00f0 \u00fev\u00ed \u00e1 haga.<a name=\"8\"><span class=\"versanumer\">8<\/span><\/a>\u00deeir sv\u00f6ru\u00f0u: \u00dea\u00f0 getum v\u00e9r ekki fyrr en allar hjar\u00f0irnar eru saman reknar, \u00fe\u00e1 velta \u00feeir steininum fr\u00e1 munna brunnsins, og \u00fe\u00e1 brynnum v\u00e9r f\u00e9nu.<a name=\"9\"><span class=\"versanumer\">9<\/span><\/a>\u00c1\u00f0ur en hann haf\u00f0i loki\u00f0 tali s\u00ednu vi\u00f0 \u00fe\u00e1, kom Rakel me\u00f0 f\u00e9\u00f0, sem fa\u00f0ir hennar \u00e1tti, \u00fev\u00ed a\u00f0 h\u00fan sat hj\u00e1.<a name=\"10\"><span class=\"versanumer\">10<\/span><\/a>En er Jakob s\u00e1 Rakel, d\u00f3ttur Labans m\u00f3\u00f0urbr\u00f3\u00f0ur s\u00edns, og f\u00e9 Labans m\u00f3\u00f0urbr\u00f3\u00f0ur s\u00edns, \u00fe\u00e1 f\u00f3r hann til og velti steininum fr\u00e1 munna brunnsins og vatna\u00f0i f\u00e9 Labans m\u00f3\u00f0urbr\u00f3\u00f0ur s\u00edns.<a name=\"11\"><span class=\"versanumer\">11<\/span><\/a>Og Jakob kyssti Rakel og t\u00f3k a\u00f0 gr\u00e1ta h\u00e1st\u00f6fum.<a name=\"12\"><span class=\"versanumer\">12<\/span><\/a>Og Jakob sag\u00f0i Rakel, a\u00f0 hann v\u00e6ri fr\u00e6ndi f\u00f6\u00f0ur hennar og a\u00f0 hann v\u00e6ri sonur Rebekku. En h\u00fan hlj\u00f3p og sag\u00f0i \u00feetta f\u00f6\u00f0ur s\u00ednum.<a name=\"13\"><span class=\"versanumer\">13<\/span><\/a>En er Laban f\u00e9kk fregnina um Jakob systurson sinn, gekk hann skj\u00f3tlega \u00e1 m\u00f3ti honum, fa\u00f0ma\u00f0i hann a\u00f0 s\u00e9r og minntist vi\u00f0 hann, og leiddi hann inn \u00ed h\u00fas sitt. En hann sag\u00f0i Laban alla s\u00f6gu s\u00edna.<a name=\"14\"><span class=\"versanumer\">14<\/span><\/a>\u00de\u00e1 sag\u00f0i Laban vi\u00f0 hann: Sannlega ert \u00fe\u00fa hold mitt og bein! Og hann var hj\u00e1 honum heilan m\u00e1nu\u00f0.<a name=\"15\"><span class=\"versanumer\">15<\/span><\/a>Laban sag\u00f0i vi\u00f0 Jakob: Skyldir \u00fe\u00fa \u00fej\u00f3na m\u00e9r fyrir ekki neitt, \u00fe\u00f3 a\u00f0 \u00fe\u00fa s\u00e9rt fr\u00e6ndi minn? Seg m\u00e9r, hvert kaup \u00feitt skuli vera.<a name=\"16\"><span class=\"versanumer\">16<\/span><\/a>En Laban \u00e1tti tv\u00e6r d\u00e6tur. H\u00e9t hin eldri Lea, en Rakel hin yngri.<a name=\"17\"><span class=\"versanumer\">17<\/span><\/a>Og Lea var daufeyg\u00f0, en Rakel var b\u00e6\u00f0i vel vaxin og fr\u00ed\u00f0 s\u00fdnum.<a name=\"18\"><span class=\"versanumer\">18<\/span><\/a>Og Jakob elska\u00f0i Rakel og sag\u00f0i: \u00c9g vil \u00fej\u00f3na \u00fe\u00e9r \u00ed sj\u00f6 \u00e1r fyrir Rakel, yngri d\u00f3ttur \u00fe\u00edna.<a name=\"19\"><span class=\"versanumer\">19<\/span><\/a>Laban svara\u00f0i: Betra er a\u00f0 \u00e9g gefi \u00fe\u00e9r hana en a\u00f0 \u00e9g gefi hana \u00f6\u00f0rum manni. Ver \u00fe\u00fa kyrr hj\u00e1 m\u00e9r.<a name=\"20\"><span class=\"versanumer\">20<\/span><\/a>S\u00ed\u00f0an vann Jakob fyrir Rakel \u00ed sj\u00f6 \u00e1r, og \u00fe\u00f3tti honum sem f\u00e1ir dagar v\u00e6ru, sakir \u00e1star \u00feeirrar, er hann bar til hennar.<a name=\"21\"><span class=\"versanumer\">21<\/span><\/a>Og Jakob sag\u00f0i vi\u00f0 Laban: F\u00e1 m\u00e9r n\u00fa konu m\u00edna, \u00fev\u00ed a\u00f0 minn \u00e1kve\u00f0ni t\u00edmi er li\u00f0inn, a\u00f0 \u00e9g megi ganga inn til hennar.<a name=\"22\"><span class=\"versanumer\">22<\/span><\/a>\u00de\u00e1 bau\u00f0 Laban til s\u00edn \u00f6llum m\u00f6nnum \u00ed \u00feeim sta\u00f0 og h\u00e9lt veislu.<a name=\"23\"><span class=\"versanumer\">23<\/span><\/a>En um kveldi\u00f0 t\u00f3k hann Leu d\u00f3ttur s\u00edna og leiddi hana inn til hans, og hann gekk \u00ed s\u00e6ng me\u00f0 henni.<a name=\"24\"><span class=\"versanumer\">24<\/span><\/a>Og Laban f\u00e9kk henni Silpu amb\u00e1tt s\u00edna, a\u00f0 h\u00fan v\u00e6ri \u00feerna Leu d\u00f3ttur hans.<a name=\"25\"><span class=\"versanumer\">25<\/span><\/a>En um morguninn, sj\u00e1, \u00fe\u00e1 var \u00fea\u00f0 Lea. Og hann sag\u00f0i vi\u00f0 Laban: Hv\u00ed hefir \u00fe\u00fa gj\u00f6rt m\u00e9r \u00feetta? Hefi \u00e9g ekki unni\u00f0 hj\u00e1 \u00fe\u00e9r fyrir Rakel? Hv\u00ed hefir \u00fe\u00fa \u00fe\u00e1 sviki\u00f0 mig?<a name=\"26\"><span class=\"versanumer\">26<\/span><\/a>Og Laban sag\u00f0i: \u00dea\u00f0 er ekki si\u00f0ur \u00ed voru landi a\u00f0 gifta fyrr fr\u00e1 s\u00e9r yngri d\u00f3tturina en hina eldri.<a name=\"27\"><span class=\"versanumer\">27<\/span><\/a>Enda \u00fe\u00fa \u00fat br\u00fa\u00f0kaupsviku \u00feessarar, \u00fe\u00e1 skulum v\u00e9r einnig gefa \u00fe\u00e9r hina fyrir \u00fe\u00e1 vinnu, sem \u00fe\u00fa munt vinna hj\u00e1 m\u00e9r \u00ed enn \u00f6nnur sj\u00f6 \u00e1r.<a name=\"28\"><span class=\"versanumer\">28<\/span><\/a>Og Jakob gj\u00f6r\u00f0i svo og enda\u00f0i \u00fat vikuna me\u00f0 henni. \u00de\u00e1 gifti hann honum Rakel d\u00f3ttur s\u00edna.<a name=\"29\"><span class=\"versanumer\">29<\/span><\/a>Og Laban f\u00e9kk Rakel d\u00f3ttur sinni B\u00edlu amb\u00e1tt s\u00edna fyrir \u00feernu.<a name=\"30\"><span class=\"versanumer\">30<\/span><\/a>Og hann gekk einnig \u00ed s\u00e6ng me\u00f0 Rakel og hann elska\u00f0i Rakel meira en Leu. Og hann vann hj\u00e1 honum \u00ed enn \u00f6nnur sj\u00f6 \u00e1r.<a name=\"31\"><span class=\"versanumer\">31<\/span><\/a>Er Drottinn s\u00e1, a\u00f0 Lea var fyrirlitin, opna\u00f0i hann m\u00f3\u00f0url\u00edf hennar, en Rakel var \u00f3byrja.<a name=\"32\"><span class=\"versanumer\">32<\/span><\/a>Og Lea var\u00f0 \u00feungu\u00f0 og \u00f3l son og nefndi hann R\u00faben, \u00fev\u00ed a\u00f0 h\u00fan sag\u00f0i: Drottinn hefir s\u00e9\u00f0 raunir m\u00ednar. N\u00fa mun b\u00f3ndi minn elska mig.<a name=\"33\"><span class=\"versanumer\">33<\/span><\/a>Og h\u00fan var\u00f0 \u00feungu\u00f0 \u00ed anna\u00f0 sinn og \u00f3l son. \u00de\u00e1 sag\u00f0i h\u00fan: Drottinn hefir heyrt a\u00f0 \u00e9g er fyrirlitin. Fyrir \u00fev\u00ed hefir hann einnig gefi\u00f0 m\u00e9r \u00feennan son. Og h\u00fan nefndi hann S\u00edmeon.<a name=\"34\"><span class=\"versanumer\">34<\/span><\/a>Og enn var\u00f0 h\u00fan \u00feungu\u00f0 og \u00f3l son. \u00de\u00e1 sag\u00f0i h\u00fan: N\u00fa mun b\u00f3ndi minn loks h\u00e6nast a\u00f0 m\u00e9r, \u00fev\u00ed a\u00f0 \u00e9g hefi f\u00e6tt honum \u00ferj\u00e1 sonu. Fyrir \u00fev\u00ed nefndi h\u00fan hann Lev\u00ed.<a name=\"35\"><span class=\"versanumer\">35<\/span><\/a>Og enn var\u00f0 h\u00fan \u00feungu\u00f0 og \u00f3l son og sag\u00f0i: N\u00fa vil \u00e9g vegsama Drottin. Fyrir \u00fev\u00ed nefndi h\u00fan hann J\u00fada. Og h\u00fan l\u00e9t af a\u00f0 eiga b\u00f6rn.<\/p>\n<div class=\"footnote1981\"><b>29.2<\/b> Brunnur 1M\u00f3s 24.11+<br \/>\n<b>29.15-30<\/b> Jakob kv\u00e6nist H\u00f3s 12.13<br \/>\n<b>29.20<\/b> \u00de\u00f3tti f\u00e1einir dagar Ljl 8.6-7; sbr Slm 90.4; 2P\u00e9t 3.8<br \/>\n<b>29.25<\/b> Svik 1M\u00f3s 27.35-36<br \/>\n<b>29.30<\/b> Elska\u00f0i Rakel meira en Leu 5M\u00f3s 21.15; 1Sam 1.2-8<br \/>\n<b>29.31<\/b> \u00d3byrja 1M\u00f3s 25.21+<\/div>\n","protected":false},"excerpt":{"rendered":"<p>1Jakob h\u00e9lt \u00e1fram fer\u00f0 sinni og kom til lands austurbyggja.2Og er hann lita\u00f0ist um, sj\u00e1, \u00fe\u00e1 var \u00fear brunnur \u00e1 m\u00f6rkinni, og sj\u00e1, \u00fear l\u00e1gu \u00ferj\u00e1r sau\u00f0ahjar\u00f0ir vi\u00f0 hann, \u00fev\u00ed a\u00f0 \u00feeir voru vanir a\u00f0 vatna hj\u00f6r\u00f0unum vi\u00f0 \u00feennan brunn. En steinn mikill l\u00e1 yfir munna brunnsins.3Og er allar hjar\u00f0irnar voru \u00fear saman reknar, veltu \u00feeir steininum fr\u00e1 munna brunnsins og v\u00f6tnu\u00f0u f\u00e9nu, s\u00ed\u00f0an l\u00e9tu \u00feeir steininn aftur yfir munna brunnsins \u00e1 sinn sta\u00f0.4\u00de\u00e1 sag\u00f0i Jakob vi\u00f0 \u00fe\u00e1: K\u00e6ru br\u00e6\u00f0ur, hva\u00f0an eru\u00f0 \u00fe\u00e9r?5\u00deeir sv\u00f6ru\u00f0u: V\u00e9r erum fr\u00e1 Harran. Og hann m\u00e6lti til \u00feeirra: \u00deekki\u00f0 \u00fe\u00e9r Laban Nahorsson? \u00deeir sv\u00f6ru\u00f0u: J\u00e1, <a href=\"https:\/\/biblian.is\/1981\/fyrsta-mosebok-29-kafli\/\"> [&#8230;]<\/a><\/p>\n","protected":false},"author":1,"featured_media":0,"parent":0,"menu_order":0,"comment_status":"open","ping_status":"open","template":"bibliukaflar.php","meta":{"footnotes":""},"class_list":["post-1375","page","type-page","status-publish","hentry"],"_links":{"self":[{"href":"https:\/\/biblian.is\/1981\/wp-json\/wp\/v2\/pages\/1375","targetHints":{"allow":["GET"]}}],"collection":[{"href":"https:\/\/biblian.is\/1981\/wp-json\/wp\/v2\/pages"}],"about":[{"href":"https:\/\/biblian.is\/1981\/wp-json\/wp\/v2\/types\/page"}],"author":[{"embeddable":true,"href":"https:\/\/biblian.is\/1981\/wp-json\/wp\/v2\/users\/1"}],"replies":[{"embeddable":true,"href":"https:\/\/biblian.is\/1981\/wp-json\/wp\/v2\/comments?post=1375"}],"version-history":[{"count":0,"href":"https:\/\/biblian.is\/1981\/wp-json\/wp\/v2\/pages\/1375\/revisions"}],"wp:attachment":[{"href":"https:\/\/biblian.is\/1981\/wp-json\/wp\/v2\/media?parent=1375"}],"curies":[{"name":"wp","href":"https:\/\/api.w.org\/{rel}","templated":true}]}}